{"id":39778,"date":"2021-11-24T12:57:58","date_gmt":"2021-11-24T10:57:58","guid":{"rendered":"https:\/\/www.cruillabarcelona.cat\/?post_type=artists&#038;p=39778"},"modified":"2022-02-04T12:41:37","modified_gmt":"2022-02-04T10:41:37","slug":"habla-de-mi-en-presente","status":"publish","type":"artists","link":"https:\/\/www.cruillabarcelona.cat\/es\/artists\/habla-de-mi-en-presente\/","title":{"rendered":"Habla de m\u00ed en presente"},"content":{"rendered":"<h2 style=\"text-align: left;\">Habla de m\u00ed en presente en el Cru\u00eflla Primavera 2022<\/h2>\n<p>Influidos por la escena techno de Berl\u00edn, ciudad donde el grupo naci\u00f3, los 6 m\u00fasicos que conforman <strong>Habla de m\u00ed en presente<\/strong> denominaron su estilo de vida, quiz\u00e1s todav\u00eda m\u00e1s que su m\u00fasica, <strong>technorumba<\/strong>. Entre la tradici\u00f3n y la modernidad, el techno y la rumba, su principal ambici\u00f3n es deleitar las almas y hacer bailar a los cuerpos. La originalidad de su m\u00fasica, su presencia en el escenario y la sinceridad de sus composiciones les han garantizado un \u00e9xito continuado.<\/p>\n<p>Despu\u00e9s de mudarse de Berl\u00edn en Barcelona, este 2022 ser\u00e1 el pistoletazo de salida de una nueva etapa de la banda gracias al <strong>lanzamiento de su primer disco<\/strong>, que podremos disfrutar el <strong>23 de abril<\/strong> en la <strong>Sala Wolf<\/strong>, dentro del <strong>Cru\u00eflla Primavera<\/strong>. Y podemos asegurar que no dejar\u00e1 a nadie indiferente.<\/p>\n<hr \/>\n<p style=\"text-align: center;\"><strong>Compra aqu\u00ed tus entradas<\/strong><\/p>\n<p style=\"text-align: center;\"><a class=\"efsbutton button \" target=\"_blank\">ENTRADAS<\/a><\/p>\n<hr \/>\n<p>&nbsp;<\/p>\n<!-- auto-added video if acf\/single-artist-video not used  --> <iframe style=\"width: 100%;max-width: 100%;height: auto;aspect-ratio: 16 \/ 9;\" src=\"https:\/\/www.youtube-nocookie.com\/embed\/ztam0LXWBjs\" frameborder=\"0\" allow=\"accelerometer; autoplay; encrypted-media; gyroscope; picture-in-picture\" allowfullscreen><\/iframe>","protected":false},"featured_media":40455,"template":"","meta":{"_acf_changed":false},"artists_edition":[842],"class_list":["post-39778","artists","type-artists","status-publish","has-post-thumbnail","hentry","artists_location-wolf","artists_edition-cruilla-de-primavera-2022"],"acf":{"_thumbnail_id":40455,"youtube_player":"ztam0LXWBjs","artist_edition":[842],"artist_date":"20220423","artist_time":"21:00","artist_time_2":"20:00","artist_location":[843],"artist_ticket_url":"https:\/\/www.festicket.com\/es\/eventgenius\/cruilla-primavera\/shop\/30371\/","artist_ticket_status":"","artist_extra_date__show":false,"artist_extra_date_2":null,"artist_time_of_date2":"","artist_extra_date_3":null,"artist_time_of_date3":"","artist_extra_date_4":null,"artist_time_of_date4":"","artist_extra_date_5":null,"artist_time_of_date5":"","artist_date__show_month":true,"artist_sidebar_active":false,"show_in_agenda":true,"artist_sidebar__banner_img":null,"artist_sidebar__banner_link":"","artist_hero_content":"Cru\u00eflla Primavera 2022","artist_style":false,"artist_nationality":false,"artist_audience_age":false},"yoast_head":"<!-- This site is optimized with the Yoast SEO plugin v27.5 - https:\/\/yoast.com\/product\/yoast-seo-wordpress\/ -->\n<title>Habla de m\u00ed en presente en concierto, 23 de abril de 2022 en la Sala Wolf<\/title>\n<meta name=\"description\" content=\"Compra entradas para el concierto de Habla de m\u00ed en presente del 23 de abril de 2022 en el Cru\u00eflla Primavera 2022\" \/>\n<meta name=\"robots\" content=\"index, follow, max-snippet:-1, max-image-preview:large, max-video-preview:-1\" \/>\n<link rel=\"canonical\" href=\"https:\/\/www.cruillabarcelona.cat\/es\/artists\/habla-de-mi-en-presente\/\" \/>\n<meta property=\"og:locale\" content=\"es_ES\" \/>\n<meta property=\"og:type\" content=\"article\" \/>\n<meta property=\"og:title\" content=\"Habla de m\u00ed en presente en concierto, 23 de abril de 2022 en la Sala Wolf\" \/>\n<meta property=\"og:description\" content=\"Compra entradas para el concierto de Habla de m\u00ed en presente del 23 de abril de 2022 en el Cru\u00eflla Primavera 2022\" \/>\n<meta property=\"og:url\" content=\"https:\/\/www.cruillabarcelona.cat\/es\/artists\/habla-de-mi-en-presente\/\" \/>\n<meta property=\"og:site_name\" content=\"Festival Cru\u00eflla\" \/>\n<meta property=\"article:modified_time\" content=\"2022-02-04T10:41:37+00:00\" \/>\n<meta property=\"og:image\" content=\"https:\/\/www.cruillabarcelona.cat\/wp-content\/uploads\/2021\/11\/Habla-de-mi.jpg\" \/>\n\t<meta property=\"og:image:width\" content=\"834\" \/>\n\t<meta property=\"og:image:height\" content=\"673\" \/>\n\t<meta property=\"og:image:type\" content=\"image\/jpeg\" \/>\n<meta name=\"twitter:card\" content=\"summary_large_image\" \/>\n<meta name=\"twitter:label1\" content=\"Tiempo de lectura\" \/>\n\t<meta name=\"twitter:data1\" content=\"1 minuto\" \/>\n<script type=\"application\/ld+json\" class=\"yoast-schema-graph\">{\"@context\":\"https:\\\/\\\/schema.org\",\"@graph\":[{\"@type\":\"WebPage\",\"@id\":\"https:\\\/\\\/www.cruillabarcelona.cat\\\/es\\\/artists\\\/habla-de-mi-en-presente\\\/\",\"url\":\"https:\\\/\\\/www.cruillabarcelona.cat\\\/es\\\/artists\\\/habla-de-mi-en-presente\\\/\",\"name\":\"Habla de m\u00ed en presente en concierto, 23 de abril de 2022 en la Sala Wolf\",\"isPartOf\":{\"@id\":\"https:\\\/\\\/www.cruillabarcelona.cat\\\/es\\\/#website\"},\"primaryImageOfPage\":{\"@id\":\"https:\\\/\\\/www.cruillabarcelona.cat\\\/es\\\/artists\\\/habla-de-mi-en-presente\\\/#primaryimage\"},\"image\":{\"@id\":\"https:\\\/\\\/www.cruillabarcelona.cat\\\/es\\\/artists\\\/habla-de-mi-en-presente\\\/#primaryimage\"},\"thumbnailUrl\":\"https:\\\/\\\/www.cruillabarcelona.cat\\\/wp-content\\\/uploads\\\/2021\\\/11\\\/Habla-de-mi.jpg\",\"datePublished\":\"2021-11-24T10:57:58+00:00\",\"dateModified\":\"2022-02-04T10:41:37+00:00\",\"description\":\"Compra entradas para el concierto de Habla de m\u00ed en presente del 23 de abril de 2022 en el Cru\u00eflla Primavera 2022\",\"breadcrumb\":{\"@id\":\"https:\\\/\\\/www.cruillabarcelona.cat\\\/es\\\/artists\\\/habla-de-mi-en-presente\\\/#breadcrumb\"},\"inLanguage\":\"es\",\"potentialAction\":[{\"@type\":\"ReadAction\",\"target\":[\"https:\\\/\\\/www.cruillabarcelona.cat\\\/es\\\/artists\\\/habla-de-mi-en-presente\\\/\"]}]},{\"@type\":\"ImageObject\",\"inLanguage\":\"es\",\"@id\":\"https:\\\/\\\/www.cruillabarcelona.cat\\\/es\\\/artists\\\/habla-de-mi-en-presente\\\/#primaryimage\",\"url\":\"https:\\\/\\\/www.cruillabarcelona.cat\\\/wp-content\\\/uploads\\\/2021\\\/11\\\/Habla-de-mi.jpg\",\"contentUrl\":\"https:\\\/\\\/www.cruillabarcelona.cat\\\/wp-content\\\/uploads\\\/2021\\\/11\\\/Habla-de-mi.jpg\",\"width\":834,\"height\":673,\"caption\":\"Habla de mi\"},{\"@type\":\"BreadcrumbList\",\"@id\":\"https:\\\/\\\/www.cruillabarcelona.cat\\\/es\\\/artists\\\/habla-de-mi-en-presente\\\/#breadcrumb\",\"itemListElement\":[{\"@type\":\"ListItem\",\"position\":1,\"name\":\"Home\",\"item\":\"https:\\\/\\\/www.cruillabarcelona.cat\\\/es\\\/\"},{\"@type\":\"ListItem\",\"position\":2,\"name\":\"Habla de m\u00ed en presente\"}]},{\"@type\":\"WebSite\",\"@id\":\"https:\\\/\\\/www.cruillabarcelona.cat\\\/es\\\/#website\",\"url\":\"https:\\\/\\\/www.cruillabarcelona.cat\\\/es\\\/\",\"name\":\"Festival Cru\u00eflla\",\"description\":\"\",\"publisher\":{\"@id\":\"https:\\\/\\\/www.cruillabarcelona.cat\\\/es\\\/#organization\"},\"potentialAction\":[{\"@type\":\"SearchAction\",\"target\":{\"@type\":\"EntryPoint\",\"urlTemplate\":\"https:\\\/\\\/www.cruillabarcelona.cat\\\/es\\\/?s={search_term_string}\"},\"query-input\":{\"@type\":\"PropertyValueSpecification\",\"valueRequired\":true,\"valueName\":\"search_term_string\"}}],\"inLanguage\":\"es\"},{\"@type\":\"Organization\",\"@id\":\"https:\\\/\\\/www.cruillabarcelona.cat\\\/es\\\/#organization\",\"name\":\"Festival Cru\u00eflla\",\"url\":\"https:\\\/\\\/www.cruillabarcelona.cat\\\/es\\\/\",\"logo\":{\"@type\":\"ImageObject\",\"inLanguage\":\"es\",\"@id\":\"https:\\\/\\\/www.cruillabarcelona.cat\\\/es\\\/#\\\/schema\\\/logo\\\/image\\\/\",\"url\":\"https:\\\/\\\/www.cruillabarcelona.cat\\\/wp-content\\\/uploads\\\/2025\\\/12\\\/cruill-logo-negativo.png\",\"contentUrl\":\"https:\\\/\\\/www.cruillabarcelona.cat\\\/wp-content\\\/uploads\\\/2025\\\/12\\\/cruill-logo-negativo.png\",\"width\":400,\"height\":101,\"caption\":\"Festival Cru\u00eflla\"},\"image\":{\"@id\":\"https:\\\/\\\/www.cruillabarcelona.cat\\\/es\\\/#\\\/schema\\\/logo\\\/image\\\/\"}}]}<\/script>\n<!-- \/ Yoast SEO plugin. -->","yoast_head_json":{"title":"Habla de m\u00ed en presente en concierto, 23 de abril de 2022 en la Sala Wolf","description":"Compra entradas para el concierto de Habla de m\u00ed en presente del 23 de abril de 2022 en el Cru\u00eflla Primavera 2022","robots":{"index":"index","follow":"follow","max-snippet":"max-snippet:-1","max-image-preview":"max-image-preview:large","max-video-preview":"max-video-preview:-1"},"canonical":"https:\/\/www.cruillabarcelona.cat\/es\/artists\/habla-de-mi-en-presente\/","og_locale":"es_ES","og_type":"article","og_title":"Habla de m\u00ed en presente en concierto, 23 de abril de 2022 en la Sala Wolf","og_description":"Compra entradas para el concierto de Habla de m\u00ed en presente del 23 de abril de 2022 en el Cru\u00eflla Primavera 2022","og_url":"https:\/\/www.cruillabarcelona.cat\/es\/artists\/habla-de-mi-en-presente\/","og_site_name":"Festival Cru\u00eflla","article_modified_time":"2022-02-04T10:41:37+00:00","og_image":[{"width":834,"height":673,"url":"https:\/\/www.cruillabarcelona.cat\/wp-content\/uploads\/2021\/11\/Habla-de-mi.jpg","type":"image\/jpeg"}],"twitter_card":"summary_large_image","twitter_misc":{"Tiempo de lectura":"1 minuto"},"schema":{"@context":"https:\/\/schema.org","@graph":[{"@type":"WebPage","@id":"https:\/\/www.cruillabarcelona.cat\/es\/artists\/habla-de-mi-en-presente\/","url":"https:\/\/www.cruillabarcelona.cat\/es\/artists\/habla-de-mi-en-presente\/","name":"Habla de m\u00ed en presente en concierto, 23 de abril de 2022 en la Sala Wolf","isPartOf":{"@id":"https:\/\/www.cruillabarcelona.cat\/es\/#website"},"primaryImageOfPage":{"@id":"https:\/\/www.cruillabarcelona.cat\/es\/artists\/habla-de-mi-en-presente\/#primaryimage"},"image":{"@id":"https:\/\/www.cruillabarcelona.cat\/es\/artists\/habla-de-mi-en-presente\/#primaryimage"},"thumbnailUrl":"https:\/\/www.cruillabarcelona.cat\/wp-content\/uploads\/2021\/11\/Habla-de-mi.jpg","datePublished":"2021-11-24T10:57:58+00:00","dateModified":"2022-02-04T10:41:37+00:00","description":"Compra entradas para el concierto de Habla de m\u00ed en presente del 23 de abril de 2022 en el Cru\u00eflla Primavera 2022","breadcrumb":{"@id":"https:\/\/www.cruillabarcelona.cat\/es\/artists\/habla-de-mi-en-presente\/#breadcrumb"},"inLanguage":"es","potentialAction":[{"@type":"ReadAction","target":["https:\/\/www.cruillabarcelona.cat\/es\/artists\/habla-de-mi-en-presente\/"]}]},{"@type":"ImageObject","inLanguage":"es","@id":"https:\/\/www.cruillabarcelona.cat\/es\/artists\/habla-de-mi-en-presente\/#primaryimage","url":"https:\/\/www.cruillabarcelona.cat\/wp-content\/uploads\/2021\/11\/Habla-de-mi.jpg","contentUrl":"https:\/\/www.cruillabarcelona.cat\/wp-content\/uploads\/2021\/11\/Habla-de-mi.jpg","width":834,"height":673,"caption":"Habla de mi"},{"@type":"BreadcrumbList","@id":"https:\/\/www.cruillabarcelona.cat\/es\/artists\/habla-de-mi-en-presente\/#breadcrumb","itemListElement":[{"@type":"ListItem","position":1,"name":"Home","item":"https:\/\/www.cruillabarcelona.cat\/es\/"},{"@type":"ListItem","position":2,"name":"Habla de m\u00ed en presente"}]},{"@type":"WebSite","@id":"https:\/\/www.cruillabarcelona.cat\/es\/#website","url":"https:\/\/www.cruillabarcelona.cat\/es\/","name":"Festival Cru\u00eflla","description":"","publisher":{"@id":"https:\/\/www.cruillabarcelona.cat\/es\/#organization"},"potentialAction":[{"@type":"SearchAction","target":{"@type":"EntryPoint","urlTemplate":"https:\/\/www.cruillabarcelona.cat\/es\/?s={search_term_string}"},"query-input":{"@type":"PropertyValueSpecification","valueRequired":true,"valueName":"search_term_string"}}],"inLanguage":"es"},{"@type":"Organization","@id":"https:\/\/www.cruillabarcelona.cat\/es\/#organization","name":"Festival Cru\u00eflla","url":"https:\/\/www.cruillabarcelona.cat\/es\/","logo":{"@type":"ImageObject","inLanguage":"es","@id":"https:\/\/www.cruillabarcelona.cat\/es\/#\/schema\/logo\/image\/","url":"https:\/\/www.cruillabarcelona.cat\/wp-content\/uploads\/2025\/12\/cruill-logo-negativo.png","contentUrl":"https:\/\/www.cruillabarcelona.cat\/wp-content\/uploads\/2025\/12\/cruill-logo-negativo.png","width":400,"height":101,"caption":"Festival Cru\u00eflla"},"image":{"@id":"https:\/\/www.cruillabarcelona.cat\/es\/#\/schema\/logo\/image\/"}}]}},"_links":{"self":[{"href":"https:\/\/www.cruillabarcelona.cat\/es\/wp-json\/wp\/v2\/artists\/39778","targetHints":{"allow":["GET"]}}],"collection":[{"href":"https:\/\/www.cruillabarcelona.cat\/es\/wp-json\/wp\/v2\/artists"}],"about":[{"href":"https:\/\/www.cruillabarcelona.cat\/es\/wp-json\/wp\/v2\/types\/artists"}],"acf:term":[{"embeddable":true,"taxonomy":"artists_location","href":"https:\/\/www.cruillabarcelona.cat\/es\/wp-json\/wp\/v2\/artists_location\/843"},{"embeddable":true,"taxonomy":"artists_edition","href":"https:\/\/www.cruillabarcelona.cat\/es\/wp-json\/wp\/v2\/artists_edition\/842"}],"wp:featuredmedia":[{"embeddable":true,"href":"https:\/\/www.cruillabarcelona.cat\/es\/wp-json\/wp\/v2\/media\/40455"}],"wp:attachment":[{"href":"https:\/\/www.cruillabarcelona.cat\/es\/wp-json\/wp\/v2\/media?parent=39778"}],"wp:term":[{"taxonomy":"artists_edition","embeddable":true,"href":"https:\/\/www.cruillabarcelona.cat\/es\/wp-json\/wp\/v2\/artists_edition?post=39778"}],"curies":[{"name":"wp","href":"https:\/\/api.w.org\/{rel}","templated":true}]}}