{"id":41079,"date":"2022-02-16T14:19:04","date_gmt":"2022-02-16T12:19:04","guid":{"rendered":"https:\/\/www.cruillabarcelona.cat\/?post_type=artists&#038;p=41079"},"modified":"2022-07-08T13:16:33","modified_gmt":"2022-07-08T11:16:33","slug":"habla-de-mi-en-presente-2022","status":"publish","type":"artists","link":"https:\/\/www.cruillabarcelona.cat\/es\/artists\/habla-de-mi-en-presente-2022\/","title":{"rendered":"Habla de m\u00ed en presente"},"content":{"rendered":"<h2 style=\"text-align: left;\">Hablando de bailar: Habla de m\u00ed en presente en el Festival Cru\u00eflla 2022<\/h2>\n<p><strong>Recuerda que el Escenario Four Roses tiene aforo limitado. Si quieres ver a este artista, ven antes del inicio del concierto.<\/strong><\/p>\n<p>Nacieron en Berl\u00edn, con las ganas de<b> calentar los cuerpos<\/b> de la capital alemana a trav\u00e9s de una m\u00fasica que hiciera bailar y re\u00edr. 6 m\u00fasicos venidos de distintos puntos del mundo, pon\u00edan en com\u00fan su talento y dejaban que su rumba se infusionara con el techno que sonaba por los rincones de la ciudad. Y as\u00ed, entre la tradici\u00f3n y la modernidad, <b>Parla de mi en present<\/b> deleitaba las almas y hac\u00eda bailar al ritmo de su <b>technorumba<\/b>. La originalidad de su m\u00fasica, su presencia en el escenario y la sinceridad de sus composiciones son lo que les ha garantizado un \u00e9xito continuado.<\/p>\n<p>En el 2017 lanzaron su primer \u00e1lbum <i>Rumba del Nord<\/i>, una maqueta de presentaci\u00f3n que ser\u00eda s\u00f3lo una peque\u00f1a cata de todo lo que estaba por venir. Un disco con canciones como <i>Tiempo<\/i> o <i>Bonita<\/i>, un tema que ellos mismos defin\u00edan como uno de los m\u00e1s especiales.<\/p>\n<p>De Berl\u00edn vinieron a Barcelona, \u200b\u200bdonde empezaron a aventurarse a tocar en las salas y bares musicales, frente a un p\u00fablico que s\u00ed entend\u00eda sus letras y que les abr\u00eda una nueva dimensi\u00f3n cultural. Y con la llegada del 2022, sale a la luz su proyecto m\u00e1s reciente que da el pistoletazo de salida a una nueva etapa, el lanzamiento de su disco; <b><i>Vivir m\u00e1s<\/i><\/b>. Un \u00e1lbum con temas como <i>Ksa<\/i>, <i>Fa calor<\/i> o el que da nombre al propio disco, <i>Vivir m\u00e1s<\/i>, con letras que no pierden el <b>toque humor\u00edstico y surrealista<\/b> que tanto define al grupo, y ritmos que beben desde el techno, el hip hop o el afro beat.<\/p>\n<p>Despu\u00e9s de poder disfrutar de un concierto m\u00e1s \u00edntimo en el Cru\u00eflla Primavera, los podremos vivir con un nuevo directo el <b>7 de julio en el Festival Cru\u00eflla 2022<\/b>.<\/p>\n<hr \/>\n<p style=\"text-align: center;\"><strong>Compra aqu\u00ed tus entradas<\/strong><\/p>\n<p style=\"text-align: center;\"><a class=\"efsbutton button \" target=\"_blank\">ENTRADAS<\/a><\/p>\n<hr \/>\n<p>&nbsp;<\/p>\n<!-- auto-added video if acf\/single-artist-video not used  --> <iframe style=\"width: 100%;max-width: 100%;height: auto;aspect-ratio: 16 \/ 9;\" src=\"https:\/\/www.youtube-nocookie.com\/embed\/ztam0LXWBjs\" frameborder=\"0\" allow=\"accelerometer; autoplay; encrypted-media; gyroscope; picture-in-picture\" allowfullscreen><\/iframe>","protected":false},"featured_media":40455,"template":"","meta":{"_acf_changed":false},"artists_edition":[834],"class_list":["post-41079","artists","type-artists","status-publish","has-post-thumbnail","hentry","artists_edition-834"],"acf":{"_thumbnail_id":40455,"youtube_player":"ztam0LXWBjs","artist_edition":[834],"artist_date":"20220709","artist_time":"18:15","artist_time_2":"","artist_location":false,"artist_ticket_url":"https:\/\/www.cruillabarcelona.cat\/es\/tickets\/","artist_ticket_status":"","artist_extra_date__show":false,"artist_extra_date_2":null,"artist_time_of_date2":"","artist_extra_date_3":null,"artist_time_of_date3":"","artist_extra_date_4":null,"artist_time_of_date4":"","artist_extra_date_5":null,"artist_time_of_date5":"","artist_date__show_month":true,"artist_sidebar_active":true,"show_in_agenda":false,"artist_sidebar__banner_img":"","artist_sidebar__banner_link":"","artist_hero_content":"Festival Cru\u00eflla 2022","artist_style":false,"artist_nationality":false,"artist_audience_age":false},"yoast_head":"<!-- This site is optimized with the Yoast SEO plugin v27.5 - https:\/\/yoast.com\/product\/yoast-seo-wordpress\/ -->\n<title>Concierto de Habla de m\u00ed en presente en el Festival Cru\u00eflla<\/title>\n<meta name=\"description\" content=\"Compra entradas para el concierto de Habla de m\u00ed en presente en el Festival Cru\u00eflla 2022, el 9 de julio de 2022 en el Parc del F\u00f2rum\" \/>\n<meta name=\"robots\" content=\"index, follow, max-snippet:-1, max-image-preview:large, max-video-preview:-1\" \/>\n<link rel=\"canonical\" href=\"https:\/\/www.cruillabarcelona.cat\/es\/artists\/habla-de-mi-en-presente-2022\/\" \/>\n<meta property=\"og:locale\" content=\"es_ES\" \/>\n<meta property=\"og:type\" content=\"article\" \/>\n<meta property=\"og:title\" content=\"Concierto de Habla de m\u00ed en presente en el Festival Cru\u00eflla\" \/>\n<meta property=\"og:description\" content=\"Compra entradas para el concierto de Habla de m\u00ed en presente en el Festival Cru\u00eflla 2022, el 9 de julio de 2022 en el Parc del F\u00f2rum\" \/>\n<meta property=\"og:url\" content=\"https:\/\/www.cruillabarcelona.cat\/es\/artists\/habla-de-mi-en-presente-2022\/\" \/>\n<meta property=\"og:site_name\" content=\"Festival Cru\u00eflla\" \/>\n<meta property=\"article:modified_time\" content=\"2022-07-08T11:16:33+00:00\" \/>\n<meta property=\"og:image\" content=\"https:\/\/www.cruillabarcelona.cat\/wp-content\/uploads\/2021\/11\/Habla-de-mi.jpg\" \/>\n\t<meta property=\"og:image:width\" content=\"834\" \/>\n\t<meta property=\"og:image:height\" content=\"673\" \/>\n\t<meta property=\"og:image:type\" content=\"image\/jpeg\" \/>\n<meta name=\"twitter:card\" content=\"summary_large_image\" \/>\n<meta name=\"twitter:label1\" content=\"Tiempo de lectura\" \/>\n\t<meta name=\"twitter:data1\" content=\"1 minuto\" \/>\n<script type=\"application\/ld+json\" class=\"yoast-schema-graph\">{\"@context\":\"https:\\\/\\\/schema.org\",\"@graph\":[{\"@type\":\"WebPage\",\"@id\":\"https:\\\/\\\/www.cruillabarcelona.cat\\\/es\\\/artists\\\/habla-de-mi-en-presente-2022\\\/\",\"url\":\"https:\\\/\\\/www.cruillabarcelona.cat\\\/es\\\/artists\\\/habla-de-mi-en-presente-2022\\\/\",\"name\":\"Concierto de Habla de m\u00ed en presente en el Festival Cru\u00eflla\",\"isPartOf\":{\"@id\":\"https:\\\/\\\/www.cruillabarcelona.cat\\\/es\\\/#website\"},\"primaryImageOfPage\":{\"@id\":\"https:\\\/\\\/www.cruillabarcelona.cat\\\/es\\\/artists\\\/habla-de-mi-en-presente-2022\\\/#primaryimage\"},\"image\":{\"@id\":\"https:\\\/\\\/www.cruillabarcelona.cat\\\/es\\\/artists\\\/habla-de-mi-en-presente-2022\\\/#primaryimage\"},\"thumbnailUrl\":\"https:\\\/\\\/www.cruillabarcelona.cat\\\/wp-content\\\/uploads\\\/2021\\\/11\\\/Habla-de-mi.jpg\",\"datePublished\":\"2022-02-16T12:19:04+00:00\",\"dateModified\":\"2022-07-08T11:16:33+00:00\",\"description\":\"Compra entradas para el concierto de Habla de m\u00ed en presente en el Festival Cru\u00eflla 2022, el 9 de julio de 2022 en el Parc del F\u00f2rum\",\"breadcrumb\":{\"@id\":\"https:\\\/\\\/www.cruillabarcelona.cat\\\/es\\\/artists\\\/habla-de-mi-en-presente-2022\\\/#breadcrumb\"},\"inLanguage\":\"es\",\"potentialAction\":[{\"@type\":\"ReadAction\",\"target\":[\"https:\\\/\\\/www.cruillabarcelona.cat\\\/es\\\/artists\\\/habla-de-mi-en-presente-2022\\\/\"]}]},{\"@type\":\"ImageObject\",\"inLanguage\":\"es\",\"@id\":\"https:\\\/\\\/www.cruillabarcelona.cat\\\/es\\\/artists\\\/habla-de-mi-en-presente-2022\\\/#primaryimage\",\"url\":\"https:\\\/\\\/www.cruillabarcelona.cat\\\/wp-content\\\/uploads\\\/2021\\\/11\\\/Habla-de-mi.jpg\",\"contentUrl\":\"https:\\\/\\\/www.cruillabarcelona.cat\\\/wp-content\\\/uploads\\\/2021\\\/11\\\/Habla-de-mi.jpg\",\"width\":834,\"height\":673,\"caption\":\"Habla de mi\"},{\"@type\":\"BreadcrumbList\",\"@id\":\"https:\\\/\\\/www.cruillabarcelona.cat\\\/es\\\/artists\\\/habla-de-mi-en-presente-2022\\\/#breadcrumb\",\"itemListElement\":[{\"@type\":\"ListItem\",\"position\":1,\"name\":\"Home\",\"item\":\"https:\\\/\\\/www.cruillabarcelona.cat\\\/es\\\/\"},{\"@type\":\"ListItem\",\"position\":2,\"name\":\"Habla de m\u00ed en presente\"}]},{\"@type\":\"WebSite\",\"@id\":\"https:\\\/\\\/www.cruillabarcelona.cat\\\/es\\\/#website\",\"url\":\"https:\\\/\\\/www.cruillabarcelona.cat\\\/es\\\/\",\"name\":\"Festival Cru\u00eflla\",\"description\":\"\",\"publisher\":{\"@id\":\"https:\\\/\\\/www.cruillabarcelona.cat\\\/es\\\/#organization\"},\"potentialAction\":[{\"@type\":\"SearchAction\",\"target\":{\"@type\":\"EntryPoint\",\"urlTemplate\":\"https:\\\/\\\/www.cruillabarcelona.cat\\\/es\\\/?s={search_term_string}\"},\"query-input\":{\"@type\":\"PropertyValueSpecification\",\"valueRequired\":true,\"valueName\":\"search_term_string\"}}],\"inLanguage\":\"es\"},{\"@type\":\"Organization\",\"@id\":\"https:\\\/\\\/www.cruillabarcelona.cat\\\/es\\\/#organization\",\"name\":\"Festival Cru\u00eflla\",\"url\":\"https:\\\/\\\/www.cruillabarcelona.cat\\\/es\\\/\",\"logo\":{\"@type\":\"ImageObject\",\"inLanguage\":\"es\",\"@id\":\"https:\\\/\\\/www.cruillabarcelona.cat\\\/es\\\/#\\\/schema\\\/logo\\\/image\\\/\",\"url\":\"https:\\\/\\\/www.cruillabarcelona.cat\\\/wp-content\\\/uploads\\\/2025\\\/12\\\/cruill-logo-negativo.png\",\"contentUrl\":\"https:\\\/\\\/www.cruillabarcelona.cat\\\/wp-content\\\/uploads\\\/2025\\\/12\\\/cruill-logo-negativo.png\",\"width\":400,\"height\":101,\"caption\":\"Festival Cru\u00eflla\"},\"image\":{\"@id\":\"https:\\\/\\\/www.cruillabarcelona.cat\\\/es\\\/#\\\/schema\\\/logo\\\/image\\\/\"}}]}<\/script>\n<!-- \/ Yoast SEO plugin. -->","yoast_head_json":{"title":"Concierto de Habla de m\u00ed en presente en el Festival Cru\u00eflla","description":"Compra entradas para el concierto de Habla de m\u00ed en presente en el Festival Cru\u00eflla 2022, el 9 de julio de 2022 en el Parc del F\u00f2rum","robots":{"index":"index","follow":"follow","max-snippet":"max-snippet:-1","max-image-preview":"max-image-preview:large","max-video-preview":"max-video-preview:-1"},"canonical":"https:\/\/www.cruillabarcelona.cat\/es\/artists\/habla-de-mi-en-presente-2022\/","og_locale":"es_ES","og_type":"article","og_title":"Concierto de Habla de m\u00ed en presente en el Festival Cru\u00eflla","og_description":"Compra entradas para el concierto de Habla de m\u00ed en presente en el Festival Cru\u00eflla 2022, el 9 de julio de 2022 en el Parc del F\u00f2rum","og_url":"https:\/\/www.cruillabarcelona.cat\/es\/artists\/habla-de-mi-en-presente-2022\/","og_site_name":"Festival Cru\u00eflla","article_modified_time":"2022-07-08T11:16:33+00:00","og_image":[{"width":834,"height":673,"url":"https:\/\/www.cruillabarcelona.cat\/wp-content\/uploads\/2021\/11\/Habla-de-mi.jpg","type":"image\/jpeg"}],"twitter_card":"summary_large_image","twitter_misc":{"Tiempo de lectura":"1 minuto"},"schema":{"@context":"https:\/\/schema.org","@graph":[{"@type":"WebPage","@id":"https:\/\/www.cruillabarcelona.cat\/es\/artists\/habla-de-mi-en-presente-2022\/","url":"https:\/\/www.cruillabarcelona.cat\/es\/artists\/habla-de-mi-en-presente-2022\/","name":"Concierto de Habla de m\u00ed en presente en el Festival Cru\u00eflla","isPartOf":{"@id":"https:\/\/www.cruillabarcelona.cat\/es\/#website"},"primaryImageOfPage":{"@id":"https:\/\/www.cruillabarcelona.cat\/es\/artists\/habla-de-mi-en-presente-2022\/#primaryimage"},"image":{"@id":"https:\/\/www.cruillabarcelona.cat\/es\/artists\/habla-de-mi-en-presente-2022\/#primaryimage"},"thumbnailUrl":"https:\/\/www.cruillabarcelona.cat\/wp-content\/uploads\/2021\/11\/Habla-de-mi.jpg","datePublished":"2022-02-16T12:19:04+00:00","dateModified":"2022-07-08T11:16:33+00:00","description":"Compra entradas para el concierto de Habla de m\u00ed en presente en el Festival Cru\u00eflla 2022, el 9 de julio de 2022 en el Parc del F\u00f2rum","breadcrumb":{"@id":"https:\/\/www.cruillabarcelona.cat\/es\/artists\/habla-de-mi-en-presente-2022\/#breadcrumb"},"inLanguage":"es","potentialAction":[{"@type":"ReadAction","target":["https:\/\/www.cruillabarcelona.cat\/es\/artists\/habla-de-mi-en-presente-2022\/"]}]},{"@type":"ImageObject","inLanguage":"es","@id":"https:\/\/www.cruillabarcelona.cat\/es\/artists\/habla-de-mi-en-presente-2022\/#primaryimage","url":"https:\/\/www.cruillabarcelona.cat\/wp-content\/uploads\/2021\/11\/Habla-de-mi.jpg","contentUrl":"https:\/\/www.cruillabarcelona.cat\/wp-content\/uploads\/2021\/11\/Habla-de-mi.jpg","width":834,"height":673,"caption":"Habla de mi"},{"@type":"BreadcrumbList","@id":"https:\/\/www.cruillabarcelona.cat\/es\/artists\/habla-de-mi-en-presente-2022\/#breadcrumb","itemListElement":[{"@type":"ListItem","position":1,"name":"Home","item":"https:\/\/www.cruillabarcelona.cat\/es\/"},{"@type":"ListItem","position":2,"name":"Habla de m\u00ed en presente"}]},{"@type":"WebSite","@id":"https:\/\/www.cruillabarcelona.cat\/es\/#website","url":"https:\/\/www.cruillabarcelona.cat\/es\/","name":"Festival Cru\u00eflla","description":"","publisher":{"@id":"https:\/\/www.cruillabarcelona.cat\/es\/#organization"},"potentialAction":[{"@type":"SearchAction","target":{"@type":"EntryPoint","urlTemplate":"https:\/\/www.cruillabarcelona.cat\/es\/?s={search_term_string}"},"query-input":{"@type":"PropertyValueSpecification","valueRequired":true,"valueName":"search_term_string"}}],"inLanguage":"es"},{"@type":"Organization","@id":"https:\/\/www.cruillabarcelona.cat\/es\/#organization","name":"Festival Cru\u00eflla","url":"https:\/\/www.cruillabarcelona.cat\/es\/","logo":{"@type":"ImageObject","inLanguage":"es","@id":"https:\/\/www.cruillabarcelona.cat\/es\/#\/schema\/logo\/image\/","url":"https:\/\/www.cruillabarcelona.cat\/wp-content\/uploads\/2025\/12\/cruill-logo-negativo.png","contentUrl":"https:\/\/www.cruillabarcelona.cat\/wp-content\/uploads\/2025\/12\/cruill-logo-negativo.png","width":400,"height":101,"caption":"Festival Cru\u00eflla"},"image":{"@id":"https:\/\/www.cruillabarcelona.cat\/es\/#\/schema\/logo\/image\/"}}]}},"_links":{"self":[{"href":"https:\/\/www.cruillabarcelona.cat\/es\/wp-json\/wp\/v2\/artists\/41079","targetHints":{"allow":["GET"]}}],"collection":[{"href":"https:\/\/www.cruillabarcelona.cat\/es\/wp-json\/wp\/v2\/artists"}],"about":[{"href":"https:\/\/www.cruillabarcelona.cat\/es\/wp-json\/wp\/v2\/types\/artists"}],"acf:term":[{"embeddable":true,"taxonomy":"artists_edition","href":"https:\/\/www.cruillabarcelona.cat\/es\/wp-json\/wp\/v2\/artists_edition\/834"}],"wp:featuredmedia":[{"embeddable":true,"href":"https:\/\/www.cruillabarcelona.cat\/es\/wp-json\/wp\/v2\/media\/40455"}],"wp:attachment":[{"href":"https:\/\/www.cruillabarcelona.cat\/es\/wp-json\/wp\/v2\/media?parent=41079"}],"wp:term":[{"taxonomy":"artists_edition","embeddable":true,"href":"https:\/\/www.cruillabarcelona.cat\/es\/wp-json\/wp\/v2\/artists_edition?post=41079"}],"curies":[{"name":"wp","href":"https:\/\/api.w.org\/{rel}","templated":true}]}}