{"id":42243,"date":"2022-03-30T11:54:16","date_gmt":"2022-03-30T09:54:16","guid":{"rendered":"https:\/\/www.cruillabarcelona.cat\/?post_type=artists&#038;p=42243"},"modified":"2022-05-06T14:42:46","modified_gmt":"2022-05-06T12:42:46","slug":"ginesta-2022","status":"publish","type":"artists","link":"https:\/\/www.cruillabarcelona.cat\/es\/artists\/ginesta-2022\/","title":{"rendered":"Ginest\u00e0"},"content":{"rendered":"<h2>Desde el coraz\u00f3n: Ginest\u00e0 en el Festival Cru\u00eflla 2022<\/h2>\n<p>El verano es m\u00e1s verano con las canciones de J\u00falia y Pau. Por eso cuando escuchamos canciones como <b><i>L\u2019Eva i la Jana <\/i><\/b>no podemos evitar recordar los momentos inolvidables de las vacaciones. <b>Ginest\u00e0 <\/b>nos ha tra\u00eddo <i>Suposo que l&#8217;amor \u00e9s aix\u00f2<\/i>, su <b>tercer disco<\/b> con sabor de buen tiempo y no pod\u00eda faltar en el F\u00f2rum este julio.<\/p>\n<p>Los hermanos m\u00e1s queridos del pop catal\u00e1n nos traen su m\u00fasica con <b>loops electr\u00f3nicos y sintetizadores <\/b>inspirados en la d\u00e9cada de los setenta, descubriendo una nueva sonoridad y estilo visual pero sin perder la esencia. Y es que la <b>cercan\u00eda y ternura<\/b> tan caracter\u00edsticas de Ginest\u00e0 hacen que cada canci\u00f3n te llegue al coraz\u00f3n.<\/p>\n<p><b>Ginest\u00e0 <\/b>present\u00f3 su nuevo directo en el <b>Cru\u00eflla Primavera<\/b>, y ahora vuelve al <b>Festival Cru\u00eflla 2022,<\/b> el <b>s\u00e1bado 9 de julio<\/b>. \u00a1Escucharemos lo bueno y lo mejor de la banda, que consigue emocionarnos y hacernos bailar al mismo tiempo!<\/p>\n<hr \/>\n<p style=\"text-align: center;\"><strong>Compra aqu\u00ed tus entradas<\/strong><\/p>\n<p style=\"text-align: center;\"><a class=\"efsbutton button \" target=\"_blank\">ENTRADAS<\/a><\/p>\n<!-- auto-added video if acf\/single-artist-video not used  --> <iframe style=\"width: 100%;max-width: 100%;height: auto;aspect-ratio: 16 \/ 9;\" src=\"https:\/\/www.youtube-nocookie.com\/embed\/12YO2ggQIlg\" frameborder=\"0\" allow=\"accelerometer; autoplay; encrypted-media; gyroscope; picture-in-picture\" allowfullscreen><\/iframe>","protected":false},"featured_media":42279,"template":"","meta":{"_acf_changed":false},"artists_edition":[834],"class_list":["post-42243","artists","type-artists","status-publish","has-post-thumbnail","hentry","artists_location-escenari-vueling","artists_edition-834"],"acf":{"_thumbnail_id":42279,"youtube_player":"12YO2ggQIlg","artist_edition":[834],"artist_date":"20220709","artist_time":"18:45","artist_time_2":"","artist_location":[875],"artist_ticket_url":"https:\/\/www.cruillabarcelona.cat\/es\/tickets\/","artist_ticket_status":"","artist_extra_date__show":false,"artist_extra_date_2":null,"artist_time_of_date2":"","artist_extra_date_3":null,"artist_time_of_date3":"","artist_extra_date_4":null,"artist_time_of_date4":"","artist_extra_date_5":null,"artist_time_of_date5":"","artist_date__show_month":true,"artist_sidebar_active":true,"show_in_agenda":false,"artist_sidebar__banner_img":"","artist_sidebar__banner_link":"","artist_hero_content":"Festival Cru\u00eflla 2022","artist_style":false,"artist_nationality":false,"artist_audience_age":false},"yoast_head":"<!-- This site is optimized with the Yoast SEO plugin v27.5 - https:\/\/yoast.com\/product\/yoast-seo-wordpress\/ -->\n<title>Concierto de Ginest\u00e0 en el Festival Cru\u00eflla, el 9 de julio en Barcelona<\/title>\n<meta name=\"description\" content=\"Compra entradas para el concierto de Ginest\u00e0 en el Festival Cru\u00eflla 2022, el 9 de julio en el Parc del F\u00f2rum de Barcelona\" \/>\n<meta name=\"robots\" content=\"index, follow, max-snippet:-1, max-image-preview:large, max-video-preview:-1\" \/>\n<link rel=\"canonical\" href=\"https:\/\/www.cruillabarcelona.cat\/es\/artists\/ginesta-2022\/\" \/>\n<meta property=\"og:locale\" content=\"es_ES\" \/>\n<meta property=\"og:type\" content=\"article\" \/>\n<meta property=\"og:title\" content=\"Concierto de Ginest\u00e0 en el Festival Cru\u00eflla, el 9 de julio en Barcelona\" \/>\n<meta property=\"og:description\" content=\"Compra entradas para el concierto de Ginest\u00e0 en el Festival Cru\u00eflla 2022, el 9 de julio en el Parc del F\u00f2rum de Barcelona\" \/>\n<meta property=\"og:url\" content=\"https:\/\/www.cruillabarcelona.cat\/es\/artists\/ginesta-2022\/\" \/>\n<meta property=\"og:site_name\" content=\"Festival Cru\u00eflla\" \/>\n<meta property=\"article:modified_time\" content=\"2022-05-06T12:42:46+00:00\" \/>\n<meta property=\"og:image\" content=\"https:\/\/www.cruillabarcelona.cat\/wp-content\/uploads\/2022\/03\/GINESTA\u0300-_FOTO-OFICIAL-CONCERTS-2022_vertical_\u00a9Cristina_de_Blas-1-1.jpg\" \/>\n\t<meta property=\"og:image:width\" content=\"850\" \/>\n\t<meta property=\"og:image:height\" content=\"850\" \/>\n\t<meta property=\"og:image:type\" content=\"image\/jpeg\" \/>\n<meta name=\"twitter:card\" content=\"summary_large_image\" \/>\n<meta name=\"twitter:label1\" content=\"Tiempo de lectura\" \/>\n\t<meta name=\"twitter:data1\" content=\"1 minuto\" \/>\n<script type=\"application\/ld+json\" class=\"yoast-schema-graph\">{\"@context\":\"https:\\\/\\\/schema.org\",\"@graph\":[{\"@type\":\"WebPage\",\"@id\":\"https:\\\/\\\/www.cruillabarcelona.cat\\\/es\\\/artists\\\/ginesta-2022\\\/\",\"url\":\"https:\\\/\\\/www.cruillabarcelona.cat\\\/es\\\/artists\\\/ginesta-2022\\\/\",\"name\":\"Concierto de Ginest\u00e0 en el Festival Cru\u00eflla, el 9 de julio en Barcelona\",\"isPartOf\":{\"@id\":\"https:\\\/\\\/www.cruillabarcelona.cat\\\/es\\\/#website\"},\"primaryImageOfPage\":{\"@id\":\"https:\\\/\\\/www.cruillabarcelona.cat\\\/es\\\/artists\\\/ginesta-2022\\\/#primaryimage\"},\"image\":{\"@id\":\"https:\\\/\\\/www.cruillabarcelona.cat\\\/es\\\/artists\\\/ginesta-2022\\\/#primaryimage\"},\"thumbnailUrl\":\"https:\\\/\\\/www.cruillabarcelona.cat\\\/wp-content\\\/uploads\\\/2022\\\/03\\\/GINESTA\u0300-_FOTO-OFICIAL-CONCERTS-2022_vertical_\u00a9Cristina_de_Blas-1-1.jpg\",\"datePublished\":\"2022-03-30T09:54:16+00:00\",\"dateModified\":\"2022-05-06T12:42:46+00:00\",\"description\":\"Compra entradas para el concierto de Ginest\u00e0 en el Festival Cru\u00eflla 2022, el 9 de julio en el Parc del F\u00f2rum de Barcelona\",\"breadcrumb\":{\"@id\":\"https:\\\/\\\/www.cruillabarcelona.cat\\\/es\\\/artists\\\/ginesta-2022\\\/#breadcrumb\"},\"inLanguage\":\"es\",\"potentialAction\":[{\"@type\":\"ReadAction\",\"target\":[\"https:\\\/\\\/www.cruillabarcelona.cat\\\/es\\\/artists\\\/ginesta-2022\\\/\"]}]},{\"@type\":\"ImageObject\",\"inLanguage\":\"es\",\"@id\":\"https:\\\/\\\/www.cruillabarcelona.cat\\\/es\\\/artists\\\/ginesta-2022\\\/#primaryimage\",\"url\":\"https:\\\/\\\/www.cruillabarcelona.cat\\\/wp-content\\\/uploads\\\/2022\\\/03\\\/GINESTA\u0300-_FOTO-OFICIAL-CONCERTS-2022_vertical_\u00a9Cristina_de_Blas-1-1.jpg\",\"contentUrl\":\"https:\\\/\\\/www.cruillabarcelona.cat\\\/wp-content\\\/uploads\\\/2022\\\/03\\\/GINESTA\u0300-_FOTO-OFICIAL-CONCERTS-2022_vertical_\u00a9Cristina_de_Blas-1-1.jpg\",\"width\":850,\"height\":850},{\"@type\":\"BreadcrumbList\",\"@id\":\"https:\\\/\\\/www.cruillabarcelona.cat\\\/es\\\/artists\\\/ginesta-2022\\\/#breadcrumb\",\"itemListElement\":[{\"@type\":\"ListItem\",\"position\":1,\"name\":\"Home\",\"item\":\"https:\\\/\\\/www.cruillabarcelona.cat\\\/es\\\/\"},{\"@type\":\"ListItem\",\"position\":2,\"name\":\"Ginest\u00e0\"}]},{\"@type\":\"WebSite\",\"@id\":\"https:\\\/\\\/www.cruillabarcelona.cat\\\/es\\\/#website\",\"url\":\"https:\\\/\\\/www.cruillabarcelona.cat\\\/es\\\/\",\"name\":\"Festival Cru\u00eflla\",\"description\":\"\",\"publisher\":{\"@id\":\"https:\\\/\\\/www.cruillabarcelona.cat\\\/es\\\/#organization\"},\"potentialAction\":[{\"@type\":\"SearchAction\",\"target\":{\"@type\":\"EntryPoint\",\"urlTemplate\":\"https:\\\/\\\/www.cruillabarcelona.cat\\\/es\\\/?s={search_term_string}\"},\"query-input\":{\"@type\":\"PropertyValueSpecification\",\"valueRequired\":true,\"valueName\":\"search_term_string\"}}],\"inLanguage\":\"es\"},{\"@type\":\"Organization\",\"@id\":\"https:\\\/\\\/www.cruillabarcelona.cat\\\/es\\\/#organization\",\"name\":\"Festival Cru\u00eflla\",\"url\":\"https:\\\/\\\/www.cruillabarcelona.cat\\\/es\\\/\",\"logo\":{\"@type\":\"ImageObject\",\"inLanguage\":\"es\",\"@id\":\"https:\\\/\\\/www.cruillabarcelona.cat\\\/es\\\/#\\\/schema\\\/logo\\\/image\\\/\",\"url\":\"https:\\\/\\\/www.cruillabarcelona.cat\\\/wp-content\\\/uploads\\\/2025\\\/12\\\/cruill-logo-negativo.png\",\"contentUrl\":\"https:\\\/\\\/www.cruillabarcelona.cat\\\/wp-content\\\/uploads\\\/2025\\\/12\\\/cruill-logo-negativo.png\",\"width\":400,\"height\":101,\"caption\":\"Festival Cru\u00eflla\"},\"image\":{\"@id\":\"https:\\\/\\\/www.cruillabarcelona.cat\\\/es\\\/#\\\/schema\\\/logo\\\/image\\\/\"}}]}<\/script>\n<!-- \/ Yoast SEO plugin. -->","yoast_head_json":{"title":"Concierto de Ginest\u00e0 en el Festival Cru\u00eflla, el 9 de julio en Barcelona","description":"Compra entradas para el concierto de Ginest\u00e0 en el Festival Cru\u00eflla 2022, el 9 de julio en el Parc del F\u00f2rum de Barcelona","robots":{"index":"index","follow":"follow","max-snippet":"max-snippet:-1","max-image-preview":"max-image-preview:large","max-video-preview":"max-video-preview:-1"},"canonical":"https:\/\/www.cruillabarcelona.cat\/es\/artists\/ginesta-2022\/","og_locale":"es_ES","og_type":"article","og_title":"Concierto de Ginest\u00e0 en el Festival Cru\u00eflla, el 9 de julio en Barcelona","og_description":"Compra entradas para el concierto de Ginest\u00e0 en el Festival Cru\u00eflla 2022, el 9 de julio en el Parc del F\u00f2rum de Barcelona","og_url":"https:\/\/www.cruillabarcelona.cat\/es\/artists\/ginesta-2022\/","og_site_name":"Festival Cru\u00eflla","article_modified_time":"2022-05-06T12:42:46+00:00","og_image":[{"width":850,"height":850,"url":"https:\/\/www.cruillabarcelona.cat\/wp-content\/uploads\/2022\/03\/GINESTA\u0300-_FOTO-OFICIAL-CONCERTS-2022_vertical_\u00a9Cristina_de_Blas-1-1.jpg","type":"image\/jpeg"}],"twitter_card":"summary_large_image","twitter_misc":{"Tiempo de lectura":"1 minuto"},"schema":{"@context":"https:\/\/schema.org","@graph":[{"@type":"WebPage","@id":"https:\/\/www.cruillabarcelona.cat\/es\/artists\/ginesta-2022\/","url":"https:\/\/www.cruillabarcelona.cat\/es\/artists\/ginesta-2022\/","name":"Concierto de Ginest\u00e0 en el Festival Cru\u00eflla, el 9 de julio en Barcelona","isPartOf":{"@id":"https:\/\/www.cruillabarcelona.cat\/es\/#website"},"primaryImageOfPage":{"@id":"https:\/\/www.cruillabarcelona.cat\/es\/artists\/ginesta-2022\/#primaryimage"},"image":{"@id":"https:\/\/www.cruillabarcelona.cat\/es\/artists\/ginesta-2022\/#primaryimage"},"thumbnailUrl":"https:\/\/www.cruillabarcelona.cat\/wp-content\/uploads\/2022\/03\/GINESTA\u0300-_FOTO-OFICIAL-CONCERTS-2022_vertical_\u00a9Cristina_de_Blas-1-1.jpg","datePublished":"2022-03-30T09:54:16+00:00","dateModified":"2022-05-06T12:42:46+00:00","description":"Compra entradas para el concierto de Ginest\u00e0 en el Festival Cru\u00eflla 2022, el 9 de julio en el Parc del F\u00f2rum de Barcelona","breadcrumb":{"@id":"https:\/\/www.cruillabarcelona.cat\/es\/artists\/ginesta-2022\/#breadcrumb"},"inLanguage":"es","potentialAction":[{"@type":"ReadAction","target":["https:\/\/www.cruillabarcelona.cat\/es\/artists\/ginesta-2022\/"]}]},{"@type":"ImageObject","inLanguage":"es","@id":"https:\/\/www.cruillabarcelona.cat\/es\/artists\/ginesta-2022\/#primaryimage","url":"https:\/\/www.cruillabarcelona.cat\/wp-content\/uploads\/2022\/03\/GINESTA\u0300-_FOTO-OFICIAL-CONCERTS-2022_vertical_\u00a9Cristina_de_Blas-1-1.jpg","contentUrl":"https:\/\/www.cruillabarcelona.cat\/wp-content\/uploads\/2022\/03\/GINESTA\u0300-_FOTO-OFICIAL-CONCERTS-2022_vertical_\u00a9Cristina_de_Blas-1-1.jpg","width":850,"height":850},{"@type":"BreadcrumbList","@id":"https:\/\/www.cruillabarcelona.cat\/es\/artists\/ginesta-2022\/#breadcrumb","itemListElement":[{"@type":"ListItem","position":1,"name":"Home","item":"https:\/\/www.cruillabarcelona.cat\/es\/"},{"@type":"ListItem","position":2,"name":"Ginest\u00e0"}]},{"@type":"WebSite","@id":"https:\/\/www.cruillabarcelona.cat\/es\/#website","url":"https:\/\/www.cruillabarcelona.cat\/es\/","name":"Festival Cru\u00eflla","description":"","publisher":{"@id":"https:\/\/www.cruillabarcelona.cat\/es\/#organization"},"potentialAction":[{"@type":"SearchAction","target":{"@type":"EntryPoint","urlTemplate":"https:\/\/www.cruillabarcelona.cat\/es\/?s={search_term_string}"},"query-input":{"@type":"PropertyValueSpecification","valueRequired":true,"valueName":"search_term_string"}}],"inLanguage":"es"},{"@type":"Organization","@id":"https:\/\/www.cruillabarcelona.cat\/es\/#organization","name":"Festival Cru\u00eflla","url":"https:\/\/www.cruillabarcelona.cat\/es\/","logo":{"@type":"ImageObject","inLanguage":"es","@id":"https:\/\/www.cruillabarcelona.cat\/es\/#\/schema\/logo\/image\/","url":"https:\/\/www.cruillabarcelona.cat\/wp-content\/uploads\/2025\/12\/cruill-logo-negativo.png","contentUrl":"https:\/\/www.cruillabarcelona.cat\/wp-content\/uploads\/2025\/12\/cruill-logo-negativo.png","width":400,"height":101,"caption":"Festival Cru\u00eflla"},"image":{"@id":"https:\/\/www.cruillabarcelona.cat\/es\/#\/schema\/logo\/image\/"}}]}},"_links":{"self":[{"href":"https:\/\/www.cruillabarcelona.cat\/es\/wp-json\/wp\/v2\/artists\/42243","targetHints":{"allow":["GET"]}}],"collection":[{"href":"https:\/\/www.cruillabarcelona.cat\/es\/wp-json\/wp\/v2\/artists"}],"about":[{"href":"https:\/\/www.cruillabarcelona.cat\/es\/wp-json\/wp\/v2\/types\/artists"}],"acf:term":[{"embeddable":true,"taxonomy":"artists_location","href":"https:\/\/www.cruillabarcelona.cat\/es\/wp-json\/wp\/v2\/artists_location\/875"},{"embeddable":true,"taxonomy":"artists_edition","href":"https:\/\/www.cruillabarcelona.cat\/es\/wp-json\/wp\/v2\/artists_edition\/834"}],"wp:featuredmedia":[{"embeddable":true,"href":"https:\/\/www.cruillabarcelona.cat\/es\/wp-json\/wp\/v2\/media\/42279"}],"wp:attachment":[{"href":"https:\/\/www.cruillabarcelona.cat\/es\/wp-json\/wp\/v2\/media?parent=42243"}],"wp:term":[{"taxonomy":"artists_edition","embeddable":true,"href":"https:\/\/www.cruillabarcelona.cat\/es\/wp-json\/wp\/v2\/artists_edition?post=42243"}],"curies":[{"name":"wp","href":"https:\/\/api.w.org\/{rel}","templated":true}]}}