{"id":43716,"date":"2022-05-06T13:42:55","date_gmt":"2022-05-06T11:42:55","guid":{"rendered":"https:\/\/www.cruillabarcelona.cat\/?post_type=artists&#038;p=43716"},"modified":"2022-05-06T13:52:35","modified_gmt":"2022-05-06T11:52:35","slug":"ninhodelosrecaos","status":"publish","type":"artists","link":"https:\/\/www.cruillabarcelona.cat\/es\/artists\/ninhodelosrecaos\/","title":{"rendered":"Ninhodelosrecaos"},"content":{"rendered":"<h2>\u00a1Todav\u00eda no nos vamos!: Ninhodelosrecaos en el Festival Cru\u00eflla 2022<\/h2>\n<p><strong>Ninhodelosrecaos <\/strong>es la identidad bajo la que se esconde<strong> Rub\u00e9n Sierra<\/strong>, creador, compositor, cantante y guitarrista de <strong>La Pegatina; <\/strong>cuando<strong> cambia las cuerdas por los platos de disco <\/strong>para ofrecer grandes sesiones de<strong> World Electric Beat.<\/strong><\/p>\n<p>Concatenaciones de hits que se mueven desde la rumba al <strong>punk<\/strong> pasando por el <strong>ska<\/strong>, la <strong>salsa<\/strong>, el <strong>merengue<\/strong>, el <strong>rock<\/strong> y todos los <strong>estilos y bandas<\/strong> que el compositor ha conocido a lo largo de sus viajes por todo el mundo cantando al ritmo del grupo de Moncada. Un recorrido internacional que crea un estilo <strong>el\u00e9ctrico<\/strong> y <strong>lleno de sorpresas<\/strong> cuando conecta la mesa a los altavoces.<\/p>\n<p>Tras acompa\u00f1arnos en el <strong>Cru\u00eflla<\/strong> en todas sus vertientes, <strong>Ninhodelosrecaos<\/strong> llega a la edici\u00f3n del <strong>2022<\/strong> para reventar el escenario<strong> Estrella Damm<\/strong> y poner la guinda <strong>final a la noche del jueves<\/strong>. Despu\u00e9s del concierto de <strong>Residente<\/strong>, \u00a1no nos vamos a casa sin un \u00faltimo baile!<\/p>\n<hr \/>\n<p style=\"text-align: center;\"><strong>Compra aqu\u00ed tus entradas<\/strong><\/p>\n<p style=\"text-align: center;\"><a class=\"efsbutton button \" target=\"_blank\">ENTRADAS<\/a><\/p>\n<!-- auto-added video if acf\/single-artist-video not used  --> <iframe style=\"width: 100%;max-width: 100%;height: auto;aspect-ratio: 16 \/ 9;\" src=\"https:\/\/www.youtube-nocookie.com\/embed\/npcBk7qrMHU\" frameborder=\"0\" allow=\"accelerometer; autoplay; encrypted-media; gyroscope; picture-in-picture\" allowfullscreen><\/iframe>","protected":false},"featured_media":43713,"template":"","meta":{"_acf_changed":false},"artists_edition":[834],"class_list":["post-43716","artists","type-artists","status-publish","has-post-thumbnail","hentry","artists_location-estrella","artists_style-electronica","artists_nationality-catala","artists_audience_age-jove","artists_edition-834"],"acf":{"_thumbnail_id":43713,"youtube_player":"npcBk7qrMHU","artist_edition":[834],"artist_date":"20220707","artist_time":"23:45","artist_time_2":"","artist_location":[20],"artist_ticket_url":"https:\/\/www.cruillabarcelona.cat\/es\/tickets\/","artist_ticket_status":"","artist_extra_date__show":false,"artist_extra_date_2":null,"artist_time_of_date2":"","artist_extra_date_3":null,"artist_time_of_date3":"","artist_extra_date_4":null,"artist_time_of_date4":"","artist_extra_date_5":null,"artist_time_of_date5":"","artist_date__show_month":true,"artist_sidebar_active":true,"show_in_agenda":false,"artist_sidebar__banner_img":"","artist_sidebar__banner_link":"","artist_hero_content":"Festival Cru\u00eflla 2022","artist_style":[873],"artist_nationality":[857],"artist_audience_age":[860]},"yoast_head":"<!-- This site is optimized with the Yoast SEO plugin v27.5 - https:\/\/yoast.com\/product\/yoast-seo-wordpress\/ -->\n<title>Ninhodelosrecaos en el Festival Cru\u00eflla, 7 de julio Barcelona<\/title>\n<meta name=\"description\" content=\"Compra entradas para Ninhodelosrecaos en el Festival Cru\u00eflla 2022, el 7 de julio de 2022 en el Parc del F\u00f2rum de Barcelona\" \/>\n<meta name=\"robots\" content=\"index, follow, max-snippet:-1, max-image-preview:large, max-video-preview:-1\" \/>\n<link rel=\"canonical\" href=\"https:\/\/www.cruillabarcelona.cat\/es\/artists\/ninhodelosrecaos\/\" \/>\n<meta property=\"og:locale\" content=\"es_ES\" \/>\n<meta property=\"og:type\" content=\"article\" \/>\n<meta property=\"og:title\" content=\"Ninhodelosrecaos en el Festival Cru\u00eflla, 7 de julio Barcelona\" \/>\n<meta property=\"og:description\" content=\"Compra entradas para Ninhodelosrecaos en el Festival Cru\u00eflla 2022, el 7 de julio de 2022 en el Parc del F\u00f2rum de Barcelona\" \/>\n<meta property=\"og:url\" content=\"https:\/\/www.cruillabarcelona.cat\/es\/artists\/ninhodelosrecaos\/\" \/>\n<meta property=\"og:site_name\" content=\"Festival Cru\u00eflla\" \/>\n<meta property=\"article:modified_time\" content=\"2022-05-06T11:52:35+00:00\" \/>\n<meta property=\"og:image\" content=\"https:\/\/www.cruillabarcelona.cat\/wp-content\/uploads\/2022\/05\/RubenSierra-ok.jpeg\" \/>\n\t<meta property=\"og:image:width\" content=\"868\" \/>\n\t<meta property=\"og:image:height\" content=\"868\" \/>\n\t<meta property=\"og:image:type\" content=\"image\/jpeg\" \/>\n<meta name=\"twitter:card\" content=\"summary_large_image\" \/>\n<meta name=\"twitter:label1\" content=\"Tiempo de lectura\" \/>\n\t<meta name=\"twitter:data1\" content=\"1 minuto\" \/>\n<script type=\"application\/ld+json\" class=\"yoast-schema-graph\">{\"@context\":\"https:\\\/\\\/schema.org\",\"@graph\":[{\"@type\":\"WebPage\",\"@id\":\"https:\\\/\\\/www.cruillabarcelona.cat\\\/es\\\/artists\\\/ninhodelosrecaos\\\/\",\"url\":\"https:\\\/\\\/www.cruillabarcelona.cat\\\/es\\\/artists\\\/ninhodelosrecaos\\\/\",\"name\":\"Ninhodelosrecaos en el Festival Cru\u00eflla, 7 de julio Barcelona\",\"isPartOf\":{\"@id\":\"https:\\\/\\\/www.cruillabarcelona.cat\\\/es\\\/#website\"},\"primaryImageOfPage\":{\"@id\":\"https:\\\/\\\/www.cruillabarcelona.cat\\\/es\\\/artists\\\/ninhodelosrecaos\\\/#primaryimage\"},\"image\":{\"@id\":\"https:\\\/\\\/www.cruillabarcelona.cat\\\/es\\\/artists\\\/ninhodelosrecaos\\\/#primaryimage\"},\"thumbnailUrl\":\"https:\\\/\\\/www.cruillabarcelona.cat\\\/wp-content\\\/uploads\\\/2022\\\/05\\\/RubenSierra-ok.jpeg\",\"datePublished\":\"2022-05-06T11:42:55+00:00\",\"dateModified\":\"2022-05-06T11:52:35+00:00\",\"description\":\"Compra entradas para Ninhodelosrecaos en el Festival Cru\u00eflla 2022, el 7 de julio de 2022 en el Parc del F\u00f2rum de Barcelona\",\"breadcrumb\":{\"@id\":\"https:\\\/\\\/www.cruillabarcelona.cat\\\/es\\\/artists\\\/ninhodelosrecaos\\\/#breadcrumb\"},\"inLanguage\":\"es\",\"potentialAction\":[{\"@type\":\"ReadAction\",\"target\":[\"https:\\\/\\\/www.cruillabarcelona.cat\\\/es\\\/artists\\\/ninhodelosrecaos\\\/\"]}]},{\"@type\":\"ImageObject\",\"inLanguage\":\"es\",\"@id\":\"https:\\\/\\\/www.cruillabarcelona.cat\\\/es\\\/artists\\\/ninhodelosrecaos\\\/#primaryimage\",\"url\":\"https:\\\/\\\/www.cruillabarcelona.cat\\\/wp-content\\\/uploads\\\/2022\\\/05\\\/RubenSierra-ok.jpeg\",\"contentUrl\":\"https:\\\/\\\/www.cruillabarcelona.cat\\\/wp-content\\\/uploads\\\/2022\\\/05\\\/RubenSierra-ok.jpeg\",\"width\":868,\"height\":868},{\"@type\":\"BreadcrumbList\",\"@id\":\"https:\\\/\\\/www.cruillabarcelona.cat\\\/es\\\/artists\\\/ninhodelosrecaos\\\/#breadcrumb\",\"itemListElement\":[{\"@type\":\"ListItem\",\"position\":1,\"name\":\"Home\",\"item\":\"https:\\\/\\\/www.cruillabarcelona.cat\\\/es\\\/\"},{\"@type\":\"ListItem\",\"position\":2,\"name\":\"Ninhodelosrecaos\"}]},{\"@type\":\"WebSite\",\"@id\":\"https:\\\/\\\/www.cruillabarcelona.cat\\\/es\\\/#website\",\"url\":\"https:\\\/\\\/www.cruillabarcelona.cat\\\/es\\\/\",\"name\":\"Festival Cru\u00eflla\",\"description\":\"\",\"publisher\":{\"@id\":\"https:\\\/\\\/www.cruillabarcelona.cat\\\/es\\\/#organization\"},\"potentialAction\":[{\"@type\":\"SearchAction\",\"target\":{\"@type\":\"EntryPoint\",\"urlTemplate\":\"https:\\\/\\\/www.cruillabarcelona.cat\\\/es\\\/?s={search_term_string}\"},\"query-input\":{\"@type\":\"PropertyValueSpecification\",\"valueRequired\":true,\"valueName\":\"search_term_string\"}}],\"inLanguage\":\"es\"},{\"@type\":\"Organization\",\"@id\":\"https:\\\/\\\/www.cruillabarcelona.cat\\\/es\\\/#organization\",\"name\":\"Festival Cru\u00eflla\",\"url\":\"https:\\\/\\\/www.cruillabarcelona.cat\\\/es\\\/\",\"logo\":{\"@type\":\"ImageObject\",\"inLanguage\":\"es\",\"@id\":\"https:\\\/\\\/www.cruillabarcelona.cat\\\/es\\\/#\\\/schema\\\/logo\\\/image\\\/\",\"url\":\"https:\\\/\\\/www.cruillabarcelona.cat\\\/wp-content\\\/uploads\\\/2025\\\/12\\\/cruill-logo-negativo.png\",\"contentUrl\":\"https:\\\/\\\/www.cruillabarcelona.cat\\\/wp-content\\\/uploads\\\/2025\\\/12\\\/cruill-logo-negativo.png\",\"width\":400,\"height\":101,\"caption\":\"Festival Cru\u00eflla\"},\"image\":{\"@id\":\"https:\\\/\\\/www.cruillabarcelona.cat\\\/es\\\/#\\\/schema\\\/logo\\\/image\\\/\"}}]}<\/script>\n<!-- \/ Yoast SEO plugin. -->","yoast_head_json":{"title":"Ninhodelosrecaos en el Festival Cru\u00eflla, 7 de julio Barcelona","description":"Compra entradas para Ninhodelosrecaos en el Festival Cru\u00eflla 2022, el 7 de julio de 2022 en el Parc del F\u00f2rum de Barcelona","robots":{"index":"index","follow":"follow","max-snippet":"max-snippet:-1","max-image-preview":"max-image-preview:large","max-video-preview":"max-video-preview:-1"},"canonical":"https:\/\/www.cruillabarcelona.cat\/es\/artists\/ninhodelosrecaos\/","og_locale":"es_ES","og_type":"article","og_title":"Ninhodelosrecaos en el Festival Cru\u00eflla, 7 de julio Barcelona","og_description":"Compra entradas para Ninhodelosrecaos en el Festival Cru\u00eflla 2022, el 7 de julio de 2022 en el Parc del F\u00f2rum de Barcelona","og_url":"https:\/\/www.cruillabarcelona.cat\/es\/artists\/ninhodelosrecaos\/","og_site_name":"Festival Cru\u00eflla","article_modified_time":"2022-05-06T11:52:35+00:00","og_image":[{"width":868,"height":868,"url":"https:\/\/www.cruillabarcelona.cat\/wp-content\/uploads\/2022\/05\/RubenSierra-ok.jpeg","type":"image\/jpeg"}],"twitter_card":"summary_large_image","twitter_misc":{"Tiempo de lectura":"1 minuto"},"schema":{"@context":"https:\/\/schema.org","@graph":[{"@type":"WebPage","@id":"https:\/\/www.cruillabarcelona.cat\/es\/artists\/ninhodelosrecaos\/","url":"https:\/\/www.cruillabarcelona.cat\/es\/artists\/ninhodelosrecaos\/","name":"Ninhodelosrecaos en el Festival Cru\u00eflla, 7 de julio Barcelona","isPartOf":{"@id":"https:\/\/www.cruillabarcelona.cat\/es\/#website"},"primaryImageOfPage":{"@id":"https:\/\/www.cruillabarcelona.cat\/es\/artists\/ninhodelosrecaos\/#primaryimage"},"image":{"@id":"https:\/\/www.cruillabarcelona.cat\/es\/artists\/ninhodelosrecaos\/#primaryimage"},"thumbnailUrl":"https:\/\/www.cruillabarcelona.cat\/wp-content\/uploads\/2022\/05\/RubenSierra-ok.jpeg","datePublished":"2022-05-06T11:42:55+00:00","dateModified":"2022-05-06T11:52:35+00:00","description":"Compra entradas para Ninhodelosrecaos en el Festival Cru\u00eflla 2022, el 7 de julio de 2022 en el Parc del F\u00f2rum de Barcelona","breadcrumb":{"@id":"https:\/\/www.cruillabarcelona.cat\/es\/artists\/ninhodelosrecaos\/#breadcrumb"},"inLanguage":"es","potentialAction":[{"@type":"ReadAction","target":["https:\/\/www.cruillabarcelona.cat\/es\/artists\/ninhodelosrecaos\/"]}]},{"@type":"ImageObject","inLanguage":"es","@id":"https:\/\/www.cruillabarcelona.cat\/es\/artists\/ninhodelosrecaos\/#primaryimage","url":"https:\/\/www.cruillabarcelona.cat\/wp-content\/uploads\/2022\/05\/RubenSierra-ok.jpeg","contentUrl":"https:\/\/www.cruillabarcelona.cat\/wp-content\/uploads\/2022\/05\/RubenSierra-ok.jpeg","width":868,"height":868},{"@type":"BreadcrumbList","@id":"https:\/\/www.cruillabarcelona.cat\/es\/artists\/ninhodelosrecaos\/#breadcrumb","itemListElement":[{"@type":"ListItem","position":1,"name":"Home","item":"https:\/\/www.cruillabarcelona.cat\/es\/"},{"@type":"ListItem","position":2,"name":"Ninhodelosrecaos"}]},{"@type":"WebSite","@id":"https:\/\/www.cruillabarcelona.cat\/es\/#website","url":"https:\/\/www.cruillabarcelona.cat\/es\/","name":"Festival Cru\u00eflla","description":"","publisher":{"@id":"https:\/\/www.cruillabarcelona.cat\/es\/#organization"},"potentialAction":[{"@type":"SearchAction","target":{"@type":"EntryPoint","urlTemplate":"https:\/\/www.cruillabarcelona.cat\/es\/?s={search_term_string}"},"query-input":{"@type":"PropertyValueSpecification","valueRequired":true,"valueName":"search_term_string"}}],"inLanguage":"es"},{"@type":"Organization","@id":"https:\/\/www.cruillabarcelona.cat\/es\/#organization","name":"Festival Cru\u00eflla","url":"https:\/\/www.cruillabarcelona.cat\/es\/","logo":{"@type":"ImageObject","inLanguage":"es","@id":"https:\/\/www.cruillabarcelona.cat\/es\/#\/schema\/logo\/image\/","url":"https:\/\/www.cruillabarcelona.cat\/wp-content\/uploads\/2025\/12\/cruill-logo-negativo.png","contentUrl":"https:\/\/www.cruillabarcelona.cat\/wp-content\/uploads\/2025\/12\/cruill-logo-negativo.png","width":400,"height":101,"caption":"Festival Cru\u00eflla"},"image":{"@id":"https:\/\/www.cruillabarcelona.cat\/es\/#\/schema\/logo\/image\/"}}]}},"_links":{"self":[{"href":"https:\/\/www.cruillabarcelona.cat\/es\/wp-json\/wp\/v2\/artists\/43716","targetHints":{"allow":["GET"]}}],"collection":[{"href":"https:\/\/www.cruillabarcelona.cat\/es\/wp-json\/wp\/v2\/artists"}],"about":[{"href":"https:\/\/www.cruillabarcelona.cat\/es\/wp-json\/wp\/v2\/types\/artists"}],"acf:term":[{"embeddable":true,"taxonomy":"artists_audience_age","href":"https:\/\/www.cruillabarcelona.cat\/es\/wp-json\/wp\/v2\/artists_audience_age\/860"},{"embeddable":true,"taxonomy":"artists_nationality","href":"https:\/\/www.cruillabarcelona.cat\/es\/wp-json\/wp\/v2\/artists_nationality\/857"},{"embeddable":true,"taxonomy":"artists_style","href":"https:\/\/www.cruillabarcelona.cat\/es\/wp-json\/wp\/v2\/artists_style\/873"},{"embeddable":true,"taxonomy":"artists_location","href":"https:\/\/www.cruillabarcelona.cat\/es\/wp-json\/wp\/v2\/artists_location\/20"},{"embeddable":true,"taxonomy":"artists_edition","href":"https:\/\/www.cruillabarcelona.cat\/es\/wp-json\/wp\/v2\/artists_edition\/834"}],"wp:featuredmedia":[{"embeddable":true,"href":"https:\/\/www.cruillabarcelona.cat\/es\/wp-json\/wp\/v2\/media\/43713"}],"wp:attachment":[{"href":"https:\/\/www.cruillabarcelona.cat\/es\/wp-json\/wp\/v2\/media?parent=43716"}],"wp:term":[{"taxonomy":"artists_edition","embeddable":true,"href":"https:\/\/www.cruillabarcelona.cat\/es\/wp-json\/wp\/v2\/artists_edition?post=43716"}],"curies":[{"name":"wp","href":"https:\/\/api.w.org\/{rel}","templated":true}]}}