{"id":45842,"date":"2022-10-19T09:03:09","date_gmt":"2022-10-19T07:03:09","guid":{"rendered":"https:\/\/www.cruillabarcelona.cat\/?post_type=artists&#038;p=45842"},"modified":"2023-05-12T18:20:28","modified_gmt":"2023-05-12T16:20:28","slug":"antonia-font","status":"publish","type":"artists","link":"https:\/\/www.cruillabarcelona.cat\/es\/artists\/antonia-font\/","title":{"rendered":"Ant\u00f2nia Font"},"content":{"rendered":"<h2><em>Wa Yeah!<\/em> &#8211; \u00a1Ant\u00f2nia Font en el Cru\u00eflla 2023!<\/h2>\n<p><em>Cau es sol de s&#8217;horabaixa<\/em> en el festival. Es <strong>s\u00e1bado, 8 de julio<\/strong>, y <strong>Ant\u00f2nia Font<\/strong> sale al escenario del <strong>Cru\u00eflla 2023<\/strong>. Hace 12 a\u00f1os que tocaron aqu\u00ed por \u00faltima vez, llevaban 8 sin subir a un escenario y 10 sin sacar un \u00e1lbum. Pero la espera ha terminado: \u00a1<strong>Ant\u00f2nia Font<\/strong> ha vuelto con un <strong>nuevo \u00e1lbum<\/strong> y es el primer grupo confirmado del <strong>Cru\u00eflla 2023<\/strong>!<\/p>\n<hr \/>\n<p style=\"text-align: center;\"><em><i>Consigue tu entrada o abono del Cru\u00eflla 2023:<\/i><\/em><\/p>\n<p style=\"text-align: center;\"><a class=\"efsbutton button \" target=\"_blank\">ENTRADAS<\/a><\/p>\n<hr \/>\n<p><strong>Ant\u00f2nia Font<\/strong> es un grupo <strong>100% Cru\u00eflla<\/strong> y su \u00faltimo \u00e1lbum, <strong><em>Un minut estrobosc\u00f2pica<\/em><\/strong>, es <strong>100% Ant\u00f2nia Font<\/strong>. Algunos recordar\u00e1n bailar las canciones de <em>Lamparetes<\/em> y <em>Alegria<\/em> en el Cru\u00eflla 2011 y, los que tengan mejor memoria, recordar\u00e1n hacerlo con <em>Taxi<\/em> o <em>Batiscafo<\/em> en el Cru\u00eflla 2008. Ahora, m\u00e1s de una d\u00e9cada despu\u00e9s, <strong>los nuevos enamorados y los m\u00e1s fieles<\/strong> volveremos a bailar <strong>los hits de siempre<\/strong>.<\/p>\n<p>Joan Miquel Oliver, Pau Debon, Jaume Manresa, Joan Roca y Pere Debon vuelven despu\u00e9s de 8 a\u00f1os inactivos, y tienen ganas de <strong>convertir tu verano en una gran fiesta<\/strong>. Y t\u00fa, <strong>\u00bftienes ganas de Ant\u00f2nia Font?<\/strong><\/p>\n<!-- auto-added video if acf\/single-artist-video not used  --> <iframe style=\"width: 100%;max-width: 100%;height: auto;aspect-ratio: 16 \/ 9;\" src=\"https:\/\/www.youtube-nocookie.com\/embed\/4bQBHBNJnNA\" frameborder=\"0\" allow=\"accelerometer; autoplay; encrypted-media; gyroscope; picture-in-picture\" allowfullscreen><\/iframe>","protected":false},"featured_media":45812,"template":"","meta":{"_acf_changed":false},"artists_edition":[877],"class_list":["post-45842","artists","type-artists","status-publish","has-post-thumbnail","hentry","artists_location-estrella","artists_edition-877"],"acf":{"_thumbnail_id":45812,"youtube_player":"4bQBHBNJnNA","artist_edition":[877],"artist_date":"20230708","artist_time":"20:30","artist_time_2":"","artist_location":[20],"artist_ticket_url":"https:\/\/www.cruillabarcelona.cat\/es\/tickets","artist_ticket_status":"","artist_extra_date__show":false,"artist_extra_date_2":null,"artist_time_of_date2":"","artist_extra_date_3":null,"artist_time_of_date3":"","artist_extra_date_4":null,"artist_time_of_date4":"","artist_extra_date_5":null,"artist_time_of_date5":"","artist_date__show_month":true,"artist_sidebar_active":true,"show_in_agenda":true,"artist_sidebar__banner_img":"","artist_sidebar__banner_link":"","artist_hero_content":"Festival Cru\u00eflla 2023","artist_style":false,"artist_nationality":false,"artist_audience_age":false},"yoast_head":"<!-- This site is optimized with the Yoast SEO plugin v27.5 - https:\/\/yoast.com\/product\/yoast-seo-wordpress\/ -->\n<title>Concierto de Ant\u00f2nia Font en el Cru\u00eflla, 08.07.2023 en Barcelona<\/title>\n<meta name=\"description\" content=\"Compra entradas para el concierto de Ant\u00f2nia Font en el Festival Cru\u00eflla 2023, el 8 de julio de 2023 en el Parc del F\u00f2rum de Barcelona\" \/>\n<meta name=\"robots\" content=\"index, follow, max-snippet:-1, max-image-preview:large, max-video-preview:-1\" \/>\n<link rel=\"canonical\" href=\"https:\/\/www.cruillabarcelona.cat\/es\/artists\/antonia-font\/\" \/>\n<meta property=\"og:locale\" content=\"es_ES\" \/>\n<meta property=\"og:type\" content=\"article\" \/>\n<meta property=\"og:title\" content=\"Concierto de Ant\u00f2nia Font en el Cru\u00eflla, 08.07.2023 en Barcelona\" \/>\n<meta property=\"og:description\" content=\"Compra entradas para el concierto de Ant\u00f2nia Font en el Festival Cru\u00eflla 2023, el 8 de julio de 2023 en el Parc del F\u00f2rum de Barcelona\" \/>\n<meta property=\"og:url\" content=\"https:\/\/www.cruillabarcelona.cat\/es\/artists\/antonia-font\/\" \/>\n<meta property=\"og:site_name\" content=\"Festival Cru\u00eflla\" \/>\n<meta property=\"article:modified_time\" content=\"2023-05-12T16:20:28+00:00\" \/>\n<meta property=\"og:image\" content=\"https:\/\/www.cruillabarcelona.cat\/wp-content\/uploads\/2022\/10\/1_AF_CARTELL_1-copia-2.jpg\" \/>\n\t<meta property=\"og:image:width\" content=\"945\" \/>\n\t<meta property=\"og:image:height\" content=\"944\" \/>\n\t<meta property=\"og:image:type\" content=\"image\/jpeg\" \/>\n<meta name=\"twitter:card\" content=\"summary_large_image\" \/>\n<meta name=\"twitter:label1\" content=\"Tiempo de lectura\" \/>\n\t<meta name=\"twitter:data1\" content=\"2 minutos\" \/>\n<script type=\"application\/ld+json\" class=\"yoast-schema-graph\">{\"@context\":\"https:\\\/\\\/schema.org\",\"@graph\":[{\"@type\":\"WebPage\",\"@id\":\"https:\\\/\\\/www.cruillabarcelona.cat\\\/es\\\/artists\\\/antonia-font\\\/\",\"url\":\"https:\\\/\\\/www.cruillabarcelona.cat\\\/es\\\/artists\\\/antonia-font\\\/\",\"name\":\"Concierto de Ant\u00f2nia Font en el Cru\u00eflla, 08.07.2023 en Barcelona\",\"isPartOf\":{\"@id\":\"https:\\\/\\\/www.cruillabarcelona.cat\\\/es\\\/#website\"},\"primaryImageOfPage\":{\"@id\":\"https:\\\/\\\/www.cruillabarcelona.cat\\\/es\\\/artists\\\/antonia-font\\\/#primaryimage\"},\"image\":{\"@id\":\"https:\\\/\\\/www.cruillabarcelona.cat\\\/es\\\/artists\\\/antonia-font\\\/#primaryimage\"},\"thumbnailUrl\":\"https:\\\/\\\/www.cruillabarcelona.cat\\\/wp-content\\\/uploads\\\/2022\\\/10\\\/1_AF_CARTELL_1-copia-2.jpg\",\"datePublished\":\"2022-10-19T07:03:09+00:00\",\"dateModified\":\"2023-05-12T16:20:28+00:00\",\"description\":\"Compra entradas para el concierto de Ant\u00f2nia Font en el Festival Cru\u00eflla 2023, el 8 de julio de 2023 en el Parc del F\u00f2rum de Barcelona\",\"breadcrumb\":{\"@id\":\"https:\\\/\\\/www.cruillabarcelona.cat\\\/es\\\/artists\\\/antonia-font\\\/#breadcrumb\"},\"inLanguage\":\"es\",\"potentialAction\":[{\"@type\":\"ReadAction\",\"target\":[\"https:\\\/\\\/www.cruillabarcelona.cat\\\/es\\\/artists\\\/antonia-font\\\/\"]}]},{\"@type\":\"ImageObject\",\"inLanguage\":\"es\",\"@id\":\"https:\\\/\\\/www.cruillabarcelona.cat\\\/es\\\/artists\\\/antonia-font\\\/#primaryimage\",\"url\":\"https:\\\/\\\/www.cruillabarcelona.cat\\\/wp-content\\\/uploads\\\/2022\\\/10\\\/1_AF_CARTELL_1-copia-2.jpg\",\"contentUrl\":\"https:\\\/\\\/www.cruillabarcelona.cat\\\/wp-content\\\/uploads\\\/2022\\\/10\\\/1_AF_CARTELL_1-copia-2.jpg\",\"width\":945,\"height\":944,\"caption\":\"Ant\u00f2nia Font, primer grup confirmat del Cru\u00eflla 2023\"},{\"@type\":\"BreadcrumbList\",\"@id\":\"https:\\\/\\\/www.cruillabarcelona.cat\\\/es\\\/artists\\\/antonia-font\\\/#breadcrumb\",\"itemListElement\":[{\"@type\":\"ListItem\",\"position\":1,\"name\":\"Home\",\"item\":\"https:\\\/\\\/www.cruillabarcelona.cat\\\/es\\\/\"},{\"@type\":\"ListItem\",\"position\":2,\"name\":\"Ant\u00f2nia Font\"}]},{\"@type\":\"WebSite\",\"@id\":\"https:\\\/\\\/www.cruillabarcelona.cat\\\/es\\\/#website\",\"url\":\"https:\\\/\\\/www.cruillabarcelona.cat\\\/es\\\/\",\"name\":\"Festival Cru\u00eflla\",\"description\":\"\",\"publisher\":{\"@id\":\"https:\\\/\\\/www.cruillabarcelona.cat\\\/es\\\/#organization\"},\"potentialAction\":[{\"@type\":\"SearchAction\",\"target\":{\"@type\":\"EntryPoint\",\"urlTemplate\":\"https:\\\/\\\/www.cruillabarcelona.cat\\\/es\\\/?s={search_term_string}\"},\"query-input\":{\"@type\":\"PropertyValueSpecification\",\"valueRequired\":true,\"valueName\":\"search_term_string\"}}],\"inLanguage\":\"es\"},{\"@type\":\"Organization\",\"@id\":\"https:\\\/\\\/www.cruillabarcelona.cat\\\/es\\\/#organization\",\"name\":\"Festival Cru\u00eflla\",\"url\":\"https:\\\/\\\/www.cruillabarcelona.cat\\\/es\\\/\",\"logo\":{\"@type\":\"ImageObject\",\"inLanguage\":\"es\",\"@id\":\"https:\\\/\\\/www.cruillabarcelona.cat\\\/es\\\/#\\\/schema\\\/logo\\\/image\\\/\",\"url\":\"https:\\\/\\\/www.cruillabarcelona.cat\\\/wp-content\\\/uploads\\\/2025\\\/12\\\/cruill-logo-negativo.png\",\"contentUrl\":\"https:\\\/\\\/www.cruillabarcelona.cat\\\/wp-content\\\/uploads\\\/2025\\\/12\\\/cruill-logo-negativo.png\",\"width\":400,\"height\":101,\"caption\":\"Festival Cru\u00eflla\"},\"image\":{\"@id\":\"https:\\\/\\\/www.cruillabarcelona.cat\\\/es\\\/#\\\/schema\\\/logo\\\/image\\\/\"}}]}<\/script>\n<!-- \/ Yoast SEO plugin. -->","yoast_head_json":{"title":"Concierto de Ant\u00f2nia Font en el Cru\u00eflla, 08.07.2023 en Barcelona","description":"Compra entradas para el concierto de Ant\u00f2nia Font en el Festival Cru\u00eflla 2023, el 8 de julio de 2023 en el Parc del F\u00f2rum de Barcelona","robots":{"index":"index","follow":"follow","max-snippet":"max-snippet:-1","max-image-preview":"max-image-preview:large","max-video-preview":"max-video-preview:-1"},"canonical":"https:\/\/www.cruillabarcelona.cat\/es\/artists\/antonia-font\/","og_locale":"es_ES","og_type":"article","og_title":"Concierto de Ant\u00f2nia Font en el Cru\u00eflla, 08.07.2023 en Barcelona","og_description":"Compra entradas para el concierto de Ant\u00f2nia Font en el Festival Cru\u00eflla 2023, el 8 de julio de 2023 en el Parc del F\u00f2rum de Barcelona","og_url":"https:\/\/www.cruillabarcelona.cat\/es\/artists\/antonia-font\/","og_site_name":"Festival Cru\u00eflla","article_modified_time":"2023-05-12T16:20:28+00:00","og_image":[{"width":945,"height":944,"url":"https:\/\/www.cruillabarcelona.cat\/wp-content\/uploads\/2022\/10\/1_AF_CARTELL_1-copia-2.jpg","type":"image\/jpeg"}],"twitter_card":"summary_large_image","twitter_misc":{"Tiempo de lectura":"2 minutos"},"schema":{"@context":"https:\/\/schema.org","@graph":[{"@type":"WebPage","@id":"https:\/\/www.cruillabarcelona.cat\/es\/artists\/antonia-font\/","url":"https:\/\/www.cruillabarcelona.cat\/es\/artists\/antonia-font\/","name":"Concierto de Ant\u00f2nia Font en el Cru\u00eflla, 08.07.2023 en Barcelona","isPartOf":{"@id":"https:\/\/www.cruillabarcelona.cat\/es\/#website"},"primaryImageOfPage":{"@id":"https:\/\/www.cruillabarcelona.cat\/es\/artists\/antonia-font\/#primaryimage"},"image":{"@id":"https:\/\/www.cruillabarcelona.cat\/es\/artists\/antonia-font\/#primaryimage"},"thumbnailUrl":"https:\/\/www.cruillabarcelona.cat\/wp-content\/uploads\/2022\/10\/1_AF_CARTELL_1-copia-2.jpg","datePublished":"2022-10-19T07:03:09+00:00","dateModified":"2023-05-12T16:20:28+00:00","description":"Compra entradas para el concierto de Ant\u00f2nia Font en el Festival Cru\u00eflla 2023, el 8 de julio de 2023 en el Parc del F\u00f2rum de Barcelona","breadcrumb":{"@id":"https:\/\/www.cruillabarcelona.cat\/es\/artists\/antonia-font\/#breadcrumb"},"inLanguage":"es","potentialAction":[{"@type":"ReadAction","target":["https:\/\/www.cruillabarcelona.cat\/es\/artists\/antonia-font\/"]}]},{"@type":"ImageObject","inLanguage":"es","@id":"https:\/\/www.cruillabarcelona.cat\/es\/artists\/antonia-font\/#primaryimage","url":"https:\/\/www.cruillabarcelona.cat\/wp-content\/uploads\/2022\/10\/1_AF_CARTELL_1-copia-2.jpg","contentUrl":"https:\/\/www.cruillabarcelona.cat\/wp-content\/uploads\/2022\/10\/1_AF_CARTELL_1-copia-2.jpg","width":945,"height":944,"caption":"Ant\u00f2nia Font, primer grup confirmat del Cru\u00eflla 2023"},{"@type":"BreadcrumbList","@id":"https:\/\/www.cruillabarcelona.cat\/es\/artists\/antonia-font\/#breadcrumb","itemListElement":[{"@type":"ListItem","position":1,"name":"Home","item":"https:\/\/www.cruillabarcelona.cat\/es\/"},{"@type":"ListItem","position":2,"name":"Ant\u00f2nia Font"}]},{"@type":"WebSite","@id":"https:\/\/www.cruillabarcelona.cat\/es\/#website","url":"https:\/\/www.cruillabarcelona.cat\/es\/","name":"Festival Cru\u00eflla","description":"","publisher":{"@id":"https:\/\/www.cruillabarcelona.cat\/es\/#organization"},"potentialAction":[{"@type":"SearchAction","target":{"@type":"EntryPoint","urlTemplate":"https:\/\/www.cruillabarcelona.cat\/es\/?s={search_term_string}"},"query-input":{"@type":"PropertyValueSpecification","valueRequired":true,"valueName":"search_term_string"}}],"inLanguage":"es"},{"@type":"Organization","@id":"https:\/\/www.cruillabarcelona.cat\/es\/#organization","name":"Festival Cru\u00eflla","url":"https:\/\/www.cruillabarcelona.cat\/es\/","logo":{"@type":"ImageObject","inLanguage":"es","@id":"https:\/\/www.cruillabarcelona.cat\/es\/#\/schema\/logo\/image\/","url":"https:\/\/www.cruillabarcelona.cat\/wp-content\/uploads\/2025\/12\/cruill-logo-negativo.png","contentUrl":"https:\/\/www.cruillabarcelona.cat\/wp-content\/uploads\/2025\/12\/cruill-logo-negativo.png","width":400,"height":101,"caption":"Festival Cru\u00eflla"},"image":{"@id":"https:\/\/www.cruillabarcelona.cat\/es\/#\/schema\/logo\/image\/"}}]}},"_links":{"self":[{"href":"https:\/\/www.cruillabarcelona.cat\/es\/wp-json\/wp\/v2\/artists\/45842","targetHints":{"allow":["GET"]}}],"collection":[{"href":"https:\/\/www.cruillabarcelona.cat\/es\/wp-json\/wp\/v2\/artists"}],"about":[{"href":"https:\/\/www.cruillabarcelona.cat\/es\/wp-json\/wp\/v2\/types\/artists"}],"acf:term":[{"embeddable":true,"taxonomy":"artists_location","href":"https:\/\/www.cruillabarcelona.cat\/es\/wp-json\/wp\/v2\/artists_location\/20"},{"embeddable":true,"taxonomy":"artists_edition","href":"https:\/\/www.cruillabarcelona.cat\/es\/wp-json\/wp\/v2\/artists_edition\/877"}],"wp:featuredmedia":[{"embeddable":true,"href":"https:\/\/www.cruillabarcelona.cat\/es\/wp-json\/wp\/v2\/media\/45812"}],"wp:attachment":[{"href":"https:\/\/www.cruillabarcelona.cat\/es\/wp-json\/wp\/v2\/media?parent=45842"}],"wp:term":[{"taxonomy":"artists_edition","embeddable":true,"href":"https:\/\/www.cruillabarcelona.cat\/es\/wp-json\/wp\/v2\/artists_edition?post=45842"}],"curies":[{"name":"wp","href":"https:\/\/api.w.org\/{rel}","templated":true}]}}