{"id":46234,"date":"2022-12-14T13:03:49","date_gmt":"2022-12-14T11:03:49","guid":{"rendered":"https:\/\/www.cruillabarcelona.cat\/?post_type=artists&#038;p=46234"},"modified":"2023-05-12T18:12:08","modified_gmt":"2023-05-12T16:12:08","slug":"ciudad-jara","status":"publish","type":"artists","link":"https:\/\/www.cruillabarcelona.cat\/es\/artists\/ciudad-jara\/","title":{"rendered":"Ciudad Jara"},"content":{"rendered":"<h2><strong>Ciudad Jara <\/strong>en concierto en el Festival Cru\u00eflla 2023<\/h2>\n<h3><strong>Veladas de poes\u00eda y aullidos<\/strong><\/h3>\n<p><span style=\"font-weight: 400;\">Hace tres a\u00f1os que Pablo S\u00e1nchez dejaba de ser el l\u00edder de <strong>La Ra\u00edz<\/strong>, una de las bandas m\u00e1s importantes de la \u00faltima d\u00e9cada del rock espa\u00f1ol, para construir una \u201cCiudad\u201d musical de <\/span><span style=\"font-weight: 400;\">peculiar estilo. Una ciudad que fluye entre las <\/span><b>distorsiones de guitarra, la poes\u00eda, la canci\u00f3n popular, la s\u00e1tira social y la sensibilidad del cantautor.<\/b><\/p>\n<p>A d\u00eda de hoy,<b> Ciudad Jara <\/b><span style=\"font-weight: 400;\">presenta su tercer trabajo de estudio titulado <em><strong>La velada del lobo<\/strong><\/em>, que nos har\u00e1 aullar a todos al llegar el atardecer del <strong>viernes 7 de julio<\/strong> en el <strong>Festival Cru\u00eflla 2023.<\/strong><\/span><\/p>\n<hr \/>\n<p style=\"text-align: center;\"><em>Consigue tu entrada o abono del Cru\u00eflla 2023:<\/em><\/p>\n<p style=\"text-align: center;\"><a class=\"efsbutton button \" target=\"_blank\">ENTRADAS<\/a><\/p>\n<hr \/>\n<p><span style=\"font-weight: 400;\">Con este \u00faltimo trabajo, <strong>Ciudad Jara<\/strong> se sube a los escenarios caminando en un tono m\u00e1s festivo, fruto de la <strong>euforia y la energ\u00eda<\/strong> contagiadas por el p\u00fablico que ha seguido <\/span><span style=\"font-weight: 400;\">a la banda mientras recorr\u00eda <\/span><b>m\u00e1s de setenta conciertos<\/b> y los festivales m\u00e1s ic\u00f3nicos del panorama estatal.<\/p>\n<p>Despu\u00e9s de seducirnos con<b> la garra y la profundidad po\u00e9tica <\/b>de sus dos primeros \u00e1lbums <span style=\"font-weight: 400;\"><em>Donde Nace El Infarto <\/em>y <em>Cinema<\/em>, <strong>Ciudad Jara<\/strong> trae su mensaje al<strong> Cru\u00eflla 2023<\/strong> <\/span>con su lado m\u00e1s<b> fresco y desenfadado. <\/b>Y nosotros no podemos esperar a acompa\u00f1arlos en esta nueva velada.<\/p>\n<!-- auto-added video if acf\/single-artist-video not used  --> <iframe style=\"width: 100%;max-width: 100%;height: auto;aspect-ratio: 16 \/ 9;\" src=\"https:\/\/www.youtube-nocookie.com\/embed\/uM2-kQ_gMvU\" frameborder=\"0\" allow=\"accelerometer; autoplay; encrypted-media; gyroscope; picture-in-picture\" allowfullscreen><\/iframe>","protected":false},"featured_media":46425,"template":"","meta":{"_acf_changed":false},"artists_edition":[877],"class_list":["post-46234","artists","type-artists","status-publish","has-post-thumbnail","hentry","artists_location-escenari-vueling","artists_edition-877"],"acf":{"_thumbnail_id":46425,"youtube_player":"uM2-kQ_gMvU","artist_edition":[877],"artist_date":"20230707","artist_time":"19:15","artist_time_2":"","artist_location":[875],"artist_ticket_url":"https:\/\/www.cruillabarcelona.cat\/es\/tickets\/","artist_ticket_status":"","artist_extra_date__show":false,"artist_extra_date_2":null,"artist_time_of_date2":"","artist_extra_date_3":null,"artist_time_of_date3":"","artist_extra_date_4":null,"artist_time_of_date4":"","artist_extra_date_5":null,"artist_time_of_date5":"","artist_date__show_month":true,"artist_sidebar_active":true,"show_in_agenda":false,"artist_sidebar__banner_img":"","artist_sidebar__banner_link":"https:\/\/www.cruillabarcelona.cat\/tickets\/","artist_hero_content":"Festival Cru\u00eflla 2023","artist_style":false,"artist_nationality":false,"artist_audience_age":false},"yoast_head":"<!-- This site is optimized with the Yoast SEO plugin v27.5 - https:\/\/yoast.com\/product\/yoast-seo-wordpress\/ -->\n<title>Ciudad Jara en concierto en el Festival Cru\u00eflla 2023<\/title>\n<meta name=\"description\" content=\"Compra entradas para el concierto de Ciudad Jara en el Festival Cru\u00eflla, el 7 de julio de 2023 en el Parc del F\u00f2rum de Barcelona\" \/>\n<meta name=\"robots\" content=\"index, follow, max-snippet:-1, max-image-preview:large, max-video-preview:-1\" \/>\n<link rel=\"canonical\" href=\"https:\/\/www.cruillabarcelona.cat\/es\/artists\/ciudad-jara\/\" \/>\n<meta property=\"og:locale\" content=\"es_ES\" \/>\n<meta property=\"og:type\" content=\"article\" \/>\n<meta property=\"og:title\" content=\"Ciudad Jara en concierto en el Festival Cru\u00eflla 2023\" \/>\n<meta property=\"og:description\" content=\"Compra entradas para el concierto de Ciudad Jara en el Festival Cru\u00eflla, el 7 de julio de 2023 en el Parc del F\u00f2rum de Barcelona\" \/>\n<meta property=\"og:url\" content=\"https:\/\/www.cruillabarcelona.cat\/es\/artists\/ciudad-jara\/\" \/>\n<meta property=\"og:site_name\" content=\"Festival Cru\u00eflla\" \/>\n<meta property=\"article:modified_time\" content=\"2023-05-12T16:12:08+00:00\" \/>\n<meta property=\"og:image\" content=\"https:\/\/www.cruillabarcelona.cat\/wp-content\/uploads\/2022\/12\/4FC7140A-8DD0-465B-9B5D-A6BAA0807690-1.jpg\" \/>\n\t<meta property=\"og:image:width\" content=\"2260\" \/>\n\t<meta property=\"og:image:height\" content=\"2257\" \/>\n\t<meta property=\"og:image:type\" content=\"image\/jpeg\" \/>\n<meta name=\"twitter:card\" content=\"summary_large_image\" \/>\n<meta name=\"twitter:label1\" content=\"Tiempo de lectura\" \/>\n\t<meta name=\"twitter:data1\" content=\"2 minutos\" \/>\n<script type=\"application\/ld+json\" class=\"yoast-schema-graph\">{\"@context\":\"https:\\\/\\\/schema.org\",\"@graph\":[{\"@type\":\"WebPage\",\"@id\":\"https:\\\/\\\/www.cruillabarcelona.cat\\\/es\\\/artists\\\/ciudad-jara\\\/\",\"url\":\"https:\\\/\\\/www.cruillabarcelona.cat\\\/es\\\/artists\\\/ciudad-jara\\\/\",\"name\":\"Ciudad Jara en concierto en el Festival Cru\u00eflla 2023\",\"isPartOf\":{\"@id\":\"https:\\\/\\\/www.cruillabarcelona.cat\\\/es\\\/#website\"},\"primaryImageOfPage\":{\"@id\":\"https:\\\/\\\/www.cruillabarcelona.cat\\\/es\\\/artists\\\/ciudad-jara\\\/#primaryimage\"},\"image\":{\"@id\":\"https:\\\/\\\/www.cruillabarcelona.cat\\\/es\\\/artists\\\/ciudad-jara\\\/#primaryimage\"},\"thumbnailUrl\":\"https:\\\/\\\/www.cruillabarcelona.cat\\\/wp-content\\\/uploads\\\/2022\\\/12\\\/4FC7140A-8DD0-465B-9B5D-A6BAA0807690-1.jpg\",\"datePublished\":\"2022-12-14T11:03:49+00:00\",\"dateModified\":\"2023-05-12T16:12:08+00:00\",\"description\":\"Compra entradas para el concierto de Ciudad Jara en el Festival Cru\u00eflla, el 7 de julio de 2023 en el Parc del F\u00f2rum de Barcelona\",\"breadcrumb\":{\"@id\":\"https:\\\/\\\/www.cruillabarcelona.cat\\\/es\\\/artists\\\/ciudad-jara\\\/#breadcrumb\"},\"inLanguage\":\"es\",\"potentialAction\":[{\"@type\":\"ReadAction\",\"target\":[\"https:\\\/\\\/www.cruillabarcelona.cat\\\/es\\\/artists\\\/ciudad-jara\\\/\"]}]},{\"@type\":\"ImageObject\",\"inLanguage\":\"es\",\"@id\":\"https:\\\/\\\/www.cruillabarcelona.cat\\\/es\\\/artists\\\/ciudad-jara\\\/#primaryimage\",\"url\":\"https:\\\/\\\/www.cruillabarcelona.cat\\\/wp-content\\\/uploads\\\/2022\\\/12\\\/4FC7140A-8DD0-465B-9B5D-A6BAA0807690-1.jpg\",\"contentUrl\":\"https:\\\/\\\/www.cruillabarcelona.cat\\\/wp-content\\\/uploads\\\/2022\\\/12\\\/4FC7140A-8DD0-465B-9B5D-A6BAA0807690-1.jpg\",\"width\":2260,\"height\":2257},{\"@type\":\"BreadcrumbList\",\"@id\":\"https:\\\/\\\/www.cruillabarcelona.cat\\\/es\\\/artists\\\/ciudad-jara\\\/#breadcrumb\",\"itemListElement\":[{\"@type\":\"ListItem\",\"position\":1,\"name\":\"Home\",\"item\":\"https:\\\/\\\/www.cruillabarcelona.cat\\\/es\\\/\"},{\"@type\":\"ListItem\",\"position\":2,\"name\":\"Ciudad Jara\"}]},{\"@type\":\"WebSite\",\"@id\":\"https:\\\/\\\/www.cruillabarcelona.cat\\\/es\\\/#website\",\"url\":\"https:\\\/\\\/www.cruillabarcelona.cat\\\/es\\\/\",\"name\":\"Festival Cru\u00eflla\",\"description\":\"\",\"publisher\":{\"@id\":\"https:\\\/\\\/www.cruillabarcelona.cat\\\/es\\\/#organization\"},\"potentialAction\":[{\"@type\":\"SearchAction\",\"target\":{\"@type\":\"EntryPoint\",\"urlTemplate\":\"https:\\\/\\\/www.cruillabarcelona.cat\\\/es\\\/?s={search_term_string}\"},\"query-input\":{\"@type\":\"PropertyValueSpecification\",\"valueRequired\":true,\"valueName\":\"search_term_string\"}}],\"inLanguage\":\"es\"},{\"@type\":\"Organization\",\"@id\":\"https:\\\/\\\/www.cruillabarcelona.cat\\\/es\\\/#organization\",\"name\":\"Festival Cru\u00eflla\",\"url\":\"https:\\\/\\\/www.cruillabarcelona.cat\\\/es\\\/\",\"logo\":{\"@type\":\"ImageObject\",\"inLanguage\":\"es\",\"@id\":\"https:\\\/\\\/www.cruillabarcelona.cat\\\/es\\\/#\\\/schema\\\/logo\\\/image\\\/\",\"url\":\"https:\\\/\\\/www.cruillabarcelona.cat\\\/wp-content\\\/uploads\\\/2025\\\/12\\\/cruill-logo-negativo.png\",\"contentUrl\":\"https:\\\/\\\/www.cruillabarcelona.cat\\\/wp-content\\\/uploads\\\/2025\\\/12\\\/cruill-logo-negativo.png\",\"width\":400,\"height\":101,\"caption\":\"Festival Cru\u00eflla\"},\"image\":{\"@id\":\"https:\\\/\\\/www.cruillabarcelona.cat\\\/es\\\/#\\\/schema\\\/logo\\\/image\\\/\"}}]}<\/script>\n<!-- \/ Yoast SEO plugin. -->","yoast_head_json":{"title":"Ciudad Jara en concierto en el Festival Cru\u00eflla 2023","description":"Compra entradas para el concierto de Ciudad Jara en el Festival Cru\u00eflla, el 7 de julio de 2023 en el Parc del F\u00f2rum de Barcelona","robots":{"index":"index","follow":"follow","max-snippet":"max-snippet:-1","max-image-preview":"max-image-preview:large","max-video-preview":"max-video-preview:-1"},"canonical":"https:\/\/www.cruillabarcelona.cat\/es\/artists\/ciudad-jara\/","og_locale":"es_ES","og_type":"article","og_title":"Ciudad Jara en concierto en el Festival Cru\u00eflla 2023","og_description":"Compra entradas para el concierto de Ciudad Jara en el Festival Cru\u00eflla, el 7 de julio de 2023 en el Parc del F\u00f2rum de Barcelona","og_url":"https:\/\/www.cruillabarcelona.cat\/es\/artists\/ciudad-jara\/","og_site_name":"Festival Cru\u00eflla","article_modified_time":"2023-05-12T16:12:08+00:00","og_image":[{"width":2260,"height":2257,"url":"https:\/\/www.cruillabarcelona.cat\/wp-content\/uploads\/2022\/12\/4FC7140A-8DD0-465B-9B5D-A6BAA0807690-1.jpg","type":"image\/jpeg"}],"twitter_card":"summary_large_image","twitter_misc":{"Tiempo de lectura":"2 minutos"},"schema":{"@context":"https:\/\/schema.org","@graph":[{"@type":"WebPage","@id":"https:\/\/www.cruillabarcelona.cat\/es\/artists\/ciudad-jara\/","url":"https:\/\/www.cruillabarcelona.cat\/es\/artists\/ciudad-jara\/","name":"Ciudad Jara en concierto en el Festival Cru\u00eflla 2023","isPartOf":{"@id":"https:\/\/www.cruillabarcelona.cat\/es\/#website"},"primaryImageOfPage":{"@id":"https:\/\/www.cruillabarcelona.cat\/es\/artists\/ciudad-jara\/#primaryimage"},"image":{"@id":"https:\/\/www.cruillabarcelona.cat\/es\/artists\/ciudad-jara\/#primaryimage"},"thumbnailUrl":"https:\/\/www.cruillabarcelona.cat\/wp-content\/uploads\/2022\/12\/4FC7140A-8DD0-465B-9B5D-A6BAA0807690-1.jpg","datePublished":"2022-12-14T11:03:49+00:00","dateModified":"2023-05-12T16:12:08+00:00","description":"Compra entradas para el concierto de Ciudad Jara en el Festival Cru\u00eflla, el 7 de julio de 2023 en el Parc del F\u00f2rum de Barcelona","breadcrumb":{"@id":"https:\/\/www.cruillabarcelona.cat\/es\/artists\/ciudad-jara\/#breadcrumb"},"inLanguage":"es","potentialAction":[{"@type":"ReadAction","target":["https:\/\/www.cruillabarcelona.cat\/es\/artists\/ciudad-jara\/"]}]},{"@type":"ImageObject","inLanguage":"es","@id":"https:\/\/www.cruillabarcelona.cat\/es\/artists\/ciudad-jara\/#primaryimage","url":"https:\/\/www.cruillabarcelona.cat\/wp-content\/uploads\/2022\/12\/4FC7140A-8DD0-465B-9B5D-A6BAA0807690-1.jpg","contentUrl":"https:\/\/www.cruillabarcelona.cat\/wp-content\/uploads\/2022\/12\/4FC7140A-8DD0-465B-9B5D-A6BAA0807690-1.jpg","width":2260,"height":2257},{"@type":"BreadcrumbList","@id":"https:\/\/www.cruillabarcelona.cat\/es\/artists\/ciudad-jara\/#breadcrumb","itemListElement":[{"@type":"ListItem","position":1,"name":"Home","item":"https:\/\/www.cruillabarcelona.cat\/es\/"},{"@type":"ListItem","position":2,"name":"Ciudad Jara"}]},{"@type":"WebSite","@id":"https:\/\/www.cruillabarcelona.cat\/es\/#website","url":"https:\/\/www.cruillabarcelona.cat\/es\/","name":"Festival Cru\u00eflla","description":"","publisher":{"@id":"https:\/\/www.cruillabarcelona.cat\/es\/#organization"},"potentialAction":[{"@type":"SearchAction","target":{"@type":"EntryPoint","urlTemplate":"https:\/\/www.cruillabarcelona.cat\/es\/?s={search_term_string}"},"query-input":{"@type":"PropertyValueSpecification","valueRequired":true,"valueName":"search_term_string"}}],"inLanguage":"es"},{"@type":"Organization","@id":"https:\/\/www.cruillabarcelona.cat\/es\/#organization","name":"Festival Cru\u00eflla","url":"https:\/\/www.cruillabarcelona.cat\/es\/","logo":{"@type":"ImageObject","inLanguage":"es","@id":"https:\/\/www.cruillabarcelona.cat\/es\/#\/schema\/logo\/image\/","url":"https:\/\/www.cruillabarcelona.cat\/wp-content\/uploads\/2025\/12\/cruill-logo-negativo.png","contentUrl":"https:\/\/www.cruillabarcelona.cat\/wp-content\/uploads\/2025\/12\/cruill-logo-negativo.png","width":400,"height":101,"caption":"Festival Cru\u00eflla"},"image":{"@id":"https:\/\/www.cruillabarcelona.cat\/es\/#\/schema\/logo\/image\/"}}]}},"_links":{"self":[{"href":"https:\/\/www.cruillabarcelona.cat\/es\/wp-json\/wp\/v2\/artists\/46234","targetHints":{"allow":["GET"]}}],"collection":[{"href":"https:\/\/www.cruillabarcelona.cat\/es\/wp-json\/wp\/v2\/artists"}],"about":[{"href":"https:\/\/www.cruillabarcelona.cat\/es\/wp-json\/wp\/v2\/types\/artists"}],"acf:term":[{"embeddable":true,"taxonomy":"artists_location","href":"https:\/\/www.cruillabarcelona.cat\/es\/wp-json\/wp\/v2\/artists_location\/875"},{"embeddable":true,"taxonomy":"artists_edition","href":"https:\/\/www.cruillabarcelona.cat\/es\/wp-json\/wp\/v2\/artists_edition\/877"}],"wp:featuredmedia":[{"embeddable":true,"href":"https:\/\/www.cruillabarcelona.cat\/es\/wp-json\/wp\/v2\/media\/46425"}],"wp:attachment":[{"href":"https:\/\/www.cruillabarcelona.cat\/es\/wp-json\/wp\/v2\/media?parent=46234"}],"wp:term":[{"taxonomy":"artists_edition","embeddable":true,"href":"https:\/\/www.cruillabarcelona.cat\/es\/wp-json\/wp\/v2\/artists_edition?post=46234"}],"curies":[{"name":"wp","href":"https:\/\/api.w.org\/{rel}","templated":true}]}}