{"id":46251,"date":"2022-12-14T13:02:54","date_gmt":"2022-12-14T11:02:54","guid":{"rendered":"https:\/\/www.cruillabarcelona.cat\/?post_type=artists&#038;p=46251"},"modified":"2023-05-12T18:06:40","modified_gmt":"2023-05-12T16:06:40","slug":"sigur-ros","status":"publish","type":"artists","link":"https:\/\/www.cruillabarcelona.cat\/es\/artists\/sigur-ros\/","title":{"rendered":"Sigur R\u00f3s"},"content":{"rendered":"<h2>Sigur R\u00f3s en concierto en el Festival Cru\u00eflla 2023<\/h2>\n<h3>La Rosa de la Victoria<\/h3>\n<p>En 1994 naci\u00f3 una ni\u00f1a en Reikiavik, y sus padres la llamaron \u00ab<strong>Rosa de la Victoria<\/strong>\u00bb en island\u00e9s. Poco sab\u00eda esa reci\u00e9n nacida que, ese mismo d\u00eda al otro lado de la ciudad, su hermano mayor creaba una banda y la llamaba <strong>Sigur R\u00f3s<\/strong> en su honor. Y ninguno de los dos imaginaba que acababa de nacer\u00a0<strong>uno de los mejores grupos de<\/strong> <strong>post-rock y shoegazing<\/strong> de todos los tiempos.<\/p>\n<p>El pr\u00f3ximo <strong>viernes 7 de julio<\/strong>, los ic\u00f3nicos <strong>Sigur R\u00f3s<\/strong> llegan al <strong>Festival Cru\u00eflla 2023<\/strong>, con un espect\u00e1culo que hay que vivir al menos una vez en la vida.<\/p>\n<hr \/>\n<p style=\"text-align: center;\"><em>Consigue tu entrada o abono del Cru\u00eflla 2023:<\/em><\/p>\n<p style=\"text-align: center;\"><a class=\"efsbutton button \" target=\"_blank\">ENTRADAS<\/a><\/p>\n<hr \/>\n<p>Nunca pensamos que un grupo que canta en island\u00e9s y, adem\u00e1s, ha inventado su propio idioma (<strong>vonlenska<\/strong>) ser\u00eda capaz de <strong>hacernos sentir tantas emociones.<\/strong> <em>\u00c1g\u00e6tis byrjun, ( ), Von Brig\u00f0i<\/em> y otros \u00e1lbumes de nombre impronunciable son ya cl\u00e1sicos en la vida de muchos fans.<\/p>\n<p>El <strong>7 de julio<\/strong>, no pierdas la oportunidad de ver <strong>una de las propuestas art\u00edsticas m\u00e1s interesantes<\/strong> que incorpora el <strong>Cru\u00eflla 2023.<\/strong><\/p>\n<!-- auto-added video if acf\/single-artist-video not used  --> <iframe style=\"width: 100%;max-width: 100%;height: auto;aspect-ratio: 16 \/ 9;\" src=\"https:\/\/www.youtube-nocookie.com\/embed\/F9jSDFaaA-E\" frameborder=\"0\" allow=\"accelerometer; autoplay; encrypted-media; gyroscope; picture-in-picture\" allowfullscreen><\/iframe>","protected":false},"featured_media":46752,"template":"","meta":{"_acf_changed":false},"artists_edition":[877],"class_list":["post-46251","artists","type-artists","status-publish","has-post-thumbnail","hentry","artists_location-estrella","artists_edition-877"],"acf":{"_thumbnail_id":46752,"youtube_player":"F9jSDFaaA-E","artist_edition":[877],"artist_date":"20230707","artist_time":"23:30","artist_time_2":"","artist_location":[20],"artist_ticket_url":"https:\/\/www.cruillabarcelona.cat\/es\/tickets\/","artist_ticket_status":"","artist_extra_date__show":false,"artist_extra_date_2":null,"artist_time_of_date2":"","artist_extra_date_3":null,"artist_time_of_date3":"","artist_extra_date_4":null,"artist_time_of_date4":"","artist_extra_date_5":null,"artist_time_of_date5":"","artist_date__show_month":true,"artist_sidebar_active":true,"show_in_agenda":false,"artist_sidebar__banner_img":"","artist_sidebar__banner_link":"https:\/\/www.cruillabarcelona.cat\/tickets\/","artist_hero_content":"Festival Cru\u00eflla 2023","artist_style":false,"artist_nationality":false,"artist_audience_age":false},"yoast_head":"<!-- This site is optimized with the Yoast SEO plugin v27.5 - https:\/\/yoast.com\/product\/yoast-seo-wordpress\/ -->\n<title>Sigur R\u00f3s en concierto en el Festival Cru\u00eflla 2023<\/title>\n<meta name=\"description\" content=\"Compra entradas para el concierto de Sigur R\u00f3s en el Festival Cru\u00eflla, el 7 de julio de 2023 en el Parc del F\u00f2rum de Barcelona\" \/>\n<meta name=\"robots\" content=\"index, follow, max-snippet:-1, max-image-preview:large, max-video-preview:-1\" \/>\n<link rel=\"canonical\" href=\"https:\/\/www.cruillabarcelona.cat\/es\/artists\/sigur-ros\/\" \/>\n<meta property=\"og:locale\" content=\"es_ES\" \/>\n<meta property=\"og:type\" content=\"article\" \/>\n<meta property=\"og:title\" content=\"Sigur R\u00f3s en concierto en el Festival Cru\u00eflla 2023\" \/>\n<meta property=\"og:description\" content=\"Compra entradas para el concierto de Sigur R\u00f3s en el Festival Cru\u00eflla, el 7 de julio de 2023 en el Parc del F\u00f2rum de Barcelona\" \/>\n<meta property=\"og:url\" content=\"https:\/\/www.cruillabarcelona.cat\/es\/artists\/sigur-ros\/\" \/>\n<meta property=\"og:site_name\" content=\"Festival Cru\u00eflla\" \/>\n<meta property=\"article:modified_time\" content=\"2023-05-12T16:06:40+00:00\" \/>\n<meta property=\"og:image\" content=\"https:\/\/www.cruillabarcelona.cat\/wp-content\/uploads\/2022\/12\/SR-ADMAT-2023_HOR_ART-1.jpg\" \/>\n\t<meta property=\"og:image:width\" content=\"1078\" \/>\n\t<meta property=\"og:image:height\" content=\"1077\" \/>\n\t<meta property=\"og:image:type\" content=\"image\/jpeg\" \/>\n<meta name=\"twitter:card\" content=\"summary_large_image\" \/>\n<meta name=\"twitter:label1\" content=\"Tiempo de lectura\" \/>\n\t<meta name=\"twitter:data1\" content=\"2 minutos\" \/>\n<script type=\"application\/ld+json\" class=\"yoast-schema-graph\">{\"@context\":\"https:\\\/\\\/schema.org\",\"@graph\":[{\"@type\":\"WebPage\",\"@id\":\"https:\\\/\\\/www.cruillabarcelona.cat\\\/es\\\/artists\\\/sigur-ros\\\/\",\"url\":\"https:\\\/\\\/www.cruillabarcelona.cat\\\/es\\\/artists\\\/sigur-ros\\\/\",\"name\":\"Sigur R\u00f3s en concierto en el Festival Cru\u00eflla 2023\",\"isPartOf\":{\"@id\":\"https:\\\/\\\/www.cruillabarcelona.cat\\\/es\\\/#website\"},\"primaryImageOfPage\":{\"@id\":\"https:\\\/\\\/www.cruillabarcelona.cat\\\/es\\\/artists\\\/sigur-ros\\\/#primaryimage\"},\"image\":{\"@id\":\"https:\\\/\\\/www.cruillabarcelona.cat\\\/es\\\/artists\\\/sigur-ros\\\/#primaryimage\"},\"thumbnailUrl\":\"https:\\\/\\\/www.cruillabarcelona.cat\\\/wp-content\\\/uploads\\\/2022\\\/12\\\/SR-ADMAT-2023_HOR_ART-1.jpg\",\"datePublished\":\"2022-12-14T11:02:54+00:00\",\"dateModified\":\"2023-05-12T16:06:40+00:00\",\"description\":\"Compra entradas para el concierto de Sigur R\u00f3s en el Festival Cru\u00eflla, el 7 de julio de 2023 en el Parc del F\u00f2rum de Barcelona\",\"breadcrumb\":{\"@id\":\"https:\\\/\\\/www.cruillabarcelona.cat\\\/es\\\/artists\\\/sigur-ros\\\/#breadcrumb\"},\"inLanguage\":\"es\",\"potentialAction\":[{\"@type\":\"ReadAction\",\"target\":[\"https:\\\/\\\/www.cruillabarcelona.cat\\\/es\\\/artists\\\/sigur-ros\\\/\"]}]},{\"@type\":\"ImageObject\",\"inLanguage\":\"es\",\"@id\":\"https:\\\/\\\/www.cruillabarcelona.cat\\\/es\\\/artists\\\/sigur-ros\\\/#primaryimage\",\"url\":\"https:\\\/\\\/www.cruillabarcelona.cat\\\/wp-content\\\/uploads\\\/2022\\\/12\\\/SR-ADMAT-2023_HOR_ART-1.jpg\",\"contentUrl\":\"https:\\\/\\\/www.cruillabarcelona.cat\\\/wp-content\\\/uploads\\\/2022\\\/12\\\/SR-ADMAT-2023_HOR_ART-1.jpg\",\"width\":1078,\"height\":1077},{\"@type\":\"BreadcrumbList\",\"@id\":\"https:\\\/\\\/www.cruillabarcelona.cat\\\/es\\\/artists\\\/sigur-ros\\\/#breadcrumb\",\"itemListElement\":[{\"@type\":\"ListItem\",\"position\":1,\"name\":\"Home\",\"item\":\"https:\\\/\\\/www.cruillabarcelona.cat\\\/es\\\/\"},{\"@type\":\"ListItem\",\"position\":2,\"name\":\"Sigur R\u00f3s\"}]},{\"@type\":\"WebSite\",\"@id\":\"https:\\\/\\\/www.cruillabarcelona.cat\\\/es\\\/#website\",\"url\":\"https:\\\/\\\/www.cruillabarcelona.cat\\\/es\\\/\",\"name\":\"Festival Cru\u00eflla\",\"description\":\"\",\"publisher\":{\"@id\":\"https:\\\/\\\/www.cruillabarcelona.cat\\\/es\\\/#organization\"},\"potentialAction\":[{\"@type\":\"SearchAction\",\"target\":{\"@type\":\"EntryPoint\",\"urlTemplate\":\"https:\\\/\\\/www.cruillabarcelona.cat\\\/es\\\/?s={search_term_string}\"},\"query-input\":{\"@type\":\"PropertyValueSpecification\",\"valueRequired\":true,\"valueName\":\"search_term_string\"}}],\"inLanguage\":\"es\"},{\"@type\":\"Organization\",\"@id\":\"https:\\\/\\\/www.cruillabarcelona.cat\\\/es\\\/#organization\",\"name\":\"Festival Cru\u00eflla\",\"url\":\"https:\\\/\\\/www.cruillabarcelona.cat\\\/es\\\/\",\"logo\":{\"@type\":\"ImageObject\",\"inLanguage\":\"es\",\"@id\":\"https:\\\/\\\/www.cruillabarcelona.cat\\\/es\\\/#\\\/schema\\\/logo\\\/image\\\/\",\"url\":\"https:\\\/\\\/www.cruillabarcelona.cat\\\/wp-content\\\/uploads\\\/2025\\\/12\\\/cruill-logo-negativo.png\",\"contentUrl\":\"https:\\\/\\\/www.cruillabarcelona.cat\\\/wp-content\\\/uploads\\\/2025\\\/12\\\/cruill-logo-negativo.png\",\"width\":400,\"height\":101,\"caption\":\"Festival Cru\u00eflla\"},\"image\":{\"@id\":\"https:\\\/\\\/www.cruillabarcelona.cat\\\/es\\\/#\\\/schema\\\/logo\\\/image\\\/\"}}]}<\/script>\n<!-- \/ Yoast SEO plugin. -->","yoast_head_json":{"title":"Sigur R\u00f3s en concierto en el Festival Cru\u00eflla 2023","description":"Compra entradas para el concierto de Sigur R\u00f3s en el Festival Cru\u00eflla, el 7 de julio de 2023 en el Parc del F\u00f2rum de Barcelona","robots":{"index":"index","follow":"follow","max-snippet":"max-snippet:-1","max-image-preview":"max-image-preview:large","max-video-preview":"max-video-preview:-1"},"canonical":"https:\/\/www.cruillabarcelona.cat\/es\/artists\/sigur-ros\/","og_locale":"es_ES","og_type":"article","og_title":"Sigur R\u00f3s en concierto en el Festival Cru\u00eflla 2023","og_description":"Compra entradas para el concierto de Sigur R\u00f3s en el Festival Cru\u00eflla, el 7 de julio de 2023 en el Parc del F\u00f2rum de Barcelona","og_url":"https:\/\/www.cruillabarcelona.cat\/es\/artists\/sigur-ros\/","og_site_name":"Festival Cru\u00eflla","article_modified_time":"2023-05-12T16:06:40+00:00","og_image":[{"width":1078,"height":1077,"url":"https:\/\/www.cruillabarcelona.cat\/wp-content\/uploads\/2022\/12\/SR-ADMAT-2023_HOR_ART-1.jpg","type":"image\/jpeg"}],"twitter_card":"summary_large_image","twitter_misc":{"Tiempo de lectura":"2 minutos"},"schema":{"@context":"https:\/\/schema.org","@graph":[{"@type":"WebPage","@id":"https:\/\/www.cruillabarcelona.cat\/es\/artists\/sigur-ros\/","url":"https:\/\/www.cruillabarcelona.cat\/es\/artists\/sigur-ros\/","name":"Sigur R\u00f3s en concierto en el Festival Cru\u00eflla 2023","isPartOf":{"@id":"https:\/\/www.cruillabarcelona.cat\/es\/#website"},"primaryImageOfPage":{"@id":"https:\/\/www.cruillabarcelona.cat\/es\/artists\/sigur-ros\/#primaryimage"},"image":{"@id":"https:\/\/www.cruillabarcelona.cat\/es\/artists\/sigur-ros\/#primaryimage"},"thumbnailUrl":"https:\/\/www.cruillabarcelona.cat\/wp-content\/uploads\/2022\/12\/SR-ADMAT-2023_HOR_ART-1.jpg","datePublished":"2022-12-14T11:02:54+00:00","dateModified":"2023-05-12T16:06:40+00:00","description":"Compra entradas para el concierto de Sigur R\u00f3s en el Festival Cru\u00eflla, el 7 de julio de 2023 en el Parc del F\u00f2rum de Barcelona","breadcrumb":{"@id":"https:\/\/www.cruillabarcelona.cat\/es\/artists\/sigur-ros\/#breadcrumb"},"inLanguage":"es","potentialAction":[{"@type":"ReadAction","target":["https:\/\/www.cruillabarcelona.cat\/es\/artists\/sigur-ros\/"]}]},{"@type":"ImageObject","inLanguage":"es","@id":"https:\/\/www.cruillabarcelona.cat\/es\/artists\/sigur-ros\/#primaryimage","url":"https:\/\/www.cruillabarcelona.cat\/wp-content\/uploads\/2022\/12\/SR-ADMAT-2023_HOR_ART-1.jpg","contentUrl":"https:\/\/www.cruillabarcelona.cat\/wp-content\/uploads\/2022\/12\/SR-ADMAT-2023_HOR_ART-1.jpg","width":1078,"height":1077},{"@type":"BreadcrumbList","@id":"https:\/\/www.cruillabarcelona.cat\/es\/artists\/sigur-ros\/#breadcrumb","itemListElement":[{"@type":"ListItem","position":1,"name":"Home","item":"https:\/\/www.cruillabarcelona.cat\/es\/"},{"@type":"ListItem","position":2,"name":"Sigur R\u00f3s"}]},{"@type":"WebSite","@id":"https:\/\/www.cruillabarcelona.cat\/es\/#website","url":"https:\/\/www.cruillabarcelona.cat\/es\/","name":"Festival Cru\u00eflla","description":"","publisher":{"@id":"https:\/\/www.cruillabarcelona.cat\/es\/#organization"},"potentialAction":[{"@type":"SearchAction","target":{"@type":"EntryPoint","urlTemplate":"https:\/\/www.cruillabarcelona.cat\/es\/?s={search_term_string}"},"query-input":{"@type":"PropertyValueSpecification","valueRequired":true,"valueName":"search_term_string"}}],"inLanguage":"es"},{"@type":"Organization","@id":"https:\/\/www.cruillabarcelona.cat\/es\/#organization","name":"Festival Cru\u00eflla","url":"https:\/\/www.cruillabarcelona.cat\/es\/","logo":{"@type":"ImageObject","inLanguage":"es","@id":"https:\/\/www.cruillabarcelona.cat\/es\/#\/schema\/logo\/image\/","url":"https:\/\/www.cruillabarcelona.cat\/wp-content\/uploads\/2025\/12\/cruill-logo-negativo.png","contentUrl":"https:\/\/www.cruillabarcelona.cat\/wp-content\/uploads\/2025\/12\/cruill-logo-negativo.png","width":400,"height":101,"caption":"Festival Cru\u00eflla"},"image":{"@id":"https:\/\/www.cruillabarcelona.cat\/es\/#\/schema\/logo\/image\/"}}]}},"_links":{"self":[{"href":"https:\/\/www.cruillabarcelona.cat\/es\/wp-json\/wp\/v2\/artists\/46251","targetHints":{"allow":["GET"]}}],"collection":[{"href":"https:\/\/www.cruillabarcelona.cat\/es\/wp-json\/wp\/v2\/artists"}],"about":[{"href":"https:\/\/www.cruillabarcelona.cat\/es\/wp-json\/wp\/v2\/types\/artists"}],"acf:term":[{"embeddable":true,"taxonomy":"artists_location","href":"https:\/\/www.cruillabarcelona.cat\/es\/wp-json\/wp\/v2\/artists_location\/20"},{"embeddable":true,"taxonomy":"artists_edition","href":"https:\/\/www.cruillabarcelona.cat\/es\/wp-json\/wp\/v2\/artists_edition\/877"}],"wp:featuredmedia":[{"embeddable":true,"href":"https:\/\/www.cruillabarcelona.cat\/es\/wp-json\/wp\/v2\/media\/46752"}],"wp:attachment":[{"href":"https:\/\/www.cruillabarcelona.cat\/es\/wp-json\/wp\/v2\/media?parent=46251"}],"wp:term":[{"taxonomy":"artists_edition","embeddable":true,"href":"https:\/\/www.cruillabarcelona.cat\/es\/wp-json\/wp\/v2\/artists_edition?post=46251"}],"curies":[{"name":"wp","href":"https:\/\/api.w.org\/{rel}","templated":true}]}}