{"id":46520,"date":"2022-12-14T13:02:59","date_gmt":"2022-12-14T11:02:59","guid":{"rendered":"https:\/\/www.cruillabarcelona.cat\/?post_type=artists&#038;p=46520"},"modified":"2023-05-23T16:00:31","modified_gmt":"2023-05-23T14:00:31","slug":"las-ninyas-del-corro","status":"publish","type":"artists","link":"https:\/\/www.cruillabarcelona.cat\/es\/artists\/las-ninyas-del-corro\/","title":{"rendered":"Las Ninyas del Corro"},"content":{"rendered":"<h2>Las Ninyas del Corro en el Cru\u00eflla 2023<\/h2>\n<h3>Historias que se conviriteron en rimas<\/h3>\n<p><span style=\"font-weight: 400;\">Sus abuelas les contaban las historias de su llegada a Catalu\u00f1a desde tierras andaluzas. Y <strong>Felinna Vallejo<\/strong> y <strong>La\u00fcra Bonsai <\/strong>decidieron convertir la narrativa que corr\u00eda por las calles de su barrio en <strong>poderosas rimas<\/strong>, que recuperan las <strong>voces<\/strong> de sus antepasados obreros.\u00a0<\/span><\/p>\n<p><span style=\"font-weight: 400;\"> En eso recae la fuerza de <strong>Las Ninyas del Corro<\/strong>, en canciones desenfadadas, din\u00e1micas y con un toque agresivo, que nos hablan del pasado y futuro sin perder el <strong>flow underground<\/strong> que identifica al d\u00fao.<\/span><\/p>\n<p><span style=\"font-weight: 400;\">Ahora dejan el barrio para subir esas historias a los escenarios. Y eso har\u00e1n el <strong>mi\u00e9rcoles 5 de julio<\/strong> en el <strong>Festival Cru\u00eflla 2023<\/strong>: traernos su impactante directo y sus rimas, que unen<strong> lucha y amor<\/strong> en una misma estrofa.<\/span><\/p>\n<hr \/>\n<p style=\"text-align: center;\"><em>Consigue tu entrada o abono del Cru\u00eflla 2023:<\/em><\/p>\n<p style=\"text-align: center;\"><a class=\"efsbutton button \" target=\"_blank\">ENTRADAS<\/a><\/p>\n<hr \/>\n<p>Ya pusieron encima de la mesa los<strong> sonidos y valores del rap cl\u00e1sico<\/strong> con <em>SKIT 2020<\/em>, un EP con beats y est\u00e9tica\u00a0 old school. Despu\u00e9s lleg\u00f3 <em><strong>Onna Bugeisha<\/strong><\/em>, el disco homenaje a todas las almas del barrio obrero, siempre siguiendo su l\u00ednea de <strong>rap contundente y combativo<\/strong> de influencia de los 90 con un flow \u00e1gil, descarado y hasta hardcore.<\/p>\n<p>Detr\u00e1s de sus letras comprometidas, <strong>Las Ninyas del Corro<\/strong> invitan a la reflexi\u00f3n en torno al empoderamiento, la cr\u00edtica y sus vivencias personales, y nosotros no podemos esperar a <strong>escuchar su historia.<\/strong><\/p>\n<!-- auto-added video if acf\/single-artist-video not used  --> <iframe style=\"width: 100%;max-width: 100%;height: auto;aspect-ratio: 16 \/ 9;\" src=\"https:\/\/www.youtube-nocookie.com\/embed\/idBtGe9TmB0\" frameborder=\"0\" allow=\"accelerometer; autoplay; encrypted-media; gyroscope; picture-in-picture\" allowfullscreen><\/iframe>","protected":false},"featured_media":47933,"template":"","meta":{"_acf_changed":false},"artists_edition":[877],"class_list":["post-46520","artists","type-artists","status-publish","has-post-thumbnail","hentry","artists_edition-877"],"acf":{"_thumbnail_id":47933,"youtube_player":"idBtGe9TmB0","artist_edition":[877],"artist_date":"20230705","artist_time":"18:15","artist_time_2":"","artist_location":false,"artist_ticket_url":"https:\/\/www.cruillabarcelona.cat\/es\/tickets\/","artist_ticket_status":"","artist_extra_date__show":false,"artist_extra_date_2":null,"artist_time_of_date2":"","artist_extra_date_3":null,"artist_time_of_date3":"","artist_extra_date_4":null,"artist_time_of_date4":"","artist_extra_date_5":null,"artist_time_of_date5":"","artist_date__show_month":true,"artist_sidebar_active":true,"show_in_agenda":false,"artist_sidebar__banner_img":"","artist_sidebar__banner_link":"","artist_hero_content":"Festival Cru\u00eflla 2023","artist_style":false,"artist_nationality":false,"artist_audience_age":false},"yoast_head":"<!-- This site is optimized with the Yoast SEO plugin v27.5 - https:\/\/yoast.com\/product\/yoast-seo-wordpress\/ -->\n<title>Las Ninyas del Corro en concierto el 5 de julio en el Festival Cru\u00eflla<\/title>\n<meta name=\"description\" content=\"Compra entradas para el concierto de Las Ninyas del Corro en el Festival Cru\u00eflla 2023, el 5 de julio en el Parc del F\u00f2rum de Barcelona\" \/>\n<meta name=\"robots\" content=\"index, follow, max-snippet:-1, max-image-preview:large, max-video-preview:-1\" \/>\n<link rel=\"canonical\" href=\"https:\/\/www.cruillabarcelona.cat\/es\/artists\/las-ninyas-del-corro\/\" \/>\n<meta property=\"og:locale\" content=\"es_ES\" \/>\n<meta property=\"og:type\" content=\"article\" \/>\n<meta property=\"og:title\" content=\"Las Ninyas del Corro en concierto el 5 de julio en el Festival Cru\u00eflla\" \/>\n<meta property=\"og:description\" content=\"Compra entradas para el concierto de Las Ninyas del Corro en el Festival Cru\u00eflla 2023, el 5 de julio en el Parc del F\u00f2rum de Barcelona\" \/>\n<meta property=\"og:url\" content=\"https:\/\/www.cruillabarcelona.cat\/es\/artists\/las-ninyas-del-corro\/\" \/>\n<meta property=\"og:site_name\" content=\"Festival Cru\u00eflla\" \/>\n<meta property=\"article:modified_time\" content=\"2023-05-23T14:00:31+00:00\" \/>\n<meta property=\"og:image\" content=\"https:\/\/www.cruillabarcelona.cat\/wp-content\/uploads\/2022\/12\/26-1.jpg\" \/>\n\t<meta property=\"og:image:width\" content=\"1000\" \/>\n\t<meta property=\"og:image:height\" content=\"1000\" \/>\n\t<meta property=\"og:image:type\" content=\"image\/jpeg\" \/>\n<meta name=\"twitter:card\" content=\"summary_large_image\" \/>\n<meta name=\"twitter:label1\" content=\"Tiempo de lectura\" \/>\n\t<meta name=\"twitter:data1\" content=\"2 minutos\" \/>\n<script type=\"application\/ld+json\" class=\"yoast-schema-graph\">{\"@context\":\"https:\\\/\\\/schema.org\",\"@graph\":[{\"@type\":\"WebPage\",\"@id\":\"https:\\\/\\\/www.cruillabarcelona.cat\\\/es\\\/artists\\\/las-ninyas-del-corro\\\/\",\"url\":\"https:\\\/\\\/www.cruillabarcelona.cat\\\/es\\\/artists\\\/las-ninyas-del-corro\\\/\",\"name\":\"Las Ninyas del Corro en concierto el 5 de julio en el Festival Cru\u00eflla\",\"isPartOf\":{\"@id\":\"https:\\\/\\\/www.cruillabarcelona.cat\\\/es\\\/#website\"},\"primaryImageOfPage\":{\"@id\":\"https:\\\/\\\/www.cruillabarcelona.cat\\\/es\\\/artists\\\/las-ninyas-del-corro\\\/#primaryimage\"},\"image\":{\"@id\":\"https:\\\/\\\/www.cruillabarcelona.cat\\\/es\\\/artists\\\/las-ninyas-del-corro\\\/#primaryimage\"},\"thumbnailUrl\":\"https:\\\/\\\/www.cruillabarcelona.cat\\\/wp-content\\\/uploads\\\/2022\\\/12\\\/26-1.jpg\",\"datePublished\":\"2022-12-14T11:02:59+00:00\",\"dateModified\":\"2023-05-23T14:00:31+00:00\",\"description\":\"Compra entradas para el concierto de Las Ninyas del Corro en el Festival Cru\u00eflla 2023, el 5 de julio en el Parc del F\u00f2rum de Barcelona\",\"breadcrumb\":{\"@id\":\"https:\\\/\\\/www.cruillabarcelona.cat\\\/es\\\/artists\\\/las-ninyas-del-corro\\\/#breadcrumb\"},\"inLanguage\":\"es\",\"potentialAction\":[{\"@type\":\"ReadAction\",\"target\":[\"https:\\\/\\\/www.cruillabarcelona.cat\\\/es\\\/artists\\\/las-ninyas-del-corro\\\/\"]}]},{\"@type\":\"ImageObject\",\"inLanguage\":\"es\",\"@id\":\"https:\\\/\\\/www.cruillabarcelona.cat\\\/es\\\/artists\\\/las-ninyas-del-corro\\\/#primaryimage\",\"url\":\"https:\\\/\\\/www.cruillabarcelona.cat\\\/wp-content\\\/uploads\\\/2022\\\/12\\\/26-1.jpg\",\"contentUrl\":\"https:\\\/\\\/www.cruillabarcelona.cat\\\/wp-content\\\/uploads\\\/2022\\\/12\\\/26-1.jpg\",\"width\":1000,\"height\":1000},{\"@type\":\"BreadcrumbList\",\"@id\":\"https:\\\/\\\/www.cruillabarcelona.cat\\\/es\\\/artists\\\/las-ninyas-del-corro\\\/#breadcrumb\",\"itemListElement\":[{\"@type\":\"ListItem\",\"position\":1,\"name\":\"Home\",\"item\":\"https:\\\/\\\/www.cruillabarcelona.cat\\\/es\\\/\"},{\"@type\":\"ListItem\",\"position\":2,\"name\":\"Las Ninyas del Corro\"}]},{\"@type\":\"WebSite\",\"@id\":\"https:\\\/\\\/www.cruillabarcelona.cat\\\/es\\\/#website\",\"url\":\"https:\\\/\\\/www.cruillabarcelona.cat\\\/es\\\/\",\"name\":\"Festival Cru\u00eflla\",\"description\":\"\",\"publisher\":{\"@id\":\"https:\\\/\\\/www.cruillabarcelona.cat\\\/es\\\/#organization\"},\"potentialAction\":[{\"@type\":\"SearchAction\",\"target\":{\"@type\":\"EntryPoint\",\"urlTemplate\":\"https:\\\/\\\/www.cruillabarcelona.cat\\\/es\\\/?s={search_term_string}\"},\"query-input\":{\"@type\":\"PropertyValueSpecification\",\"valueRequired\":true,\"valueName\":\"search_term_string\"}}],\"inLanguage\":\"es\"},{\"@type\":\"Organization\",\"@id\":\"https:\\\/\\\/www.cruillabarcelona.cat\\\/es\\\/#organization\",\"name\":\"Festival Cru\u00eflla\",\"url\":\"https:\\\/\\\/www.cruillabarcelona.cat\\\/es\\\/\",\"logo\":{\"@type\":\"ImageObject\",\"inLanguage\":\"es\",\"@id\":\"https:\\\/\\\/www.cruillabarcelona.cat\\\/es\\\/#\\\/schema\\\/logo\\\/image\\\/\",\"url\":\"https:\\\/\\\/www.cruillabarcelona.cat\\\/wp-content\\\/uploads\\\/2025\\\/12\\\/cruill-logo-negativo.png\",\"contentUrl\":\"https:\\\/\\\/www.cruillabarcelona.cat\\\/wp-content\\\/uploads\\\/2025\\\/12\\\/cruill-logo-negativo.png\",\"width\":400,\"height\":101,\"caption\":\"Festival Cru\u00eflla\"},\"image\":{\"@id\":\"https:\\\/\\\/www.cruillabarcelona.cat\\\/es\\\/#\\\/schema\\\/logo\\\/image\\\/\"}}]}<\/script>\n<!-- \/ Yoast SEO plugin. -->","yoast_head_json":{"title":"Las Ninyas del Corro en concierto el 5 de julio en el Festival Cru\u00eflla","description":"Compra entradas para el concierto de Las Ninyas del Corro en el Festival Cru\u00eflla 2023, el 5 de julio en el Parc del F\u00f2rum de Barcelona","robots":{"index":"index","follow":"follow","max-snippet":"max-snippet:-1","max-image-preview":"max-image-preview:large","max-video-preview":"max-video-preview:-1"},"canonical":"https:\/\/www.cruillabarcelona.cat\/es\/artists\/las-ninyas-del-corro\/","og_locale":"es_ES","og_type":"article","og_title":"Las Ninyas del Corro en concierto el 5 de julio en el Festival Cru\u00eflla","og_description":"Compra entradas para el concierto de Las Ninyas del Corro en el Festival Cru\u00eflla 2023, el 5 de julio en el Parc del F\u00f2rum de Barcelona","og_url":"https:\/\/www.cruillabarcelona.cat\/es\/artists\/las-ninyas-del-corro\/","og_site_name":"Festival Cru\u00eflla","article_modified_time":"2023-05-23T14:00:31+00:00","og_image":[{"width":1000,"height":1000,"url":"https:\/\/www.cruillabarcelona.cat\/wp-content\/uploads\/2022\/12\/26-1.jpg","type":"image\/jpeg"}],"twitter_card":"summary_large_image","twitter_misc":{"Tiempo de lectura":"2 minutos"},"schema":{"@context":"https:\/\/schema.org","@graph":[{"@type":"WebPage","@id":"https:\/\/www.cruillabarcelona.cat\/es\/artists\/las-ninyas-del-corro\/","url":"https:\/\/www.cruillabarcelona.cat\/es\/artists\/las-ninyas-del-corro\/","name":"Las Ninyas del Corro en concierto el 5 de julio en el Festival Cru\u00eflla","isPartOf":{"@id":"https:\/\/www.cruillabarcelona.cat\/es\/#website"},"primaryImageOfPage":{"@id":"https:\/\/www.cruillabarcelona.cat\/es\/artists\/las-ninyas-del-corro\/#primaryimage"},"image":{"@id":"https:\/\/www.cruillabarcelona.cat\/es\/artists\/las-ninyas-del-corro\/#primaryimage"},"thumbnailUrl":"https:\/\/www.cruillabarcelona.cat\/wp-content\/uploads\/2022\/12\/26-1.jpg","datePublished":"2022-12-14T11:02:59+00:00","dateModified":"2023-05-23T14:00:31+00:00","description":"Compra entradas para el concierto de Las Ninyas del Corro en el Festival Cru\u00eflla 2023, el 5 de julio en el Parc del F\u00f2rum de Barcelona","breadcrumb":{"@id":"https:\/\/www.cruillabarcelona.cat\/es\/artists\/las-ninyas-del-corro\/#breadcrumb"},"inLanguage":"es","potentialAction":[{"@type":"ReadAction","target":["https:\/\/www.cruillabarcelona.cat\/es\/artists\/las-ninyas-del-corro\/"]}]},{"@type":"ImageObject","inLanguage":"es","@id":"https:\/\/www.cruillabarcelona.cat\/es\/artists\/las-ninyas-del-corro\/#primaryimage","url":"https:\/\/www.cruillabarcelona.cat\/wp-content\/uploads\/2022\/12\/26-1.jpg","contentUrl":"https:\/\/www.cruillabarcelona.cat\/wp-content\/uploads\/2022\/12\/26-1.jpg","width":1000,"height":1000},{"@type":"BreadcrumbList","@id":"https:\/\/www.cruillabarcelona.cat\/es\/artists\/las-ninyas-del-corro\/#breadcrumb","itemListElement":[{"@type":"ListItem","position":1,"name":"Home","item":"https:\/\/www.cruillabarcelona.cat\/es\/"},{"@type":"ListItem","position":2,"name":"Las Ninyas del Corro"}]},{"@type":"WebSite","@id":"https:\/\/www.cruillabarcelona.cat\/es\/#website","url":"https:\/\/www.cruillabarcelona.cat\/es\/","name":"Festival Cru\u00eflla","description":"","publisher":{"@id":"https:\/\/www.cruillabarcelona.cat\/es\/#organization"},"potentialAction":[{"@type":"SearchAction","target":{"@type":"EntryPoint","urlTemplate":"https:\/\/www.cruillabarcelona.cat\/es\/?s={search_term_string}"},"query-input":{"@type":"PropertyValueSpecification","valueRequired":true,"valueName":"search_term_string"}}],"inLanguage":"es"},{"@type":"Organization","@id":"https:\/\/www.cruillabarcelona.cat\/es\/#organization","name":"Festival Cru\u00eflla","url":"https:\/\/www.cruillabarcelona.cat\/es\/","logo":{"@type":"ImageObject","inLanguage":"es","@id":"https:\/\/www.cruillabarcelona.cat\/es\/#\/schema\/logo\/image\/","url":"https:\/\/www.cruillabarcelona.cat\/wp-content\/uploads\/2025\/12\/cruill-logo-negativo.png","contentUrl":"https:\/\/www.cruillabarcelona.cat\/wp-content\/uploads\/2025\/12\/cruill-logo-negativo.png","width":400,"height":101,"caption":"Festival Cru\u00eflla"},"image":{"@id":"https:\/\/www.cruillabarcelona.cat\/es\/#\/schema\/logo\/image\/"}}]}},"_links":{"self":[{"href":"https:\/\/www.cruillabarcelona.cat\/es\/wp-json\/wp\/v2\/artists\/46520","targetHints":{"allow":["GET"]}}],"collection":[{"href":"https:\/\/www.cruillabarcelona.cat\/es\/wp-json\/wp\/v2\/artists"}],"about":[{"href":"https:\/\/www.cruillabarcelona.cat\/es\/wp-json\/wp\/v2\/types\/artists"}],"acf:term":[{"embeddable":true,"taxonomy":"artists_edition","href":"https:\/\/www.cruillabarcelona.cat\/es\/wp-json\/wp\/v2\/artists_edition\/877"}],"wp:featuredmedia":[{"embeddable":true,"href":"https:\/\/www.cruillabarcelona.cat\/es\/wp-json\/wp\/v2\/media\/47933"}],"wp:attachment":[{"href":"https:\/\/www.cruillabarcelona.cat\/es\/wp-json\/wp\/v2\/media?parent=46520"}],"wp:term":[{"taxonomy":"artists_edition","embeddable":true,"href":"https:\/\/www.cruillabarcelona.cat\/es\/wp-json\/wp\/v2\/artists_edition?post=46520"}],"curies":[{"name":"wp","href":"https:\/\/api.w.org\/{rel}","templated":true}]}}