{"id":46579,"date":"2022-12-14T13:00:39","date_gmt":"2022-12-14T11:00:39","guid":{"rendered":"https:\/\/www.cruillabarcelona.cat\/?post_type=artists&#038;p=46579"},"modified":"2025-06-04T10:51:06","modified_gmt":"2025-06-04T08:51:06","slug":"lia-kali","status":"publish","type":"artists","link":"https:\/\/www.cruillabarcelona.cat\/es\/artists\/lia-kali\/","title":{"rendered":"Lia Kali"},"content":{"rendered":"<h2>\u00a1Lia Kali EN CONCIERTO EN EL FESTIVAL CRU\u00cfLLA 2025!<\/h2>\n<h3>La sensaci\u00f3n urbana<\/h3>\n<p>Cuando, con 16 a\u00f1os, comienzas a recorrer\u00a0<strong>todas las jams de la Ciudad Condal,\u00a0<\/strong>conociendo m\u00fasicos y artistas de la escena barcelonesa y aprendiendo a dialogar con el\u00a0<strong>reggae, el jazz, el soul y el rap<\/strong>, solo puede quedarte por delante una\u00a0<strong>carrera de m\u00fasica urbana imparable<\/strong>. Y este es el caso de<strong>\u00a0Lia Kali.<\/strong><\/p>\n<p>Comenz\u00f3 a escribir sus propias canciones como un proceso casi de sanaci\u00f3n. As\u00ed es como empez\u00f3 a componer la\u00a0<strong>banda sonora de las ca\u00eddas y tropiezos de su d\u00eda a d\u00eda<\/strong>, que pronto la llev\u00f3 a los escenarios, su espacio natural. Y este\u00a0<strong>mi\u00e9rcoles 9 de julio<\/strong>, ser\u00e1 el escenario del\u00a0<strong>Festival Cru\u00eflla 2025<\/strong>\u00a0el que conquistar\u00e1.<\/p>\n<hr \/>\n<p style=\"text-align: center;\"><em><b>Compra aqu\u00ed tus entradas para el Festival Cru\u00eflla 2025<\/b><\/em><\/p>\n<p style=\"text-align: center;\"><a class=\"efsbutton button \" target=\"_blank\">ENTRADAS<\/a><\/p>\n<hr \/>\n<p>En 2022 comenz\u00f3 a publicar singles que r\u00e1pidamente se viralizaron, pero no fue hasta la primavera de 2023, con la publicaci\u00f3n de su esperad\u00edsimo debut\u00a0<strong>\u00abContra Todo Pron\u00f3stico\u00bb<\/strong>, cuando Kali inici\u00f3 una carrera ya imparable. Acompa\u00f1ada de su solvente tr\u00edo instrumental en directo, ha cautivado salas y festivales de todo el mundo, dejando huella con\u00a0<strong>su estilo \u00fanico y arrollador.<\/strong><\/p>\n<p>Lia Kali ya es\u00a0<strong>una de las voces m\u00e1s solicitadas del panorama urbano actual\u00a0<\/strong>y nos ha dejado claro que cualquier etiqueta le queda corta. \u00a1Y no pod\u00eda faltar en la programaci\u00f3n de\u00a0<strong>la celebraci\u00f3n de los 15 a\u00f1os del Festival Cru\u00eflla!<\/strong><\/p>\n<!-- auto-added video if acf\/single-artist-video not used  --> <iframe style=\"width: 100%;max-width: 100%;height: auto;aspect-ratio: 16 \/ 9;\" src=\"https:\/\/www.youtube-nocookie.com\/embed\/T3lh4AaFr8s\" frameborder=\"0\" allow=\"accelerometer; autoplay; encrypted-media; gyroscope; picture-in-picture\" allowfullscreen><\/iframe>","protected":false},"featured_media":56169,"template":"","meta":{"_acf_changed":false},"artists_edition":[893],"class_list":["post-46579","artists","type-artists","status-publish","has-post-thumbnail","hentry","artists_location-escenari-occident","artists_edition-893"],"acf":{"_thumbnail_id":56169,"youtube_player":"T3lh4AaFr8s","artist_edition":[893],"artist_date":"20250709","artist_time":"20:15","artist_time_2":"","artist_location":[889],"artist_ticket_url":"https:\/\/www.cruillabarcelona.cat\/es\/tickets\/","artist_ticket_status":"","artist_extra_date__show":false,"artist_extra_date_2":null,"artist_time_of_date2":"","artist_extra_date_3":null,"artist_time_of_date3":"","artist_extra_date_4":null,"artist_time_of_date4":"","artist_extra_date_5":null,"artist_time_of_date5":"","artist_date__show_month":true,"artist_sidebar_active":true,"show_in_agenda":true,"artist_sidebar__banner_img":"","artist_sidebar__banner_link":"https:\/\/www.cruillabarcelona.cat\/tickets\/","artist_hero_content":"Festival Cru\u00eflla 2025","artist_style":false,"artist_nationality":false,"artist_audience_age":false},"yoast_head":"<!-- This site is optimized with the Yoast SEO plugin v27.4 - https:\/\/yoast.com\/product\/yoast-seo-wordpress\/ -->\n<title>Concierto de Lia Kali en el Festival Cru\u00eflla, el 9 de julio en Barcelona<\/title>\n<meta name=\"description\" content=\"Compra entradas para el concierto de Lia Kali en el Festival Cru\u00eflla 2025, el 9 de julio en el Parc del F\u00f2rum de Barcelona\" \/>\n<meta name=\"robots\" content=\"index, follow, max-snippet:-1, max-image-preview:large, max-video-preview:-1\" \/>\n<link rel=\"canonical\" href=\"https:\/\/www.cruillabarcelona.cat\/es\/artists\/lia-kali\/\" \/>\n<meta property=\"og:locale\" content=\"es_ES\" \/>\n<meta property=\"og:type\" content=\"article\" \/>\n<meta property=\"og:title\" content=\"Concierto de Lia Kali en el Festival Cru\u00eflla, el 9 de julio en Barcelona\" \/>\n<meta property=\"og:description\" content=\"Compra entradas para el concierto de Lia Kali en el Festival Cru\u00eflla 2025, el 9 de julio en el Parc del F\u00f2rum de Barcelona\" \/>\n<meta property=\"og:url\" content=\"https:\/\/www.cruillabarcelona.cat\/es\/artists\/lia-kali\/\" \/>\n<meta property=\"og:site_name\" content=\"Festival Cru\u00eflla\" \/>\n<meta property=\"article:modified_time\" content=\"2025-06-04T08:51:06+00:00\" \/>\n<meta property=\"og:image\" content=\"https:\/\/www.cruillabarcelona.cat\/wp-content\/uploads\/2022\/12\/LIA-KALI-2025-LIVE-c-Quieto-Carlos-1.png\" \/>\n\t<meta property=\"og:image:width\" content=\"1000\" \/>\n\t<meta property=\"og:image:height\" content=\"1000\" \/>\n\t<meta property=\"og:image:type\" content=\"image\/png\" \/>\n<meta name=\"twitter:card\" content=\"summary_large_image\" \/>\n<meta name=\"twitter:label1\" content=\"Tiempo de lectura\" \/>\n\t<meta name=\"twitter:data1\" content=\"2 minutos\" \/>\n<script type=\"application\/ld+json\" class=\"yoast-schema-graph\">{\"@context\":\"https:\\\/\\\/schema.org\",\"@graph\":[{\"@type\":\"WebPage\",\"@id\":\"https:\\\/\\\/www.cruillabarcelona.cat\\\/es\\\/artists\\\/lia-kali\\\/\",\"url\":\"https:\\\/\\\/www.cruillabarcelona.cat\\\/es\\\/artists\\\/lia-kali\\\/\",\"name\":\"Concierto de Lia Kali en el Festival Cru\u00eflla, el 9 de julio en Barcelona\",\"isPartOf\":{\"@id\":\"https:\\\/\\\/www.cruillabarcelona.cat\\\/es\\\/#website\"},\"primaryImageOfPage\":{\"@id\":\"https:\\\/\\\/www.cruillabarcelona.cat\\\/es\\\/artists\\\/lia-kali\\\/#primaryimage\"},\"image\":{\"@id\":\"https:\\\/\\\/www.cruillabarcelona.cat\\\/es\\\/artists\\\/lia-kali\\\/#primaryimage\"},\"thumbnailUrl\":\"https:\\\/\\\/www.cruillabarcelona.cat\\\/wp-content\\\/uploads\\\/2022\\\/12\\\/LIA-KALI-2025-LIVE-c-Quieto-Carlos-1.png\",\"datePublished\":\"2022-12-14T11:00:39+00:00\",\"dateModified\":\"2025-06-04T08:51:06+00:00\",\"description\":\"Compra entradas para el concierto de Lia Kali en el Festival Cru\u00eflla 2025, el 9 de julio en el Parc del F\u00f2rum de Barcelona\",\"breadcrumb\":{\"@id\":\"https:\\\/\\\/www.cruillabarcelona.cat\\\/es\\\/artists\\\/lia-kali\\\/#breadcrumb\"},\"inLanguage\":\"es\",\"potentialAction\":[{\"@type\":\"ReadAction\",\"target\":[\"https:\\\/\\\/www.cruillabarcelona.cat\\\/es\\\/artists\\\/lia-kali\\\/\"]}]},{\"@type\":\"ImageObject\",\"inLanguage\":\"es\",\"@id\":\"https:\\\/\\\/www.cruillabarcelona.cat\\\/es\\\/artists\\\/lia-kali\\\/#primaryimage\",\"url\":\"https:\\\/\\\/www.cruillabarcelona.cat\\\/wp-content\\\/uploads\\\/2022\\\/12\\\/LIA-KALI-2025-LIVE-c-Quieto-Carlos-1.png\",\"contentUrl\":\"https:\\\/\\\/www.cruillabarcelona.cat\\\/wp-content\\\/uploads\\\/2022\\\/12\\\/LIA-KALI-2025-LIVE-c-Quieto-Carlos-1.png\",\"width\":1000,\"height\":1000},{\"@type\":\"BreadcrumbList\",\"@id\":\"https:\\\/\\\/www.cruillabarcelona.cat\\\/es\\\/artists\\\/lia-kali\\\/#breadcrumb\",\"itemListElement\":[{\"@type\":\"ListItem\",\"position\":1,\"name\":\"Home\",\"item\":\"https:\\\/\\\/www.cruillabarcelona.cat\\\/es\\\/\"},{\"@type\":\"ListItem\",\"position\":2,\"name\":\"Lia Kali\"}]},{\"@type\":\"WebSite\",\"@id\":\"https:\\\/\\\/www.cruillabarcelona.cat\\\/es\\\/#website\",\"url\":\"https:\\\/\\\/www.cruillabarcelona.cat\\\/es\\\/\",\"name\":\"Festival Cru\u00eflla\",\"description\":\"\",\"publisher\":{\"@id\":\"https:\\\/\\\/www.cruillabarcelona.cat\\\/es\\\/#organization\"},\"potentialAction\":[{\"@type\":\"SearchAction\",\"target\":{\"@type\":\"EntryPoint\",\"urlTemplate\":\"https:\\\/\\\/www.cruillabarcelona.cat\\\/es\\\/?s={search_term_string}\"},\"query-input\":{\"@type\":\"PropertyValueSpecification\",\"valueRequired\":true,\"valueName\":\"search_term_string\"}}],\"inLanguage\":\"es\"},{\"@type\":\"Organization\",\"@id\":\"https:\\\/\\\/www.cruillabarcelona.cat\\\/es\\\/#organization\",\"name\":\"Festival Cru\u00eflla\",\"url\":\"https:\\\/\\\/www.cruillabarcelona.cat\\\/es\\\/\",\"logo\":{\"@type\":\"ImageObject\",\"inLanguage\":\"es\",\"@id\":\"https:\\\/\\\/www.cruillabarcelona.cat\\\/es\\\/#\\\/schema\\\/logo\\\/image\\\/\",\"url\":\"https:\\\/\\\/www.cruillabarcelona.cat\\\/wp-content\\\/uploads\\\/2025\\\/12\\\/cruill-logo-negativo.png\",\"contentUrl\":\"https:\\\/\\\/www.cruillabarcelona.cat\\\/wp-content\\\/uploads\\\/2025\\\/12\\\/cruill-logo-negativo.png\",\"width\":400,\"height\":101,\"caption\":\"Festival Cru\u00eflla\"},\"image\":{\"@id\":\"https:\\\/\\\/www.cruillabarcelona.cat\\\/es\\\/#\\\/schema\\\/logo\\\/image\\\/\"}}]}<\/script>\n<!-- \/ Yoast SEO plugin. -->","yoast_head_json":{"title":"Concierto de Lia Kali en el Festival Cru\u00eflla, el 9 de julio en Barcelona","description":"Compra entradas para el concierto de Lia Kali en el Festival Cru\u00eflla 2025, el 9 de julio en el Parc del F\u00f2rum de Barcelona","robots":{"index":"index","follow":"follow","max-snippet":"max-snippet:-1","max-image-preview":"max-image-preview:large","max-video-preview":"max-video-preview:-1"},"canonical":"https:\/\/www.cruillabarcelona.cat\/es\/artists\/lia-kali\/","og_locale":"es_ES","og_type":"article","og_title":"Concierto de Lia Kali en el Festival Cru\u00eflla, el 9 de julio en Barcelona","og_description":"Compra entradas para el concierto de Lia Kali en el Festival Cru\u00eflla 2025, el 9 de julio en el Parc del F\u00f2rum de Barcelona","og_url":"https:\/\/www.cruillabarcelona.cat\/es\/artists\/lia-kali\/","og_site_name":"Festival Cru\u00eflla","article_modified_time":"2025-06-04T08:51:06+00:00","og_image":[{"width":1000,"height":1000,"url":"https:\/\/www.cruillabarcelona.cat\/wp-content\/uploads\/2022\/12\/LIA-KALI-2025-LIVE-c-Quieto-Carlos-1.png","type":"image\/png"}],"twitter_card":"summary_large_image","twitter_misc":{"Tiempo de lectura":"2 minutos"},"schema":{"@context":"https:\/\/schema.org","@graph":[{"@type":"WebPage","@id":"https:\/\/www.cruillabarcelona.cat\/es\/artists\/lia-kali\/","url":"https:\/\/www.cruillabarcelona.cat\/es\/artists\/lia-kali\/","name":"Concierto de Lia Kali en el Festival Cru\u00eflla, el 9 de julio en Barcelona","isPartOf":{"@id":"https:\/\/www.cruillabarcelona.cat\/es\/#website"},"primaryImageOfPage":{"@id":"https:\/\/www.cruillabarcelona.cat\/es\/artists\/lia-kali\/#primaryimage"},"image":{"@id":"https:\/\/www.cruillabarcelona.cat\/es\/artists\/lia-kali\/#primaryimage"},"thumbnailUrl":"https:\/\/www.cruillabarcelona.cat\/wp-content\/uploads\/2022\/12\/LIA-KALI-2025-LIVE-c-Quieto-Carlos-1.png","datePublished":"2022-12-14T11:00:39+00:00","dateModified":"2025-06-04T08:51:06+00:00","description":"Compra entradas para el concierto de Lia Kali en el Festival Cru\u00eflla 2025, el 9 de julio en el Parc del F\u00f2rum de Barcelona","breadcrumb":{"@id":"https:\/\/www.cruillabarcelona.cat\/es\/artists\/lia-kali\/#breadcrumb"},"inLanguage":"es","potentialAction":[{"@type":"ReadAction","target":["https:\/\/www.cruillabarcelona.cat\/es\/artists\/lia-kali\/"]}]},{"@type":"ImageObject","inLanguage":"es","@id":"https:\/\/www.cruillabarcelona.cat\/es\/artists\/lia-kali\/#primaryimage","url":"https:\/\/www.cruillabarcelona.cat\/wp-content\/uploads\/2022\/12\/LIA-KALI-2025-LIVE-c-Quieto-Carlos-1.png","contentUrl":"https:\/\/www.cruillabarcelona.cat\/wp-content\/uploads\/2022\/12\/LIA-KALI-2025-LIVE-c-Quieto-Carlos-1.png","width":1000,"height":1000},{"@type":"BreadcrumbList","@id":"https:\/\/www.cruillabarcelona.cat\/es\/artists\/lia-kali\/#breadcrumb","itemListElement":[{"@type":"ListItem","position":1,"name":"Home","item":"https:\/\/www.cruillabarcelona.cat\/es\/"},{"@type":"ListItem","position":2,"name":"Lia Kali"}]},{"@type":"WebSite","@id":"https:\/\/www.cruillabarcelona.cat\/es\/#website","url":"https:\/\/www.cruillabarcelona.cat\/es\/","name":"Festival Cru\u00eflla","description":"","publisher":{"@id":"https:\/\/www.cruillabarcelona.cat\/es\/#organization"},"potentialAction":[{"@type":"SearchAction","target":{"@type":"EntryPoint","urlTemplate":"https:\/\/www.cruillabarcelona.cat\/es\/?s={search_term_string}"},"query-input":{"@type":"PropertyValueSpecification","valueRequired":true,"valueName":"search_term_string"}}],"inLanguage":"es"},{"@type":"Organization","@id":"https:\/\/www.cruillabarcelona.cat\/es\/#organization","name":"Festival Cru\u00eflla","url":"https:\/\/www.cruillabarcelona.cat\/es\/","logo":{"@type":"ImageObject","inLanguage":"es","@id":"https:\/\/www.cruillabarcelona.cat\/es\/#\/schema\/logo\/image\/","url":"https:\/\/www.cruillabarcelona.cat\/wp-content\/uploads\/2025\/12\/cruill-logo-negativo.png","contentUrl":"https:\/\/www.cruillabarcelona.cat\/wp-content\/uploads\/2025\/12\/cruill-logo-negativo.png","width":400,"height":101,"caption":"Festival Cru\u00eflla"},"image":{"@id":"https:\/\/www.cruillabarcelona.cat\/es\/#\/schema\/logo\/image\/"}}]}},"_links":{"self":[{"href":"https:\/\/www.cruillabarcelona.cat\/es\/wp-json\/wp\/v2\/artists\/46579","targetHints":{"allow":["GET"]}}],"collection":[{"href":"https:\/\/www.cruillabarcelona.cat\/es\/wp-json\/wp\/v2\/artists"}],"about":[{"href":"https:\/\/www.cruillabarcelona.cat\/es\/wp-json\/wp\/v2\/types\/artists"}],"acf:term":[{"embeddable":true,"taxonomy":"artists_location","href":"https:\/\/www.cruillabarcelona.cat\/es\/wp-json\/wp\/v2\/artists_location\/889"},{"embeddable":true,"taxonomy":"artists_edition","href":"https:\/\/www.cruillabarcelona.cat\/es\/wp-json\/wp\/v2\/artists_edition\/893"}],"wp:featuredmedia":[{"embeddable":true,"href":"https:\/\/www.cruillabarcelona.cat\/es\/wp-json\/wp\/v2\/media\/56169"}],"wp:attachment":[{"href":"https:\/\/www.cruillabarcelona.cat\/es\/wp-json\/wp\/v2\/media?parent=46579"}],"wp:term":[{"taxonomy":"artists_edition","embeddable":true,"href":"https:\/\/www.cruillabarcelona.cat\/es\/wp-json\/wp\/v2\/artists_edition?post=46579"}],"curies":[{"name":"wp","href":"https:\/\/api.w.org\/{rel}","templated":true}]}}