{"id":51390,"date":"2024-02-21T13:19:00","date_gmt":"2024-02-21T11:19:00","guid":{"rendered":"https:\/\/www.cruillabarcelona.cat\/?post_type=artists&#038;p=51390"},"modified":"2024-05-29T11:16:59","modified_gmt":"2024-05-29T09:16:59","slug":"chucho-valdes-irakere-50","status":"publish","type":"artists","link":"https:\/\/www.cruillabarcelona.cat\/es\/artists\/chucho-valdes-irakere-50\/","title":{"rendered":"Chucho Vald\u00e9s: Irakere 50"},"content":{"rendered":"<h2>\u00a1Chucho Vald\u00e9s: Irakere 50 EN CONCIERTO EN EL FESTIVAL CRU\u00cfLLA 2024!<\/h2>\n<h3>CINCUENTA A\u00d1OS DE JUVENTUD<\/h3>\n<p>En 1973 naci\u00f3 en la <strong>Orquesta Cubana de M\u00fasica Moderna<\/strong> la banda Irakere, que marc\u00f3 un antes y un despu\u00e9s dentro del <strong>jazz latino<\/strong> por la forma en que fusion\u00f3 la <strong>m\u00fasica ritual afrocubana<\/strong> con la m\u00fasica popular de Cuba, el rock o la m\u00fasica cl\u00e1sica, entre otros g\u00e9neros.<\/p>\n<p>El <strong>jueves 11 de julio<\/strong> en el <strong>Festival Cru\u00eflla<\/strong>: \u00a1no te pierdas el regreso de <strong>Chucho Vald\u00e9s<\/strong> a Barcelona y su homenaje a la banda que puso en marcha hace cinco d\u00e9cadas!<\/p>\n<hr \/>\n<p style=\"text-align: center;\"><em><b>Compra aqu\u00ed tus entradas o abonos para el Cru\u00eflla 2024<\/b><\/em><\/p>\n<p style=\"text-align: center;\"><a class=\"efsbutton button \" target=\"_blank\">ENTRADAS<\/a><\/p>\n<hr \/>\n<p>Para revivir el trabajo de esta emblem\u00e1tica formaci\u00f3n, Chucho Vald\u00e9s, pianista, compositor, arreglista y ganador de 13 premios Grammy, estar\u00e1 al frente del proyecto \u2018<strong>Irakere \u00a050<\/strong>\u2019,\u00a0 acompa\u00f1ado por su hijo Juli\u00e1n Vald\u00e9s (percusi\u00f3n), los m\u00fasicos de su cuarteto: Jos\u00e9 A. Gola (bajo el\u00e9ctrico y ac\u00fastico), Horacio Hern\u00e1ndez (bater\u00eda) y Roberto Jr. Vizca\u00edno Torre (percusi\u00f3n), adem\u00e1s de Eddie de Armas Jr. (trompeta), Osvaldo Fleites (trompeta), Luis Beltr\u00e1n (saxof\u00f3n), Carlos Averhoff Jr. (saxof\u00f3n), hijo de un antiguo miembro de \u2018Irakere\u2019 ya fallecido y el vocalista Ram\u00f3n Alvarez, para hacernos revivir en directo algunos de sus logros como \u00ab<strong>Bacalao con pan\u00bb <\/strong>o <strong>\u00abCien a\u00f1os de juventud<\/strong>\u00ab.<\/p>\n<p>\u00a1Prep\u00e1rate para darlo todo al ritmo de la<strong> esencia cubana<\/strong> con el espect\u00e1culo &#8216;Irakere 50&#8217; de Chucho Vald\u00e9s en el Festival Cru\u00eflla 2024!<\/p>\n<!-- auto-added video if acf\/single-artist-video not used  --> <iframe style=\"width: 100%;max-width: 100%;height: auto;aspect-ratio: 16 \/ 9;\" src=\"https:\/\/www.youtube-nocookie.com\/embed\/Jqg5O8OSatU\" frameborder=\"0\" allow=\"accelerometer; autoplay; encrypted-media; gyroscope; picture-in-picture\" allowfullscreen><\/iframe>","protected":false},"featured_media":52954,"template":"","meta":{"_acf_changed":false},"artists_edition":[885],"class_list":["post-51390","artists","type-artists","status-publish","has-post-thumbnail","hentry","artists_location-escenari-estrella-damm","artists_edition-885"],"acf":{"_thumbnail_id":52954,"youtube_player":"Jqg5O8OSatU","artist_edition":[885],"artist_date":"20240711","artist_time":"18:00","artist_time_2":"","artist_location":[888],"artist_ticket_url":"https:\/\/www.cruillabarcelona.cat\/es\/tickets\/","artist_ticket_status":"","artist_extra_date__show":false,"artist_extra_date_2":null,"artist_time_of_date2":"","artist_extra_date_3":null,"artist_time_of_date3":"","artist_extra_date_4":null,"artist_time_of_date4":"","artist_extra_date_5":null,"artist_time_of_date5":"","artist_date__show_month":true,"artist_sidebar_active":true,"show_in_agenda":true,"artist_sidebar__banner_img":"","artist_sidebar__banner_link":"","artist_hero_content":"Festival Cru\u00eflla 2024","artist_style":false,"artist_nationality":false,"artist_audience_age":false},"yoast_head":"<!-- This site is optimized with the Yoast SEO plugin v27.5 - https:\/\/yoast.com\/product\/yoast-seo-wordpress\/ -->\n<title>Concierto de Chucho Vald\u00e9s: Irakere 50 en el Festival Cru\u00eflla, el 11 de julio a Barcelona<\/title>\n<meta name=\"description\" content=\"Compra entradas para el concierto de Chucho Vald\u00e9s: Irakere 50 al Festival Cru\u00eflla 2024, el 11 de julio en el Parc del F\u00f2rum de Barcelona\" \/>\n<meta name=\"robots\" content=\"index, follow, max-snippet:-1, max-image-preview:large, max-video-preview:-1\" \/>\n<link rel=\"canonical\" href=\"https:\/\/www.cruillabarcelona.cat\/es\/artists\/chucho-valdes-irakere-50\/\" \/>\n<meta property=\"og:locale\" content=\"es_ES\" \/>\n<meta property=\"og:type\" content=\"article\" \/>\n<meta property=\"og:title\" content=\"Concierto de Chucho Vald\u00e9s: Irakere 50 en el Festival Cru\u00eflla, el 11 de julio a Barcelona\" \/>\n<meta property=\"og:description\" content=\"Compra entradas para el concierto de Chucho Vald\u00e9s: Irakere 50 al Festival Cru\u00eflla 2024, el 11 de julio en el Parc del F\u00f2rum de Barcelona\" \/>\n<meta property=\"og:url\" content=\"https:\/\/www.cruillabarcelona.cat\/es\/artists\/chucho-valdes-irakere-50\/\" \/>\n<meta property=\"og:site_name\" content=\"Festival Cru\u00eflla\" \/>\n<meta property=\"article:modified_time\" content=\"2024-05-29T09:16:59+00:00\" \/>\n<meta property=\"og:image\" content=\"https:\/\/www.cruillabarcelona.cat\/wp-content\/uploads\/2024\/02\/CARTEL-CHUCHO-VALDES-IRAKERE-50-1.jpg\" \/>\n\t<meta property=\"og:image:width\" content=\"1000\" \/>\n\t<meta property=\"og:image:height\" content=\"1000\" \/>\n\t<meta property=\"og:image:type\" content=\"image\/jpeg\" \/>\n<meta name=\"twitter:card\" content=\"summary_large_image\" \/>\n<meta name=\"twitter:label1\" content=\"Tiempo de lectura\" \/>\n\t<meta name=\"twitter:data1\" content=\"2 minutos\" \/>\n<script type=\"application\/ld+json\" class=\"yoast-schema-graph\">{\"@context\":\"https:\\\/\\\/schema.org\",\"@graph\":[{\"@type\":\"WebPage\",\"@id\":\"https:\\\/\\\/www.cruillabarcelona.cat\\\/es\\\/artists\\\/chucho-valdes-irakere-50\\\/\",\"url\":\"https:\\\/\\\/www.cruillabarcelona.cat\\\/es\\\/artists\\\/chucho-valdes-irakere-50\\\/\",\"name\":\"Concierto de Chucho Vald\u00e9s: Irakere 50 en el Festival Cru\u00eflla, el 11 de julio a Barcelona\",\"isPartOf\":{\"@id\":\"https:\\\/\\\/www.cruillabarcelona.cat\\\/es\\\/#website\"},\"primaryImageOfPage\":{\"@id\":\"https:\\\/\\\/www.cruillabarcelona.cat\\\/es\\\/artists\\\/chucho-valdes-irakere-50\\\/#primaryimage\"},\"image\":{\"@id\":\"https:\\\/\\\/www.cruillabarcelona.cat\\\/es\\\/artists\\\/chucho-valdes-irakere-50\\\/#primaryimage\"},\"thumbnailUrl\":\"https:\\\/\\\/www.cruillabarcelona.cat\\\/wp-content\\\/uploads\\\/2024\\\/02\\\/CARTEL-CHUCHO-VALDES-IRAKERE-50-1.jpg\",\"datePublished\":\"2024-02-21T11:19:00+00:00\",\"dateModified\":\"2024-05-29T09:16:59+00:00\",\"description\":\"Compra entradas para el concierto de Chucho Vald\u00e9s: Irakere 50 al Festival Cru\u00eflla 2024, el 11 de julio en el Parc del F\u00f2rum de Barcelona\",\"breadcrumb\":{\"@id\":\"https:\\\/\\\/www.cruillabarcelona.cat\\\/es\\\/artists\\\/chucho-valdes-irakere-50\\\/#breadcrumb\"},\"inLanguage\":\"es\",\"potentialAction\":[{\"@type\":\"ReadAction\",\"target\":[\"https:\\\/\\\/www.cruillabarcelona.cat\\\/es\\\/artists\\\/chucho-valdes-irakere-50\\\/\"]}]},{\"@type\":\"ImageObject\",\"inLanguage\":\"es\",\"@id\":\"https:\\\/\\\/www.cruillabarcelona.cat\\\/es\\\/artists\\\/chucho-valdes-irakere-50\\\/#primaryimage\",\"url\":\"https:\\\/\\\/www.cruillabarcelona.cat\\\/wp-content\\\/uploads\\\/2024\\\/02\\\/CARTEL-CHUCHO-VALDES-IRAKERE-50-1.jpg\",\"contentUrl\":\"https:\\\/\\\/www.cruillabarcelona.cat\\\/wp-content\\\/uploads\\\/2024\\\/02\\\/CARTEL-CHUCHO-VALDES-IRAKERE-50-1.jpg\",\"width\":1000,\"height\":1000},{\"@type\":\"BreadcrumbList\",\"@id\":\"https:\\\/\\\/www.cruillabarcelona.cat\\\/es\\\/artists\\\/chucho-valdes-irakere-50\\\/#breadcrumb\",\"itemListElement\":[{\"@type\":\"ListItem\",\"position\":1,\"name\":\"Home\",\"item\":\"https:\\\/\\\/www.cruillabarcelona.cat\\\/es\\\/\"},{\"@type\":\"ListItem\",\"position\":2,\"name\":\"Chucho Vald\u00e9s: Irakere 50\"}]},{\"@type\":\"WebSite\",\"@id\":\"https:\\\/\\\/www.cruillabarcelona.cat\\\/es\\\/#website\",\"url\":\"https:\\\/\\\/www.cruillabarcelona.cat\\\/es\\\/\",\"name\":\"Festival Cru\u00eflla\",\"description\":\"\",\"publisher\":{\"@id\":\"https:\\\/\\\/www.cruillabarcelona.cat\\\/es\\\/#organization\"},\"potentialAction\":[{\"@type\":\"SearchAction\",\"target\":{\"@type\":\"EntryPoint\",\"urlTemplate\":\"https:\\\/\\\/www.cruillabarcelona.cat\\\/es\\\/?s={search_term_string}\"},\"query-input\":{\"@type\":\"PropertyValueSpecification\",\"valueRequired\":true,\"valueName\":\"search_term_string\"}}],\"inLanguage\":\"es\"},{\"@type\":\"Organization\",\"@id\":\"https:\\\/\\\/www.cruillabarcelona.cat\\\/es\\\/#organization\",\"name\":\"Festival Cru\u00eflla\",\"url\":\"https:\\\/\\\/www.cruillabarcelona.cat\\\/es\\\/\",\"logo\":{\"@type\":\"ImageObject\",\"inLanguage\":\"es\",\"@id\":\"https:\\\/\\\/www.cruillabarcelona.cat\\\/es\\\/#\\\/schema\\\/logo\\\/image\\\/\",\"url\":\"https:\\\/\\\/www.cruillabarcelona.cat\\\/wp-content\\\/uploads\\\/2025\\\/12\\\/cruill-logo-negativo.png\",\"contentUrl\":\"https:\\\/\\\/www.cruillabarcelona.cat\\\/wp-content\\\/uploads\\\/2025\\\/12\\\/cruill-logo-negativo.png\",\"width\":400,\"height\":101,\"caption\":\"Festival Cru\u00eflla\"},\"image\":{\"@id\":\"https:\\\/\\\/www.cruillabarcelona.cat\\\/es\\\/#\\\/schema\\\/logo\\\/image\\\/\"}}]}<\/script>\n<!-- \/ Yoast SEO plugin. -->","yoast_head_json":{"title":"Concierto de Chucho Vald\u00e9s: Irakere 50 en el Festival Cru\u00eflla, el 11 de julio a Barcelona","description":"Compra entradas para el concierto de Chucho Vald\u00e9s: Irakere 50 al Festival Cru\u00eflla 2024, el 11 de julio en el Parc del F\u00f2rum de Barcelona","robots":{"index":"index","follow":"follow","max-snippet":"max-snippet:-1","max-image-preview":"max-image-preview:large","max-video-preview":"max-video-preview:-1"},"canonical":"https:\/\/www.cruillabarcelona.cat\/es\/artists\/chucho-valdes-irakere-50\/","og_locale":"es_ES","og_type":"article","og_title":"Concierto de Chucho Vald\u00e9s: Irakere 50 en el Festival Cru\u00eflla, el 11 de julio a Barcelona","og_description":"Compra entradas para el concierto de Chucho Vald\u00e9s: Irakere 50 al Festival Cru\u00eflla 2024, el 11 de julio en el Parc del F\u00f2rum de Barcelona","og_url":"https:\/\/www.cruillabarcelona.cat\/es\/artists\/chucho-valdes-irakere-50\/","og_site_name":"Festival Cru\u00eflla","article_modified_time":"2024-05-29T09:16:59+00:00","og_image":[{"width":1000,"height":1000,"url":"https:\/\/www.cruillabarcelona.cat\/wp-content\/uploads\/2024\/02\/CARTEL-CHUCHO-VALDES-IRAKERE-50-1.jpg","type":"image\/jpeg"}],"twitter_card":"summary_large_image","twitter_misc":{"Tiempo de lectura":"2 minutos"},"schema":{"@context":"https:\/\/schema.org","@graph":[{"@type":"WebPage","@id":"https:\/\/www.cruillabarcelona.cat\/es\/artists\/chucho-valdes-irakere-50\/","url":"https:\/\/www.cruillabarcelona.cat\/es\/artists\/chucho-valdes-irakere-50\/","name":"Concierto de Chucho Vald\u00e9s: Irakere 50 en el Festival Cru\u00eflla, el 11 de julio a Barcelona","isPartOf":{"@id":"https:\/\/www.cruillabarcelona.cat\/es\/#website"},"primaryImageOfPage":{"@id":"https:\/\/www.cruillabarcelona.cat\/es\/artists\/chucho-valdes-irakere-50\/#primaryimage"},"image":{"@id":"https:\/\/www.cruillabarcelona.cat\/es\/artists\/chucho-valdes-irakere-50\/#primaryimage"},"thumbnailUrl":"https:\/\/www.cruillabarcelona.cat\/wp-content\/uploads\/2024\/02\/CARTEL-CHUCHO-VALDES-IRAKERE-50-1.jpg","datePublished":"2024-02-21T11:19:00+00:00","dateModified":"2024-05-29T09:16:59+00:00","description":"Compra entradas para el concierto de Chucho Vald\u00e9s: Irakere 50 al Festival Cru\u00eflla 2024, el 11 de julio en el Parc del F\u00f2rum de Barcelona","breadcrumb":{"@id":"https:\/\/www.cruillabarcelona.cat\/es\/artists\/chucho-valdes-irakere-50\/#breadcrumb"},"inLanguage":"es","potentialAction":[{"@type":"ReadAction","target":["https:\/\/www.cruillabarcelona.cat\/es\/artists\/chucho-valdes-irakere-50\/"]}]},{"@type":"ImageObject","inLanguage":"es","@id":"https:\/\/www.cruillabarcelona.cat\/es\/artists\/chucho-valdes-irakere-50\/#primaryimage","url":"https:\/\/www.cruillabarcelona.cat\/wp-content\/uploads\/2024\/02\/CARTEL-CHUCHO-VALDES-IRAKERE-50-1.jpg","contentUrl":"https:\/\/www.cruillabarcelona.cat\/wp-content\/uploads\/2024\/02\/CARTEL-CHUCHO-VALDES-IRAKERE-50-1.jpg","width":1000,"height":1000},{"@type":"BreadcrumbList","@id":"https:\/\/www.cruillabarcelona.cat\/es\/artists\/chucho-valdes-irakere-50\/#breadcrumb","itemListElement":[{"@type":"ListItem","position":1,"name":"Home","item":"https:\/\/www.cruillabarcelona.cat\/es\/"},{"@type":"ListItem","position":2,"name":"Chucho Vald\u00e9s: Irakere 50"}]},{"@type":"WebSite","@id":"https:\/\/www.cruillabarcelona.cat\/es\/#website","url":"https:\/\/www.cruillabarcelona.cat\/es\/","name":"Festival Cru\u00eflla","description":"","publisher":{"@id":"https:\/\/www.cruillabarcelona.cat\/es\/#organization"},"potentialAction":[{"@type":"SearchAction","target":{"@type":"EntryPoint","urlTemplate":"https:\/\/www.cruillabarcelona.cat\/es\/?s={search_term_string}"},"query-input":{"@type":"PropertyValueSpecification","valueRequired":true,"valueName":"search_term_string"}}],"inLanguage":"es"},{"@type":"Organization","@id":"https:\/\/www.cruillabarcelona.cat\/es\/#organization","name":"Festival Cru\u00eflla","url":"https:\/\/www.cruillabarcelona.cat\/es\/","logo":{"@type":"ImageObject","inLanguage":"es","@id":"https:\/\/www.cruillabarcelona.cat\/es\/#\/schema\/logo\/image\/","url":"https:\/\/www.cruillabarcelona.cat\/wp-content\/uploads\/2025\/12\/cruill-logo-negativo.png","contentUrl":"https:\/\/www.cruillabarcelona.cat\/wp-content\/uploads\/2025\/12\/cruill-logo-negativo.png","width":400,"height":101,"caption":"Festival Cru\u00eflla"},"image":{"@id":"https:\/\/www.cruillabarcelona.cat\/es\/#\/schema\/logo\/image\/"}}]}},"_links":{"self":[{"href":"https:\/\/www.cruillabarcelona.cat\/es\/wp-json\/wp\/v2\/artists\/51390","targetHints":{"allow":["GET"]}}],"collection":[{"href":"https:\/\/www.cruillabarcelona.cat\/es\/wp-json\/wp\/v2\/artists"}],"about":[{"href":"https:\/\/www.cruillabarcelona.cat\/es\/wp-json\/wp\/v2\/types\/artists"}],"acf:term":[{"embeddable":true,"taxonomy":"artists_location","href":"https:\/\/www.cruillabarcelona.cat\/es\/wp-json\/wp\/v2\/artists_location\/888"},{"embeddable":true,"taxonomy":"artists_edition","href":"https:\/\/www.cruillabarcelona.cat\/es\/wp-json\/wp\/v2\/artists_edition\/885"}],"wp:featuredmedia":[{"embeddable":true,"href":"https:\/\/www.cruillabarcelona.cat\/es\/wp-json\/wp\/v2\/media\/52954"}],"wp:attachment":[{"href":"https:\/\/www.cruillabarcelona.cat\/es\/wp-json\/wp\/v2\/media?parent=51390"}],"wp:term":[{"taxonomy":"artists_edition","embeddable":true,"href":"https:\/\/www.cruillabarcelona.cat\/es\/wp-json\/wp\/v2\/artists_edition?post=51390"}],"curies":[{"name":"wp","href":"https:\/\/api.w.org\/{rel}","templated":true}]}}