{"id":52258,"date":"2024-04-04T12:02:45","date_gmt":"2024-04-04T10:02:45","guid":{"rendered":"https:\/\/www.cruillabarcelona.cat\/?post_type=artists&#038;p=52258"},"modified":"2024-05-29T11:19:04","modified_gmt":"2024-05-29T09:19:04","slug":"oscar-dleon","status":"publish","type":"artists","link":"https:\/\/www.cruillabarcelona.cat\/es\/artists\/oscar-dleon\/","title":{"rendered":"Oscar D&#8217;Le\u00f3n"},"content":{"rendered":"<h2>\u00a1Oscar D&#8217;Le\u00f3n EN CONCIERTO EN EL FESTIVAL CRU\u00cfLLA 2024!<\/h2>\n<h3>EL SONERO DEL MUNDO<\/h3>\n<p>Creas o no en el destino, es inevitable pensar que el de este artista venezolano estaba escrito desde que lleg\u00f3 al mundo: su inter\u00e9s por la m\u00fasica se despert\u00f3 en la misma parroquia en la que naci\u00f3, Ant\u00edmano, ubicada en\u00a0<strong>Caracas<\/strong>, d\u00f3nde comenz\u00f3 a acercarse a la m\u00fasica caribe\u00f1a y a las grandes orquestas de su \u00e9poca. Su talento fue creciendo hasta que, con 28 a\u00f1os, cofund\u00f3 la banda\u00a0<strong>Dimensi\u00f3n Latina<\/strong>, de la cual se separ\u00f3 5 a\u00f1os despu\u00e9s para iniciar su carrera como solista.<\/p>\n<p>Esta lo llev\u00f3 a componer decenas de \u00e9xitos, convertirse en una leyenda de la m\u00fasica latina y pisar escenarios como el del Festival Internacional de Vi\u00f1a del Mar de Chile y,\u00a0<strong>el pr\u00f3ximo 11 de julio, \u00a1el del Festival Cru\u00eflla 2024!<\/strong><\/p>\n<hr \/>\n<p style=\"text-align: center;\"><em><b>Compra aqu\u00ed tus entradas o abonos para el Cru\u00eflla 2024<\/b><\/em><\/p>\n<p style=\"text-align: center;\"><a class=\"efsbutton button \" target=\"_blank\">ENTRADAS<\/a><\/p>\n<hr \/>\n<p>M\u00e1s all\u00e1 de sus propios hits como \u00abMi bajo y yo\u00bb, \u00abEl baile del suavecito\u00bb, \u00abLlorar\u00e1s\u00bb, \u00abDivina Ni\u00f1a\u00bb, \u00abTaboga\u00bb, \u00abEl frutero\u00bb, \u00abParampampam\u00bb o \u00abDolor cobarde\u00bb,\u00a0<strong>Oscar D&#8217;Le\u00f3n<\/strong>\u00a0tambi\u00e9n ejerci\u00f3 reinterpretando canciones como \u00abMy Way\u00bb, \u00abNew York, New York\u00bb, \u00abFly Me To The Moon\u00bb, \u00abSway\u00bb, \u00abVolare\u00bb o \u00abQuiz\u00e1s, Quiz\u00e1s, Quiz\u00e1s\u00bb, que aglutin\u00f3 su conocido \u00e1lbum\u00a0<strong>&#8216;Oscar D&#8217;Le\u00f3n Cl\u00e1sicos de Big Band&#8217;.<\/strong><\/p>\n<p>El jueves 11 de julio el artista celebrar\u00e1 sus 81 a\u00f1os en el Festival Cru\u00eflla 2024: \u00a1ven a celebrar\u00a0<strong>el cumplea\u00f1os de<\/strong>\u00a0<strong>Oscar D&#8217;Le\u00f3n<\/strong>\u00a0en el Parc del F\u00f2rum y disfruta de este icono global, multifac\u00e9tico y ya legendario repasando sus grandes \u00e9xitos con nosotros!<\/p>\n<!-- auto-added video if acf\/single-artist-video not used  --> <iframe style=\"width: 100%;max-width: 100%;height: auto;aspect-ratio: 16 \/ 9;\" src=\"https:\/\/www.youtube-nocookie.com\/embed\/BiKR5bVhx8k\" frameborder=\"0\" allow=\"accelerometer; autoplay; encrypted-media; gyroscope; picture-in-picture\" allowfullscreen><\/iframe>","protected":false},"featured_media":52266,"template":"","meta":{"_acf_changed":false},"artists_edition":[885],"class_list":["post-52258","artists","type-artists","status-publish","has-post-thumbnail","hentry","artists_location-escenari-estrella-damm","artists_edition-885"],"acf":{"_thumbnail_id":52266,"youtube_player":"BiKR5bVhx8k","artist_edition":[885],"artist_date":"20240711","artist_time":"23:30","artist_time_2":"","artist_location":[888],"artist_ticket_url":"https:\/\/www.cruillabarcelona.cat\/es\/tickets\/","artist_ticket_status":"","artist_extra_date__show":false,"artist_extra_date_2":null,"artist_time_of_date2":"","artist_extra_date_3":null,"artist_time_of_date3":"","artist_extra_date_4":null,"artist_time_of_date4":"","artist_extra_date_5":null,"artist_time_of_date5":"","artist_date__show_month":true,"artist_sidebar_active":true,"show_in_agenda":true,"artist_sidebar__banner_img":"","artist_sidebar__banner_link":"","artist_hero_content":"Festival Cru\u00eflla 2024","artist_style":false,"artist_nationality":false,"artist_audience_age":false},"yoast_head":"<!-- This site is optimized with the Yoast SEO plugin v27.5 - https:\/\/yoast.com\/product\/yoast-seo-wordpress\/ -->\n<title>Concierto de Oscar D&#039;Le\u00f3n en el Festival Cru\u00eflla, el 11 de julio a Barcelona<\/title>\n<meta name=\"description\" content=\"Compra entradas para el concierto de Oscar D&#039;Le\u00f3n en el Festival Cru\u00eflla 2024, el 11 de julio en el Parc del F\u00f2rum de Barcelona\" \/>\n<meta name=\"robots\" content=\"index, follow, max-snippet:-1, max-image-preview:large, max-video-preview:-1\" \/>\n<link rel=\"canonical\" href=\"https:\/\/www.cruillabarcelona.cat\/es\/artists\/oscar-dleon\/\" \/>\n<meta property=\"og:locale\" content=\"es_ES\" \/>\n<meta property=\"og:type\" content=\"article\" \/>\n<meta property=\"og:title\" content=\"Concierto de Oscar D&#039;Le\u00f3n en el Festival Cru\u00eflla, el 11 de julio a Barcelona\" \/>\n<meta property=\"og:description\" content=\"Compra entradas para el concierto de Oscar D&#039;Le\u00f3n en el Festival Cru\u00eflla 2024, el 11 de julio en el Parc del F\u00f2rum de Barcelona\" \/>\n<meta property=\"og:url\" content=\"https:\/\/www.cruillabarcelona.cat\/es\/artists\/oscar-dleon\/\" \/>\n<meta property=\"og:site_name\" content=\"Festival Cru\u00eflla\" \/>\n<meta property=\"article:modified_time\" content=\"2024-05-29T09:19:04+00:00\" \/>\n<meta property=\"og:image\" content=\"https:\/\/www.cruillabarcelona.cat\/wp-content\/uploads\/2024\/03\/IMG_3518_edit-1.png\" \/>\n\t<meta property=\"og:image:width\" content=\"1000\" \/>\n\t<meta property=\"og:image:height\" content=\"1000\" \/>\n\t<meta property=\"og:image:type\" content=\"image\/png\" \/>\n<meta name=\"twitter:card\" content=\"summary_large_image\" \/>\n<meta name=\"twitter:label1\" content=\"Tiempo de lectura\" \/>\n\t<meta name=\"twitter:data1\" content=\"2 minutos\" \/>\n<script type=\"application\/ld+json\" class=\"yoast-schema-graph\">{\"@context\":\"https:\\\/\\\/schema.org\",\"@graph\":[{\"@type\":\"WebPage\",\"@id\":\"https:\\\/\\\/www.cruillabarcelona.cat\\\/es\\\/artists\\\/oscar-dleon\\\/\",\"url\":\"https:\\\/\\\/www.cruillabarcelona.cat\\\/es\\\/artists\\\/oscar-dleon\\\/\",\"name\":\"Concierto de Oscar D'Le\u00f3n en el Festival Cru\u00eflla, el 11 de julio a Barcelona\",\"isPartOf\":{\"@id\":\"https:\\\/\\\/www.cruillabarcelona.cat\\\/es\\\/#website\"},\"primaryImageOfPage\":{\"@id\":\"https:\\\/\\\/www.cruillabarcelona.cat\\\/es\\\/artists\\\/oscar-dleon\\\/#primaryimage\"},\"image\":{\"@id\":\"https:\\\/\\\/www.cruillabarcelona.cat\\\/es\\\/artists\\\/oscar-dleon\\\/#primaryimage\"},\"thumbnailUrl\":\"https:\\\/\\\/www.cruillabarcelona.cat\\\/wp-content\\\/uploads\\\/2024\\\/03\\\/IMG_3518_edit-1.png\",\"datePublished\":\"2024-04-04T10:02:45+00:00\",\"dateModified\":\"2024-05-29T09:19:04+00:00\",\"description\":\"Compra entradas para el concierto de Oscar D'Le\u00f3n en el Festival Cru\u00eflla 2024, el 11 de julio en el Parc del F\u00f2rum de Barcelona\",\"breadcrumb\":{\"@id\":\"https:\\\/\\\/www.cruillabarcelona.cat\\\/es\\\/artists\\\/oscar-dleon\\\/#breadcrumb\"},\"inLanguage\":\"es\",\"potentialAction\":[{\"@type\":\"ReadAction\",\"target\":[\"https:\\\/\\\/www.cruillabarcelona.cat\\\/es\\\/artists\\\/oscar-dleon\\\/\"]}]},{\"@type\":\"ImageObject\",\"inLanguage\":\"es\",\"@id\":\"https:\\\/\\\/www.cruillabarcelona.cat\\\/es\\\/artists\\\/oscar-dleon\\\/#primaryimage\",\"url\":\"https:\\\/\\\/www.cruillabarcelona.cat\\\/wp-content\\\/uploads\\\/2024\\\/03\\\/IMG_3518_edit-1.png\",\"contentUrl\":\"https:\\\/\\\/www.cruillabarcelona.cat\\\/wp-content\\\/uploads\\\/2024\\\/03\\\/IMG_3518_edit-1.png\",\"width\":1000,\"height\":1000},{\"@type\":\"BreadcrumbList\",\"@id\":\"https:\\\/\\\/www.cruillabarcelona.cat\\\/es\\\/artists\\\/oscar-dleon\\\/#breadcrumb\",\"itemListElement\":[{\"@type\":\"ListItem\",\"position\":1,\"name\":\"Home\",\"item\":\"https:\\\/\\\/www.cruillabarcelona.cat\\\/es\\\/\"},{\"@type\":\"ListItem\",\"position\":2,\"name\":\"Oscar D&#8217;Le\u00f3n\"}]},{\"@type\":\"WebSite\",\"@id\":\"https:\\\/\\\/www.cruillabarcelona.cat\\\/es\\\/#website\",\"url\":\"https:\\\/\\\/www.cruillabarcelona.cat\\\/es\\\/\",\"name\":\"Festival Cru\u00eflla\",\"description\":\"\",\"publisher\":{\"@id\":\"https:\\\/\\\/www.cruillabarcelona.cat\\\/es\\\/#organization\"},\"potentialAction\":[{\"@type\":\"SearchAction\",\"target\":{\"@type\":\"EntryPoint\",\"urlTemplate\":\"https:\\\/\\\/www.cruillabarcelona.cat\\\/es\\\/?s={search_term_string}\"},\"query-input\":{\"@type\":\"PropertyValueSpecification\",\"valueRequired\":true,\"valueName\":\"search_term_string\"}}],\"inLanguage\":\"es\"},{\"@type\":\"Organization\",\"@id\":\"https:\\\/\\\/www.cruillabarcelona.cat\\\/es\\\/#organization\",\"name\":\"Festival Cru\u00eflla\",\"url\":\"https:\\\/\\\/www.cruillabarcelona.cat\\\/es\\\/\",\"logo\":{\"@type\":\"ImageObject\",\"inLanguage\":\"es\",\"@id\":\"https:\\\/\\\/www.cruillabarcelona.cat\\\/es\\\/#\\\/schema\\\/logo\\\/image\\\/\",\"url\":\"https:\\\/\\\/www.cruillabarcelona.cat\\\/wp-content\\\/uploads\\\/2025\\\/12\\\/cruill-logo-negativo.png\",\"contentUrl\":\"https:\\\/\\\/www.cruillabarcelona.cat\\\/wp-content\\\/uploads\\\/2025\\\/12\\\/cruill-logo-negativo.png\",\"width\":400,\"height\":101,\"caption\":\"Festival Cru\u00eflla\"},\"image\":{\"@id\":\"https:\\\/\\\/www.cruillabarcelona.cat\\\/es\\\/#\\\/schema\\\/logo\\\/image\\\/\"}}]}<\/script>\n<!-- \/ Yoast SEO plugin. -->","yoast_head_json":{"title":"Concierto de Oscar D'Le\u00f3n en el Festival Cru\u00eflla, el 11 de julio a Barcelona","description":"Compra entradas para el concierto de Oscar D'Le\u00f3n en el Festival Cru\u00eflla 2024, el 11 de julio en el Parc del F\u00f2rum de Barcelona","robots":{"index":"index","follow":"follow","max-snippet":"max-snippet:-1","max-image-preview":"max-image-preview:large","max-video-preview":"max-video-preview:-1"},"canonical":"https:\/\/www.cruillabarcelona.cat\/es\/artists\/oscar-dleon\/","og_locale":"es_ES","og_type":"article","og_title":"Concierto de Oscar D'Le\u00f3n en el Festival Cru\u00eflla, el 11 de julio a Barcelona","og_description":"Compra entradas para el concierto de Oscar D'Le\u00f3n en el Festival Cru\u00eflla 2024, el 11 de julio en el Parc del F\u00f2rum de Barcelona","og_url":"https:\/\/www.cruillabarcelona.cat\/es\/artists\/oscar-dleon\/","og_site_name":"Festival Cru\u00eflla","article_modified_time":"2024-05-29T09:19:04+00:00","og_image":[{"width":1000,"height":1000,"url":"https:\/\/www.cruillabarcelona.cat\/wp-content\/uploads\/2024\/03\/IMG_3518_edit-1.png","type":"image\/png"}],"twitter_card":"summary_large_image","twitter_misc":{"Tiempo de lectura":"2 minutos"},"schema":{"@context":"https:\/\/schema.org","@graph":[{"@type":"WebPage","@id":"https:\/\/www.cruillabarcelona.cat\/es\/artists\/oscar-dleon\/","url":"https:\/\/www.cruillabarcelona.cat\/es\/artists\/oscar-dleon\/","name":"Concierto de Oscar D'Le\u00f3n en el Festival Cru\u00eflla, el 11 de julio a Barcelona","isPartOf":{"@id":"https:\/\/www.cruillabarcelona.cat\/es\/#website"},"primaryImageOfPage":{"@id":"https:\/\/www.cruillabarcelona.cat\/es\/artists\/oscar-dleon\/#primaryimage"},"image":{"@id":"https:\/\/www.cruillabarcelona.cat\/es\/artists\/oscar-dleon\/#primaryimage"},"thumbnailUrl":"https:\/\/www.cruillabarcelona.cat\/wp-content\/uploads\/2024\/03\/IMG_3518_edit-1.png","datePublished":"2024-04-04T10:02:45+00:00","dateModified":"2024-05-29T09:19:04+00:00","description":"Compra entradas para el concierto de Oscar D'Le\u00f3n en el Festival Cru\u00eflla 2024, el 11 de julio en el Parc del F\u00f2rum de Barcelona","breadcrumb":{"@id":"https:\/\/www.cruillabarcelona.cat\/es\/artists\/oscar-dleon\/#breadcrumb"},"inLanguage":"es","potentialAction":[{"@type":"ReadAction","target":["https:\/\/www.cruillabarcelona.cat\/es\/artists\/oscar-dleon\/"]}]},{"@type":"ImageObject","inLanguage":"es","@id":"https:\/\/www.cruillabarcelona.cat\/es\/artists\/oscar-dleon\/#primaryimage","url":"https:\/\/www.cruillabarcelona.cat\/wp-content\/uploads\/2024\/03\/IMG_3518_edit-1.png","contentUrl":"https:\/\/www.cruillabarcelona.cat\/wp-content\/uploads\/2024\/03\/IMG_3518_edit-1.png","width":1000,"height":1000},{"@type":"BreadcrumbList","@id":"https:\/\/www.cruillabarcelona.cat\/es\/artists\/oscar-dleon\/#breadcrumb","itemListElement":[{"@type":"ListItem","position":1,"name":"Home","item":"https:\/\/www.cruillabarcelona.cat\/es\/"},{"@type":"ListItem","position":2,"name":"Oscar D&#8217;Le\u00f3n"}]},{"@type":"WebSite","@id":"https:\/\/www.cruillabarcelona.cat\/es\/#website","url":"https:\/\/www.cruillabarcelona.cat\/es\/","name":"Festival Cru\u00eflla","description":"","publisher":{"@id":"https:\/\/www.cruillabarcelona.cat\/es\/#organization"},"potentialAction":[{"@type":"SearchAction","target":{"@type":"EntryPoint","urlTemplate":"https:\/\/www.cruillabarcelona.cat\/es\/?s={search_term_string}"},"query-input":{"@type":"PropertyValueSpecification","valueRequired":true,"valueName":"search_term_string"}}],"inLanguage":"es"},{"@type":"Organization","@id":"https:\/\/www.cruillabarcelona.cat\/es\/#organization","name":"Festival Cru\u00eflla","url":"https:\/\/www.cruillabarcelona.cat\/es\/","logo":{"@type":"ImageObject","inLanguage":"es","@id":"https:\/\/www.cruillabarcelona.cat\/es\/#\/schema\/logo\/image\/","url":"https:\/\/www.cruillabarcelona.cat\/wp-content\/uploads\/2025\/12\/cruill-logo-negativo.png","contentUrl":"https:\/\/www.cruillabarcelona.cat\/wp-content\/uploads\/2025\/12\/cruill-logo-negativo.png","width":400,"height":101,"caption":"Festival Cru\u00eflla"},"image":{"@id":"https:\/\/www.cruillabarcelona.cat\/es\/#\/schema\/logo\/image\/"}}]}},"_links":{"self":[{"href":"https:\/\/www.cruillabarcelona.cat\/es\/wp-json\/wp\/v2\/artists\/52258","targetHints":{"allow":["GET"]}}],"collection":[{"href":"https:\/\/www.cruillabarcelona.cat\/es\/wp-json\/wp\/v2\/artists"}],"about":[{"href":"https:\/\/www.cruillabarcelona.cat\/es\/wp-json\/wp\/v2\/types\/artists"}],"acf:term":[{"embeddable":true,"taxonomy":"artists_location","href":"https:\/\/www.cruillabarcelona.cat\/es\/wp-json\/wp\/v2\/artists_location\/888"},{"embeddable":true,"taxonomy":"artists_edition","href":"https:\/\/www.cruillabarcelona.cat\/es\/wp-json\/wp\/v2\/artists_edition\/885"}],"wp:featuredmedia":[{"embeddable":true,"href":"https:\/\/www.cruillabarcelona.cat\/es\/wp-json\/wp\/v2\/media\/52266"}],"wp:attachment":[{"href":"https:\/\/www.cruillabarcelona.cat\/es\/wp-json\/wp\/v2\/media?parent=52258"}],"wp:term":[{"taxonomy":"artists_edition","embeddable":true,"href":"https:\/\/www.cruillabarcelona.cat\/es\/wp-json\/wp\/v2\/artists_edition?post=52258"}],"curies":[{"name":"wp","href":"https:\/\/api.w.org\/{rel}","templated":true}]}}