{"id":55908,"date":"2025-02-06T13:52:21","date_gmt":"2025-02-06T11:52:21","guid":{"rendered":"https:\/\/www.cruillabarcelona.cat\/?post_type=artists&#038;p=55908"},"modified":"2025-06-16T10:39:02","modified_gmt":"2025-06-16T08:39:02","slug":"fermin-muguruza","status":"publish","type":"artists","link":"https:\/\/www.cruillabarcelona.cat\/es\/artists\/fermin-muguruza\/","title":{"rendered":"Fermin Muguruza"},"content":{"rendered":"<h2>\u00a1Fermin Muguruza EN CONCIERTO EN EL FESTIVAL CRU\u00cfLLA 2025!<\/h2>\n<h3>La reivindicaci\u00f3n empieza en la m\u00fasica<\/h3>\n<p>No es solo un m\u00fasico, es una leyenda viva, una de las voces m\u00e1s potentes y carism\u00e1ticas que ha deslumbrado la escena musical vasca y mundial.\u00a0<strong>Fermin Muguruza<\/strong>\u00a0ha sido\u00a0<strong>el coraz\u00f3n y el alma de una escena que ha marcado a toda una generaci\u00f3n<\/strong>\u00a0y la voz de quienes luchan por un mundo m\u00e1s justo. Fu\u00e9 el fundador de <strong>Kortatu<\/strong>, uno de los grupos m\u00e1s importantes dentro del denominado rock radical vasco y pioneros en introducir el ska y el dub en el panorama musical vasco y estatal. Cuando Negu Gorriak se despidi\u00f3, Muguruza comenz\u00f3 un nuevo cap\u00edtulo en su carrera en solitario, una etapa en la que fusion\u00f3 reggae, dub, ritmos latinos y elementos del rock, hip hop, funk, soul y drum and bass, creando un sonido que es un <strong>verdadero c\u00f3ctel de ritmos, emoci\u00f3n y compromiso<\/strong>. Un estilo que solo \u00e9l sabe hacer, una magia musical inconfundible que te atrapa desde el primer instante.<\/p>\n<p>El artista de Ir\u00fan celebra\u00a0<strong>40 a\u00f1os de trayectoria<\/strong>, un viaje lleno de \u00e9xitos, luchas y revoluciones sonoras que el pr\u00f3ximo\u00a0<strong>jueves 10 de julio<\/strong>\u00a0har\u00e1 parada en el\u00a0<strong>Festival Cru\u00eflla 2025.<\/strong><\/p>\n<hr \/>\n<p style=\"text-align: center;\"><em><b>Compra aqu\u00ed tus entradas para el Festival Cru\u00eflla 2025<\/b><\/em><\/p>\n<p style=\"text-align: center;\"><a class=\"efsbutton button \" target=\"_blank\">ENTRADAS<\/a><\/p>\n<hr \/>\n<p>Con una actitud de acero, Muguruza ha compartido escenario con nombres como Manu Chao, Albert Pla y muchos otros, dejando <strong>una huella imborrable\u00a0<\/strong>en la m\u00fasica mundial. Pero su talento no se limita a los escenarios: tambi\u00e9n ha brillado en el mundo del cine y el documental con\u00a0<em>Next Music Station<\/em>,\u00a0<em>NOLA? Irun meets New Orleans<\/em>\u00a0o\u00a0<em>Black is Beltza<\/em>, llevando su visi\u00f3n y su lucha por todo el mundo.<\/p>\n<p>Con un repertorio lleno de\u00a0<strong>fuerza, pasi\u00f3n y conciencia social<\/strong>, el concierto de Muguruza ser\u00e1 una aut\u00e9ntica\u00a0<strong>ceremonia de memoria colectiva\u00a0<\/strong>y un gran<strong>\u00a0llamado a la uni\u00f3n contra el fascismo.<\/strong>\u00a0El 10 de julio, en el Parc del F\u00f2rum de Barcelona, Muguruza har\u00e1 vibrar al p\u00fablico en una reivindicaci\u00f3n que no dejar\u00e1 a nadie indiferente.<\/p>\n<!-- auto-added video if acf\/single-artist-video not used  --> <iframe style=\"width: 100%;max-width: 100%;height: auto;aspect-ratio: 16 \/ 9;\" src=\"https:\/\/www.youtube-nocookie.com\/embed\/FcpfGM_cttk\" frameborder=\"0\" allow=\"accelerometer; autoplay; encrypted-media; gyroscope; picture-in-picture\" allowfullscreen><\/iframe>","protected":false},"featured_media":55928,"template":"","meta":{"_acf_changed":false},"artists_edition":[893],"class_list":["post-55908","artists","type-artists","status-publish","has-post-thumbnail","hentry","artists_location-escenari-estrella-damm","artists_edition-893"],"acf":{"_thumbnail_id":55928,"youtube_player":"FcpfGM_cttk","artist_edition":[893],"artist_date":"20250710","artist_time":"20:15","artist_time_2":"","artist_location":[888],"artist_ticket_url":"https:\/\/www.cruillabarcelona.cat\/es\/tickets\/","artist_ticket_status":"","artist_extra_date__show":false,"artist_extra_date_2":null,"artist_time_of_date2":"","artist_extra_date_3":null,"artist_time_of_date3":"","artist_extra_date_4":null,"artist_time_of_date4":"","artist_extra_date_5":null,"artist_time_of_date5":"","artist_date__show_month":true,"artist_sidebar_active":true,"show_in_agenda":true,"artist_sidebar__banner_img":"","artist_sidebar__banner_link":"","artist_hero_content":"Festival Cru\u00eflla 2025","artist_style":false,"artist_nationality":false,"artist_audience_age":false},"yoast_head":"<!-- This site is optimized with the Yoast SEO plugin v27.5 - https:\/\/yoast.com\/product\/yoast-seo-wordpress\/ -->\n<title>Concierto de Fermin Muguruza en el Festival Cru\u00eflla, el 10 de julio en Barcelona<\/title>\n<meta name=\"description\" content=\"Compra entradas para el concierto de Fermin Muguruza en el Festival Cru\u00eflla 2025, el 10 de julio en el Parc del F\u00f2rum de Barcelona\" \/>\n<meta name=\"robots\" content=\"index, follow, max-snippet:-1, max-image-preview:large, max-video-preview:-1\" \/>\n<link rel=\"canonical\" href=\"https:\/\/www.cruillabarcelona.cat\/es\/artists\/fermin-muguruza\/\" \/>\n<meta property=\"og:locale\" content=\"es_ES\" \/>\n<meta property=\"og:type\" content=\"article\" \/>\n<meta property=\"og:title\" content=\"Concierto de Fermin Muguruza en el Festival Cru\u00eflla, el 10 de julio en Barcelona\" \/>\n<meta property=\"og:description\" content=\"Compra entradas para el concierto de Fermin Muguruza en el Festival Cru\u00eflla 2025, el 10 de julio en el Parc del F\u00f2rum de Barcelona\" \/>\n<meta property=\"og:url\" content=\"https:\/\/www.cruillabarcelona.cat\/es\/artists\/fermin-muguruza\/\" \/>\n<meta property=\"og:site_name\" content=\"Festival Cru\u00eflla\" \/>\n<meta property=\"article:modified_time\" content=\"2025-06-16T08:39:02+00:00\" \/>\n<meta property=\"og:image\" content=\"https:\/\/www.cruillabarcelona.cat\/wp-content\/uploads\/2025\/01\/Carlos_Marti-1.jpg\" \/>\n\t<meta property=\"og:image:width\" content=\"1000\" \/>\n\t<meta property=\"og:image:height\" content=\"1000\" \/>\n\t<meta property=\"og:image:type\" content=\"image\/jpeg\" \/>\n<meta name=\"twitter:card\" content=\"summary_large_image\" \/>\n<meta name=\"twitter:label1\" content=\"Tiempo de lectura\" \/>\n\t<meta name=\"twitter:data1\" content=\"3 minutos\" \/>\n<script type=\"application\/ld+json\" class=\"yoast-schema-graph\">{\"@context\":\"https:\\\/\\\/schema.org\",\"@graph\":[{\"@type\":\"WebPage\",\"@id\":\"https:\\\/\\\/www.cruillabarcelona.cat\\\/es\\\/artists\\\/fermin-muguruza\\\/\",\"url\":\"https:\\\/\\\/www.cruillabarcelona.cat\\\/es\\\/artists\\\/fermin-muguruza\\\/\",\"name\":\"Concierto de Fermin Muguruza en el Festival Cru\u00eflla, el 10 de julio en Barcelona\",\"isPartOf\":{\"@id\":\"https:\\\/\\\/www.cruillabarcelona.cat\\\/es\\\/#website\"},\"primaryImageOfPage\":{\"@id\":\"https:\\\/\\\/www.cruillabarcelona.cat\\\/es\\\/artists\\\/fermin-muguruza\\\/#primaryimage\"},\"image\":{\"@id\":\"https:\\\/\\\/www.cruillabarcelona.cat\\\/es\\\/artists\\\/fermin-muguruza\\\/#primaryimage\"},\"thumbnailUrl\":\"https:\\\/\\\/www.cruillabarcelona.cat\\\/wp-content\\\/uploads\\\/2025\\\/01\\\/Carlos_Marti-1.jpg\",\"datePublished\":\"2025-02-06T11:52:21+00:00\",\"dateModified\":\"2025-06-16T08:39:02+00:00\",\"description\":\"Compra entradas para el concierto de Fermin Muguruza en el Festival Cru\u00eflla 2025, el 10 de julio en el Parc del F\u00f2rum de Barcelona\",\"breadcrumb\":{\"@id\":\"https:\\\/\\\/www.cruillabarcelona.cat\\\/es\\\/artists\\\/fermin-muguruza\\\/#breadcrumb\"},\"inLanguage\":\"es\",\"potentialAction\":[{\"@type\":\"ReadAction\",\"target\":[\"https:\\\/\\\/www.cruillabarcelona.cat\\\/es\\\/artists\\\/fermin-muguruza\\\/\"]}]},{\"@type\":\"ImageObject\",\"inLanguage\":\"es\",\"@id\":\"https:\\\/\\\/www.cruillabarcelona.cat\\\/es\\\/artists\\\/fermin-muguruza\\\/#primaryimage\",\"url\":\"https:\\\/\\\/www.cruillabarcelona.cat\\\/wp-content\\\/uploads\\\/2025\\\/01\\\/Carlos_Marti-1.jpg\",\"contentUrl\":\"https:\\\/\\\/www.cruillabarcelona.cat\\\/wp-content\\\/uploads\\\/2025\\\/01\\\/Carlos_Marti-1.jpg\",\"width\":1000,\"height\":1000},{\"@type\":\"BreadcrumbList\",\"@id\":\"https:\\\/\\\/www.cruillabarcelona.cat\\\/es\\\/artists\\\/fermin-muguruza\\\/#breadcrumb\",\"itemListElement\":[{\"@type\":\"ListItem\",\"position\":1,\"name\":\"Home\",\"item\":\"https:\\\/\\\/www.cruillabarcelona.cat\\\/es\\\/\"},{\"@type\":\"ListItem\",\"position\":2,\"name\":\"Fermin Muguruza\"}]},{\"@type\":\"WebSite\",\"@id\":\"https:\\\/\\\/www.cruillabarcelona.cat\\\/es\\\/#website\",\"url\":\"https:\\\/\\\/www.cruillabarcelona.cat\\\/es\\\/\",\"name\":\"Festival Cru\u00eflla\",\"description\":\"\",\"publisher\":{\"@id\":\"https:\\\/\\\/www.cruillabarcelona.cat\\\/es\\\/#organization\"},\"potentialAction\":[{\"@type\":\"SearchAction\",\"target\":{\"@type\":\"EntryPoint\",\"urlTemplate\":\"https:\\\/\\\/www.cruillabarcelona.cat\\\/es\\\/?s={search_term_string}\"},\"query-input\":{\"@type\":\"PropertyValueSpecification\",\"valueRequired\":true,\"valueName\":\"search_term_string\"}}],\"inLanguage\":\"es\"},{\"@type\":\"Organization\",\"@id\":\"https:\\\/\\\/www.cruillabarcelona.cat\\\/es\\\/#organization\",\"name\":\"Festival Cru\u00eflla\",\"url\":\"https:\\\/\\\/www.cruillabarcelona.cat\\\/es\\\/\",\"logo\":{\"@type\":\"ImageObject\",\"inLanguage\":\"es\",\"@id\":\"https:\\\/\\\/www.cruillabarcelona.cat\\\/es\\\/#\\\/schema\\\/logo\\\/image\\\/\",\"url\":\"https:\\\/\\\/www.cruillabarcelona.cat\\\/wp-content\\\/uploads\\\/2025\\\/12\\\/cruill-logo-negativo.png\",\"contentUrl\":\"https:\\\/\\\/www.cruillabarcelona.cat\\\/wp-content\\\/uploads\\\/2025\\\/12\\\/cruill-logo-negativo.png\",\"width\":400,\"height\":101,\"caption\":\"Festival Cru\u00eflla\"},\"image\":{\"@id\":\"https:\\\/\\\/www.cruillabarcelona.cat\\\/es\\\/#\\\/schema\\\/logo\\\/image\\\/\"}}]}<\/script>\n<!-- \/ Yoast SEO plugin. -->","yoast_head_json":{"title":"Concierto de Fermin Muguruza en el Festival Cru\u00eflla, el 10 de julio en Barcelona","description":"Compra entradas para el concierto de Fermin Muguruza en el Festival Cru\u00eflla 2025, el 10 de julio en el Parc del F\u00f2rum de Barcelona","robots":{"index":"index","follow":"follow","max-snippet":"max-snippet:-1","max-image-preview":"max-image-preview:large","max-video-preview":"max-video-preview:-1"},"canonical":"https:\/\/www.cruillabarcelona.cat\/es\/artists\/fermin-muguruza\/","og_locale":"es_ES","og_type":"article","og_title":"Concierto de Fermin Muguruza en el Festival Cru\u00eflla, el 10 de julio en Barcelona","og_description":"Compra entradas para el concierto de Fermin Muguruza en el Festival Cru\u00eflla 2025, el 10 de julio en el Parc del F\u00f2rum de Barcelona","og_url":"https:\/\/www.cruillabarcelona.cat\/es\/artists\/fermin-muguruza\/","og_site_name":"Festival Cru\u00eflla","article_modified_time":"2025-06-16T08:39:02+00:00","og_image":[{"width":1000,"height":1000,"url":"https:\/\/www.cruillabarcelona.cat\/wp-content\/uploads\/2025\/01\/Carlos_Marti-1.jpg","type":"image\/jpeg"}],"twitter_card":"summary_large_image","twitter_misc":{"Tiempo de lectura":"3 minutos"},"schema":{"@context":"https:\/\/schema.org","@graph":[{"@type":"WebPage","@id":"https:\/\/www.cruillabarcelona.cat\/es\/artists\/fermin-muguruza\/","url":"https:\/\/www.cruillabarcelona.cat\/es\/artists\/fermin-muguruza\/","name":"Concierto de Fermin Muguruza en el Festival Cru\u00eflla, el 10 de julio en Barcelona","isPartOf":{"@id":"https:\/\/www.cruillabarcelona.cat\/es\/#website"},"primaryImageOfPage":{"@id":"https:\/\/www.cruillabarcelona.cat\/es\/artists\/fermin-muguruza\/#primaryimage"},"image":{"@id":"https:\/\/www.cruillabarcelona.cat\/es\/artists\/fermin-muguruza\/#primaryimage"},"thumbnailUrl":"https:\/\/www.cruillabarcelona.cat\/wp-content\/uploads\/2025\/01\/Carlos_Marti-1.jpg","datePublished":"2025-02-06T11:52:21+00:00","dateModified":"2025-06-16T08:39:02+00:00","description":"Compra entradas para el concierto de Fermin Muguruza en el Festival Cru\u00eflla 2025, el 10 de julio en el Parc del F\u00f2rum de Barcelona","breadcrumb":{"@id":"https:\/\/www.cruillabarcelona.cat\/es\/artists\/fermin-muguruza\/#breadcrumb"},"inLanguage":"es","potentialAction":[{"@type":"ReadAction","target":["https:\/\/www.cruillabarcelona.cat\/es\/artists\/fermin-muguruza\/"]}]},{"@type":"ImageObject","inLanguage":"es","@id":"https:\/\/www.cruillabarcelona.cat\/es\/artists\/fermin-muguruza\/#primaryimage","url":"https:\/\/www.cruillabarcelona.cat\/wp-content\/uploads\/2025\/01\/Carlos_Marti-1.jpg","contentUrl":"https:\/\/www.cruillabarcelona.cat\/wp-content\/uploads\/2025\/01\/Carlos_Marti-1.jpg","width":1000,"height":1000},{"@type":"BreadcrumbList","@id":"https:\/\/www.cruillabarcelona.cat\/es\/artists\/fermin-muguruza\/#breadcrumb","itemListElement":[{"@type":"ListItem","position":1,"name":"Home","item":"https:\/\/www.cruillabarcelona.cat\/es\/"},{"@type":"ListItem","position":2,"name":"Fermin Muguruza"}]},{"@type":"WebSite","@id":"https:\/\/www.cruillabarcelona.cat\/es\/#website","url":"https:\/\/www.cruillabarcelona.cat\/es\/","name":"Festival Cru\u00eflla","description":"","publisher":{"@id":"https:\/\/www.cruillabarcelona.cat\/es\/#organization"},"potentialAction":[{"@type":"SearchAction","target":{"@type":"EntryPoint","urlTemplate":"https:\/\/www.cruillabarcelona.cat\/es\/?s={search_term_string}"},"query-input":{"@type":"PropertyValueSpecification","valueRequired":true,"valueName":"search_term_string"}}],"inLanguage":"es"},{"@type":"Organization","@id":"https:\/\/www.cruillabarcelona.cat\/es\/#organization","name":"Festival Cru\u00eflla","url":"https:\/\/www.cruillabarcelona.cat\/es\/","logo":{"@type":"ImageObject","inLanguage":"es","@id":"https:\/\/www.cruillabarcelona.cat\/es\/#\/schema\/logo\/image\/","url":"https:\/\/www.cruillabarcelona.cat\/wp-content\/uploads\/2025\/12\/cruill-logo-negativo.png","contentUrl":"https:\/\/www.cruillabarcelona.cat\/wp-content\/uploads\/2025\/12\/cruill-logo-negativo.png","width":400,"height":101,"caption":"Festival Cru\u00eflla"},"image":{"@id":"https:\/\/www.cruillabarcelona.cat\/es\/#\/schema\/logo\/image\/"}}]}},"_links":{"self":[{"href":"https:\/\/www.cruillabarcelona.cat\/es\/wp-json\/wp\/v2\/artists\/55908","targetHints":{"allow":["GET"]}}],"collection":[{"href":"https:\/\/www.cruillabarcelona.cat\/es\/wp-json\/wp\/v2\/artists"}],"about":[{"href":"https:\/\/www.cruillabarcelona.cat\/es\/wp-json\/wp\/v2\/types\/artists"}],"acf:term":[{"embeddable":true,"taxonomy":"artists_location","href":"https:\/\/www.cruillabarcelona.cat\/es\/wp-json\/wp\/v2\/artists_location\/888"},{"embeddable":true,"taxonomy":"artists_edition","href":"https:\/\/www.cruillabarcelona.cat\/es\/wp-json\/wp\/v2\/artists_edition\/893"}],"wp:featuredmedia":[{"embeddable":true,"href":"https:\/\/www.cruillabarcelona.cat\/es\/wp-json\/wp\/v2\/media\/55928"}],"wp:attachment":[{"href":"https:\/\/www.cruillabarcelona.cat\/es\/wp-json\/wp\/v2\/media?parent=55908"}],"wp:term":[{"taxonomy":"artists_edition","embeddable":true,"href":"https:\/\/www.cruillabarcelona.cat\/es\/wp-json\/wp\/v2\/artists_edition?post=55908"}],"curies":[{"name":"wp","href":"https:\/\/api.w.org\/{rel}","templated":true}]}}