{"id":55909,"date":"2025-02-06T13:53:07","date_gmt":"2025-02-06T11:53:07","guid":{"rendered":"https:\/\/www.cruillabarcelona.cat\/?post_type=artists&#038;p=55909"},"modified":"2025-06-04T11:03:02","modified_gmt":"2025-06-04T09:03:02","slug":"goran-bregovic","status":"publish","type":"artists","link":"https:\/\/www.cruillabarcelona.cat\/es\/artists\/goran-bregovic\/","title":{"rendered":"Goran Bregovi\u0107"},"content":{"rendered":"<h2>\u00a1Goran Bregovi\u0107 EN CONCIERTO EN EL FESTIVAL CRU\u00cfLLA 2025!<\/h2>\n<h3>La m\u00fasica en el centro<\/h3>\n<p>Hablar de\u00a0<strong>Goran Bregovi\u0107<\/strong>\u00a0es hablar de la<strong>\u00a0esencia de la energ\u00eda del ritmo<\/strong>, de la fiesta y del alma de Europa del Este. Nacido en Sarajevo en 1950, ha recorrido el mundo con una m\u00fasica vibrante que\u00a0<strong>fusiona las ra\u00edces folcl\u00f3ricas de los Balcanes con una explosi\u00f3n electr\u00f3nica<\/strong> que estremece. Desde 1966, cuando comenz\u00f3 a tocar como bajista en el grupo Bestije, hasta su legendaria banda sonora para\u00a0&#8216;El tiempo de los gitanos&#8217;\u00a0de Kusturica, Bregovi\u0107 ha sido\u00a0<strong>el arquitecto de una m\u00fasica que trasciende culturas y fronteras<\/strong>, un verdadero viaje sonoro.<\/p>\n<p>Con su<strong>\u00a0electrizante directo,<\/strong>\u00a0une\u00a0<strong>tradici\u00f3n y modernidad\u00a0<\/strong>en una fusi\u00f3n\u00a0<strong>inconfundible<\/strong>: voces b\u00falgaras cargadas de pasi\u00f3n, fanfarrias de metales que invitan a la alegr\u00eda y el ritmo fren\u00e9tico de un bombo que marca el comp\u00e1s de una fiesta imparable. Y el pr\u00f3ximo<strong>\u00a0jueves 10 de julio<\/strong>\u00a0\u00a1tendremos la suerte de vivirlo en directo en el\u00a0<strong>Festival Cru\u00eflla 2025!<\/strong><\/p>\n<hr \/>\n<p style=\"text-align: center;\"><em><b>Compra aqu\u00ed tus entradas para el Festival Cru\u00eflla 2025<\/b><\/em><\/p>\n<p style=\"text-align: center;\"><a class=\"efsbutton button \" target=\"_blank\">ENTRADAS<\/a><\/p>\n<hr \/>\n<p>Con los \u00e1lbumes &#8216;Alkohol&#8217; y &#8216;Champagne For Gypsies&#8217;, Bregovi\u0107 ha dejado claro que\u00a0<strong>su m\u00fasica es para todos,\u00a0<\/strong>con o sin copa en la mano. Es<strong>\u00a0una fiesta universal<\/strong>\u00a0que no entiende de l\u00edmites y convierte cada concierto en una\u00a0<strong>experiencia \u00fanica y cat\u00e1rtica<\/strong>, una m\u00e1quina de ritmo con el acelerador a fondo, donde cada acorde y cada frase musical son una invitaci\u00f3n a bailar, dejarse llevar por el momento y\u00a0<strong>celebrar la vida en toda su magnitud.<\/strong><\/p>\n<p>En 2025, Goran Bregovi\u0107 presenta su nuevo disco &#8216;<strong>The Belly Button of The World&#8217;<\/strong>. El jueves 10 de julio, en el\u00a0<strong>Parc del F\u00f2rum<\/strong>\u00a0de Barcelona, su<strong>\u00a0inconfundible sonido y su magia irrepetible<\/strong>\u00a0har\u00e1n que el Festival Cru\u00eflla se convierta en\u00a0<strong>el epicentro de un concierto donde el tiempo se detendr\u00e1<\/strong>\u00a0y la m\u00fasica ser\u00e1 lo \u00fanico que importe.<\/p>\n<!-- auto-added video if acf\/single-artist-video not used  --> <iframe style=\"width: 100%;max-width: 100%;height: auto;aspect-ratio: 16 \/ 9;\" src=\"https:\/\/www.youtube-nocookie.com\/embed\/1SaFnYHDpNI\" frameborder=\"0\" allow=\"accelerometer; autoplay; encrypted-media; gyroscope; picture-in-picture\" allowfullscreen><\/iframe>","protected":false},"featured_media":55893,"template":"","meta":{"_acf_changed":false},"artists_edition":[893],"class_list":["post-55909","artists","type-artists","status-publish","has-post-thumbnail","hentry","artists_location-escenari-vueling","artists_edition-893"],"acf":{"_thumbnail_id":55893,"youtube_player":"1SaFnYHDpNI","artist_edition":[893],"artist_date":"20250710","artist_time":"21:45","artist_time_2":"","artist_location":[875],"artist_ticket_url":"https:\/\/www.cruillabarcelona.cat\/es\/tickets\/","artist_ticket_status":"","artist_extra_date__show":false,"artist_extra_date_2":null,"artist_time_of_date2":"","artist_extra_date_3":null,"artist_time_of_date3":"","artist_extra_date_4":null,"artist_time_of_date4":"","artist_extra_date_5":null,"artist_time_of_date5":"","artist_date__show_month":true,"artist_sidebar_active":true,"show_in_agenda":true,"artist_sidebar__banner_img":"","artist_sidebar__banner_link":"","artist_hero_content":"Festival Cru\u00eflla 2025","artist_style":false,"artist_nationality":false,"artist_audience_age":false},"yoast_head":"<!-- This site is optimized with the Yoast SEO plugin v27.5 - https:\/\/yoast.com\/product\/yoast-seo-wordpress\/ -->\n<title>Concierto de Goran Bregovi\u0107 en el Festival Cru\u00eflla, 10 de julio 2025<\/title>\n<meta name=\"description\" content=\"Compra entradas para el concierto de Goran Bregovi\u0107 en el Festival Cru\u00eflla 2025, el 10 de julio en el Parc del F\u00f2rum de Barcelona\" \/>\n<meta name=\"robots\" content=\"index, follow, max-snippet:-1, max-image-preview:large, max-video-preview:-1\" \/>\n<link rel=\"canonical\" href=\"https:\/\/www.cruillabarcelona.cat\/es\/artists\/goran-bregovic\/\" \/>\n<meta property=\"og:locale\" content=\"es_ES\" \/>\n<meta property=\"og:type\" content=\"article\" \/>\n<meta property=\"og:title\" content=\"Concierto de Goran Bregovi\u0107 en el Festival Cru\u00eflla, 10 de julio 2025\" \/>\n<meta property=\"og:description\" content=\"Compra entradas para el concierto de Goran Bregovi\u0107 en el Festival Cru\u00eflla 2025, el 10 de julio en el Parc del F\u00f2rum de Barcelona\" \/>\n<meta property=\"og:url\" content=\"https:\/\/www.cruillabarcelona.cat\/es\/artists\/goran-bregovic\/\" \/>\n<meta property=\"og:site_name\" content=\"Festival Cru\u00eflla\" \/>\n<meta property=\"article:modified_time\" content=\"2025-06-04T09:03:02+00:00\" \/>\n<meta property=\"og:image\" content=\"https:\/\/www.cruillabarcelona.cat\/wp-content\/uploads\/2025\/01\/Goran_waifu2x_photo_noise1_scale_edit-1.jpeg\" \/>\n\t<meta property=\"og:image:width\" content=\"1000\" \/>\n\t<meta property=\"og:image:height\" content=\"1000\" \/>\n\t<meta property=\"og:image:type\" content=\"image\/jpeg\" \/>\n<meta name=\"twitter:card\" content=\"summary_large_image\" \/>\n<meta name=\"twitter:label1\" content=\"Tiempo de lectura\" \/>\n\t<meta name=\"twitter:data1\" content=\"2 minutos\" \/>\n<script type=\"application\/ld+json\" class=\"yoast-schema-graph\">{\"@context\":\"https:\\\/\\\/schema.org\",\"@graph\":[{\"@type\":\"WebPage\",\"@id\":\"https:\\\/\\\/www.cruillabarcelona.cat\\\/es\\\/artists\\\/goran-bregovic\\\/\",\"url\":\"https:\\\/\\\/www.cruillabarcelona.cat\\\/es\\\/artists\\\/goran-bregovic\\\/\",\"name\":\"Concierto de Goran Bregovi\u0107 en el Festival Cru\u00eflla, 10 de julio 2025\",\"isPartOf\":{\"@id\":\"https:\\\/\\\/www.cruillabarcelona.cat\\\/es\\\/#website\"},\"primaryImageOfPage\":{\"@id\":\"https:\\\/\\\/www.cruillabarcelona.cat\\\/es\\\/artists\\\/goran-bregovic\\\/#primaryimage\"},\"image\":{\"@id\":\"https:\\\/\\\/www.cruillabarcelona.cat\\\/es\\\/artists\\\/goran-bregovic\\\/#primaryimage\"},\"thumbnailUrl\":\"https:\\\/\\\/www.cruillabarcelona.cat\\\/wp-content\\\/uploads\\\/2025\\\/01\\\/Goran_waifu2x_photo_noise1_scale_edit-1.jpeg\",\"datePublished\":\"2025-02-06T11:53:07+00:00\",\"dateModified\":\"2025-06-04T09:03:02+00:00\",\"description\":\"Compra entradas para el concierto de Goran Bregovi\u0107 en el Festival Cru\u00eflla 2025, el 10 de julio en el Parc del F\u00f2rum de Barcelona\",\"breadcrumb\":{\"@id\":\"https:\\\/\\\/www.cruillabarcelona.cat\\\/es\\\/artists\\\/goran-bregovic\\\/#breadcrumb\"},\"inLanguage\":\"es\",\"potentialAction\":[{\"@type\":\"ReadAction\",\"target\":[\"https:\\\/\\\/www.cruillabarcelona.cat\\\/es\\\/artists\\\/goran-bregovic\\\/\"]}]},{\"@type\":\"ImageObject\",\"inLanguage\":\"es\",\"@id\":\"https:\\\/\\\/www.cruillabarcelona.cat\\\/es\\\/artists\\\/goran-bregovic\\\/#primaryimage\",\"url\":\"https:\\\/\\\/www.cruillabarcelona.cat\\\/wp-content\\\/uploads\\\/2025\\\/01\\\/Goran_waifu2x_photo_noise1_scale_edit-1.jpeg\",\"contentUrl\":\"https:\\\/\\\/www.cruillabarcelona.cat\\\/wp-content\\\/uploads\\\/2025\\\/01\\\/Goran_waifu2x_photo_noise1_scale_edit-1.jpeg\",\"width\":1000,\"height\":1000},{\"@type\":\"BreadcrumbList\",\"@id\":\"https:\\\/\\\/www.cruillabarcelona.cat\\\/es\\\/artists\\\/goran-bregovic\\\/#breadcrumb\",\"itemListElement\":[{\"@type\":\"ListItem\",\"position\":1,\"name\":\"Home\",\"item\":\"https:\\\/\\\/www.cruillabarcelona.cat\\\/es\\\/\"},{\"@type\":\"ListItem\",\"position\":2,\"name\":\"Goran Bregovi\u0107\"}]},{\"@type\":\"WebSite\",\"@id\":\"https:\\\/\\\/www.cruillabarcelona.cat\\\/es\\\/#website\",\"url\":\"https:\\\/\\\/www.cruillabarcelona.cat\\\/es\\\/\",\"name\":\"Festival Cru\u00eflla\",\"description\":\"\",\"publisher\":{\"@id\":\"https:\\\/\\\/www.cruillabarcelona.cat\\\/es\\\/#organization\"},\"potentialAction\":[{\"@type\":\"SearchAction\",\"target\":{\"@type\":\"EntryPoint\",\"urlTemplate\":\"https:\\\/\\\/www.cruillabarcelona.cat\\\/es\\\/?s={search_term_string}\"},\"query-input\":{\"@type\":\"PropertyValueSpecification\",\"valueRequired\":true,\"valueName\":\"search_term_string\"}}],\"inLanguage\":\"es\"},{\"@type\":\"Organization\",\"@id\":\"https:\\\/\\\/www.cruillabarcelona.cat\\\/es\\\/#organization\",\"name\":\"Festival Cru\u00eflla\",\"url\":\"https:\\\/\\\/www.cruillabarcelona.cat\\\/es\\\/\",\"logo\":{\"@type\":\"ImageObject\",\"inLanguage\":\"es\",\"@id\":\"https:\\\/\\\/www.cruillabarcelona.cat\\\/es\\\/#\\\/schema\\\/logo\\\/image\\\/\",\"url\":\"https:\\\/\\\/www.cruillabarcelona.cat\\\/wp-content\\\/uploads\\\/2025\\\/12\\\/cruill-logo-negativo.png\",\"contentUrl\":\"https:\\\/\\\/www.cruillabarcelona.cat\\\/wp-content\\\/uploads\\\/2025\\\/12\\\/cruill-logo-negativo.png\",\"width\":400,\"height\":101,\"caption\":\"Festival Cru\u00eflla\"},\"image\":{\"@id\":\"https:\\\/\\\/www.cruillabarcelona.cat\\\/es\\\/#\\\/schema\\\/logo\\\/image\\\/\"}}]}<\/script>\n<!-- \/ Yoast SEO plugin. -->","yoast_head_json":{"title":"Concierto de Goran Bregovi\u0107 en el Festival Cru\u00eflla, 10 de julio 2025","description":"Compra entradas para el concierto de Goran Bregovi\u0107 en el Festival Cru\u00eflla 2025, el 10 de julio en el Parc del F\u00f2rum de Barcelona","robots":{"index":"index","follow":"follow","max-snippet":"max-snippet:-1","max-image-preview":"max-image-preview:large","max-video-preview":"max-video-preview:-1"},"canonical":"https:\/\/www.cruillabarcelona.cat\/es\/artists\/goran-bregovic\/","og_locale":"es_ES","og_type":"article","og_title":"Concierto de Goran Bregovi\u0107 en el Festival Cru\u00eflla, 10 de julio 2025","og_description":"Compra entradas para el concierto de Goran Bregovi\u0107 en el Festival Cru\u00eflla 2025, el 10 de julio en el Parc del F\u00f2rum de Barcelona","og_url":"https:\/\/www.cruillabarcelona.cat\/es\/artists\/goran-bregovic\/","og_site_name":"Festival Cru\u00eflla","article_modified_time":"2025-06-04T09:03:02+00:00","og_image":[{"width":1000,"height":1000,"url":"https:\/\/www.cruillabarcelona.cat\/wp-content\/uploads\/2025\/01\/Goran_waifu2x_photo_noise1_scale_edit-1.jpeg","type":"image\/jpeg"}],"twitter_card":"summary_large_image","twitter_misc":{"Tiempo de lectura":"2 minutos"},"schema":{"@context":"https:\/\/schema.org","@graph":[{"@type":"WebPage","@id":"https:\/\/www.cruillabarcelona.cat\/es\/artists\/goran-bregovic\/","url":"https:\/\/www.cruillabarcelona.cat\/es\/artists\/goran-bregovic\/","name":"Concierto de Goran Bregovi\u0107 en el Festival Cru\u00eflla, 10 de julio 2025","isPartOf":{"@id":"https:\/\/www.cruillabarcelona.cat\/es\/#website"},"primaryImageOfPage":{"@id":"https:\/\/www.cruillabarcelona.cat\/es\/artists\/goran-bregovic\/#primaryimage"},"image":{"@id":"https:\/\/www.cruillabarcelona.cat\/es\/artists\/goran-bregovic\/#primaryimage"},"thumbnailUrl":"https:\/\/www.cruillabarcelona.cat\/wp-content\/uploads\/2025\/01\/Goran_waifu2x_photo_noise1_scale_edit-1.jpeg","datePublished":"2025-02-06T11:53:07+00:00","dateModified":"2025-06-04T09:03:02+00:00","description":"Compra entradas para el concierto de Goran Bregovi\u0107 en el Festival Cru\u00eflla 2025, el 10 de julio en el Parc del F\u00f2rum de Barcelona","breadcrumb":{"@id":"https:\/\/www.cruillabarcelona.cat\/es\/artists\/goran-bregovic\/#breadcrumb"},"inLanguage":"es","potentialAction":[{"@type":"ReadAction","target":["https:\/\/www.cruillabarcelona.cat\/es\/artists\/goran-bregovic\/"]}]},{"@type":"ImageObject","inLanguage":"es","@id":"https:\/\/www.cruillabarcelona.cat\/es\/artists\/goran-bregovic\/#primaryimage","url":"https:\/\/www.cruillabarcelona.cat\/wp-content\/uploads\/2025\/01\/Goran_waifu2x_photo_noise1_scale_edit-1.jpeg","contentUrl":"https:\/\/www.cruillabarcelona.cat\/wp-content\/uploads\/2025\/01\/Goran_waifu2x_photo_noise1_scale_edit-1.jpeg","width":1000,"height":1000},{"@type":"BreadcrumbList","@id":"https:\/\/www.cruillabarcelona.cat\/es\/artists\/goran-bregovic\/#breadcrumb","itemListElement":[{"@type":"ListItem","position":1,"name":"Home","item":"https:\/\/www.cruillabarcelona.cat\/es\/"},{"@type":"ListItem","position":2,"name":"Goran Bregovi\u0107"}]},{"@type":"WebSite","@id":"https:\/\/www.cruillabarcelona.cat\/es\/#website","url":"https:\/\/www.cruillabarcelona.cat\/es\/","name":"Festival Cru\u00eflla","description":"","publisher":{"@id":"https:\/\/www.cruillabarcelona.cat\/es\/#organization"},"potentialAction":[{"@type":"SearchAction","target":{"@type":"EntryPoint","urlTemplate":"https:\/\/www.cruillabarcelona.cat\/es\/?s={search_term_string}"},"query-input":{"@type":"PropertyValueSpecification","valueRequired":true,"valueName":"search_term_string"}}],"inLanguage":"es"},{"@type":"Organization","@id":"https:\/\/www.cruillabarcelona.cat\/es\/#organization","name":"Festival Cru\u00eflla","url":"https:\/\/www.cruillabarcelona.cat\/es\/","logo":{"@type":"ImageObject","inLanguage":"es","@id":"https:\/\/www.cruillabarcelona.cat\/es\/#\/schema\/logo\/image\/","url":"https:\/\/www.cruillabarcelona.cat\/wp-content\/uploads\/2025\/12\/cruill-logo-negativo.png","contentUrl":"https:\/\/www.cruillabarcelona.cat\/wp-content\/uploads\/2025\/12\/cruill-logo-negativo.png","width":400,"height":101,"caption":"Festival Cru\u00eflla"},"image":{"@id":"https:\/\/www.cruillabarcelona.cat\/es\/#\/schema\/logo\/image\/"}}]}},"_links":{"self":[{"href":"https:\/\/www.cruillabarcelona.cat\/es\/wp-json\/wp\/v2\/artists\/55909","targetHints":{"allow":["GET"]}}],"collection":[{"href":"https:\/\/www.cruillabarcelona.cat\/es\/wp-json\/wp\/v2\/artists"}],"about":[{"href":"https:\/\/www.cruillabarcelona.cat\/es\/wp-json\/wp\/v2\/types\/artists"}],"acf:term":[{"embeddable":true,"taxonomy":"artists_location","href":"https:\/\/www.cruillabarcelona.cat\/es\/wp-json\/wp\/v2\/artists_location\/875"},{"embeddable":true,"taxonomy":"artists_edition","href":"https:\/\/www.cruillabarcelona.cat\/es\/wp-json\/wp\/v2\/artists_edition\/893"}],"wp:featuredmedia":[{"embeddable":true,"href":"https:\/\/www.cruillabarcelona.cat\/es\/wp-json\/wp\/v2\/media\/55893"}],"wp:attachment":[{"href":"https:\/\/www.cruillabarcelona.cat\/es\/wp-json\/wp\/v2\/media?parent=55909"}],"wp:term":[{"taxonomy":"artists_edition","embeddable":true,"href":"https:\/\/www.cruillabarcelona.cat\/es\/wp-json\/wp\/v2\/artists_edition?post=55909"}],"curies":[{"name":"wp","href":"https:\/\/api.w.org\/{rel}","templated":true}]}}