{"id":56186,"date":"2025-02-06T13:52:20","date_gmt":"2025-02-06T11:52:20","guid":{"rendered":"https:\/\/www.cruillabarcelona.cat\/?post_type=artists&#038;p=56186"},"modified":"2025-06-04T11:01:14","modified_gmt":"2025-06-04T09:01:14","slug":"st-vincent","status":"publish","type":"artists","link":"https:\/\/www.cruillabarcelona.cat\/es\/artists\/st-vincent\/","title":{"rendered":"St. Vincent"},"content":{"rendered":"<h2>\u00a1St. Vincent EN EL FESTIVAL CRU\u00cfLLA 2025!<\/h2>\n<h3>El regreso de la vanguardia<\/h3>\n<p>El mundo de la\u00a0<strong>m\u00fasica alternativa<\/strong>\u00a0tiene un nombre que resuena con fuerza y genialidad:\u00a0<strong>St. Vincent.\u00a0<\/strong>Esta artista, cantante, compositora y productora de Nashville, ha logrado\u00a0<strong>romper los l\u00edmites del rock y la m\u00fasica experimental,\u00a0<\/strong>creando un\u00a0<strong>sonido \u00fanico<\/strong>\u00a0que fusiona la electricidad de la guitarra con texturas electr\u00f3nicas y melod\u00edas sofisticadas. Desde su debut &#8216;<strong>Marry Me<\/strong>&#8216; hasta el aclamado &#8216;<strong>MASSEDUCTION<\/strong>&#8216;, ha cautivado tanto a la cr\u00edtica como a los fans con su\u00a0<strong>visi\u00f3n vanguardista<\/strong>\u00a0y su<strong>\u00a0inconfundible personalidad sonora.<\/strong><\/p>\n<p>Despu\u00e9s de conquistar los escenarios de todo el mundo, regresa al\u00a0<strong>Festival Cru\u00eflla<\/strong>\u00a0el\u00a0<strong>jueves 10 de julio de 2025\u00a0<\/strong>para presentarnos un espect\u00e1culo inigualable, donde su\u00a0<strong>caracter\u00edstico carisma en el escenario<\/strong>\u00a0y su habilidad para fusionar el pop con la vanguardia nos har\u00e1n vivir una experiencia llena de\u00a0<strong>pura energ\u00eda creativa.\u00a0<\/strong>Su sonido, a la vez arriesgado y mel\u00f3dico, convierte cada concierto en una\u00a0<strong>fiesta sonora<\/strong>, con un estilo que no deja indiferente a nadie.<\/p>\n<hr \/>\n<p style=\"text-align: center;\"><em><b>Compra aqu\u00ed tus entradas para el Festival Cru\u00eflla 2025<\/b><\/em><\/p>\n<p style=\"text-align: center;\"><a class=\"efsbutton button \" target=\"_blank\">ENTRADAS<\/a><\/p>\n<hr \/>\n<p>Tras su \u00e1lbum &#8216;<strong>Daddy&#8217;s Home<\/strong>&#8216;, uno de los m\u00e1s sorprendentes y personalmente reveladores de su carrera, St. Vincent sigue manteni\u00e9ndose a\u00a0<strong>la vanguardia de la m\u00fasica moderna<\/strong>. Con una mezcla de sonidos retro y contempor\u00e1neos, el \u00e1lbum\u00a0<strong>explora las relaciones personales<\/strong>\u00a0y la complejidad de la vida en un estilo que hace que el oyente se sumerja por completo en cada nota.<\/p>\n<p>Este verano,\u00a0<strong>St. Vincent<\/strong>\u00a0nos cautivar\u00e1 en el\u00a0<strong>Parc del F\u00f2rum de Barcelona<\/strong>\u00a0con un concierto que ser\u00e1 todo un viaje sonoro marcado por su\u00a0<strong>originalidad y profundidad.<\/strong>\u00a0\u00a1Prep\u00e1rate para vivir una experiencia inolvidable en el Festival Cru\u00eflla, donde la artista nos mostrar\u00e1, una vez m\u00e1s, por qu\u00e9 es una de las creadoras\u00a0<strong>m\u00e1s innovadoras<\/strong>\u00a0de la m\u00fasica actual!<\/p>\n<!-- auto-added video if acf\/single-artist-video not used  --> <iframe style=\"width: 100%;max-width: 100%;height: auto;aspect-ratio: 16 \/ 9;\" src=\"https:\/\/www.youtube-nocookie.com\/embed\/RYJxPg6quL4\" frameborder=\"0\" allow=\"accelerometer; autoplay; encrypted-media; gyroscope; picture-in-picture\" allowfullscreen><\/iframe>","protected":false},"featured_media":56225,"template":"","meta":{"_acf_changed":false},"artists_edition":[893],"class_list":["post-56186","artists","type-artists","status-publish","has-post-thumbnail","hentry","artists_location-escenari-occident","artists_edition-893"],"acf":{"_thumbnail_id":56225,"youtube_player":"RYJxPg6quL4","artist_edition":[893],"artist_date":"20250710","artist_time":"21:45","artist_time_2":"","artist_location":[889],"artist_ticket_url":"https:\/\/www.cruillabarcelona.cat\/es\/tickets\/","artist_ticket_status":"","artist_extra_date__show":false,"artist_extra_date_2":null,"artist_time_of_date2":"","artist_extra_date_3":null,"artist_time_of_date3":"","artist_extra_date_4":null,"artist_time_of_date4":"","artist_extra_date_5":null,"artist_time_of_date5":"","artist_date__show_month":true,"artist_sidebar_active":true,"show_in_agenda":true,"artist_sidebar__banner_img":"","artist_sidebar__banner_link":"","artist_hero_content":"Festival Cru\u00eflla 2025","artist_style":false,"artist_nationality":false,"artist_audience_age":false},"yoast_head":"<!-- This site is optimized with the Yoast SEO plugin v27.5 - https:\/\/yoast.com\/product\/yoast-seo-wordpress\/ -->\n<title>Concierto de St. Vincent en el Festival Cru\u00eflla, el 10 de julio en Barcelona<\/title>\n<meta name=\"description\" content=\"Compra entradas para el concierto de St. Vincent en el Festival Cru\u00eflla 2025, el 10 de julio en el Parc del F\u00f2rum de Barcelona\" \/>\n<meta name=\"robots\" content=\"index, follow, max-snippet:-1, max-image-preview:large, max-video-preview:-1\" \/>\n<link rel=\"canonical\" href=\"https:\/\/www.cruillabarcelona.cat\/es\/artists\/st-vincent\/\" \/>\n<meta property=\"og:locale\" content=\"es_ES\" \/>\n<meta property=\"og:type\" content=\"article\" \/>\n<meta property=\"og:title\" content=\"Concierto de St. Vincent en el Festival Cru\u00eflla, el 10 de julio en Barcelona\" \/>\n<meta property=\"og:description\" content=\"Compra entradas para el concierto de St. Vincent en el Festival Cru\u00eflla 2025, el 10 de julio en el Parc del F\u00f2rum de Barcelona\" \/>\n<meta property=\"og:url\" content=\"https:\/\/www.cruillabarcelona.cat\/es\/artists\/st-vincent\/\" \/>\n<meta property=\"og:site_name\" content=\"Festival Cru\u00eflla\" \/>\n<meta property=\"article:modified_time\" content=\"2025-06-04T09:01:14+00:00\" \/>\n<meta property=\"og:image\" content=\"https:\/\/www.cruillabarcelona.cat\/wp-content\/uploads\/2025\/02\/General-Circulation-231119_Shot_05_1457_RT2_FNL-1.jpg\" \/>\n\t<meta property=\"og:image:width\" content=\"1000\" \/>\n\t<meta property=\"og:image:height\" content=\"1000\" \/>\n\t<meta property=\"og:image:type\" content=\"image\/jpeg\" \/>\n<meta name=\"twitter:card\" content=\"summary_large_image\" \/>\n<meta name=\"twitter:label1\" content=\"Tiempo de lectura\" \/>\n\t<meta name=\"twitter:data1\" content=\"2 minutos\" \/>\n<script type=\"application\/ld+json\" class=\"yoast-schema-graph\">{\"@context\":\"https:\\\/\\\/schema.org\",\"@graph\":[{\"@type\":\"WebPage\",\"@id\":\"https:\\\/\\\/www.cruillabarcelona.cat\\\/es\\\/artists\\\/st-vincent\\\/\",\"url\":\"https:\\\/\\\/www.cruillabarcelona.cat\\\/es\\\/artists\\\/st-vincent\\\/\",\"name\":\"Concierto de St. Vincent en el Festival Cru\u00eflla, el 10 de julio en Barcelona\",\"isPartOf\":{\"@id\":\"https:\\\/\\\/www.cruillabarcelona.cat\\\/es\\\/#website\"},\"primaryImageOfPage\":{\"@id\":\"https:\\\/\\\/www.cruillabarcelona.cat\\\/es\\\/artists\\\/st-vincent\\\/#primaryimage\"},\"image\":{\"@id\":\"https:\\\/\\\/www.cruillabarcelona.cat\\\/es\\\/artists\\\/st-vincent\\\/#primaryimage\"},\"thumbnailUrl\":\"https:\\\/\\\/www.cruillabarcelona.cat\\\/wp-content\\\/uploads\\\/2025\\\/02\\\/General-Circulation-231119_Shot_05_1457_RT2_FNL-1.jpg\",\"datePublished\":\"2025-02-06T11:52:20+00:00\",\"dateModified\":\"2025-06-04T09:01:14+00:00\",\"description\":\"Compra entradas para el concierto de St. Vincent en el Festival Cru\u00eflla 2025, el 10 de julio en el Parc del F\u00f2rum de Barcelona\",\"breadcrumb\":{\"@id\":\"https:\\\/\\\/www.cruillabarcelona.cat\\\/es\\\/artists\\\/st-vincent\\\/#breadcrumb\"},\"inLanguage\":\"es\",\"potentialAction\":[{\"@type\":\"ReadAction\",\"target\":[\"https:\\\/\\\/www.cruillabarcelona.cat\\\/es\\\/artists\\\/st-vincent\\\/\"]}]},{\"@type\":\"ImageObject\",\"inLanguage\":\"es\",\"@id\":\"https:\\\/\\\/www.cruillabarcelona.cat\\\/es\\\/artists\\\/st-vincent\\\/#primaryimage\",\"url\":\"https:\\\/\\\/www.cruillabarcelona.cat\\\/wp-content\\\/uploads\\\/2025\\\/02\\\/General-Circulation-231119_Shot_05_1457_RT2_FNL-1.jpg\",\"contentUrl\":\"https:\\\/\\\/www.cruillabarcelona.cat\\\/wp-content\\\/uploads\\\/2025\\\/02\\\/General-Circulation-231119_Shot_05_1457_RT2_FNL-1.jpg\",\"width\":1000,\"height\":1000},{\"@type\":\"BreadcrumbList\",\"@id\":\"https:\\\/\\\/www.cruillabarcelona.cat\\\/es\\\/artists\\\/st-vincent\\\/#breadcrumb\",\"itemListElement\":[{\"@type\":\"ListItem\",\"position\":1,\"name\":\"Home\",\"item\":\"https:\\\/\\\/www.cruillabarcelona.cat\\\/es\\\/\"},{\"@type\":\"ListItem\",\"position\":2,\"name\":\"St. Vincent\"}]},{\"@type\":\"WebSite\",\"@id\":\"https:\\\/\\\/www.cruillabarcelona.cat\\\/es\\\/#website\",\"url\":\"https:\\\/\\\/www.cruillabarcelona.cat\\\/es\\\/\",\"name\":\"Festival Cru\u00eflla\",\"description\":\"\",\"publisher\":{\"@id\":\"https:\\\/\\\/www.cruillabarcelona.cat\\\/es\\\/#organization\"},\"potentialAction\":[{\"@type\":\"SearchAction\",\"target\":{\"@type\":\"EntryPoint\",\"urlTemplate\":\"https:\\\/\\\/www.cruillabarcelona.cat\\\/es\\\/?s={search_term_string}\"},\"query-input\":{\"@type\":\"PropertyValueSpecification\",\"valueRequired\":true,\"valueName\":\"search_term_string\"}}],\"inLanguage\":\"es\"},{\"@type\":\"Organization\",\"@id\":\"https:\\\/\\\/www.cruillabarcelona.cat\\\/es\\\/#organization\",\"name\":\"Festival Cru\u00eflla\",\"url\":\"https:\\\/\\\/www.cruillabarcelona.cat\\\/es\\\/\",\"logo\":{\"@type\":\"ImageObject\",\"inLanguage\":\"es\",\"@id\":\"https:\\\/\\\/www.cruillabarcelona.cat\\\/es\\\/#\\\/schema\\\/logo\\\/image\\\/\",\"url\":\"https:\\\/\\\/www.cruillabarcelona.cat\\\/wp-content\\\/uploads\\\/2025\\\/12\\\/cruill-logo-negativo.png\",\"contentUrl\":\"https:\\\/\\\/www.cruillabarcelona.cat\\\/wp-content\\\/uploads\\\/2025\\\/12\\\/cruill-logo-negativo.png\",\"width\":400,\"height\":101,\"caption\":\"Festival Cru\u00eflla\"},\"image\":{\"@id\":\"https:\\\/\\\/www.cruillabarcelona.cat\\\/es\\\/#\\\/schema\\\/logo\\\/image\\\/\"}}]}<\/script>\n<!-- \/ Yoast SEO plugin. -->","yoast_head_json":{"title":"Concierto de St. Vincent en el Festival Cru\u00eflla, el 10 de julio en Barcelona","description":"Compra entradas para el concierto de St. Vincent en el Festival Cru\u00eflla 2025, el 10 de julio en el Parc del F\u00f2rum de Barcelona","robots":{"index":"index","follow":"follow","max-snippet":"max-snippet:-1","max-image-preview":"max-image-preview:large","max-video-preview":"max-video-preview:-1"},"canonical":"https:\/\/www.cruillabarcelona.cat\/es\/artists\/st-vincent\/","og_locale":"es_ES","og_type":"article","og_title":"Concierto de St. Vincent en el Festival Cru\u00eflla, el 10 de julio en Barcelona","og_description":"Compra entradas para el concierto de St. Vincent en el Festival Cru\u00eflla 2025, el 10 de julio en el Parc del F\u00f2rum de Barcelona","og_url":"https:\/\/www.cruillabarcelona.cat\/es\/artists\/st-vincent\/","og_site_name":"Festival Cru\u00eflla","article_modified_time":"2025-06-04T09:01:14+00:00","og_image":[{"width":1000,"height":1000,"url":"https:\/\/www.cruillabarcelona.cat\/wp-content\/uploads\/2025\/02\/General-Circulation-231119_Shot_05_1457_RT2_FNL-1.jpg","type":"image\/jpeg"}],"twitter_card":"summary_large_image","twitter_misc":{"Tiempo de lectura":"2 minutos"},"schema":{"@context":"https:\/\/schema.org","@graph":[{"@type":"WebPage","@id":"https:\/\/www.cruillabarcelona.cat\/es\/artists\/st-vincent\/","url":"https:\/\/www.cruillabarcelona.cat\/es\/artists\/st-vincent\/","name":"Concierto de St. Vincent en el Festival Cru\u00eflla, el 10 de julio en Barcelona","isPartOf":{"@id":"https:\/\/www.cruillabarcelona.cat\/es\/#website"},"primaryImageOfPage":{"@id":"https:\/\/www.cruillabarcelona.cat\/es\/artists\/st-vincent\/#primaryimage"},"image":{"@id":"https:\/\/www.cruillabarcelona.cat\/es\/artists\/st-vincent\/#primaryimage"},"thumbnailUrl":"https:\/\/www.cruillabarcelona.cat\/wp-content\/uploads\/2025\/02\/General-Circulation-231119_Shot_05_1457_RT2_FNL-1.jpg","datePublished":"2025-02-06T11:52:20+00:00","dateModified":"2025-06-04T09:01:14+00:00","description":"Compra entradas para el concierto de St. Vincent en el Festival Cru\u00eflla 2025, el 10 de julio en el Parc del F\u00f2rum de Barcelona","breadcrumb":{"@id":"https:\/\/www.cruillabarcelona.cat\/es\/artists\/st-vincent\/#breadcrumb"},"inLanguage":"es","potentialAction":[{"@type":"ReadAction","target":["https:\/\/www.cruillabarcelona.cat\/es\/artists\/st-vincent\/"]}]},{"@type":"ImageObject","inLanguage":"es","@id":"https:\/\/www.cruillabarcelona.cat\/es\/artists\/st-vincent\/#primaryimage","url":"https:\/\/www.cruillabarcelona.cat\/wp-content\/uploads\/2025\/02\/General-Circulation-231119_Shot_05_1457_RT2_FNL-1.jpg","contentUrl":"https:\/\/www.cruillabarcelona.cat\/wp-content\/uploads\/2025\/02\/General-Circulation-231119_Shot_05_1457_RT2_FNL-1.jpg","width":1000,"height":1000},{"@type":"BreadcrumbList","@id":"https:\/\/www.cruillabarcelona.cat\/es\/artists\/st-vincent\/#breadcrumb","itemListElement":[{"@type":"ListItem","position":1,"name":"Home","item":"https:\/\/www.cruillabarcelona.cat\/es\/"},{"@type":"ListItem","position":2,"name":"St. Vincent"}]},{"@type":"WebSite","@id":"https:\/\/www.cruillabarcelona.cat\/es\/#website","url":"https:\/\/www.cruillabarcelona.cat\/es\/","name":"Festival Cru\u00eflla","description":"","publisher":{"@id":"https:\/\/www.cruillabarcelona.cat\/es\/#organization"},"potentialAction":[{"@type":"SearchAction","target":{"@type":"EntryPoint","urlTemplate":"https:\/\/www.cruillabarcelona.cat\/es\/?s={search_term_string}"},"query-input":{"@type":"PropertyValueSpecification","valueRequired":true,"valueName":"search_term_string"}}],"inLanguage":"es"},{"@type":"Organization","@id":"https:\/\/www.cruillabarcelona.cat\/es\/#organization","name":"Festival Cru\u00eflla","url":"https:\/\/www.cruillabarcelona.cat\/es\/","logo":{"@type":"ImageObject","inLanguage":"es","@id":"https:\/\/www.cruillabarcelona.cat\/es\/#\/schema\/logo\/image\/","url":"https:\/\/www.cruillabarcelona.cat\/wp-content\/uploads\/2025\/12\/cruill-logo-negativo.png","contentUrl":"https:\/\/www.cruillabarcelona.cat\/wp-content\/uploads\/2025\/12\/cruill-logo-negativo.png","width":400,"height":101,"caption":"Festival Cru\u00eflla"},"image":{"@id":"https:\/\/www.cruillabarcelona.cat\/es\/#\/schema\/logo\/image\/"}}]}},"_links":{"self":[{"href":"https:\/\/www.cruillabarcelona.cat\/es\/wp-json\/wp\/v2\/artists\/56186","targetHints":{"allow":["GET"]}}],"collection":[{"href":"https:\/\/www.cruillabarcelona.cat\/es\/wp-json\/wp\/v2\/artists"}],"about":[{"href":"https:\/\/www.cruillabarcelona.cat\/es\/wp-json\/wp\/v2\/types\/artists"}],"acf:term":[{"embeddable":true,"taxonomy":"artists_location","href":"https:\/\/www.cruillabarcelona.cat\/es\/wp-json\/wp\/v2\/artists_location\/889"},{"embeddable":true,"taxonomy":"artists_edition","href":"https:\/\/www.cruillabarcelona.cat\/es\/wp-json\/wp\/v2\/artists_edition\/893"}],"wp:featuredmedia":[{"embeddable":true,"href":"https:\/\/www.cruillabarcelona.cat\/es\/wp-json\/wp\/v2\/media\/56225"}],"wp:attachment":[{"href":"https:\/\/www.cruillabarcelona.cat\/es\/wp-json\/wp\/v2\/media?parent=56186"}],"wp:term":[{"taxonomy":"artists_edition","embeddable":true,"href":"https:\/\/www.cruillabarcelona.cat\/es\/wp-json\/wp\/v2\/artists_edition?post=56186"}],"curies":[{"name":"wp","href":"https:\/\/api.w.org\/{rel}","templated":true}]}}