{"id":57940,"date":"2025-05-22T11:59:20","date_gmt":"2025-05-22T09:59:20","guid":{"rendered":"https:\/\/www.cruillabarcelona.cat\/?post_type=artists&#038;p=57940"},"modified":"2025-06-04T10:54:45","modified_gmt":"2025-06-04T08:54:45","slug":"modelo","status":"publish","type":"artists","link":"https:\/\/www.cruillabarcelona.cat\/es\/artists\/modelo\/","title":{"rendered":"MODELO"},"content":{"rendered":"<h2>\u00a1MODELO EN CONCIERTO EN EL FESTIVAL CRU\u00cfLLA 2025!<\/h2>\n<h3>El sonido de la calle, el alma del directo<\/h3>\n<p class=\"\" data-start=\"63\" data-end=\"374\">El concurso <strong>Vichy Catalan Sabors Music Sessions<\/strong> reafirma su compromiso con el <strong>talento emergente<\/strong> del pa\u00eds, buscando dar visibilidad a nuevos artistas musicales y apoyar sus trayectorias con oportunidades reales de crecimiento profesional. \u00a1Y este a\u00f1o contaremos con la banda ganadora en el Festival Cru\u00eflla 2025!<\/p>\n<p class=\"\" data-start=\"376\" data-end=\"741\">Con un pie en las calles de Brighton y el otro en los grandes escenarios, <strong>MODELO<\/strong> ha forjado una <strong>identidad propia<\/strong> que combina la esencia <em data-start=\"512\" data-end=\"520\">busker<\/em> con la energ\u00eda de los festivales. Este d\u00fao zaragozano, formado por un ukelele y una bater\u00eda de juguete, ha convertido su m\u00fasica en una <strong>celebraci\u00f3n del momento presente,<\/strong> llena de buen rollo, amor, encuentros y despedidas.<\/p>\n<p class=\"\" data-start=\"743\" data-end=\"1149\">Tras ser descubiertos por la m\u00edtica banda brit\u00e1nica UB40 y recorrer el mundo como parte de su equipo t\u00e9cnico, MODELO decidi\u00f3 dar un paso al frente y apostar por su propio camino. Con m\u00e1s de 50 conciertos por toda Espa\u00f1a, han demostrado que el <em data-start=\"986\" data-end=\"995\">busking<\/em> no es solo un punto de partida, sino toda una filosof\u00eda. \u00a1Y el pr\u00f3ximo <strong>mi\u00e9rcoles 9 de julio<\/strong> podremos vivirlo de primera mano en el <strong>Festival Cru\u00eflla 2025<\/strong>!<\/p>\n<hr \/>\n<p style=\"text-align: center;\"><em><b>Compra aqu\u00ed tus entradas para el Festival Cru\u00eflla 2025<\/b><\/em><\/p>\n<p style=\"text-align: center;\"><a class=\"efsbutton button \" target=\"_blank\">ENTRADAS<\/a><\/p>\n<hr \/>\n<p class=\"\" data-start=\"1151\" data-end=\"1497\">Con canciones como \u201c<strong>TODO BIEN<\/strong>\u201d \u2014que lleg\u00f3 al TOP 4 de Tendencias en Instagram Espa\u00f1a\u2014 y un directo que es mucho m\u00e1s que m\u00fasica, MODELO <strong>conecta con el p\u00fablico de forma org\u00e1nica<\/strong>, entre risas, historias y mucha cercan\u00eda. Su propuesta combina la simplicidad de la calle con una producci\u00f3n potente y actual que brilla especialmente sobre el escenario.<\/p>\n<p class=\"\" data-start=\"1499\" data-end=\"1693\">Este 2025, llegan al Festival Cru\u00eflla para compartir su <strong>esp\u00edritu libre y festivo<\/strong>. MODELO nos invita a vivir el presente y disfrutar de momentos compartidos que, sin duda, quedar\u00e1n en la memoria.<\/p>\n<!-- auto-added video if acf\/single-artist-video not used  --> <iframe style=\"width: 100%;max-width: 100%;height: auto;aspect-ratio: 16 \/ 9;\" src=\"https:\/\/www.youtube-nocookie.com\/embed\/gFaYkDvZaSw\" frameborder=\"0\" allow=\"accelerometer; autoplay; encrypted-media; gyroscope; picture-in-picture\" allowfullscreen><\/iframe>","protected":false},"featured_media":57938,"template":"","meta":{"_acf_changed":false},"artists_edition":[893],"class_list":["post-57940","artists","type-artists","status-publish","has-post-thumbnail","hentry","artists_location-escenari-vichy-catalan","artists_edition-893"],"acf":{"_thumbnail_id":57938,"youtube_player":"gFaYkDvZaSw","artist_edition":[893],"artist_date":"20250709","artist_time":"17:00","artist_time_2":"","artist_location":[896],"artist_ticket_url":"https:\/\/www.cruillabarcelona.cat\/es\/tickets\/","artist_ticket_status":"","artist_extra_date__show":false,"artist_extra_date_2":null,"artist_time_of_date2":"","artist_extra_date_3":null,"artist_time_of_date3":"","artist_extra_date_4":null,"artist_time_of_date4":"","artist_extra_date_5":null,"artist_time_of_date5":"","artist_date__show_month":true,"artist_sidebar_active":true,"show_in_agenda":true,"artist_sidebar__banner_img":"","artist_sidebar__banner_link":"","artist_hero_content":"Festival Cru\u00eflla 2025","artist_style":false,"artist_nationality":false,"artist_audience_age":false},"yoast_head":"<!-- This site is optimized with the Yoast SEO plugin v27.4 - https:\/\/yoast.com\/product\/yoast-seo-wordpress\/ -->\n<title>Concierto de MODELO en el Festival Cru\u00eflla, el 9 de julio en Barcelona<\/title>\n<meta name=\"description\" content=\"Compra entradas para el concierto de MODELO en el Festival Cru\u00eflla 2025, el 9 de julio en el Parc del F\u00f2rum de Barcelona\" \/>\n<meta name=\"robots\" content=\"index, follow, max-snippet:-1, max-image-preview:large, max-video-preview:-1\" \/>\n<link rel=\"canonical\" href=\"https:\/\/www.cruillabarcelona.cat\/es\/artists\/modelo\/\" \/>\n<meta property=\"og:locale\" content=\"es_ES\" \/>\n<meta property=\"og:type\" content=\"article\" \/>\n<meta property=\"og:title\" content=\"Concierto de MODELO en el Festival Cru\u00eflla, el 9 de julio en Barcelona\" \/>\n<meta property=\"og:description\" content=\"Compra entradas para el concierto de MODELO en el Festival Cru\u00eflla 2025, el 9 de julio en el Parc del F\u00f2rum de Barcelona\" \/>\n<meta property=\"og:url\" content=\"https:\/\/www.cruillabarcelona.cat\/es\/artists\/modelo\/\" \/>\n<meta property=\"og:site_name\" content=\"Festival Cru\u00eflla\" \/>\n<meta property=\"article:modified_time\" content=\"2025-06-04T08:54:45+00:00\" \/>\n<meta property=\"og:image\" content=\"https:\/\/www.cruillabarcelona.cat\/wp-content\/uploads\/2025\/05\/Jorge-Barriendo_TIF-20_1.jpg\" \/>\n\t<meta property=\"og:image:width\" content=\"1000\" \/>\n\t<meta property=\"og:image:height\" content=\"1000\" \/>\n\t<meta property=\"og:image:type\" content=\"image\/jpeg\" \/>\n<meta name=\"twitter:card\" content=\"summary_large_image\" \/>\n<meta name=\"twitter:label1\" content=\"Tiempo de lectura\" \/>\n\t<meta name=\"twitter:data1\" content=\"2 minutos\" \/>\n<script type=\"application\/ld+json\" class=\"yoast-schema-graph\">{\"@context\":\"https:\\\/\\\/schema.org\",\"@graph\":[{\"@type\":\"WebPage\",\"@id\":\"https:\\\/\\\/www.cruillabarcelona.cat\\\/es\\\/artists\\\/modelo\\\/\",\"url\":\"https:\\\/\\\/www.cruillabarcelona.cat\\\/es\\\/artists\\\/modelo\\\/\",\"name\":\"Concierto de MODELO en el Festival Cru\u00eflla, el 9 de julio en Barcelona\",\"isPartOf\":{\"@id\":\"https:\\\/\\\/www.cruillabarcelona.cat\\\/es\\\/#website\"},\"primaryImageOfPage\":{\"@id\":\"https:\\\/\\\/www.cruillabarcelona.cat\\\/es\\\/artists\\\/modelo\\\/#primaryimage\"},\"image\":{\"@id\":\"https:\\\/\\\/www.cruillabarcelona.cat\\\/es\\\/artists\\\/modelo\\\/#primaryimage\"},\"thumbnailUrl\":\"https:\\\/\\\/www.cruillabarcelona.cat\\\/wp-content\\\/uploads\\\/2025\\\/05\\\/Jorge-Barriendo_TIF-20_1.jpg\",\"datePublished\":\"2025-05-22T09:59:20+00:00\",\"dateModified\":\"2025-06-04T08:54:45+00:00\",\"description\":\"Compra entradas para el concierto de MODELO en el Festival Cru\u00eflla 2025, el 9 de julio en el Parc del F\u00f2rum de Barcelona\",\"breadcrumb\":{\"@id\":\"https:\\\/\\\/www.cruillabarcelona.cat\\\/es\\\/artists\\\/modelo\\\/#breadcrumb\"},\"inLanguage\":\"es\",\"potentialAction\":[{\"@type\":\"ReadAction\",\"target\":[\"https:\\\/\\\/www.cruillabarcelona.cat\\\/es\\\/artists\\\/modelo\\\/\"]}]},{\"@type\":\"ImageObject\",\"inLanguage\":\"es\",\"@id\":\"https:\\\/\\\/www.cruillabarcelona.cat\\\/es\\\/artists\\\/modelo\\\/#primaryimage\",\"url\":\"https:\\\/\\\/www.cruillabarcelona.cat\\\/wp-content\\\/uploads\\\/2025\\\/05\\\/Jorge-Barriendo_TIF-20_1.jpg\",\"contentUrl\":\"https:\\\/\\\/www.cruillabarcelona.cat\\\/wp-content\\\/uploads\\\/2025\\\/05\\\/Jorge-Barriendo_TIF-20_1.jpg\",\"width\":1000,\"height\":1000},{\"@type\":\"BreadcrumbList\",\"@id\":\"https:\\\/\\\/www.cruillabarcelona.cat\\\/es\\\/artists\\\/modelo\\\/#breadcrumb\",\"itemListElement\":[{\"@type\":\"ListItem\",\"position\":1,\"name\":\"Home\",\"item\":\"https:\\\/\\\/www.cruillabarcelona.cat\\\/es\\\/\"},{\"@type\":\"ListItem\",\"position\":2,\"name\":\"MODELO\"}]},{\"@type\":\"WebSite\",\"@id\":\"https:\\\/\\\/www.cruillabarcelona.cat\\\/es\\\/#website\",\"url\":\"https:\\\/\\\/www.cruillabarcelona.cat\\\/es\\\/\",\"name\":\"Festival Cru\u00eflla\",\"description\":\"\",\"publisher\":{\"@id\":\"https:\\\/\\\/www.cruillabarcelona.cat\\\/es\\\/#organization\"},\"potentialAction\":[{\"@type\":\"SearchAction\",\"target\":{\"@type\":\"EntryPoint\",\"urlTemplate\":\"https:\\\/\\\/www.cruillabarcelona.cat\\\/es\\\/?s={search_term_string}\"},\"query-input\":{\"@type\":\"PropertyValueSpecification\",\"valueRequired\":true,\"valueName\":\"search_term_string\"}}],\"inLanguage\":\"es\"},{\"@type\":\"Organization\",\"@id\":\"https:\\\/\\\/www.cruillabarcelona.cat\\\/es\\\/#organization\",\"name\":\"Festival Cru\u00eflla\",\"url\":\"https:\\\/\\\/www.cruillabarcelona.cat\\\/es\\\/\",\"logo\":{\"@type\":\"ImageObject\",\"inLanguage\":\"es\",\"@id\":\"https:\\\/\\\/www.cruillabarcelona.cat\\\/es\\\/#\\\/schema\\\/logo\\\/image\\\/\",\"url\":\"https:\\\/\\\/www.cruillabarcelona.cat\\\/wp-content\\\/uploads\\\/2025\\\/12\\\/cruill-logo-negativo.png\",\"contentUrl\":\"https:\\\/\\\/www.cruillabarcelona.cat\\\/wp-content\\\/uploads\\\/2025\\\/12\\\/cruill-logo-negativo.png\",\"width\":400,\"height\":101,\"caption\":\"Festival Cru\u00eflla\"},\"image\":{\"@id\":\"https:\\\/\\\/www.cruillabarcelona.cat\\\/es\\\/#\\\/schema\\\/logo\\\/image\\\/\"}}]}<\/script>\n<!-- \/ Yoast SEO plugin. -->","yoast_head_json":{"title":"Concierto de MODELO en el Festival Cru\u00eflla, el 9 de julio en Barcelona","description":"Compra entradas para el concierto de MODELO en el Festival Cru\u00eflla 2025, el 9 de julio en el Parc del F\u00f2rum de Barcelona","robots":{"index":"index","follow":"follow","max-snippet":"max-snippet:-1","max-image-preview":"max-image-preview:large","max-video-preview":"max-video-preview:-1"},"canonical":"https:\/\/www.cruillabarcelona.cat\/es\/artists\/modelo\/","og_locale":"es_ES","og_type":"article","og_title":"Concierto de MODELO en el Festival Cru\u00eflla, el 9 de julio en Barcelona","og_description":"Compra entradas para el concierto de MODELO en el Festival Cru\u00eflla 2025, el 9 de julio en el Parc del F\u00f2rum de Barcelona","og_url":"https:\/\/www.cruillabarcelona.cat\/es\/artists\/modelo\/","og_site_name":"Festival Cru\u00eflla","article_modified_time":"2025-06-04T08:54:45+00:00","og_image":[{"width":1000,"height":1000,"url":"https:\/\/www.cruillabarcelona.cat\/wp-content\/uploads\/2025\/05\/Jorge-Barriendo_TIF-20_1.jpg","type":"image\/jpeg"}],"twitter_card":"summary_large_image","twitter_misc":{"Tiempo de lectura":"2 minutos"},"schema":{"@context":"https:\/\/schema.org","@graph":[{"@type":"WebPage","@id":"https:\/\/www.cruillabarcelona.cat\/es\/artists\/modelo\/","url":"https:\/\/www.cruillabarcelona.cat\/es\/artists\/modelo\/","name":"Concierto de MODELO en el Festival Cru\u00eflla, el 9 de julio en Barcelona","isPartOf":{"@id":"https:\/\/www.cruillabarcelona.cat\/es\/#website"},"primaryImageOfPage":{"@id":"https:\/\/www.cruillabarcelona.cat\/es\/artists\/modelo\/#primaryimage"},"image":{"@id":"https:\/\/www.cruillabarcelona.cat\/es\/artists\/modelo\/#primaryimage"},"thumbnailUrl":"https:\/\/www.cruillabarcelona.cat\/wp-content\/uploads\/2025\/05\/Jorge-Barriendo_TIF-20_1.jpg","datePublished":"2025-05-22T09:59:20+00:00","dateModified":"2025-06-04T08:54:45+00:00","description":"Compra entradas para el concierto de MODELO en el Festival Cru\u00eflla 2025, el 9 de julio en el Parc del F\u00f2rum de Barcelona","breadcrumb":{"@id":"https:\/\/www.cruillabarcelona.cat\/es\/artists\/modelo\/#breadcrumb"},"inLanguage":"es","potentialAction":[{"@type":"ReadAction","target":["https:\/\/www.cruillabarcelona.cat\/es\/artists\/modelo\/"]}]},{"@type":"ImageObject","inLanguage":"es","@id":"https:\/\/www.cruillabarcelona.cat\/es\/artists\/modelo\/#primaryimage","url":"https:\/\/www.cruillabarcelona.cat\/wp-content\/uploads\/2025\/05\/Jorge-Barriendo_TIF-20_1.jpg","contentUrl":"https:\/\/www.cruillabarcelona.cat\/wp-content\/uploads\/2025\/05\/Jorge-Barriendo_TIF-20_1.jpg","width":1000,"height":1000},{"@type":"BreadcrumbList","@id":"https:\/\/www.cruillabarcelona.cat\/es\/artists\/modelo\/#breadcrumb","itemListElement":[{"@type":"ListItem","position":1,"name":"Home","item":"https:\/\/www.cruillabarcelona.cat\/es\/"},{"@type":"ListItem","position":2,"name":"MODELO"}]},{"@type":"WebSite","@id":"https:\/\/www.cruillabarcelona.cat\/es\/#website","url":"https:\/\/www.cruillabarcelona.cat\/es\/","name":"Festival Cru\u00eflla","description":"","publisher":{"@id":"https:\/\/www.cruillabarcelona.cat\/es\/#organization"},"potentialAction":[{"@type":"SearchAction","target":{"@type":"EntryPoint","urlTemplate":"https:\/\/www.cruillabarcelona.cat\/es\/?s={search_term_string}"},"query-input":{"@type":"PropertyValueSpecification","valueRequired":true,"valueName":"search_term_string"}}],"inLanguage":"es"},{"@type":"Organization","@id":"https:\/\/www.cruillabarcelona.cat\/es\/#organization","name":"Festival Cru\u00eflla","url":"https:\/\/www.cruillabarcelona.cat\/es\/","logo":{"@type":"ImageObject","inLanguage":"es","@id":"https:\/\/www.cruillabarcelona.cat\/es\/#\/schema\/logo\/image\/","url":"https:\/\/www.cruillabarcelona.cat\/wp-content\/uploads\/2025\/12\/cruill-logo-negativo.png","contentUrl":"https:\/\/www.cruillabarcelona.cat\/wp-content\/uploads\/2025\/12\/cruill-logo-negativo.png","width":400,"height":101,"caption":"Festival Cru\u00eflla"},"image":{"@id":"https:\/\/www.cruillabarcelona.cat\/es\/#\/schema\/logo\/image\/"}}]}},"_links":{"self":[{"href":"https:\/\/www.cruillabarcelona.cat\/es\/wp-json\/wp\/v2\/artists\/57940","targetHints":{"allow":["GET"]}}],"collection":[{"href":"https:\/\/www.cruillabarcelona.cat\/es\/wp-json\/wp\/v2\/artists"}],"about":[{"href":"https:\/\/www.cruillabarcelona.cat\/es\/wp-json\/wp\/v2\/types\/artists"}],"acf:term":[{"embeddable":true,"taxonomy":"artists_location","href":"https:\/\/www.cruillabarcelona.cat\/es\/wp-json\/wp\/v2\/artists_location\/896"},{"embeddable":true,"taxonomy":"artists_edition","href":"https:\/\/www.cruillabarcelona.cat\/es\/wp-json\/wp\/v2\/artists_edition\/893"}],"wp:featuredmedia":[{"embeddable":true,"href":"https:\/\/www.cruillabarcelona.cat\/es\/wp-json\/wp\/v2\/media\/57938"}],"wp:attachment":[{"href":"https:\/\/www.cruillabarcelona.cat\/es\/wp-json\/wp\/v2\/media?parent=57940"}],"wp:term":[{"taxonomy":"artists_edition","embeddable":true,"href":"https:\/\/www.cruillabarcelona.cat\/es\/wp-json\/wp\/v2\/artists_edition?post=57940"}],"curies":[{"name":"wp","href":"https:\/\/api.w.org\/{rel}","templated":true}]}}