{"id":6537,"date":"2017-09-06T07:13:55","date_gmt":"2017-09-06T07:13:55","guid":{"rendered":"https:\/\/www.cruillabarcelona.cat\/?post_type=artists&#038;p=6537\/"},"modified":"2018-03-27T16:28:49","modified_gmt":"2018-03-27T16:28:49","slug":"seasick-steve","status":"publish","type":"artists","link":"https:\/\/www.cruillabarcelona.cat\/es\/artists\/seasick-steve\/","title":{"rendered":"Seasick Steve (Cru\u00eflla de Tardor 2017)"},"content":{"rendered":"<p style=\"text-align: justify;\">Despu\u00e9s de la cancelaci\u00f3n del concierto de\u00a0<strong>Seasick Steve<\/strong> en el Cru\u00eflla de Tardor 2017, hemos querido contar con \u00e9l para que nos haga vibrar con su blues el pr\u00f3ximo\u00a0<strong>jueves 12 de julio<\/strong>.<\/p>\n<p style=\"text-align: justify;\">Descubre la <a href=\"https:\/\/www.cruillabarcelona.cat\/es\/horarios\/\" target=\"_blank\" rel=\"noopener\">programaci\u00f3n completa<\/a> del\u00a0<strong>Cru\u00eflla 2018<\/strong> y compra ya <a href=\"https:\/\/www.cruillabarcelona.cat\/es\/tickets\" target=\"_blank\" rel=\"noopener\">tus entradas<\/a> para disfrutar del festival.<\/p>\n<hr \/>\n<p style=\"text-align: justify;\"><strong>Por primera vez en Barcelona, el concierto del bluesman californiano ser\u00e1 sin duda uno de los conciertos del a\u00f1o<\/strong><\/p>\n<p style=\"text-align: justify;\">El artista encargado de hacer el concierto de apertura del ciclo Cru\u00eflla de Tardor ser\u00e1 el incre\u00edble int\u00e9rprete Seasick Steve. Cabeza de cartel en festivales alrededor de todo el mundo, nos traer\u00e1 una mezcla de boogie, blues, rock, americana y folk-music en el que ser\u00e1 uno de los espect\u00e1culos m\u00e1s emocionantes, salvajes y rockeros que jam\u00e1s hayamos visto.<\/p>\n<p style=\"text-align: justify;\">\u00abEs un gran honor para mi que la gente joven considere que no soy aburrido a pesar de mi edad. Mucha gente cree que los viejos son aburridos, \u00a1y es que lo son! Pero, vamos a jugar, y con la gente joven debe ser \u00bfMolas o no molas? Me encanta cuando veo que flipan, significa que lo hemos conseguido\u00bb<\/p>\n<p style=\"text-align: justify;\">Como siempre comenta Steve, se lo est\u00e1 pasando de miedo, llenando conciertos por todo el mundo y conociendo a amigos y fans ah\u00ed donde va gracias a su incre\u00edbles conciertos. Steve es uno de los m\u00fasicos m\u00e1s locos y salvajes que se pueden ver en un escenario. <strong>\u00a1No te lo pierdas!<\/strong><\/p>\n<p style=\"text-align: justify;\"><strong><span id=\"result_box\" class=\"\" lang=\"es\">Los <span class=\"\">Mambo Jambo<\/span> <span class=\"\">ser\u00e1n los<\/span> <span class=\"\">encargados<\/span> <span class=\"\">de abrir<\/span> la noche del 12 de octubre con su mezcla explosiva de rock &amp; roll y <span class=\"\">rhythm\u2019n\u2019blues<\/span> <span class=\"\">incendiario<\/span>.<\/span><\/strong><\/p>\n<!-- auto-added video if acf\/single-artist-video not used  --> <iframe style=\"width: 100%;max-width: 100%;height: auto;aspect-ratio: 16 \/ 9;\" src=\"https:\/\/www.youtube-nocookie.com\/embed\/vkISiokvFTQ\" frameborder=\"0\" allow=\"accelerometer; autoplay; encrypted-media; gyroscope; picture-in-picture\" allowfullscreen><\/iframe>","protected":false},"featured_media":6722,"template":"","meta":{"_acf_changed":false},"artists_edition":[],"class_list":["post-6537","artists","type-artists","status-publish","has-post-thumbnail","hentry"],"acf":{"_thumbnail_id":6722,"youtube_player":"vkISiokvFTQ","artist_edition":false,"artist_date":null,"artist_time":"","artist_time_2":"","artist_location":false,"artist_ticket_url":"","artist_ticket_status":"","artist_extra_date__show":false,"artist_extra_date_2":null,"artist_time_of_date2":"","artist_extra_date_3":null,"artist_time_of_date3":"","artist_extra_date_4":null,"artist_time_of_date4":"","artist_extra_date_5":null,"artist_time_of_date5":"","artist_date__show_month":false,"artist_sidebar_active":false,"show_in_agenda":false,"artist_sidebar__banner_img":null,"artist_sidebar__banner_link":"","artist_hero_content":"","artist_style":false,"artist_nationality":false,"artist_audience_age":false},"yoast_head":"<!-- This site is optimized with the Yoast SEO plugin v27.5 - https:\/\/yoast.com\/product\/yoast-seo-wordpress\/ -->\n<title>Seasick Steve trae su blues al Cru\u00eflla de Tardor 2017<\/title>\n<meta name=\"description\" content=\"El 12 de octubre de 2017, dentro del marco del Cru\u00eflla de Tardor, tendr\u00e1 lugar la actuaci\u00f3n del bluesman californiano Seasick Steve.\" \/>\n<meta name=\"robots\" content=\"index, follow, max-snippet:-1, max-image-preview:large, max-video-preview:-1\" \/>\n<link rel=\"canonical\" href=\"https:\/\/www.cruillabarcelona.cat\/es\/artists\/seasick-steve\/\" \/>\n<meta property=\"og:locale\" content=\"es_ES\" \/>\n<meta property=\"og:type\" content=\"article\" \/>\n<meta property=\"og:title\" content=\"Seasick Steve trae su blues al Cru\u00eflla de Tardor 2017\" \/>\n<meta property=\"og:description\" content=\"El 12 de octubre de 2017, dentro del marco del Cru\u00eflla de Tardor, tendr\u00e1 lugar la actuaci\u00f3n del bluesman californiano Seasick Steve.\" \/>\n<meta property=\"og:url\" content=\"https:\/\/www.cruillabarcelona.cat\/es\/artists\/seasick-steve\/\" \/>\n<meta property=\"og:site_name\" content=\"Festival Cru\u00eflla\" \/>\n<meta property=\"article:modified_time\" content=\"2018-03-27T16:28:49+00:00\" \/>\n<meta property=\"og:image\" content=\"https:\/\/www.cruillabarcelona.cat\/wp-content\/uploads\/2017\/09\/seasick-cancel.jpg\" \/>\n\t<meta property=\"og:image:width\" content=\"1024\" \/>\n\t<meta property=\"og:image:height\" content=\"1024\" \/>\n\t<meta property=\"og:image:type\" content=\"image\/jpeg\" \/>\n<meta name=\"twitter:card\" content=\"summary_large_image\" \/>\n<meta name=\"twitter:label1\" content=\"Tiempo de lectura\" \/>\n\t<meta name=\"twitter:data1\" content=\"1 minuto\" \/>\n<script type=\"application\/ld+json\" class=\"yoast-schema-graph\">{\"@context\":\"https:\\\/\\\/schema.org\",\"@graph\":[{\"@type\":\"WebPage\",\"@id\":\"https:\\\/\\\/www.cruillabarcelona.cat\\\/es\\\/artists\\\/seasick-steve\\\/\",\"url\":\"https:\\\/\\\/www.cruillabarcelona.cat\\\/es\\\/artists\\\/seasick-steve\\\/\",\"name\":\"Seasick Steve trae su blues al Cru\u00eflla de Tardor 2017\",\"isPartOf\":{\"@id\":\"https:\\\/\\\/www.cruillabarcelona.cat\\\/es\\\/#website\"},\"primaryImageOfPage\":{\"@id\":\"https:\\\/\\\/www.cruillabarcelona.cat\\\/es\\\/artists\\\/seasick-steve\\\/#primaryimage\"},\"image\":{\"@id\":\"https:\\\/\\\/www.cruillabarcelona.cat\\\/es\\\/artists\\\/seasick-steve\\\/#primaryimage\"},\"thumbnailUrl\":\"https:\\\/\\\/www.cruillabarcelona.cat\\\/wp-content\\\/uploads\\\/2017\\\/09\\\/seasick-cancel.jpg\",\"datePublished\":\"2017-09-06T07:13:55+00:00\",\"dateModified\":\"2018-03-27T16:28:49+00:00\",\"description\":\"El 12 de octubre de 2017, dentro del marco del Cru\u00eflla de Tardor, tendr\u00e1 lugar la actuaci\u00f3n del bluesman californiano Seasick Steve.\",\"breadcrumb\":{\"@id\":\"https:\\\/\\\/www.cruillabarcelona.cat\\\/es\\\/artists\\\/seasick-steve\\\/#breadcrumb\"},\"inLanguage\":\"es\",\"potentialAction\":[{\"@type\":\"ReadAction\",\"target\":[\"https:\\\/\\\/www.cruillabarcelona.cat\\\/es\\\/artists\\\/seasick-steve\\\/\"]}]},{\"@type\":\"ImageObject\",\"inLanguage\":\"es\",\"@id\":\"https:\\\/\\\/www.cruillabarcelona.cat\\\/es\\\/artists\\\/seasick-steve\\\/#primaryimage\",\"url\":\"https:\\\/\\\/www.cruillabarcelona.cat\\\/wp-content\\\/uploads\\\/2017\\\/09\\\/seasick-cancel.jpg\",\"contentUrl\":\"https:\\\/\\\/www.cruillabarcelona.cat\\\/wp-content\\\/uploads\\\/2017\\\/09\\\/seasick-cancel.jpg\",\"width\":1024,\"height\":1024,\"caption\":\"Seasick Steve\"},{\"@type\":\"BreadcrumbList\",\"@id\":\"https:\\\/\\\/www.cruillabarcelona.cat\\\/es\\\/artists\\\/seasick-steve\\\/#breadcrumb\",\"itemListElement\":[{\"@type\":\"ListItem\",\"position\":1,\"name\":\"Home\",\"item\":\"https:\\\/\\\/www.cruillabarcelona.cat\\\/es\\\/\"},{\"@type\":\"ListItem\",\"position\":2,\"name\":\"Seasick Steve (Cru\u00eflla de Tardor 2017)\"}]},{\"@type\":\"WebSite\",\"@id\":\"https:\\\/\\\/www.cruillabarcelona.cat\\\/es\\\/#website\",\"url\":\"https:\\\/\\\/www.cruillabarcelona.cat\\\/es\\\/\",\"name\":\"Festival Cru\u00eflla\",\"description\":\"\",\"publisher\":{\"@id\":\"https:\\\/\\\/www.cruillabarcelona.cat\\\/es\\\/#organization\"},\"potentialAction\":[{\"@type\":\"SearchAction\",\"target\":{\"@type\":\"EntryPoint\",\"urlTemplate\":\"https:\\\/\\\/www.cruillabarcelona.cat\\\/es\\\/?s={search_term_string}\"},\"query-input\":{\"@type\":\"PropertyValueSpecification\",\"valueRequired\":true,\"valueName\":\"search_term_string\"}}],\"inLanguage\":\"es\"},{\"@type\":\"Organization\",\"@id\":\"https:\\\/\\\/www.cruillabarcelona.cat\\\/es\\\/#organization\",\"name\":\"Festival Cru\u00eflla\",\"url\":\"https:\\\/\\\/www.cruillabarcelona.cat\\\/es\\\/\",\"logo\":{\"@type\":\"ImageObject\",\"inLanguage\":\"es\",\"@id\":\"https:\\\/\\\/www.cruillabarcelona.cat\\\/es\\\/#\\\/schema\\\/logo\\\/image\\\/\",\"url\":\"https:\\\/\\\/www.cruillabarcelona.cat\\\/wp-content\\\/uploads\\\/2025\\\/12\\\/cruill-logo-negativo.png\",\"contentUrl\":\"https:\\\/\\\/www.cruillabarcelona.cat\\\/wp-content\\\/uploads\\\/2025\\\/12\\\/cruill-logo-negativo.png\",\"width\":400,\"height\":101,\"caption\":\"Festival Cru\u00eflla\"},\"image\":{\"@id\":\"https:\\\/\\\/www.cruillabarcelona.cat\\\/es\\\/#\\\/schema\\\/logo\\\/image\\\/\"}}]}<\/script>\n<!-- \/ Yoast SEO plugin. -->","yoast_head_json":{"title":"Seasick Steve trae su blues al Cru\u00eflla de Tardor 2017","description":"El 12 de octubre de 2017, dentro del marco del Cru\u00eflla de Tardor, tendr\u00e1 lugar la actuaci\u00f3n del bluesman californiano Seasick Steve.","robots":{"index":"index","follow":"follow","max-snippet":"max-snippet:-1","max-image-preview":"max-image-preview:large","max-video-preview":"max-video-preview:-1"},"canonical":"https:\/\/www.cruillabarcelona.cat\/es\/artists\/seasick-steve\/","og_locale":"es_ES","og_type":"article","og_title":"Seasick Steve trae su blues al Cru\u00eflla de Tardor 2017","og_description":"El 12 de octubre de 2017, dentro del marco del Cru\u00eflla de Tardor, tendr\u00e1 lugar la actuaci\u00f3n del bluesman californiano Seasick Steve.","og_url":"https:\/\/www.cruillabarcelona.cat\/es\/artists\/seasick-steve\/","og_site_name":"Festival Cru\u00eflla","article_modified_time":"2018-03-27T16:28:49+00:00","og_image":[{"width":1024,"height":1024,"url":"https:\/\/www.cruillabarcelona.cat\/wp-content\/uploads\/2017\/09\/seasick-cancel.jpg","type":"image\/jpeg"}],"twitter_card":"summary_large_image","twitter_misc":{"Tiempo de lectura":"1 minuto"},"schema":{"@context":"https:\/\/schema.org","@graph":[{"@type":"WebPage","@id":"https:\/\/www.cruillabarcelona.cat\/es\/artists\/seasick-steve\/","url":"https:\/\/www.cruillabarcelona.cat\/es\/artists\/seasick-steve\/","name":"Seasick Steve trae su blues al Cru\u00eflla de Tardor 2017","isPartOf":{"@id":"https:\/\/www.cruillabarcelona.cat\/es\/#website"},"primaryImageOfPage":{"@id":"https:\/\/www.cruillabarcelona.cat\/es\/artists\/seasick-steve\/#primaryimage"},"image":{"@id":"https:\/\/www.cruillabarcelona.cat\/es\/artists\/seasick-steve\/#primaryimage"},"thumbnailUrl":"https:\/\/www.cruillabarcelona.cat\/wp-content\/uploads\/2017\/09\/seasick-cancel.jpg","datePublished":"2017-09-06T07:13:55+00:00","dateModified":"2018-03-27T16:28:49+00:00","description":"El 12 de octubre de 2017, dentro del marco del Cru\u00eflla de Tardor, tendr\u00e1 lugar la actuaci\u00f3n del bluesman californiano Seasick Steve.","breadcrumb":{"@id":"https:\/\/www.cruillabarcelona.cat\/es\/artists\/seasick-steve\/#breadcrumb"},"inLanguage":"es","potentialAction":[{"@type":"ReadAction","target":["https:\/\/www.cruillabarcelona.cat\/es\/artists\/seasick-steve\/"]}]},{"@type":"ImageObject","inLanguage":"es","@id":"https:\/\/www.cruillabarcelona.cat\/es\/artists\/seasick-steve\/#primaryimage","url":"https:\/\/www.cruillabarcelona.cat\/wp-content\/uploads\/2017\/09\/seasick-cancel.jpg","contentUrl":"https:\/\/www.cruillabarcelona.cat\/wp-content\/uploads\/2017\/09\/seasick-cancel.jpg","width":1024,"height":1024,"caption":"Seasick Steve"},{"@type":"BreadcrumbList","@id":"https:\/\/www.cruillabarcelona.cat\/es\/artists\/seasick-steve\/#breadcrumb","itemListElement":[{"@type":"ListItem","position":1,"name":"Home","item":"https:\/\/www.cruillabarcelona.cat\/es\/"},{"@type":"ListItem","position":2,"name":"Seasick Steve (Cru\u00eflla de Tardor 2017)"}]},{"@type":"WebSite","@id":"https:\/\/www.cruillabarcelona.cat\/es\/#website","url":"https:\/\/www.cruillabarcelona.cat\/es\/","name":"Festival Cru\u00eflla","description":"","publisher":{"@id":"https:\/\/www.cruillabarcelona.cat\/es\/#organization"},"potentialAction":[{"@type":"SearchAction","target":{"@type":"EntryPoint","urlTemplate":"https:\/\/www.cruillabarcelona.cat\/es\/?s={search_term_string}"},"query-input":{"@type":"PropertyValueSpecification","valueRequired":true,"valueName":"search_term_string"}}],"inLanguage":"es"},{"@type":"Organization","@id":"https:\/\/www.cruillabarcelona.cat\/es\/#organization","name":"Festival Cru\u00eflla","url":"https:\/\/www.cruillabarcelona.cat\/es\/","logo":{"@type":"ImageObject","inLanguage":"es","@id":"https:\/\/www.cruillabarcelona.cat\/es\/#\/schema\/logo\/image\/","url":"https:\/\/www.cruillabarcelona.cat\/wp-content\/uploads\/2025\/12\/cruill-logo-negativo.png","contentUrl":"https:\/\/www.cruillabarcelona.cat\/wp-content\/uploads\/2025\/12\/cruill-logo-negativo.png","width":400,"height":101,"caption":"Festival Cru\u00eflla"},"image":{"@id":"https:\/\/www.cruillabarcelona.cat\/es\/#\/schema\/logo\/image\/"}}]}},"_links":{"self":[{"href":"https:\/\/www.cruillabarcelona.cat\/es\/wp-json\/wp\/v2\/artists\/6537","targetHints":{"allow":["GET"]}}],"collection":[{"href":"https:\/\/www.cruillabarcelona.cat\/es\/wp-json\/wp\/v2\/artists"}],"about":[{"href":"https:\/\/www.cruillabarcelona.cat\/es\/wp-json\/wp\/v2\/types\/artists"}],"wp:featuredmedia":[{"embeddable":true,"href":"https:\/\/www.cruillabarcelona.cat\/es\/wp-json\/wp\/v2\/media\/6722"}],"wp:attachment":[{"href":"https:\/\/www.cruillabarcelona.cat\/es\/wp-json\/wp\/v2\/media?parent=6537"}],"wp:term":[{"taxonomy":"artists_edition","embeddable":true,"href":"https:\/\/www.cruillabarcelona.cat\/es\/wp-json\/wp\/v2\/artists_edition?post=6537"}],"curies":[{"name":"wp","href":"https:\/\/api.w.org\/{rel}","templated":true}]}}