{"id":8378,"date":"2018-02-21T11:21:32","date_gmt":"2018-02-21T11:21:32","guid":{"rendered":"https:\/\/www.cruillabarcelona.cat\/?post_type=artists&#038;p=8378\/"},"modified":"2022-05-06T14:23:16","modified_gmt":"2022-05-06T12:23:16","slug":"joan-dausa","status":"publish","type":"artists","link":"https:\/\/www.cruillabarcelona.cat\/es\/artists\/joan-dausa\/","title":{"rendered":"Joan Daus\u00e0"},"content":{"rendered":"<h2>Volveremos a bailar: Joan Daus\u00e0 en el Festival Cru\u00eflla 2022<\/h2>\n<p><span style=\"font-weight: 400;\">Nos dijo que volver\u00edamos a bailar, y no ment\u00eda: en su concierto en el <\/span><b>Cru\u00eflla Primavera<\/b><span style=\"font-weight: 400;\"> no paramos de movernos. \u00a1<\/span><b>Joan Daus\u00e0<\/b><span style=\"font-weight: 400;\"> nos arranc\u00f3 una sonrisa y las ganas de <\/span><b>volver a cantar y celebrarlo todo<\/b><span style=\"font-weight: 400;\">!<\/span><\/p>\n<p><span style=\"font-weight: 400;\">Porque con las canciones del de Sant Feliu de Llobregat lo tenemos todo para pasar un rato memorable, y justamente as\u00ed se llama su \u00faltimo \u00e1lbum; <\/span><b><i>Ho Tenim Tot<\/i><\/b><span style=\"font-weight: 400;\">. Un disco que est\u00e1 siendo de los m\u00e1s aplaudidos del a\u00f1o, con una gira que llena all\u00e1 donde va. \u00c9l es el autor de m\u00edticas <\/span><b>bandas sonoras de noches de Barcelona<\/b><span style=\"font-weight: 400;\"> y \u00e9xitos como <\/span><i><span style=\"font-weight: 400;\">Jo mai mai <\/span><\/i><span style=\"font-weight: 400;\">o <\/span><i><span style=\"font-weight: 400;\">La gran euforia<\/span><\/i><span style=\"font-weight: 400;\">, que nos han acompa\u00f1ado en tantos momentos.<\/span><\/p>\n<p class=\"p1\"><span style=\"font-weight: 400;\">Despu\u00e9s de petarlo en la Sala Razzmatazz en el <\/span><b>Cru\u00eflla Primavera<\/b><span style=\"font-weight: 400;\">, el <\/span><b>s\u00e1bado 9 de julio <\/b><span style=\"font-weight: 400;\">podremos volver a vivir la m\u00fasica que le ha convertido en un emblema de la canci\u00f3n de autor catalana. Ya lo podemos decir bien alto: \u00a1Volveremos a bailar con <\/span><b>Joan Daus\u00e0<\/b><span style=\"font-weight: 400;\"> en el <\/span><b>Festival Cru\u00eflla 2022!<\/b><\/p>\n<hr \/>\n<p style=\"text-align: center;\"><b>Compra tus entradas aqu\u00ed<\/b><\/p>\n<p style=\"text-align: center;\"><a class=\"efsbutton button \" target=\"_blank\">ENTRADAS<\/a><\/p>\n<!-- auto-added video if acf\/single-artist-video not used  --> <iframe style=\"width: 100%;max-width: 100%;height: auto;aspect-ratio: 16 \/ 9;\" src=\"https:\/\/www.youtube-nocookie.com\/embed\/ktBR7xvzhXM\" frameborder=\"0\" allow=\"accelerometer; autoplay; encrypted-media; gyroscope; picture-in-picture\" allowfullscreen><\/iframe>","protected":false},"featured_media":42324,"template":"","meta":{"_acf_changed":false},"artists_edition":[834],"class_list":["post-8378","artists","type-artists","status-publish","has-post-thumbnail","hentry","artists_location-escenari-vueling","artists_edition-834"],"acf":{"_thumbnail_id":42324,"youtube_player":"ktBR7xvzhXM","artist_edition":[834],"artist_date":"20220709","artist_time":"21:00","artist_time_2":"","artist_location":[875],"artist_ticket_url":"https:\/\/www.cruillabarcelona.cat\/es\/tickets\/","artist_ticket_status":"","artist_extra_date__show":false,"artist_extra_date_2":null,"artist_time_of_date2":"","artist_extra_date_3":null,"artist_time_of_date3":"","artist_extra_date_4":null,"artist_time_of_date4":"","artist_extra_date_5":null,"artist_time_of_date5":"","artist_date__show_month":true,"artist_sidebar_active":true,"show_in_agenda":false,"artist_sidebar__banner_img":"","artist_sidebar__banner_link":"","artist_hero_content":"Festival Cru\u00eflla 2022","artist_style":false,"artist_nationality":false,"artist_audience_age":false},"yoast_head":"<!-- This site is optimized with the Yoast SEO plugin v27.5 - https:\/\/yoast.com\/product\/yoast-seo-wordpress\/ -->\n<title>Joan Daus\u00e0 en concierto en Barcelona, el 9 de julio en el Festival Cru\u00eflla<\/title>\n<meta name=\"description\" content=\"Compra entradas para Joan Daus\u00e0 en concierto en Barcelona, el 9 de julio en el Festival Cru\u00eflla 2022\" \/>\n<meta name=\"robots\" content=\"index, follow, max-snippet:-1, max-image-preview:large, max-video-preview:-1\" \/>\n<link rel=\"canonical\" href=\"https:\/\/www.cruillabarcelona.cat\/es\/artists\/joan-dausa\/\" \/>\n<meta property=\"og:locale\" content=\"es_ES\" \/>\n<meta property=\"og:type\" content=\"article\" \/>\n<meta property=\"og:title\" content=\"Joan Daus\u00e0 en concierto en Barcelona, el 9 de julio en el Festival Cru\u00eflla\" \/>\n<meta property=\"og:description\" content=\"Compra entradas para Joan Daus\u00e0 en concierto en Barcelona, el 9 de julio en el Festival Cru\u00eflla 2022\" \/>\n<meta property=\"og:url\" content=\"https:\/\/www.cruillabarcelona.cat\/es\/artists\/joan-dausa\/\" \/>\n<meta property=\"og:site_name\" content=\"Festival Cru\u00eflla\" \/>\n<meta property=\"article:modified_time\" content=\"2022-05-06T12:23:16+00:00\" \/>\n<meta property=\"og:image\" content=\"https:\/\/www.cruillabarcelona.cat\/wp-content\/uploads\/2018\/02\/JOAN-DAUSA\u0300-2022.jpeg\" \/>\n\t<meta property=\"og:image:width\" content=\"813\" \/>\n\t<meta property=\"og:image:height\" content=\"813\" \/>\n\t<meta property=\"og:image:type\" content=\"image\/jpeg\" \/>\n<meta name=\"twitter:card\" content=\"summary_large_image\" \/>\n<meta name=\"twitter:label1\" content=\"Tiempo de lectura\" \/>\n\t<meta name=\"twitter:data1\" content=\"2 minutos\" \/>\n<script type=\"application\/ld+json\" class=\"yoast-schema-graph\">{\"@context\":\"https:\\\/\\\/schema.org\",\"@graph\":[{\"@type\":\"WebPage\",\"@id\":\"https:\\\/\\\/www.cruillabarcelona.cat\\\/es\\\/artists\\\/joan-dausa\\\/\",\"url\":\"https:\\\/\\\/www.cruillabarcelona.cat\\\/es\\\/artists\\\/joan-dausa\\\/\",\"name\":\"Joan Daus\u00e0 en concierto en Barcelona, el 9 de julio en el Festival Cru\u00eflla\",\"isPartOf\":{\"@id\":\"https:\\\/\\\/www.cruillabarcelona.cat\\\/es\\\/#website\"},\"primaryImageOfPage\":{\"@id\":\"https:\\\/\\\/www.cruillabarcelona.cat\\\/es\\\/artists\\\/joan-dausa\\\/#primaryimage\"},\"image\":{\"@id\":\"https:\\\/\\\/www.cruillabarcelona.cat\\\/es\\\/artists\\\/joan-dausa\\\/#primaryimage\"},\"thumbnailUrl\":\"https:\\\/\\\/www.cruillabarcelona.cat\\\/wp-content\\\/uploads\\\/2018\\\/02\\\/JOAN-DAUSA\u0300-2022.jpeg\",\"datePublished\":\"2018-02-21T11:21:32+00:00\",\"dateModified\":\"2022-05-06T12:23:16+00:00\",\"description\":\"Compra entradas para Joan Daus\u00e0 en concierto en Barcelona, el 9 de julio en el Festival Cru\u00eflla 2022\",\"breadcrumb\":{\"@id\":\"https:\\\/\\\/www.cruillabarcelona.cat\\\/es\\\/artists\\\/joan-dausa\\\/#breadcrumb\"},\"inLanguage\":\"es\",\"potentialAction\":[{\"@type\":\"ReadAction\",\"target\":[\"https:\\\/\\\/www.cruillabarcelona.cat\\\/es\\\/artists\\\/joan-dausa\\\/\"]}]},{\"@type\":\"ImageObject\",\"inLanguage\":\"es\",\"@id\":\"https:\\\/\\\/www.cruillabarcelona.cat\\\/es\\\/artists\\\/joan-dausa\\\/#primaryimage\",\"url\":\"https:\\\/\\\/www.cruillabarcelona.cat\\\/wp-content\\\/uploads\\\/2018\\\/02\\\/JOAN-DAUSA\u0300-2022.jpeg\",\"contentUrl\":\"https:\\\/\\\/www.cruillabarcelona.cat\\\/wp-content\\\/uploads\\\/2018\\\/02\\\/JOAN-DAUSA\u0300-2022.jpeg\",\"width\":813,\"height\":813},{\"@type\":\"BreadcrumbList\",\"@id\":\"https:\\\/\\\/www.cruillabarcelona.cat\\\/es\\\/artists\\\/joan-dausa\\\/#breadcrumb\",\"itemListElement\":[{\"@type\":\"ListItem\",\"position\":1,\"name\":\"Home\",\"item\":\"https:\\\/\\\/www.cruillabarcelona.cat\\\/es\\\/\"},{\"@type\":\"ListItem\",\"position\":2,\"name\":\"Joan Daus\u00e0\"}]},{\"@type\":\"WebSite\",\"@id\":\"https:\\\/\\\/www.cruillabarcelona.cat\\\/es\\\/#website\",\"url\":\"https:\\\/\\\/www.cruillabarcelona.cat\\\/es\\\/\",\"name\":\"Festival Cru\u00eflla\",\"description\":\"\",\"publisher\":{\"@id\":\"https:\\\/\\\/www.cruillabarcelona.cat\\\/es\\\/#organization\"},\"potentialAction\":[{\"@type\":\"SearchAction\",\"target\":{\"@type\":\"EntryPoint\",\"urlTemplate\":\"https:\\\/\\\/www.cruillabarcelona.cat\\\/es\\\/?s={search_term_string}\"},\"query-input\":{\"@type\":\"PropertyValueSpecification\",\"valueRequired\":true,\"valueName\":\"search_term_string\"}}],\"inLanguage\":\"es\"},{\"@type\":\"Organization\",\"@id\":\"https:\\\/\\\/www.cruillabarcelona.cat\\\/es\\\/#organization\",\"name\":\"Festival Cru\u00eflla\",\"url\":\"https:\\\/\\\/www.cruillabarcelona.cat\\\/es\\\/\",\"logo\":{\"@type\":\"ImageObject\",\"inLanguage\":\"es\",\"@id\":\"https:\\\/\\\/www.cruillabarcelona.cat\\\/es\\\/#\\\/schema\\\/logo\\\/image\\\/\",\"url\":\"https:\\\/\\\/www.cruillabarcelona.cat\\\/wp-content\\\/uploads\\\/2025\\\/12\\\/cruill-logo-negativo.png\",\"contentUrl\":\"https:\\\/\\\/www.cruillabarcelona.cat\\\/wp-content\\\/uploads\\\/2025\\\/12\\\/cruill-logo-negativo.png\",\"width\":400,\"height\":101,\"caption\":\"Festival Cru\u00eflla\"},\"image\":{\"@id\":\"https:\\\/\\\/www.cruillabarcelona.cat\\\/es\\\/#\\\/schema\\\/logo\\\/image\\\/\"}}]}<\/script>\n<!-- \/ Yoast SEO plugin. -->","yoast_head_json":{"title":"Joan Daus\u00e0 en concierto en Barcelona, el 9 de julio en el Festival Cru\u00eflla","description":"Compra entradas para Joan Daus\u00e0 en concierto en Barcelona, el 9 de julio en el Festival Cru\u00eflla 2022","robots":{"index":"index","follow":"follow","max-snippet":"max-snippet:-1","max-image-preview":"max-image-preview:large","max-video-preview":"max-video-preview:-1"},"canonical":"https:\/\/www.cruillabarcelona.cat\/es\/artists\/joan-dausa\/","og_locale":"es_ES","og_type":"article","og_title":"Joan Daus\u00e0 en concierto en Barcelona, el 9 de julio en el Festival Cru\u00eflla","og_description":"Compra entradas para Joan Daus\u00e0 en concierto en Barcelona, el 9 de julio en el Festival Cru\u00eflla 2022","og_url":"https:\/\/www.cruillabarcelona.cat\/es\/artists\/joan-dausa\/","og_site_name":"Festival Cru\u00eflla","article_modified_time":"2022-05-06T12:23:16+00:00","og_image":[{"width":813,"height":813,"url":"https:\/\/www.cruillabarcelona.cat\/wp-content\/uploads\/2018\/02\/JOAN-DAUSA\u0300-2022.jpeg","type":"image\/jpeg"}],"twitter_card":"summary_large_image","twitter_misc":{"Tiempo de lectura":"2 minutos"},"schema":{"@context":"https:\/\/schema.org","@graph":[{"@type":"WebPage","@id":"https:\/\/www.cruillabarcelona.cat\/es\/artists\/joan-dausa\/","url":"https:\/\/www.cruillabarcelona.cat\/es\/artists\/joan-dausa\/","name":"Joan Daus\u00e0 en concierto en Barcelona, el 9 de julio en el Festival Cru\u00eflla","isPartOf":{"@id":"https:\/\/www.cruillabarcelona.cat\/es\/#website"},"primaryImageOfPage":{"@id":"https:\/\/www.cruillabarcelona.cat\/es\/artists\/joan-dausa\/#primaryimage"},"image":{"@id":"https:\/\/www.cruillabarcelona.cat\/es\/artists\/joan-dausa\/#primaryimage"},"thumbnailUrl":"https:\/\/www.cruillabarcelona.cat\/wp-content\/uploads\/2018\/02\/JOAN-DAUSA\u0300-2022.jpeg","datePublished":"2018-02-21T11:21:32+00:00","dateModified":"2022-05-06T12:23:16+00:00","description":"Compra entradas para Joan Daus\u00e0 en concierto en Barcelona, el 9 de julio en el Festival Cru\u00eflla 2022","breadcrumb":{"@id":"https:\/\/www.cruillabarcelona.cat\/es\/artists\/joan-dausa\/#breadcrumb"},"inLanguage":"es","potentialAction":[{"@type":"ReadAction","target":["https:\/\/www.cruillabarcelona.cat\/es\/artists\/joan-dausa\/"]}]},{"@type":"ImageObject","inLanguage":"es","@id":"https:\/\/www.cruillabarcelona.cat\/es\/artists\/joan-dausa\/#primaryimage","url":"https:\/\/www.cruillabarcelona.cat\/wp-content\/uploads\/2018\/02\/JOAN-DAUSA\u0300-2022.jpeg","contentUrl":"https:\/\/www.cruillabarcelona.cat\/wp-content\/uploads\/2018\/02\/JOAN-DAUSA\u0300-2022.jpeg","width":813,"height":813},{"@type":"BreadcrumbList","@id":"https:\/\/www.cruillabarcelona.cat\/es\/artists\/joan-dausa\/#breadcrumb","itemListElement":[{"@type":"ListItem","position":1,"name":"Home","item":"https:\/\/www.cruillabarcelona.cat\/es\/"},{"@type":"ListItem","position":2,"name":"Joan Daus\u00e0"}]},{"@type":"WebSite","@id":"https:\/\/www.cruillabarcelona.cat\/es\/#website","url":"https:\/\/www.cruillabarcelona.cat\/es\/","name":"Festival Cru\u00eflla","description":"","publisher":{"@id":"https:\/\/www.cruillabarcelona.cat\/es\/#organization"},"potentialAction":[{"@type":"SearchAction","target":{"@type":"EntryPoint","urlTemplate":"https:\/\/www.cruillabarcelona.cat\/es\/?s={search_term_string}"},"query-input":{"@type":"PropertyValueSpecification","valueRequired":true,"valueName":"search_term_string"}}],"inLanguage":"es"},{"@type":"Organization","@id":"https:\/\/www.cruillabarcelona.cat\/es\/#organization","name":"Festival Cru\u00eflla","url":"https:\/\/www.cruillabarcelona.cat\/es\/","logo":{"@type":"ImageObject","inLanguage":"es","@id":"https:\/\/www.cruillabarcelona.cat\/es\/#\/schema\/logo\/image\/","url":"https:\/\/www.cruillabarcelona.cat\/wp-content\/uploads\/2025\/12\/cruill-logo-negativo.png","contentUrl":"https:\/\/www.cruillabarcelona.cat\/wp-content\/uploads\/2025\/12\/cruill-logo-negativo.png","width":400,"height":101,"caption":"Festival Cru\u00eflla"},"image":{"@id":"https:\/\/www.cruillabarcelona.cat\/es\/#\/schema\/logo\/image\/"}}]}},"_links":{"self":[{"href":"https:\/\/www.cruillabarcelona.cat\/es\/wp-json\/wp\/v2\/artists\/8378","targetHints":{"allow":["GET"]}}],"collection":[{"href":"https:\/\/www.cruillabarcelona.cat\/es\/wp-json\/wp\/v2\/artists"}],"about":[{"href":"https:\/\/www.cruillabarcelona.cat\/es\/wp-json\/wp\/v2\/types\/artists"}],"acf:term":[{"embeddable":true,"taxonomy":"artists_location","href":"https:\/\/www.cruillabarcelona.cat\/es\/wp-json\/wp\/v2\/artists_location\/875"},{"embeddable":true,"taxonomy":"artists_edition","href":"https:\/\/www.cruillabarcelona.cat\/es\/wp-json\/wp\/v2\/artists_edition\/834"}],"wp:featuredmedia":[{"embeddable":true,"href":"https:\/\/www.cruillabarcelona.cat\/es\/wp-json\/wp\/v2\/media\/42324"}],"wp:attachment":[{"href":"https:\/\/www.cruillabarcelona.cat\/es\/wp-json\/wp\/v2\/media?parent=8378"}],"wp:term":[{"taxonomy":"artists_edition","embeddable":true,"href":"https:\/\/www.cruillabarcelona.cat\/es\/wp-json\/wp\/v2\/artists_edition?post=8378"}],"curies":[{"name":"wp","href":"https:\/\/api.w.org\/{rel}","templated":true}]}}