{"id":8387,"date":"2018-02-21T11:24:38","date_gmt":"2018-02-21T11:24:38","guid":{"rendered":"https:\/\/www.cruillabarcelona.cat\/?post_type=artists&#038;p=8387\/"},"modified":"2018-06-18T13:40:01","modified_gmt":"2018-06-18T11:40:01","slug":"belako","status":"publish","type":"artists","link":"https:\/\/www.cruillabarcelona.cat\/es\/artists\/belako\/","title":{"rendered":"Belako"},"content":{"rendered":"<h2 class=\"p1\"><span class=\"s1\">\u00a1La gran promesa!<\/span><\/h2>\n<p style=\"text-align: justify;\">Belako, una banda de post-punk de Mungu\u00eda, con influencias <em>new wave<\/em> y que canta en euskera e ingl\u00e9s, pasa en un a\u00f1o de tocar delante de amigos y familiares a telonear a Elvis Costello.<\/p>\n<p style=\"text-align: justify;\">Parece el inicio de una novela de Isaac Asimov, pero es la historia de los hermanos Josu y Lore Billelabeitia, Lander Zalakain y Cris Lizarraga, cuatro m\u00fasicos que decidieron que las normas no iban con ellos.<\/p>\n<p style=\"text-align: justify;\">Seis a\u00f1os despu\u00e9s de aquel inicio explosivo, Belako siguen creciendo y llegan por fin al Cru\u00eflla despu\u00e9s de pasear su rotundo directo por los festivales m\u00e1s importantes de la pen\u00ednsula y de Latinoam\u00e9rica. En el Parc del F\u00f2rum presentar\u00e1n <em>Render Me Numb, Trivial Violence<\/em>, su cuarto \u00e1lbum, que saldr\u00e1 a la venta a finales de febrero de 2018.<\/p>\n<hr \/>\n<p style=\"text-align: center;\"><em>Compra aqu\u00ed tu entrada para el s\u00e1bado o, si prefieres vivir la experiencia completa, hazte con uno de los abonos.<\/em><\/p>\n<p><a href=\"https:\/\/www.portalticket.com\/entradas\/entrada-de-dissabte\/3687\/cruilla-barcelona\/web\" target=\"_blank\" rel=\"noopener\"><img decoding=\"async\" class=\"aligncenter wp-image-15770 size-full\" src=\"https:\/\/www.cruillabarcelona.cat\/wp-content\/uploads\/2018\/02\/dissabte-es.jpg\" alt=\"\" width=\"600\" height=\"122\" \/><\/a><\/p>\n<p><a href=\"https:\/\/www.portalticket.com\/entradas\/abonament-2-dies--13-i-14-juliol-\/3684\/cruilla-barcelona\/web\" target=\"_blank\" rel=\"noopener\"><img decoding=\"async\" class=\"aligncenter wp-image-15743 size-full\" src=\"https:\/\/www.cruillabarcelona.cat\/wp-content\/uploads\/2018\/02\/abono2-es.jpg\" alt=\"\" width=\"600\" height=\"122\" \/><\/a><\/p>\n<p><a href=\"https:\/\/www.portalticket.com\/entradas\/abonament-cruilla-2018_5498\/1966\/cruilla-barcelona\/web\" target=\"_blank\" rel=\"noopener\"><img decoding=\"async\" class=\"aligncenter wp-image-15752 size-full\" src=\"https:\/\/www.cruillabarcelona.cat\/wp-content\/uploads\/2018\/02\/abono3-es.jpg\" alt=\"\" width=\"600\" height=\"122\" \/><\/a><\/p>\n<p><img decoding=\"async\" class=\"aligncenter wp-image-15328 size-full\" src=\"https:\/\/www.cruillabarcelona.cat\/wp-content\/uploads\/2018\/06\/Cartell-general_low-es.jpg\" alt=\"Cruilla dias\" width=\"500\" height=\"705\" srcset=\"https:\/\/www.cruillabarcelona.cat\/wp-content\/uploads\/2018\/06\/Cartell-general_low-es.jpg 500w, https:\/\/www.cruillabarcelona.cat\/wp-content\/uploads\/2018\/06\/Cartell-general_low-es-300x423.jpg 300w\" sizes=\"(max-width: 500px) 100vw, 500px\" \/><\/p>\n<!-- auto-added video if acf\/single-artist-video not used  --> <iframe style=\"width: 100%;max-width: 100%;height: auto;aspect-ratio: 16 \/ 9;\" src=\"https:\/\/www.youtube-nocookie.com\/embed\/Xf_RpsMlA-A\" frameborder=\"0\" allow=\"accelerometer; autoplay; encrypted-media; gyroscope; picture-in-picture\" allowfullscreen><\/iframe>","protected":false},"featured_media":8590,"template":"","meta":{"_acf_changed":false},"artists_edition":[21],"class_list":["post-8387","artists","type-artists","status-publish","has-post-thumbnail","hentry","artists_location-radio-3","artists_edition-21"],"acf":{"_thumbnail_id":8590,"youtube_player":"Xf_RpsMlA-A","artist_edition":[21],"artist_date":"20180714","artist_time":"02:30:00","artist_time_2":"","artist_location":[591],"artist_ticket_url":"https:\/\/www.cruillabarcelona.cat\/es\/tienda\/","artist_ticket_status":"","artist_extra_date__show":false,"artist_extra_date_2":null,"artist_time_of_date2":"","artist_extra_date_3":null,"artist_time_of_date3":"","artist_extra_date_4":null,"artist_time_of_date4":"","artist_extra_date_5":null,"artist_time_of_date5":"","artist_date__show_month":false,"artist_sidebar_active":false,"show_in_agenda":false,"artist_sidebar__banner_img":null,"artist_sidebar__banner_link":"","artist_hero_content":"<p style=\"text-align: center;\">14 de julio en el Festival Cru\u00eflla<\/p>","artist_style":false,"artist_nationality":false,"artist_audience_age":false},"yoast_head":"<!-- This site is optimized with the Yoast SEO plugin v27.5 - https:\/\/yoast.com\/product\/yoast-seo-wordpress\/ -->\n<title>Belako actuar\u00e1n en este verano en el Festival Cru\u00eflla 2018<\/title>\n<meta name=\"description\" content=\"La banda Belako nos presentar\u00e1 su post-punk cantado en euskera e ingl\u00e9s en el Festival Cru\u00eflla 2018, el s\u00e1bado 14 de julio.\" \/>\n<meta name=\"robots\" content=\"index, follow, max-snippet:-1, max-image-preview:large, max-video-preview:-1\" \/>\n<link rel=\"canonical\" href=\"https:\/\/www.cruillabarcelona.cat\/es\/artists\/belako\/\" \/>\n<meta property=\"og:locale\" content=\"es_ES\" \/>\n<meta property=\"og:type\" content=\"article\" \/>\n<meta property=\"og:title\" content=\"Belako actuar\u00e1n en este verano en el Festival Cru\u00eflla 2018\" \/>\n<meta property=\"og:description\" content=\"La banda Belako nos presentar\u00e1 su post-punk cantado en euskera e ingl\u00e9s en el Festival Cru\u00eflla 2018, el s\u00e1bado 14 de julio.\" \/>\n<meta property=\"og:url\" content=\"https:\/\/www.cruillabarcelona.cat\/es\/artists\/belako\/\" \/>\n<meta property=\"og:site_name\" content=\"Festival Cru\u00eflla\" \/>\n<meta property=\"article:modified_time\" content=\"2018-06-18T11:40:01+00:00\" \/>\n<meta property=\"og:image\" content=\"https:\/\/www.cruillabarcelona.cat\/wp-content\/uploads\/2018\/02\/Belako-1.jpg\" \/>\n\t<meta property=\"og:image:width\" content=\"1080\" \/>\n\t<meta property=\"og:image:height\" content=\"1080\" \/>\n\t<meta property=\"og:image:type\" content=\"image\/jpeg\" \/>\n<meta name=\"twitter:card\" content=\"summary_large_image\" \/>\n<meta name=\"twitter:label1\" content=\"Tiempo de lectura\" \/>\n\t<meta name=\"twitter:data1\" content=\"1 minuto\" \/>\n<script type=\"application\/ld+json\" class=\"yoast-schema-graph\">{\"@context\":\"https:\\\/\\\/schema.org\",\"@graph\":[{\"@type\":\"WebPage\",\"@id\":\"https:\\\/\\\/www.cruillabarcelona.cat\\\/es\\\/artists\\\/belako\\\/\",\"url\":\"https:\\\/\\\/www.cruillabarcelona.cat\\\/es\\\/artists\\\/belako\\\/\",\"name\":\"Belako actuar\u00e1n en este verano en el Festival Cru\u00eflla 2018\",\"isPartOf\":{\"@id\":\"https:\\\/\\\/www.cruillabarcelona.cat\\\/es\\\/#website\"},\"primaryImageOfPage\":{\"@id\":\"https:\\\/\\\/www.cruillabarcelona.cat\\\/es\\\/artists\\\/belako\\\/#primaryimage\"},\"image\":{\"@id\":\"https:\\\/\\\/www.cruillabarcelona.cat\\\/es\\\/artists\\\/belako\\\/#primaryimage\"},\"thumbnailUrl\":\"https:\\\/\\\/www.cruillabarcelona.cat\\\/wp-content\\\/uploads\\\/2018\\\/02\\\/Belako-1.jpg\",\"datePublished\":\"2018-02-21T11:24:38+00:00\",\"dateModified\":\"2018-06-18T11:40:01+00:00\",\"description\":\"La banda Belako nos presentar\u00e1 su post-punk cantado en euskera e ingl\u00e9s en el Festival Cru\u00eflla 2018, el s\u00e1bado 14 de julio.\",\"breadcrumb\":{\"@id\":\"https:\\\/\\\/www.cruillabarcelona.cat\\\/es\\\/artists\\\/belako\\\/#breadcrumb\"},\"inLanguage\":\"es\",\"potentialAction\":[{\"@type\":\"ReadAction\",\"target\":[\"https:\\\/\\\/www.cruillabarcelona.cat\\\/es\\\/artists\\\/belako\\\/\"]}]},{\"@type\":\"ImageObject\",\"inLanguage\":\"es\",\"@id\":\"https:\\\/\\\/www.cruillabarcelona.cat\\\/es\\\/artists\\\/belako\\\/#primaryimage\",\"url\":\"https:\\\/\\\/www.cruillabarcelona.cat\\\/wp-content\\\/uploads\\\/2018\\\/02\\\/Belako-1.jpg\",\"contentUrl\":\"https:\\\/\\\/www.cruillabarcelona.cat\\\/wp-content\\\/uploads\\\/2018\\\/02\\\/Belako-1.jpg\",\"width\":1080,\"height\":1080,\"caption\":\"Belako\"},{\"@type\":\"BreadcrumbList\",\"@id\":\"https:\\\/\\\/www.cruillabarcelona.cat\\\/es\\\/artists\\\/belako\\\/#breadcrumb\",\"itemListElement\":[{\"@type\":\"ListItem\",\"position\":1,\"name\":\"Home\",\"item\":\"https:\\\/\\\/www.cruillabarcelona.cat\\\/es\\\/\"},{\"@type\":\"ListItem\",\"position\":2,\"name\":\"Belako\"}]},{\"@type\":\"WebSite\",\"@id\":\"https:\\\/\\\/www.cruillabarcelona.cat\\\/es\\\/#website\",\"url\":\"https:\\\/\\\/www.cruillabarcelona.cat\\\/es\\\/\",\"name\":\"Festival Cru\u00eflla\",\"description\":\"\",\"publisher\":{\"@id\":\"https:\\\/\\\/www.cruillabarcelona.cat\\\/es\\\/#organization\"},\"potentialAction\":[{\"@type\":\"SearchAction\",\"target\":{\"@type\":\"EntryPoint\",\"urlTemplate\":\"https:\\\/\\\/www.cruillabarcelona.cat\\\/es\\\/?s={search_term_string}\"},\"query-input\":{\"@type\":\"PropertyValueSpecification\",\"valueRequired\":true,\"valueName\":\"search_term_string\"}}],\"inLanguage\":\"es\"},{\"@type\":\"Organization\",\"@id\":\"https:\\\/\\\/www.cruillabarcelona.cat\\\/es\\\/#organization\",\"name\":\"Festival Cru\u00eflla\",\"url\":\"https:\\\/\\\/www.cruillabarcelona.cat\\\/es\\\/\",\"logo\":{\"@type\":\"ImageObject\",\"inLanguage\":\"es\",\"@id\":\"https:\\\/\\\/www.cruillabarcelona.cat\\\/es\\\/#\\\/schema\\\/logo\\\/image\\\/\",\"url\":\"https:\\\/\\\/www.cruillabarcelona.cat\\\/wp-content\\\/uploads\\\/2025\\\/12\\\/cruill-logo-negativo.png\",\"contentUrl\":\"https:\\\/\\\/www.cruillabarcelona.cat\\\/wp-content\\\/uploads\\\/2025\\\/12\\\/cruill-logo-negativo.png\",\"width\":400,\"height\":101,\"caption\":\"Festival Cru\u00eflla\"},\"image\":{\"@id\":\"https:\\\/\\\/www.cruillabarcelona.cat\\\/es\\\/#\\\/schema\\\/logo\\\/image\\\/\"}}]}<\/script>\n<!-- \/ Yoast SEO plugin. -->","yoast_head_json":{"title":"Belako actuar\u00e1n en este verano en el Festival Cru\u00eflla 2018","description":"La banda Belako nos presentar\u00e1 su post-punk cantado en euskera e ingl\u00e9s en el Festival Cru\u00eflla 2018, el s\u00e1bado 14 de julio.","robots":{"index":"index","follow":"follow","max-snippet":"max-snippet:-1","max-image-preview":"max-image-preview:large","max-video-preview":"max-video-preview:-1"},"canonical":"https:\/\/www.cruillabarcelona.cat\/es\/artists\/belako\/","og_locale":"es_ES","og_type":"article","og_title":"Belako actuar\u00e1n en este verano en el Festival Cru\u00eflla 2018","og_description":"La banda Belako nos presentar\u00e1 su post-punk cantado en euskera e ingl\u00e9s en el Festival Cru\u00eflla 2018, el s\u00e1bado 14 de julio.","og_url":"https:\/\/www.cruillabarcelona.cat\/es\/artists\/belako\/","og_site_name":"Festival Cru\u00eflla","article_modified_time":"2018-06-18T11:40:01+00:00","og_image":[{"width":1080,"height":1080,"url":"https:\/\/www.cruillabarcelona.cat\/wp-content\/uploads\/2018\/02\/Belako-1.jpg","type":"image\/jpeg"}],"twitter_card":"summary_large_image","twitter_misc":{"Tiempo de lectura":"1 minuto"},"schema":{"@context":"https:\/\/schema.org","@graph":[{"@type":"WebPage","@id":"https:\/\/www.cruillabarcelona.cat\/es\/artists\/belako\/","url":"https:\/\/www.cruillabarcelona.cat\/es\/artists\/belako\/","name":"Belako actuar\u00e1n en este verano en el Festival Cru\u00eflla 2018","isPartOf":{"@id":"https:\/\/www.cruillabarcelona.cat\/es\/#website"},"primaryImageOfPage":{"@id":"https:\/\/www.cruillabarcelona.cat\/es\/artists\/belako\/#primaryimage"},"image":{"@id":"https:\/\/www.cruillabarcelona.cat\/es\/artists\/belako\/#primaryimage"},"thumbnailUrl":"https:\/\/www.cruillabarcelona.cat\/wp-content\/uploads\/2018\/02\/Belako-1.jpg","datePublished":"2018-02-21T11:24:38+00:00","dateModified":"2018-06-18T11:40:01+00:00","description":"La banda Belako nos presentar\u00e1 su post-punk cantado en euskera e ingl\u00e9s en el Festival Cru\u00eflla 2018, el s\u00e1bado 14 de julio.","breadcrumb":{"@id":"https:\/\/www.cruillabarcelona.cat\/es\/artists\/belako\/#breadcrumb"},"inLanguage":"es","potentialAction":[{"@type":"ReadAction","target":["https:\/\/www.cruillabarcelona.cat\/es\/artists\/belako\/"]}]},{"@type":"ImageObject","inLanguage":"es","@id":"https:\/\/www.cruillabarcelona.cat\/es\/artists\/belako\/#primaryimage","url":"https:\/\/www.cruillabarcelona.cat\/wp-content\/uploads\/2018\/02\/Belako-1.jpg","contentUrl":"https:\/\/www.cruillabarcelona.cat\/wp-content\/uploads\/2018\/02\/Belako-1.jpg","width":1080,"height":1080,"caption":"Belako"},{"@type":"BreadcrumbList","@id":"https:\/\/www.cruillabarcelona.cat\/es\/artists\/belako\/#breadcrumb","itemListElement":[{"@type":"ListItem","position":1,"name":"Home","item":"https:\/\/www.cruillabarcelona.cat\/es\/"},{"@type":"ListItem","position":2,"name":"Belako"}]},{"@type":"WebSite","@id":"https:\/\/www.cruillabarcelona.cat\/es\/#website","url":"https:\/\/www.cruillabarcelona.cat\/es\/","name":"Festival Cru\u00eflla","description":"","publisher":{"@id":"https:\/\/www.cruillabarcelona.cat\/es\/#organization"},"potentialAction":[{"@type":"SearchAction","target":{"@type":"EntryPoint","urlTemplate":"https:\/\/www.cruillabarcelona.cat\/es\/?s={search_term_string}"},"query-input":{"@type":"PropertyValueSpecification","valueRequired":true,"valueName":"search_term_string"}}],"inLanguage":"es"},{"@type":"Organization","@id":"https:\/\/www.cruillabarcelona.cat\/es\/#organization","name":"Festival Cru\u00eflla","url":"https:\/\/www.cruillabarcelona.cat\/es\/","logo":{"@type":"ImageObject","inLanguage":"es","@id":"https:\/\/www.cruillabarcelona.cat\/es\/#\/schema\/logo\/image\/","url":"https:\/\/www.cruillabarcelona.cat\/wp-content\/uploads\/2025\/12\/cruill-logo-negativo.png","contentUrl":"https:\/\/www.cruillabarcelona.cat\/wp-content\/uploads\/2025\/12\/cruill-logo-negativo.png","width":400,"height":101,"caption":"Festival Cru\u00eflla"},"image":{"@id":"https:\/\/www.cruillabarcelona.cat\/es\/#\/schema\/logo\/image\/"}}]}},"_links":{"self":[{"href":"https:\/\/www.cruillabarcelona.cat\/es\/wp-json\/wp\/v2\/artists\/8387","targetHints":{"allow":["GET"]}}],"collection":[{"href":"https:\/\/www.cruillabarcelona.cat\/es\/wp-json\/wp\/v2\/artists"}],"about":[{"href":"https:\/\/www.cruillabarcelona.cat\/es\/wp-json\/wp\/v2\/types\/artists"}],"acf:term":[{"embeddable":true,"taxonomy":"artists_location","href":"https:\/\/www.cruillabarcelona.cat\/es\/wp-json\/wp\/v2\/artists_location\/591"},{"embeddable":true,"taxonomy":"artists_edition","href":"https:\/\/www.cruillabarcelona.cat\/es\/wp-json\/wp\/v2\/artists_edition\/21"}],"wp:featuredmedia":[{"embeddable":true,"href":"https:\/\/www.cruillabarcelona.cat\/es\/wp-json\/wp\/v2\/media\/8590"}],"wp:attachment":[{"href":"https:\/\/www.cruillabarcelona.cat\/es\/wp-json\/wp\/v2\/media?parent=8387"}],"wp:term":[{"taxonomy":"artists_edition","embeddable":true,"href":"https:\/\/www.cruillabarcelona.cat\/es\/wp-json\/wp\/v2\/artists_edition?post=8387"}],"curies":[{"name":"wp","href":"https:\/\/api.w.org\/{rel}","templated":true}]}}