{"id":13303,"date":"2018-06-04T10:10:07","date_gmt":"2018-06-04T10:10:07","guid":{"rendered":"https:\/\/www.cruillabarcelona.cat\/?page_id=13303"},"modified":"2018-11-05T19:32:05","modified_gmt":"2018-11-05T17:32:05","slug":"cruilla-de-tardor-2018","status":"publish","type":"page","link":"https:\/\/www.cruillabarcelona.cat\/es\/cruilla-de-tardor-2018\/","title":{"rendered":"Cru\u00eflla de Tardor 2018"},"content":{"rendered":"<h2 style=\"text-align: left;\">\u00a1Conoce el Cru\u00eflla de Tardor 2018!<\/h2>\n<p style=\"text-align: justify;\">Durante los meses de octubre y noviembre, disfrutaremos de un ciclo de conciertos que gustar\u00e1 a <strong>amantes del indie, punk rockers, enamorados del pop catal\u00e1n e incondicionales de la m\u00fasica gipsy y balc\u00e1nica<\/strong>, entre otros.\u00a0A continuaci\u00f3n te dejamos la programaci\u00f3n completa del Cru\u00eflla de Tardor 2018. <strong>\u00a1Busca tu concierto, elige tu fecha!<\/strong><\/p>\n<h2>MGMT. Los 80 est\u00e1n celosos<\/h2>\n<p style=\"text-align: justify;\">Son los reyes del pop electr\u00f3nico, y podr\u00edamos decir que tambi\u00e9n ocupan el trono de la psicodelia moderna. El pr\u00f3ximo <strong>25 de octubre<\/strong> <a href=\"https:\/\/www.cruillabarcelona.cat\/es\/artists\/mgmt\/\" target=\"_blank\" rel=\"noopener\">MGMT<\/a> nos har\u00e1 vivir una noche de baile y emociones intensas en el <strong>Hivernacle del Poble Espanyol<\/strong>.<\/p>\n<p style=\"text-align: justify;\">Los a\u00f1os 80 est\u00e1n celosos de MGMT, y no es para menos: la mejor m\u00fasica de los 80 se hace ahora.<\/p>\n<p style=\"text-align: justify;\">El precio de las entradas es de <strong>32,5\u20ac<\/strong> (anticipada) o <strong>40\u20ac<\/strong> (taquilla). <a href=\"https:\/\/www.portalticket.com\/entradas\/mgmt\/4601\/cruilla-barcelona\/cruilla-de-tardor?lang=es_ES&amp;_ga=2.185191145.138919847.1531812313-2082226209.1528967607\" target=\"_blank\" rel=\"noopener\">Comprar entradas<\/a>.<\/p>\n<h2>Cat Power, la gran voz del folk<\/h2>\n<p style=\"text-align: justify;\">Cat Power se ha erigido como una de las <strong>grandes voces del folk y el soul<\/strong>. Y est\u00e1 preparando un \u00e1lbum que cuenta el <strong>emocionante viaje<\/strong> recorrido para llegar a serlo.<\/p>\n<p style=\"text-align: justify;\">Tendremos la suerte de ver a\u00a0<a href=\"https:\/\/www.cruillabarcelona.cat\/es\/artists\/cat-power\/\" target=\"_blank\" rel=\"noopener\">Cat Power<\/a> en directo el pr\u00f3ximo <strong>1 de noviembre<\/strong> en la <strong>Sala Razzmatazz<\/strong>.<\/p>\n<p style=\"text-align: justify;\">El precio de las entradas es de <strong>28\u20ac\u00a0<\/strong>(anticipada) o <strong>33\u20ac<\/strong> (taquilla). <a href=\"https:\/\/www.portalticket.com\/entradas\/cat-power\/4417\/cruilla-barcelona\/cruilla-de-tardor\" target=\"_blank\" rel=\"noopener\">Comprar entradas<\/a>.<\/p>\n<h2 style=\"text-align: justify;\">Kusturica, \u00a1la gran fiesta balc\u00e1nica!<\/h2>\n<p style=\"text-align: justify;\">Si queremos bailar m\u00fasica balc\u00e1nica, lo mejor es hacerlo con el maestro. El pr\u00f3ximo <strong>18 de octubre<\/strong>, <a href=\"https:\/\/www.cruillabarcelona.cat\/es\/artists\/emir-kusturica\/\" target=\"_blank\" rel=\"noopener\">Emir Kusturica<\/a> montar\u00e1 una gran fiesta en la\u00a0<strong>Sala Razzmatazz 1<\/strong>, acompa\u00f1ado por los m\u00fasicos de <strong>The No Smoking Orchestra<\/strong>.<\/p>\n<p style=\"text-align: justify;\">Adem\u00e1s, para que la fiesta no pare, tendremos tambi\u00e9n a la Barcelona Gipsy Balkan Orchestra, un grupo nacido en Barcelona y con proyecci\u00f3n internacional.<\/p>\n<p style=\"text-align: justify;\">El precio de las entradas es de <strong>32\u20ac<\/strong> (anticipada) o <strong>37\u20ac<\/strong> (taquilla). <a href=\"https:\/\/www.portalticket.com\/entradas\/emir-kusturica---the-non-smoking-orchestra\/4410\/cruilla-barcelona\/cruilla-de-tardor\" target=\"_blank\" rel=\"noopener\">Comprar entradas<\/a>.<\/p>\n<h2 style=\"text-align: justify;\">Anna Calvi, una artista \u00fanica<\/h2>\n<p style=\"text-align: justify;\"><a href=\"https:\/\/www.cruillabarcelona.cat\/es\/artists\/anna-calvi\/\" target=\"_blank\" rel=\"noopener\">Anna Calvi<\/a> es ya una gran instituci\u00f3n del indie-rock en ingl\u00e9s, hasta el punto que ha llegado a ser comparada con Patti Smith. No cabe duda de que tiene una <strong>voz poderosa y una m\u00fasica todav\u00eda m\u00e1s potente<\/strong>.<\/p>\n<p style=\"text-align: justify;\">Podremos ver Anna Calvi en directo el pr\u00f3ximo <strong>14 de octubre<\/strong> en la <strong>Sala Razzmatazz 2<\/strong>.<\/p>\n<p style=\"text-align: justify;\">El precio de las entradas es de <strong>20\u20ac<\/strong> (anticipada) o <strong>25\u20ac<\/strong> (taquilla). <a href=\"https:\/\/www.portalticket.com\/entradas\/anna-calvi\/4409\/cruilla-barcelona\/cruilla-de-tardor\" target=\"_blank\" rel=\"noopener\">Comprar entradas<\/a>.<\/p>\n<h2>El poder transformador de Viva Suecia y Neuman<\/h2>\n<p style=\"text-align: justify;\">Hay bandas que te transforman, y <a href=\"https:\/\/www.cruillabarcelona.cat\/es\/artists\/viva-suecia-neuman\/\" target=\"_blank\" rel=\"noopener\">Viva Suecia<\/a> es una de ellas. Ahora puedes comprobarlo en directo, el pr\u00f3ximo <strong>21 de octubre<\/strong> en el <strong>Hivernacle del Poble Espanyol<\/strong>. Una cosa es segura: Viva Suecia no se cansa de hacer <em>sold out<\/em>, as\u00ed que&#8230; \u00a1no te quedes sin tu entrada!<\/p>\n<p style=\"text-align: justify;\">Viva Suecia compartir\u00e1 la noche con\u00a0Neuman, la banda de post rock capitaneada por el gran Paco Rom\u00e1n, un artista total.<\/p>\n<p style=\"text-align: justify;\">El precio de las entradas es de <strong>22\u20ac<\/strong> (anticipada) o\u00a0<strong>27\u20ac\u00a0<\/strong>(taquilla). <a href=\"https:\/\/www.portalticket.com\/entradas\/viva-suecia\/4600\/cruilla-barcelona\/cruilla-de-tardor\" target=\"_blank\" rel=\"noopener\">Comprar entradas<\/a>.<\/p>\n<h2 style=\"text-align: justify;\">La M.O.D.A. y Animal: Queremos emocionarnos<\/h2>\n<p style=\"text-align: justify;\">El\u00a0<strong>Hivernacle del\u00a0Poble Espanyol<\/strong> acoger\u00e1, el <strong>20 de octubre<\/strong>, el <strong>rock sentido y visceral<\/strong> de <a href=\"https:\/\/www.cruillabarcelona.cat\/es\/artists\/la-moda-tardor\/\" target=\"_blank\" rel=\"noopener\">La M.O.D.A.<\/a> Los burgaleses est\u00e1n imparables y cada canci\u00f3n que sacan est\u00e1 escrita con m\u00e1s pasi\u00f3n que la anterior.<\/p>\n<p style=\"text-align: justify;\">Por el mismo precio, veremos el concierto de Animal, la gran revelaci\u00f3n del <strong>pop-folk catal\u00e1n<\/strong>.<\/p>\n<p style=\"text-align: justify;\">El precio de las entradas es de <strong>20\u20ac<\/strong> (anticipada) o <strong>25\u20ac<\/strong> (taquilla). <a href=\"https:\/\/www.portalticket.com\/entradas\/la-m-o-d-a---+-animal\/4413\/cruilla-barcelona\/cruilla-de-tardor\" target=\"_blank\" rel=\"noopener\">Comprar entradas<\/a>.<\/p>\n<h2 style=\"text-align: justify;\">Myles Sanko + The Excitements: \u00a1Soul, soul, soul!<\/h2>\n<p style=\"text-align: justify;\"><a href=\"https:\/\/www.cruillabarcelona.cat\/es\/artists\/myles-sanko\/\" target=\"_blank\" rel=\"noopener\">Myles Sanko<\/a> es un gran artesano de la m\u00fasica <strong>soul-jazz<\/strong>. Y, a base de trabajo y pasi\u00f3n, se ha convertido en el gran nombre propio del soul europeo. Lo tendremos en directo el <strong>19 de octubre<\/strong> en la <strong>Sala Bikini<\/strong>.<\/p>\n<p style=\"text-align: justify;\">Con la misma entrada, disfrutaremos del concierto de The Excitements, un conjunto barcelon\u00e9s que nos devuelve la pureza del <strong>soul americano de los a\u00f1os sesenta<\/strong>.<\/p>\n<p style=\"text-align: justify;\">El precio de las entradas es de <strong>25\u20ac<\/strong> (anticipada) o <strong>30\u20ac<\/strong> (taquilla). <a href=\"https:\/\/www.portalticket.com\/entradas\/miles-sanko-+-the-excitements\/4411\/cruilla-barcelona\/cruilla-de-tardor\" target=\"_blank\" rel=\"noopener\">Comprar entradas<\/a>.<\/p>\n<h2 style=\"text-align: justify;\">Mafalda y Tremenda Jaur\u00eda: \u00a1No callamos!<\/h2>\n<p style=\"text-align: justify;\">Este a\u00f1o, ya sabemos qu\u00e9 haremos la noche de Halloween. El d\u00eda <strong>31 de octubre<\/strong>\u00a0la <strong>Sala Razzmatazz<\/strong> acoger\u00e1 el concierto de <a href=\"https:\/\/www.cruillabarcelona.cat\/es\/artists\/mafalda\/\" target=\"_blank\" rel=\"noopener\">Mafalda<\/a>, uno de los grupos m\u00e1s reivindicativos de la escena que, adem\u00e1s, mezcla con la misma facilidad <strong>reggae<\/strong>, <strong>ska<\/strong>, <strong>metal<\/strong> y <strong>hardcore<\/strong>.<\/p>\n<p style=\"text-align: justify;\">Con la misma entrada bailaremos al ritmo de Tremenda Jaur\u00eda, el grupo que nos demuestra que <strong>el reggaeton puede ser contestatario y feminista<\/strong>.<\/p>\n<p style=\"text-align: justify;\">El precio de las entradas es de <strong>15\u20ac<\/strong> (anticipada) o <strong>18\u20ac<\/strong> (taquilla). <a href=\"https:\/\/www.portalticket.com\/entradas\/mafalda-+-tremenda-jauria\/4416\/cruilla-barcelona\/cruilla-de-tardor\" target=\"_blank\" rel=\"noopener\">Comprar entradas<\/a>.<\/p>\n<p>&nbsp;<\/p>\n<p><a href=\"https:\/\/www.cruillabarcelona.cat\/es\/artistes-cruilla-de-tardor-2018\/\" target=\"_blank\" rel=\"noopener\"><img decoding=\"async\" class=\"aligncenter wp-image-18223 size-full\" src=\"https:\/\/www.cruillabarcelona.cat\/wp-content\/uploads\/2018\/07\/Cartell_Instagram_2_Cast.jpg\" alt=\"Cartell Cru\u00eflla tardor 2018 ES\" width=\"600\" height=\"600\" srcset=\"https:\/\/www.cruillabarcelona.cat\/wp-content\/uploads\/2018\/07\/Cartell_Instagram_2_Cast.jpg 600w, https:\/\/www.cruillabarcelona.cat\/wp-content\/uploads\/2018\/07\/Cartell_Instagram_2_Cast-150x150.jpg 150w, https:\/\/www.cruillabarcelona.cat\/wp-content\/uploads\/2018\/07\/Cartell_Instagram_2_Cast-300x300.jpg 300w\" sizes=\"(max-width: 600px) 100vw, 600px\" \/><\/a><\/p>\n<p style=\"text-align: justify;\"><img decoding=\"async\" width=\"1368\" height=\"137\" class=\"aligncenter size-full wp-image-18911\" src=\"https:\/\/www.cruillabarcelona.cat\/wp-content\/uploads\/2018\/10\/franja-logos-cruillla-de-tardor.png\" alt=\"\" srcset=\"https:\/\/www.cruillabarcelona.cat\/wp-content\/uploads\/2018\/10\/franja-logos-cruillla-de-tardor.png 1368w, https:\/\/www.cruillabarcelona.cat\/wp-content\/uploads\/2018\/10\/franja-logos-cruillla-de-tardor-768x77.png 768w, https:\/\/www.cruillabarcelona.cat\/wp-content\/uploads\/2018\/10\/franja-logos-cruillla-de-tardor-1024x103.png 1024w, https:\/\/www.cruillabarcelona.cat\/wp-content\/uploads\/2018\/10\/franja-logos-cruillla-de-tardor-300x30.png 300w\" sizes=\"(max-width: 1368px) 100vw, 1368px\" \/><\/p>\n","protected":false},"excerpt":{"rendered":"<p>\u00a1Conoce el Cru\u00eflla de Tardor 2018! Durante los meses de octubre y noviembre, disfrutaremos de un ciclo de conciertos que gustar\u00e1 a amantes del indie, punk [&hellip;]<\/p>\n","protected":false},"author":13,"featured_media":18380,"parent":0,"menu_order":0,"comment_status":"closed","ping_status":"closed","template":"page-templates\/page-landing.php","meta":{"_acf_changed":false,"footnotes":""},"class_list":["post-13303","page","type-page","status-publish","has-post-thumbnail","hentry"],"acf":[],"yoast_head":"<!-- This site is optimized with the Yoast SEO plugin v27.5 - https:\/\/yoast.com\/product\/yoast-seo-wordpress\/ -->\n<title>Cru\u00eflla de Tardor 2018. Del 14 de octubre al 1 de noviembre en Barcelona<\/title>\n<meta name=\"description\" content=\"MGMT, Cat Power, Emir Kusturica, Anna Calvi, La M.O.D.A., Viva Suecia, Myles Sanko. Cru\u00eflla de Tardor 2018: del 14 de octubre al 1 de noviembre, Barcelona.\" \/>\n<meta name=\"robots\" content=\"index, follow, max-snippet:-1, max-image-preview:large, max-video-preview:-1\" \/>\n<link rel=\"canonical\" href=\"https:\/\/www.cruillabarcelona.cat\/es\/cruilla-de-tardor-2018\/\" \/>\n<meta property=\"og:locale\" content=\"es_ES\" \/>\n<meta property=\"og:type\" content=\"article\" \/>\n<meta property=\"og:title\" content=\"Cru\u00eflla de Tardor 2018. Del 14 de octubre al 1 de noviembre en Barcelona\" \/>\n<meta property=\"og:description\" content=\"MGMT, Cat Power, Emir Kusturica, Anna Calvi, La M.O.D.A., Viva Suecia, Myles Sanko. Cru\u00eflla de Tardor 2018: del 14 de octubre al 1 de noviembre, Barcelona.\" \/>\n<meta property=\"og:url\" content=\"https:\/\/www.cruillabarcelona.cat\/es\/cruilla-de-tardor-2018\/\" \/>\n<meta property=\"og:site_name\" content=\"Festival Cru\u00eflla\" \/>\n<meta property=\"article:modified_time\" content=\"2018-11-05T17:32:05+00:00\" \/>\n<meta property=\"og:image\" content=\"https:\/\/www.cruillabarcelona.cat\/wp-content\/uploads\/2018\/07\/1_Portada_Web_Crui\u0308llaTardor.jpg\" \/>\n\t<meta property=\"og:image:width\" content=\"1500\" \/>\n\t<meta property=\"og:image:height\" content=\"500\" \/>\n\t<meta property=\"og:image:type\" content=\"image\/jpeg\" \/>\n<meta name=\"twitter:card\" content=\"summary_large_image\" \/>\n<meta name=\"twitter:label1\" content=\"Tiempo de lectura\" \/>\n\t<meta name=\"twitter:data1\" content=\"4 minutos\" \/>\n<script type=\"application\/ld+json\" class=\"yoast-schema-graph\">{\"@context\":\"https:\\\/\\\/schema.org\",\"@graph\":[{\"@type\":\"WebPage\",\"@id\":\"https:\\\/\\\/www.cruillabarcelona.cat\\\/es\\\/cruilla-de-tardor-2018\\\/\",\"url\":\"https:\\\/\\\/www.cruillabarcelona.cat\\\/es\\\/cruilla-de-tardor-2018\\\/\",\"name\":\"Cru\u00eflla de Tardor 2018. Del 14 de octubre al 1 de noviembre en Barcelona\",\"isPartOf\":{\"@id\":\"https:\\\/\\\/www.cruillabarcelona.cat\\\/es\\\/#website\"},\"primaryImageOfPage\":{\"@id\":\"https:\\\/\\\/www.cruillabarcelona.cat\\\/es\\\/cruilla-de-tardor-2018\\\/#primaryimage\"},\"image\":{\"@id\":\"https:\\\/\\\/www.cruillabarcelona.cat\\\/es\\\/cruilla-de-tardor-2018\\\/#primaryimage\"},\"thumbnailUrl\":\"https:\\\/\\\/www.cruillabarcelona.cat\\\/wp-content\\\/uploads\\\/2018\\\/07\\\/1_Portada_Web_Crui\u0308llaTardor.jpg\",\"datePublished\":\"2018-06-04T10:10:07+00:00\",\"dateModified\":\"2018-11-05T17:32:05+00:00\",\"description\":\"MGMT, Cat Power, Emir Kusturica, Anna Calvi, La M.O.D.A., Viva Suecia, Myles Sanko. Cru\u00eflla de Tardor 2018: del 14 de octubre al 1 de noviembre, Barcelona.\",\"breadcrumb\":{\"@id\":\"https:\\\/\\\/www.cruillabarcelona.cat\\\/es\\\/cruilla-de-tardor-2018\\\/#breadcrumb\"},\"inLanguage\":\"es\",\"potentialAction\":[{\"@type\":\"ReadAction\",\"target\":[\"https:\\\/\\\/www.cruillabarcelona.cat\\\/es\\\/cruilla-de-tardor-2018\\\/\"]}]},{\"@type\":\"ImageObject\",\"inLanguage\":\"es\",\"@id\":\"https:\\\/\\\/www.cruillabarcelona.cat\\\/es\\\/cruilla-de-tardor-2018\\\/#primaryimage\",\"url\":\"https:\\\/\\\/www.cruillabarcelona.cat\\\/wp-content\\\/uploads\\\/2018\\\/07\\\/1_Portada_Web_Crui\u0308llaTardor.jpg\",\"contentUrl\":\"https:\\\/\\\/www.cruillabarcelona.cat\\\/wp-content\\\/uploads\\\/2018\\\/07\\\/1_Portada_Web_Crui\u0308llaTardor.jpg\",\"width\":1500,\"height\":500,\"caption\":\"Cru\u00eflla de Tardor 2018\"},{\"@type\":\"BreadcrumbList\",\"@id\":\"https:\\\/\\\/www.cruillabarcelona.cat\\\/es\\\/cruilla-de-tardor-2018\\\/#breadcrumb\",\"itemListElement\":[{\"@type\":\"ListItem\",\"position\":1,\"name\":\"Home\",\"item\":\"https:\\\/\\\/www.cruillabarcelona.cat\\\/es\\\/\"},{\"@type\":\"ListItem\",\"position\":2,\"name\":\"Cru\u00eflla de Tardor 2018\"}]},{\"@type\":\"WebSite\",\"@id\":\"https:\\\/\\\/www.cruillabarcelona.cat\\\/es\\\/#website\",\"url\":\"https:\\\/\\\/www.cruillabarcelona.cat\\\/es\\\/\",\"name\":\"Festival Cru\u00eflla\",\"description\":\"\",\"publisher\":{\"@id\":\"https:\\\/\\\/www.cruillabarcelona.cat\\\/es\\\/#organization\"},\"potentialAction\":[{\"@type\":\"SearchAction\",\"target\":{\"@type\":\"EntryPoint\",\"urlTemplate\":\"https:\\\/\\\/www.cruillabarcelona.cat\\\/es\\\/?s={search_term_string}\"},\"query-input\":{\"@type\":\"PropertyValueSpecification\",\"valueRequired\":true,\"valueName\":\"search_term_string\"}}],\"inLanguage\":\"es\"},{\"@type\":\"Organization\",\"@id\":\"https:\\\/\\\/www.cruillabarcelona.cat\\\/es\\\/#organization\",\"name\":\"Festival Cru\u00eflla\",\"url\":\"https:\\\/\\\/www.cruillabarcelona.cat\\\/es\\\/\",\"logo\":{\"@type\":\"ImageObject\",\"inLanguage\":\"es\",\"@id\":\"https:\\\/\\\/www.cruillabarcelona.cat\\\/es\\\/#\\\/schema\\\/logo\\\/image\\\/\",\"url\":\"https:\\\/\\\/www.cruillabarcelona.cat\\\/wp-content\\\/uploads\\\/2025\\\/12\\\/cruill-logo-negativo.png\",\"contentUrl\":\"https:\\\/\\\/www.cruillabarcelona.cat\\\/wp-content\\\/uploads\\\/2025\\\/12\\\/cruill-logo-negativo.png\",\"width\":400,\"height\":101,\"caption\":\"Festival Cru\u00eflla\"},\"image\":{\"@id\":\"https:\\\/\\\/www.cruillabarcelona.cat\\\/es\\\/#\\\/schema\\\/logo\\\/image\\\/\"}}]}<\/script>\n<!-- \/ Yoast SEO plugin. -->","yoast_head_json":{"title":"Cru\u00eflla de Tardor 2018. Del 14 de octubre al 1 de noviembre en Barcelona","description":"MGMT, Cat Power, Emir Kusturica, Anna Calvi, La M.O.D.A., Viva Suecia, Myles Sanko. Cru\u00eflla de Tardor 2018: del 14 de octubre al 1 de noviembre, Barcelona.","robots":{"index":"index","follow":"follow","max-snippet":"max-snippet:-1","max-image-preview":"max-image-preview:large","max-video-preview":"max-video-preview:-1"},"canonical":"https:\/\/www.cruillabarcelona.cat\/es\/cruilla-de-tardor-2018\/","og_locale":"es_ES","og_type":"article","og_title":"Cru\u00eflla de Tardor 2018. Del 14 de octubre al 1 de noviembre en Barcelona","og_description":"MGMT, Cat Power, Emir Kusturica, Anna Calvi, La M.O.D.A., Viva Suecia, Myles Sanko. Cru\u00eflla de Tardor 2018: del 14 de octubre al 1 de noviembre, Barcelona.","og_url":"https:\/\/www.cruillabarcelona.cat\/es\/cruilla-de-tardor-2018\/","og_site_name":"Festival Cru\u00eflla","article_modified_time":"2018-11-05T17:32:05+00:00","og_image":[{"width":1500,"height":500,"url":"https:\/\/www.cruillabarcelona.cat\/wp-content\/uploads\/2018\/07\/1_Portada_Web_Crui\u0308llaTardor.jpg","type":"image\/jpeg"}],"twitter_card":"summary_large_image","twitter_misc":{"Tiempo de lectura":"4 minutos"},"schema":{"@context":"https:\/\/schema.org","@graph":[{"@type":"WebPage","@id":"https:\/\/www.cruillabarcelona.cat\/es\/cruilla-de-tardor-2018\/","url":"https:\/\/www.cruillabarcelona.cat\/es\/cruilla-de-tardor-2018\/","name":"Cru\u00eflla de Tardor 2018. Del 14 de octubre al 1 de noviembre en Barcelona","isPartOf":{"@id":"https:\/\/www.cruillabarcelona.cat\/es\/#website"},"primaryImageOfPage":{"@id":"https:\/\/www.cruillabarcelona.cat\/es\/cruilla-de-tardor-2018\/#primaryimage"},"image":{"@id":"https:\/\/www.cruillabarcelona.cat\/es\/cruilla-de-tardor-2018\/#primaryimage"},"thumbnailUrl":"https:\/\/www.cruillabarcelona.cat\/wp-content\/uploads\/2018\/07\/1_Portada_Web_Crui\u0308llaTardor.jpg","datePublished":"2018-06-04T10:10:07+00:00","dateModified":"2018-11-05T17:32:05+00:00","description":"MGMT, Cat Power, Emir Kusturica, Anna Calvi, La M.O.D.A., Viva Suecia, Myles Sanko. Cru\u00eflla de Tardor 2018: del 14 de octubre al 1 de noviembre, Barcelona.","breadcrumb":{"@id":"https:\/\/www.cruillabarcelona.cat\/es\/cruilla-de-tardor-2018\/#breadcrumb"},"inLanguage":"es","potentialAction":[{"@type":"ReadAction","target":["https:\/\/www.cruillabarcelona.cat\/es\/cruilla-de-tardor-2018\/"]}]},{"@type":"ImageObject","inLanguage":"es","@id":"https:\/\/www.cruillabarcelona.cat\/es\/cruilla-de-tardor-2018\/#primaryimage","url":"https:\/\/www.cruillabarcelona.cat\/wp-content\/uploads\/2018\/07\/1_Portada_Web_Crui\u0308llaTardor.jpg","contentUrl":"https:\/\/www.cruillabarcelona.cat\/wp-content\/uploads\/2018\/07\/1_Portada_Web_Crui\u0308llaTardor.jpg","width":1500,"height":500,"caption":"Cru\u00eflla de Tardor 2018"},{"@type":"BreadcrumbList","@id":"https:\/\/www.cruillabarcelona.cat\/es\/cruilla-de-tardor-2018\/#breadcrumb","itemListElement":[{"@type":"ListItem","position":1,"name":"Home","item":"https:\/\/www.cruillabarcelona.cat\/es\/"},{"@type":"ListItem","position":2,"name":"Cru\u00eflla de Tardor 2018"}]},{"@type":"WebSite","@id":"https:\/\/www.cruillabarcelona.cat\/es\/#website","url":"https:\/\/www.cruillabarcelona.cat\/es\/","name":"Festival Cru\u00eflla","description":"","publisher":{"@id":"https:\/\/www.cruillabarcelona.cat\/es\/#organization"},"potentialAction":[{"@type":"SearchAction","target":{"@type":"EntryPoint","urlTemplate":"https:\/\/www.cruillabarcelona.cat\/es\/?s={search_term_string}"},"query-input":{"@type":"PropertyValueSpecification","valueRequired":true,"valueName":"search_term_string"}}],"inLanguage":"es"},{"@type":"Organization","@id":"https:\/\/www.cruillabarcelona.cat\/es\/#organization","name":"Festival Cru\u00eflla","url":"https:\/\/www.cruillabarcelona.cat\/es\/","logo":{"@type":"ImageObject","inLanguage":"es","@id":"https:\/\/www.cruillabarcelona.cat\/es\/#\/schema\/logo\/image\/","url":"https:\/\/www.cruillabarcelona.cat\/wp-content\/uploads\/2025\/12\/cruill-logo-negativo.png","contentUrl":"https:\/\/www.cruillabarcelona.cat\/wp-content\/uploads\/2025\/12\/cruill-logo-negativo.png","width":400,"height":101,"caption":"Festival Cru\u00eflla"},"image":{"@id":"https:\/\/www.cruillabarcelona.cat\/es\/#\/schema\/logo\/image\/"}}]}},"_links":{"self":[{"href":"https:\/\/www.cruillabarcelona.cat\/es\/wp-json\/wp\/v2\/pages\/13303","targetHints":{"allow":["GET"]}}],"collection":[{"href":"https:\/\/www.cruillabarcelona.cat\/es\/wp-json\/wp\/v2\/pages"}],"about":[{"href":"https:\/\/www.cruillabarcelona.cat\/es\/wp-json\/wp\/v2\/types\/page"}],"author":[{"embeddable":true,"href":"https:\/\/www.cruillabarcelona.cat\/es\/wp-json\/wp\/v2\/users\/13"}],"replies":[{"embeddable":true,"href":"https:\/\/www.cruillabarcelona.cat\/es\/wp-json\/wp\/v2\/comments?post=13303"}],"version-history":[{"count":0,"href":"https:\/\/www.cruillabarcelona.cat\/es\/wp-json\/wp\/v2\/pages\/13303\/revisions"}],"wp:featuredmedia":[{"embeddable":true,"href":"https:\/\/www.cruillabarcelona.cat\/es\/wp-json\/wp\/v2\/media\/18380"}],"wp:attachment":[{"href":"https:\/\/www.cruillabarcelona.cat\/es\/wp-json\/wp\/v2\/media?parent=13303"}],"curies":[{"name":"wp","href":"https:\/\/api.w.org\/{rel}","templated":true}]}}