{"id":19089,"date":"2018-10-23T14:58:27","date_gmt":"2018-10-23T12:58:27","guid":{"rendered":"https:\/\/www.cruillabarcelona.cat\/?page_id=19089"},"modified":"2019-04-10T16:27:09","modified_gmt":"2019-04-10T14:27:09","slug":"cruilla-de-primavera-2019","status":"publish","type":"page","link":"https:\/\/www.cruillabarcelona.cat\/es\/cruilla-de-primavera-2019\/","title":{"rendered":"Cru\u00eflla de Primavera 2019"},"content":{"rendered":"<h2>IZAL, La Pegatina y Lildami en el Cru\u00eflla de Primavera 2019<\/h2>\n<h3>La Pegatina<\/h3>\n<p style=\"text-align: justify;\"><a href=\"https:\/\/www.cruillabarcelona.cat\/es\/artists\/la-pegatina-2019\/\" target=\"_blank\" rel=\"noopener noreferrer\">La Pegatina<\/a> trae su festivo directo al Cru\u00eflla de Primavera 2019 el pr\u00f3ximo<strong> s\u00e1bado 13 de abril<\/strong>, Ser\u00e1 la gran fiesta de la primavera y una nueva oportunidad de verlos en directo en Barcelona acompa\u00f1ados de unos <strong>invitados de lujo<\/strong> como son: <strong>Miki N\u00fa\u00f1ez<\/strong>, <strong>Arnau Griso<\/strong>, <strong>Brincadeira<\/strong> &#8230;<\/p>\n<p>Un concierto lleno de energ\u00eda, divertido y alegre, un espect\u00e1culo que te har\u00e1 bailar sin parar.<\/p>\n<p>Los horarios son los siguientes:<\/p>\n<ul>\n<li>20h: apertura de puertas<\/li>\n<li>21h: La Pegatina<\/li>\n<\/ul>\n<p style=\"text-align: center;\"><a class=\"efsbutton button \" target=\"_blank\">ENTRADAS LA PEGATINA<\/a><\/p>\n<p>&nbsp;<\/p>\n<hr \/>\n<p><strong>IZAL &#8211; <\/strong><span style=\"color: #ff0000;\">\u00a1Entradas agotadas!<\/span><\/p>\n<p style=\"text-align: justify;\">La <a href=\"https:\/\/www.cruillabarcelona.cat\/es\/artists\/izal-cruilla-primavera\/\" target=\"_blank\" rel=\"noopener noreferrer\">banda madrile\u00f1a IZAL<\/a> presentar\u00e1 su\u00a0<strong>gira\u00a0<em>Autoterapia<\/em><\/strong> el pr\u00f3ximo\u00a0<strong>viernes 12 de abril de 2019<\/strong>, una nueva ocasi\u00f3n de disfrutarlos en Barcelona despu\u00e9s de su multitudinario concierto en el Festival Cru\u00eflla 2018.<\/p>\n<p style=\"text-align: justify;\"><b>M\u00e1s de dos horas de concierto<\/b> en un nuevo show que contar\u00e1 con un montaje y repertorio completamente nuevos, una experiencia musical \u00fanica para todos los fans de la banda.<\/p>\n<p>Los horarios son los siguientes:<\/p>\n<ul>\n<li>19.30h: apertura de puertas<\/li>\n<li>21h: IZAL<\/li>\n<\/ul>\n<p>&nbsp;<\/p>\n<hr \/>\n<p>&nbsp;<\/p>\n<p><strong>Lildami &#8211; <\/strong><span style=\"color: #ff0000;\">\u00a1Entradas agotadas!<\/span><\/p>\n<p style=\"text-align: justify;\"><a href=\"https:\/\/www.cruillabarcelona.cat\/es\/artists\/lildami-cruilla-primavera\/\" target=\"_blank\" rel=\"noopener noreferrer\">Lildami<\/a> es el artista elegido para llevar a cabo el <strong>concierto inaugural<\/strong> del Cru\u00eflla de Primavera 2019, en lo que ser\u00e1 la presentaci\u00f3n en directo de su nuevo disco en la ciudad condal.<\/p>\n<p style=\"text-align: justify;\">Esta actuaci\u00f3n tendr\u00e1 lugar el <strong>viernes 5 de abril<\/strong> en la sala <strong>La Nau<\/strong> de Barcelona.<\/p>\n<p style=\"text-align: justify;\">Los horarios son los siguientes:<\/p>\n<ul>\n<li style=\"text-align: justify;\">21h: apertura de puertas<\/li>\n<li>21.30h: Lildami<\/li>\n<\/ul>\n<p>&nbsp;<\/p>\n<p style=\"text-align: justify;\">Despu\u00e9s de dos exitosas ediciones protagonizadas por Txarango y Els Catarres, el\u00a0<strong>Cru\u00eflla de Primavera 2019<\/strong> se convierte en punto de encuentro de dos de las bandas nacionales m\u00e1s importantes\u00a0y de un artista emergente dentro de la m\u00fasica urbana de Catalu\u00f1a.<\/p>\n<p style=\"text-align: center;\"><strong><em>Los conciertos del ciclo Cru\u00eflla de Primavera se celebran en d\u00edas diferentes. Cada entrada sirve solo para uno de los conciertos programados.<\/em><\/strong><\/p>\n","protected":false},"excerpt":{"rendered":"<p>IZAL, La Pegatina y Lildami en el Cru\u00eflla de Primavera 2019 La Pegatina La Pegatina trae su festivo directo al Cru\u00eflla de Primavera 2019 el pr\u00f3ximo [&hellip;]<\/p>\n","protected":false},"author":13,"featured_media":21239,"parent":0,"menu_order":0,"comment_status":"closed","ping_status":"closed","template":"page-templates\/page-landing.php","meta":{"_acf_changed":false,"footnotes":""},"class_list":["post-19089","page","type-page","status-publish","has-post-thumbnail","hentry"],"acf":[],"yoast_head":"<!-- This site is optimized with the Yoast SEO plugin v27.5 - https:\/\/yoast.com\/product\/yoast-seo-wordpress\/ -->\n<title>Cru\u00eflla de Primavera 2019. Barcelona. IZAL y La Pegatina. Poble Espanyol<\/title>\n<meta name=\"description\" content=\"El Cru\u00eflla de Primavera 2019 vuelve al Poble Espanyol de Barcelona. IZAL en concierto el 12 de abril, y La Pegatina en directo el 13 de abril.\" \/>\n<meta name=\"robots\" content=\"index, follow, max-snippet:-1, max-image-preview:large, max-video-preview:-1\" \/>\n<link rel=\"canonical\" href=\"https:\/\/www.cruillabarcelona.cat\/es\/cruilla-de-primavera-2019\/\" \/>\n<meta property=\"og:locale\" content=\"es_ES\" \/>\n<meta property=\"og:type\" content=\"article\" \/>\n<meta property=\"og:title\" content=\"Cru\u00eflla de Primavera 2019. Barcelona. IZAL y La Pegatina. Poble Espanyol\" \/>\n<meta property=\"og:description\" content=\"El Cru\u00eflla de Primavera 2019 vuelve al Poble Espanyol de Barcelona. IZAL en concierto el 12 de abril, y La Pegatina en directo el 13 de abril.\" \/>\n<meta property=\"og:url\" content=\"https:\/\/www.cruillabarcelona.cat\/es\/cruilla-de-primavera-2019\/\" \/>\n<meta property=\"og:site_name\" content=\"Festival Cru\u00eflla\" \/>\n<meta property=\"article:modified_time\" content=\"2019-04-10T14:27:09+00:00\" \/>\n<meta property=\"og:image\" content=\"https:\/\/www.cruillabarcelona.cat\/wp-content\/uploads\/2019\/02\/Landing_Primavera_Izal_LaPegatina_Lildami.jpg\" \/>\n\t<meta property=\"og:image:width\" content=\"1500\" \/>\n\t<meta property=\"og:image:height\" content=\"500\" \/>\n\t<meta property=\"og:image:type\" content=\"image\/jpeg\" \/>\n<meta name=\"twitter:card\" content=\"summary_large_image\" \/>\n<meta name=\"twitter:label1\" content=\"Tiempo de lectura\" \/>\n\t<meta name=\"twitter:data1\" content=\"2 minutos\" \/>\n<script type=\"application\/ld+json\" class=\"yoast-schema-graph\">{\"@context\":\"https:\\\/\\\/schema.org\",\"@graph\":[{\"@type\":\"WebPage\",\"@id\":\"https:\\\/\\\/www.cruillabarcelona.cat\\\/es\\\/cruilla-de-primavera-2019\\\/\",\"url\":\"https:\\\/\\\/www.cruillabarcelona.cat\\\/es\\\/cruilla-de-primavera-2019\\\/\",\"name\":\"Cru\u00eflla de Primavera 2019. Barcelona. IZAL y La Pegatina. Poble Espanyol\",\"isPartOf\":{\"@id\":\"https:\\\/\\\/www.cruillabarcelona.cat\\\/es\\\/#website\"},\"primaryImageOfPage\":{\"@id\":\"https:\\\/\\\/www.cruillabarcelona.cat\\\/es\\\/cruilla-de-primavera-2019\\\/#primaryimage\"},\"image\":{\"@id\":\"https:\\\/\\\/www.cruillabarcelona.cat\\\/es\\\/cruilla-de-primavera-2019\\\/#primaryimage\"},\"thumbnailUrl\":\"https:\\\/\\\/www.cruillabarcelona.cat\\\/wp-content\\\/uploads\\\/2019\\\/02\\\/Landing_Primavera_Izal_LaPegatina_Lildami.jpg\",\"datePublished\":\"2018-10-23T12:58:27+00:00\",\"dateModified\":\"2019-04-10T14:27:09+00:00\",\"description\":\"El Cru\u00eflla de Primavera 2019 vuelve al Poble Espanyol de Barcelona. IZAL en concierto el 12 de abril, y La Pegatina en directo el 13 de abril.\",\"breadcrumb\":{\"@id\":\"https:\\\/\\\/www.cruillabarcelona.cat\\\/es\\\/cruilla-de-primavera-2019\\\/#breadcrumb\"},\"inLanguage\":\"es\",\"potentialAction\":[{\"@type\":\"ReadAction\",\"target\":[\"https:\\\/\\\/www.cruillabarcelona.cat\\\/es\\\/cruilla-de-primavera-2019\\\/\"]}]},{\"@type\":\"ImageObject\",\"inLanguage\":\"es\",\"@id\":\"https:\\\/\\\/www.cruillabarcelona.cat\\\/es\\\/cruilla-de-primavera-2019\\\/#primaryimage\",\"url\":\"https:\\\/\\\/www.cruillabarcelona.cat\\\/wp-content\\\/uploads\\\/2019\\\/02\\\/Landing_Primavera_Izal_LaPegatina_Lildami.jpg\",\"contentUrl\":\"https:\\\/\\\/www.cruillabarcelona.cat\\\/wp-content\\\/uploads\\\/2019\\\/02\\\/Landing_Primavera_Izal_LaPegatina_Lildami.jpg\",\"width\":1500,\"height\":500,\"caption\":\"Cru\u00eflla Primavera 2019\"},{\"@type\":\"BreadcrumbList\",\"@id\":\"https:\\\/\\\/www.cruillabarcelona.cat\\\/es\\\/cruilla-de-primavera-2019\\\/#breadcrumb\",\"itemListElement\":[{\"@type\":\"ListItem\",\"position\":1,\"name\":\"Home\",\"item\":\"https:\\\/\\\/www.cruillabarcelona.cat\\\/es\\\/\"},{\"@type\":\"ListItem\",\"position\":2,\"name\":\"Cru\u00eflla de Primavera 2019\"}]},{\"@type\":\"WebSite\",\"@id\":\"https:\\\/\\\/www.cruillabarcelona.cat\\\/es\\\/#website\",\"url\":\"https:\\\/\\\/www.cruillabarcelona.cat\\\/es\\\/\",\"name\":\"Festival Cru\u00eflla\",\"description\":\"\",\"publisher\":{\"@id\":\"https:\\\/\\\/www.cruillabarcelona.cat\\\/es\\\/#organization\"},\"potentialAction\":[{\"@type\":\"SearchAction\",\"target\":{\"@type\":\"EntryPoint\",\"urlTemplate\":\"https:\\\/\\\/www.cruillabarcelona.cat\\\/es\\\/?s={search_term_string}\"},\"query-input\":{\"@type\":\"PropertyValueSpecification\",\"valueRequired\":true,\"valueName\":\"search_term_string\"}}],\"inLanguage\":\"es\"},{\"@type\":\"Organization\",\"@id\":\"https:\\\/\\\/www.cruillabarcelona.cat\\\/es\\\/#organization\",\"name\":\"Festival Cru\u00eflla\",\"url\":\"https:\\\/\\\/www.cruillabarcelona.cat\\\/es\\\/\",\"logo\":{\"@type\":\"ImageObject\",\"inLanguage\":\"es\",\"@id\":\"https:\\\/\\\/www.cruillabarcelona.cat\\\/es\\\/#\\\/schema\\\/logo\\\/image\\\/\",\"url\":\"https:\\\/\\\/www.cruillabarcelona.cat\\\/wp-content\\\/uploads\\\/2025\\\/12\\\/cruill-logo-negativo.png\",\"contentUrl\":\"https:\\\/\\\/www.cruillabarcelona.cat\\\/wp-content\\\/uploads\\\/2025\\\/12\\\/cruill-logo-negativo.png\",\"width\":400,\"height\":101,\"caption\":\"Festival Cru\u00eflla\"},\"image\":{\"@id\":\"https:\\\/\\\/www.cruillabarcelona.cat\\\/es\\\/#\\\/schema\\\/logo\\\/image\\\/\"}}]}<\/script>\n<!-- \/ Yoast SEO plugin. -->","yoast_head_json":{"title":"Cru\u00eflla de Primavera 2019. Barcelona. IZAL y La Pegatina. Poble Espanyol","description":"El Cru\u00eflla de Primavera 2019 vuelve al Poble Espanyol de Barcelona. IZAL en concierto el 12 de abril, y La Pegatina en directo el 13 de abril.","robots":{"index":"index","follow":"follow","max-snippet":"max-snippet:-1","max-image-preview":"max-image-preview:large","max-video-preview":"max-video-preview:-1"},"canonical":"https:\/\/www.cruillabarcelona.cat\/es\/cruilla-de-primavera-2019\/","og_locale":"es_ES","og_type":"article","og_title":"Cru\u00eflla de Primavera 2019. Barcelona. IZAL y La Pegatina. Poble Espanyol","og_description":"El Cru\u00eflla de Primavera 2019 vuelve al Poble Espanyol de Barcelona. IZAL en concierto el 12 de abril, y La Pegatina en directo el 13 de abril.","og_url":"https:\/\/www.cruillabarcelona.cat\/es\/cruilla-de-primavera-2019\/","og_site_name":"Festival Cru\u00eflla","article_modified_time":"2019-04-10T14:27:09+00:00","og_image":[{"width":1500,"height":500,"url":"https:\/\/www.cruillabarcelona.cat\/wp-content\/uploads\/2019\/02\/Landing_Primavera_Izal_LaPegatina_Lildami.jpg","type":"image\/jpeg"}],"twitter_card":"summary_large_image","twitter_misc":{"Tiempo de lectura":"2 minutos"},"schema":{"@context":"https:\/\/schema.org","@graph":[{"@type":"WebPage","@id":"https:\/\/www.cruillabarcelona.cat\/es\/cruilla-de-primavera-2019\/","url":"https:\/\/www.cruillabarcelona.cat\/es\/cruilla-de-primavera-2019\/","name":"Cru\u00eflla de Primavera 2019. Barcelona. IZAL y La Pegatina. Poble Espanyol","isPartOf":{"@id":"https:\/\/www.cruillabarcelona.cat\/es\/#website"},"primaryImageOfPage":{"@id":"https:\/\/www.cruillabarcelona.cat\/es\/cruilla-de-primavera-2019\/#primaryimage"},"image":{"@id":"https:\/\/www.cruillabarcelona.cat\/es\/cruilla-de-primavera-2019\/#primaryimage"},"thumbnailUrl":"https:\/\/www.cruillabarcelona.cat\/wp-content\/uploads\/2019\/02\/Landing_Primavera_Izal_LaPegatina_Lildami.jpg","datePublished":"2018-10-23T12:58:27+00:00","dateModified":"2019-04-10T14:27:09+00:00","description":"El Cru\u00eflla de Primavera 2019 vuelve al Poble Espanyol de Barcelona. IZAL en concierto el 12 de abril, y La Pegatina en directo el 13 de abril.","breadcrumb":{"@id":"https:\/\/www.cruillabarcelona.cat\/es\/cruilla-de-primavera-2019\/#breadcrumb"},"inLanguage":"es","potentialAction":[{"@type":"ReadAction","target":["https:\/\/www.cruillabarcelona.cat\/es\/cruilla-de-primavera-2019\/"]}]},{"@type":"ImageObject","inLanguage":"es","@id":"https:\/\/www.cruillabarcelona.cat\/es\/cruilla-de-primavera-2019\/#primaryimage","url":"https:\/\/www.cruillabarcelona.cat\/wp-content\/uploads\/2019\/02\/Landing_Primavera_Izal_LaPegatina_Lildami.jpg","contentUrl":"https:\/\/www.cruillabarcelona.cat\/wp-content\/uploads\/2019\/02\/Landing_Primavera_Izal_LaPegatina_Lildami.jpg","width":1500,"height":500,"caption":"Cru\u00eflla Primavera 2019"},{"@type":"BreadcrumbList","@id":"https:\/\/www.cruillabarcelona.cat\/es\/cruilla-de-primavera-2019\/#breadcrumb","itemListElement":[{"@type":"ListItem","position":1,"name":"Home","item":"https:\/\/www.cruillabarcelona.cat\/es\/"},{"@type":"ListItem","position":2,"name":"Cru\u00eflla de Primavera 2019"}]},{"@type":"WebSite","@id":"https:\/\/www.cruillabarcelona.cat\/es\/#website","url":"https:\/\/www.cruillabarcelona.cat\/es\/","name":"Festival Cru\u00eflla","description":"","publisher":{"@id":"https:\/\/www.cruillabarcelona.cat\/es\/#organization"},"potentialAction":[{"@type":"SearchAction","target":{"@type":"EntryPoint","urlTemplate":"https:\/\/www.cruillabarcelona.cat\/es\/?s={search_term_string}"},"query-input":{"@type":"PropertyValueSpecification","valueRequired":true,"valueName":"search_term_string"}}],"inLanguage":"es"},{"@type":"Organization","@id":"https:\/\/www.cruillabarcelona.cat\/es\/#organization","name":"Festival Cru\u00eflla","url":"https:\/\/www.cruillabarcelona.cat\/es\/","logo":{"@type":"ImageObject","inLanguage":"es","@id":"https:\/\/www.cruillabarcelona.cat\/es\/#\/schema\/logo\/image\/","url":"https:\/\/www.cruillabarcelona.cat\/wp-content\/uploads\/2025\/12\/cruill-logo-negativo.png","contentUrl":"https:\/\/www.cruillabarcelona.cat\/wp-content\/uploads\/2025\/12\/cruill-logo-negativo.png","width":400,"height":101,"caption":"Festival Cru\u00eflla"},"image":{"@id":"https:\/\/www.cruillabarcelona.cat\/es\/#\/schema\/logo\/image\/"}}]}},"_links":{"self":[{"href":"https:\/\/www.cruillabarcelona.cat\/es\/wp-json\/wp\/v2\/pages\/19089","targetHints":{"allow":["GET"]}}],"collection":[{"href":"https:\/\/www.cruillabarcelona.cat\/es\/wp-json\/wp\/v2\/pages"}],"about":[{"href":"https:\/\/www.cruillabarcelona.cat\/es\/wp-json\/wp\/v2\/types\/page"}],"author":[{"embeddable":true,"href":"https:\/\/www.cruillabarcelona.cat\/es\/wp-json\/wp\/v2\/users\/13"}],"replies":[{"embeddable":true,"href":"https:\/\/www.cruillabarcelona.cat\/es\/wp-json\/wp\/v2\/comments?post=19089"}],"version-history":[{"count":0,"href":"https:\/\/www.cruillabarcelona.cat\/es\/wp-json\/wp\/v2\/pages\/19089\/revisions"}],"wp:featuredmedia":[{"embeddable":true,"href":"https:\/\/www.cruillabarcelona.cat\/es\/wp-json\/wp\/v2\/media\/21239"}],"wp:attachment":[{"href":"https:\/\/www.cruillabarcelona.cat\/es\/wp-json\/wp\/v2\/media?parent=19089"}],"curies":[{"name":"wp","href":"https:\/\/api.w.org\/{rel}","templated":true}]}}