{"id":20351,"date":"2018-12-14T11:36:38","date_gmt":"2018-12-14T09:36:38","guid":{"rendered":"https:\/\/www.cruillabarcelona.cat\/?page_id=20351"},"modified":"2019-10-24T12:43:10","modified_gmt":"2019-10-24T10:43:10","slug":"cruilla-tardor-2019","status":"publish","type":"page","link":"https:\/\/www.cruillabarcelona.cat\/es\/cruilla-tardor-2019\/","title":{"rendered":"Cru\u00eflla de Tardor 2019"},"content":{"rendered":"<h2>El Cru\u00eflla no acaba en verano: \u00a120 conciertos en oto\u00f1o!<\/h2>\n<p>\u00a1El Cru\u00eflla de Tardor vuelve m\u00e1s fuerte que nunca, con 20 conciertos en Barcelona <strong>entre el 24 de octubre y el 29 de noviembre<\/strong> de 2019!<\/p>\n<p><strong>Juanito Makand\u00e9, <\/strong>SFDK + Anier<strong>, Le\u00f3n Benavente<\/strong>, Planet Hemp, <strong>Iseo &amp; Dodosound<\/strong>, Mark Lanegan, <strong>Els Pets<\/strong>&#8230; Volvemos a programar buena m\u00fasica sea cual sea el estilo: reggae, rap, indie, pop, grunge&#8230;<\/p>\n<p><a href=\"https:\/\/www.cruillabarcelona.cat\/es\/artists\/buhos\/\" target=\"_blank\" rel=\"noopener noreferrer\">Buhos<\/a> y <a href=\"https:\/\/www.cruillabarcelona.cat\/es\/artists\/catarres-tardor\/\" target=\"_blank\" rel=\"noopener noreferrer\">Els Catarres<\/a> pondr\u00e1n el toque de rumba-pop en el Poble Espanyol y en el Sant Jordi Club, respectivamente. Adem\u00e1s, la cita con <strong>Els Catarres<\/strong> esta vez es doblemente especial: \u00a1ser\u00e1 su <strong>concierto final de gira<\/strong> y tambi\u00e9n el <strong>\u00faltimo concierto del Cru\u00eflla de Tardor<\/strong>!<\/p>\n<p style=\"text-align: center;\"><em>Mira la lista completa de artistas del Cru\u00eflla de Tardor <a href=\"https:\/\/www.cruillabarcelona.cat\/es\/artistas-cruilla-de-tardor-2019\/\" target=\"_blank\" rel=\"noopener noreferrer\">AQU\u00cd<\/a><\/em><\/p>\n<p style=\"text-align: center;\"><em>\u00a1Elige tu concierto y consigue tus entradas!<\/em><\/p>\n<p style=\"text-align: center;\"><a class=\"efsbutton button \" target=\"_blank\">ENTRADAS<\/a><\/p>\n<p><img decoding=\"async\" class=\" wp-image-27633 aligncenter\" src=\"https:\/\/www.cruillabarcelona.cat\/wp-content\/uploads\/2019\/10\/SeeTikcetsCartell_Crui\u0308llaTardor_Cast.jpg\" alt=\"\" width=\"782\" height=\"499\" srcset=\"https:\/\/www.cruillabarcelona.cat\/wp-content\/uploads\/2019\/10\/SeeTikcetsCartell_Crui\u0308llaTardor_Cast.jpg 940w, https:\/\/www.cruillabarcelona.cat\/wp-content\/uploads\/2019\/10\/SeeTikcetsCartell_Crui\u0308llaTardor_Cast-768x490.jpg 768w, https:\/\/www.cruillabarcelona.cat\/wp-content\/uploads\/2019\/10\/SeeTikcetsCartell_Crui\u0308llaTardor_Cast-300x191.jpg 300w\" sizes=\"(max-width: 782px) 100vw, 782px\" \/><\/p>\n","protected":false},"excerpt":{"rendered":"<p>El Cru\u00eflla no acaba en verano: \u00a120 conciertos en oto\u00f1o! \u00a1El Cru\u00eflla de Tardor vuelve m\u00e1s fuerte que nunca, con 20 conciertos en Barcelona entre el [&hellip;]<\/p>\n","protected":false},"author":13,"featured_media":19123,"parent":0,"menu_order":0,"comment_status":"closed","ping_status":"closed","template":"page-templates\/page-landing.php","meta":{"_acf_changed":false,"footnotes":""},"class_list":["post-20351","page","type-page","status-publish","has-post-thumbnail","hentry"],"acf":[],"yoast_head":"<!-- This site is optimized with the Yoast SEO plugin v27.5 - https:\/\/yoast.com\/product\/yoast-seo-wordpress\/ -->\n<title>Cru\u00eflla de Tardor 2019: del 24 de octubre al 29 de noviembre en Barcelona<\/title>\n<meta name=\"description\" content=\"Entradas ya a la venta para los conciertos del Cru\u00eflla de Tardor 2019, del 24 de octubre al 29 de noviembre en Barcelona. Els Catarres, Buhos, Gluecifer.\" \/>\n<meta name=\"robots\" content=\"index, follow, max-snippet:-1, max-image-preview:large, max-video-preview:-1\" \/>\n<link rel=\"canonical\" href=\"https:\/\/www.cruillabarcelona.cat\/es\/cruilla-tardor-2019\/\" \/>\n<meta property=\"og:locale\" content=\"es_ES\" \/>\n<meta property=\"og:type\" content=\"article\" \/>\n<meta property=\"og:title\" content=\"Cru\u00eflla de Tardor 2019: del 24 de octubre al 29 de noviembre en Barcelona\" \/>\n<meta property=\"og:description\" content=\"Entradas ya a la venta para los conciertos del Cru\u00eflla de Tardor 2019, del 24 de octubre al 29 de noviembre en Barcelona. Els Catarres, Buhos, Gluecifer.\" \/>\n<meta property=\"og:url\" content=\"https:\/\/www.cruillabarcelona.cat\/es\/cruilla-tardor-2019\/\" \/>\n<meta property=\"og:site_name\" content=\"Festival Cru\u00eflla\" \/>\n<meta property=\"article:modified_time\" content=\"2019-10-24T10:43:10+00:00\" \/>\n<meta property=\"og:image\" content=\"https:\/\/www.cruillabarcelona.cat\/wp-content\/uploads\/2018\/10\/landing-primavera-2019.jpg\" \/>\n\t<meta property=\"og:image:width\" content=\"1500\" \/>\n\t<meta property=\"og:image:height\" content=\"500\" \/>\n\t<meta property=\"og:image:type\" content=\"image\/jpeg\" \/>\n<meta name=\"twitter:card\" content=\"summary_large_image\" \/>\n<meta name=\"twitter:label1\" content=\"Tiempo de lectura\" \/>\n\t<meta name=\"twitter:data1\" content=\"1 minuto\" \/>\n<script type=\"application\/ld+json\" class=\"yoast-schema-graph\">{\"@context\":\"https:\\\/\\\/schema.org\",\"@graph\":[{\"@type\":\"WebPage\",\"@id\":\"https:\\\/\\\/www.cruillabarcelona.cat\\\/es\\\/cruilla-tardor-2019\\\/\",\"url\":\"https:\\\/\\\/www.cruillabarcelona.cat\\\/es\\\/cruilla-tardor-2019\\\/\",\"name\":\"Cru\u00eflla de Tardor 2019: del 24 de octubre al 29 de noviembre en Barcelona\",\"isPartOf\":{\"@id\":\"https:\\\/\\\/www.cruillabarcelona.cat\\\/es\\\/#website\"},\"primaryImageOfPage\":{\"@id\":\"https:\\\/\\\/www.cruillabarcelona.cat\\\/es\\\/cruilla-tardor-2019\\\/#primaryimage\"},\"image\":{\"@id\":\"https:\\\/\\\/www.cruillabarcelona.cat\\\/es\\\/cruilla-tardor-2019\\\/#primaryimage\"},\"thumbnailUrl\":\"https:\\\/\\\/www.cruillabarcelona.cat\\\/wp-content\\\/uploads\\\/2018\\\/10\\\/landing-primavera-2019.jpg\",\"datePublished\":\"2018-12-14T09:36:38+00:00\",\"dateModified\":\"2019-10-24T10:43:10+00:00\",\"description\":\"Entradas ya a la venta para los conciertos del Cru\u00eflla de Tardor 2019, del 24 de octubre al 29 de noviembre en Barcelona. Els Catarres, Buhos, Gluecifer.\",\"breadcrumb\":{\"@id\":\"https:\\\/\\\/www.cruillabarcelona.cat\\\/es\\\/cruilla-tardor-2019\\\/#breadcrumb\"},\"inLanguage\":\"es\",\"potentialAction\":[{\"@type\":\"ReadAction\",\"target\":[\"https:\\\/\\\/www.cruillabarcelona.cat\\\/es\\\/cruilla-tardor-2019\\\/\"]}]},{\"@type\":\"ImageObject\",\"inLanguage\":\"es\",\"@id\":\"https:\\\/\\\/www.cruillabarcelona.cat\\\/es\\\/cruilla-tardor-2019\\\/#primaryimage\",\"url\":\"https:\\\/\\\/www.cruillabarcelona.cat\\\/wp-content\\\/uploads\\\/2018\\\/10\\\/landing-primavera-2019.jpg\",\"contentUrl\":\"https:\\\/\\\/www.cruillabarcelona.cat\\\/wp-content\\\/uploads\\\/2018\\\/10\\\/landing-primavera-2019.jpg\",\"width\":1500,\"height\":500,\"caption\":\"Jueves 4 de julio\"},{\"@type\":\"BreadcrumbList\",\"@id\":\"https:\\\/\\\/www.cruillabarcelona.cat\\\/es\\\/cruilla-tardor-2019\\\/#breadcrumb\",\"itemListElement\":[{\"@type\":\"ListItem\",\"position\":1,\"name\":\"Home\",\"item\":\"https:\\\/\\\/www.cruillabarcelona.cat\\\/es\\\/\"},{\"@type\":\"ListItem\",\"position\":2,\"name\":\"Cru\u00eflla de Tardor 2019\"}]},{\"@type\":\"WebSite\",\"@id\":\"https:\\\/\\\/www.cruillabarcelona.cat\\\/es\\\/#website\",\"url\":\"https:\\\/\\\/www.cruillabarcelona.cat\\\/es\\\/\",\"name\":\"Festival Cru\u00eflla\",\"description\":\"\",\"publisher\":{\"@id\":\"https:\\\/\\\/www.cruillabarcelona.cat\\\/es\\\/#organization\"},\"potentialAction\":[{\"@type\":\"SearchAction\",\"target\":{\"@type\":\"EntryPoint\",\"urlTemplate\":\"https:\\\/\\\/www.cruillabarcelona.cat\\\/es\\\/?s={search_term_string}\"},\"query-input\":{\"@type\":\"PropertyValueSpecification\",\"valueRequired\":true,\"valueName\":\"search_term_string\"}}],\"inLanguage\":\"es\"},{\"@type\":\"Organization\",\"@id\":\"https:\\\/\\\/www.cruillabarcelona.cat\\\/es\\\/#organization\",\"name\":\"Festival Cru\u00eflla\",\"url\":\"https:\\\/\\\/www.cruillabarcelona.cat\\\/es\\\/\",\"logo\":{\"@type\":\"ImageObject\",\"inLanguage\":\"es\",\"@id\":\"https:\\\/\\\/www.cruillabarcelona.cat\\\/es\\\/#\\\/schema\\\/logo\\\/image\\\/\",\"url\":\"https:\\\/\\\/www.cruillabarcelona.cat\\\/wp-content\\\/uploads\\\/2025\\\/12\\\/cruill-logo-negativo.png\",\"contentUrl\":\"https:\\\/\\\/www.cruillabarcelona.cat\\\/wp-content\\\/uploads\\\/2025\\\/12\\\/cruill-logo-negativo.png\",\"width\":400,\"height\":101,\"caption\":\"Festival Cru\u00eflla\"},\"image\":{\"@id\":\"https:\\\/\\\/www.cruillabarcelona.cat\\\/es\\\/#\\\/schema\\\/logo\\\/image\\\/\"}}]}<\/script>\n<!-- \/ Yoast SEO plugin. -->","yoast_head_json":{"title":"Cru\u00eflla de Tardor 2019: del 24 de octubre al 29 de noviembre en Barcelona","description":"Entradas ya a la venta para los conciertos del Cru\u00eflla de Tardor 2019, del 24 de octubre al 29 de noviembre en Barcelona. Els Catarres, Buhos, Gluecifer.","robots":{"index":"index","follow":"follow","max-snippet":"max-snippet:-1","max-image-preview":"max-image-preview:large","max-video-preview":"max-video-preview:-1"},"canonical":"https:\/\/www.cruillabarcelona.cat\/es\/cruilla-tardor-2019\/","og_locale":"es_ES","og_type":"article","og_title":"Cru\u00eflla de Tardor 2019: del 24 de octubre al 29 de noviembre en Barcelona","og_description":"Entradas ya a la venta para los conciertos del Cru\u00eflla de Tardor 2019, del 24 de octubre al 29 de noviembre en Barcelona. Els Catarres, Buhos, Gluecifer.","og_url":"https:\/\/www.cruillabarcelona.cat\/es\/cruilla-tardor-2019\/","og_site_name":"Festival Cru\u00eflla","article_modified_time":"2019-10-24T10:43:10+00:00","og_image":[{"width":1500,"height":500,"url":"https:\/\/www.cruillabarcelona.cat\/wp-content\/uploads\/2018\/10\/landing-primavera-2019.jpg","type":"image\/jpeg"}],"twitter_card":"summary_large_image","twitter_misc":{"Tiempo de lectura":"1 minuto"},"schema":{"@context":"https:\/\/schema.org","@graph":[{"@type":"WebPage","@id":"https:\/\/www.cruillabarcelona.cat\/es\/cruilla-tardor-2019\/","url":"https:\/\/www.cruillabarcelona.cat\/es\/cruilla-tardor-2019\/","name":"Cru\u00eflla de Tardor 2019: del 24 de octubre al 29 de noviembre en Barcelona","isPartOf":{"@id":"https:\/\/www.cruillabarcelona.cat\/es\/#website"},"primaryImageOfPage":{"@id":"https:\/\/www.cruillabarcelona.cat\/es\/cruilla-tardor-2019\/#primaryimage"},"image":{"@id":"https:\/\/www.cruillabarcelona.cat\/es\/cruilla-tardor-2019\/#primaryimage"},"thumbnailUrl":"https:\/\/www.cruillabarcelona.cat\/wp-content\/uploads\/2018\/10\/landing-primavera-2019.jpg","datePublished":"2018-12-14T09:36:38+00:00","dateModified":"2019-10-24T10:43:10+00:00","description":"Entradas ya a la venta para los conciertos del Cru\u00eflla de Tardor 2019, del 24 de octubre al 29 de noviembre en Barcelona. Els Catarres, Buhos, Gluecifer.","breadcrumb":{"@id":"https:\/\/www.cruillabarcelona.cat\/es\/cruilla-tardor-2019\/#breadcrumb"},"inLanguage":"es","potentialAction":[{"@type":"ReadAction","target":["https:\/\/www.cruillabarcelona.cat\/es\/cruilla-tardor-2019\/"]}]},{"@type":"ImageObject","inLanguage":"es","@id":"https:\/\/www.cruillabarcelona.cat\/es\/cruilla-tardor-2019\/#primaryimage","url":"https:\/\/www.cruillabarcelona.cat\/wp-content\/uploads\/2018\/10\/landing-primavera-2019.jpg","contentUrl":"https:\/\/www.cruillabarcelona.cat\/wp-content\/uploads\/2018\/10\/landing-primavera-2019.jpg","width":1500,"height":500,"caption":"Jueves 4 de julio"},{"@type":"BreadcrumbList","@id":"https:\/\/www.cruillabarcelona.cat\/es\/cruilla-tardor-2019\/#breadcrumb","itemListElement":[{"@type":"ListItem","position":1,"name":"Home","item":"https:\/\/www.cruillabarcelona.cat\/es\/"},{"@type":"ListItem","position":2,"name":"Cru\u00eflla de Tardor 2019"}]},{"@type":"WebSite","@id":"https:\/\/www.cruillabarcelona.cat\/es\/#website","url":"https:\/\/www.cruillabarcelona.cat\/es\/","name":"Festival Cru\u00eflla","description":"","publisher":{"@id":"https:\/\/www.cruillabarcelona.cat\/es\/#organization"},"potentialAction":[{"@type":"SearchAction","target":{"@type":"EntryPoint","urlTemplate":"https:\/\/www.cruillabarcelona.cat\/es\/?s={search_term_string}"},"query-input":{"@type":"PropertyValueSpecification","valueRequired":true,"valueName":"search_term_string"}}],"inLanguage":"es"},{"@type":"Organization","@id":"https:\/\/www.cruillabarcelona.cat\/es\/#organization","name":"Festival Cru\u00eflla","url":"https:\/\/www.cruillabarcelona.cat\/es\/","logo":{"@type":"ImageObject","inLanguage":"es","@id":"https:\/\/www.cruillabarcelona.cat\/es\/#\/schema\/logo\/image\/","url":"https:\/\/www.cruillabarcelona.cat\/wp-content\/uploads\/2025\/12\/cruill-logo-negativo.png","contentUrl":"https:\/\/www.cruillabarcelona.cat\/wp-content\/uploads\/2025\/12\/cruill-logo-negativo.png","width":400,"height":101,"caption":"Festival Cru\u00eflla"},"image":{"@id":"https:\/\/www.cruillabarcelona.cat\/es\/#\/schema\/logo\/image\/"}}]}},"_links":{"self":[{"href":"https:\/\/www.cruillabarcelona.cat\/es\/wp-json\/wp\/v2\/pages\/20351","targetHints":{"allow":["GET"]}}],"collection":[{"href":"https:\/\/www.cruillabarcelona.cat\/es\/wp-json\/wp\/v2\/pages"}],"about":[{"href":"https:\/\/www.cruillabarcelona.cat\/es\/wp-json\/wp\/v2\/types\/page"}],"author":[{"embeddable":true,"href":"https:\/\/www.cruillabarcelona.cat\/es\/wp-json\/wp\/v2\/users\/13"}],"replies":[{"embeddable":true,"href":"https:\/\/www.cruillabarcelona.cat\/es\/wp-json\/wp\/v2\/comments?post=20351"}],"version-history":[{"count":0,"href":"https:\/\/www.cruillabarcelona.cat\/es\/wp-json\/wp\/v2\/pages\/20351\/revisions"}],"wp:featuredmedia":[{"embeddable":true,"href":"https:\/\/www.cruillabarcelona.cat\/es\/wp-json\/wp\/v2\/media\/19123"}],"wp:attachment":[{"href":"https:\/\/www.cruillabarcelona.cat\/es\/wp-json\/wp\/v2\/media?parent=20351"}],"curies":[{"name":"wp","href":"https:\/\/api.w.org\/{rel}","templated":true}]}}