{"id":20601,"date":"2018-12-20T13:55:02","date_gmt":"2018-12-20T11:55:02","guid":{"rendered":"https:\/\/www.cruillabarcelona.cat\/?page_id=20601"},"modified":"2019-05-29T13:06:39","modified_gmt":"2019-05-29T11:06:39","slug":"festival-cruilla-2019","status":"publish","type":"page","link":"https:\/\/www.cruillabarcelona.cat\/es\/festival-cruilla-2019\/","title":{"rendered":"Festival Cru\u00eflla 2019"},"content":{"rendered":"<h2>\u00a1La fiesta m\u00e1s grande del verano!<\/h2>\n<p>El Cru\u00eflla 2019 son <strong>cuatro d\u00edas de diversi\u00f3n<\/strong> junto al mar, cuatro d\u00edas para compartir con los tuyos. <strong>Del 3 al 6 de julio<\/strong>, Barcelona acoger\u00e1 <strong>la fiesta m\u00e1s grande del verano<\/strong>.<\/p>\n<p><strong>Black Eyed Peas<\/strong>, Kylie Minogue, <strong>Foals<\/strong>, Vetusta Morla, <strong>Parov Stelar<\/strong>, Natos y Waor y <strong>ZAZ<\/strong> son solo algunos de los cabezas de cartel que actuar\u00e1n en la d\u00e9cima edici\u00f3n del festival.<\/p>\n<p style=\"text-align: center;\">Descubre todos los nombres confirmados en nuestra <a href=\"https:\/\/www.cruillabarcelona.cat\/es\/artistas-cruilla-2019\/\" target=\"_blank\" rel=\"noopener noreferrer\">p\u00e1gina de artistas<\/a>.<\/p>\n<p style=\"text-align: center;\">***<\/p>\n<p>Desde hace 10 a\u00f1os, el Cru\u00eflla persigue el sue\u00f1o de crear <strong>el escenario perfecto<\/strong> para tus conciertos favoritos. Un lugar donde<strong> vivir momentos inolvidables<\/strong> con amigos, en pareja o en familia.<\/p>\n<p>Un festival donde puedes descansar en la hierba o darlo todo en primera fila, donde te puedes encontrar un espect\u00e1culo de <strong>La Fura dels Baus<\/strong>, un <strong>correfoc<\/strong> o un <strong>gigante<\/strong>, donde puedes re\u00edr con los <strong>mejores c\u00f3micos del momento<\/strong>.<\/p>\n<p>Un a\u00f1o m\u00e1s, creamos una peque\u00f1a ciudad dentro de la ciudad, un espacio donde tambi\u00e9n hay <strong>gastronom\u00eda<\/strong>, <strong>moda<\/strong>, <strong>tecnolog\u00eda<\/strong> y mucho m\u00e1s.<\/p>\n<p style=\"text-align: center;\">***<\/p>\n<p>Nos mueve posar m\u00fasica a estos momentos, porque <strong>la m\u00fasica despierta emociones intensas<\/strong> y \u00fanicas en cada persona. Es <strong>el veh\u00edculo perfecto<\/strong> para crear recuerdos inolvidables, de esos que perduran en la memoria y te dibujan una sonrisa cuando los piensas.<\/p>\n<p>Cru\u00eflla quiere decir &#8216;cruce&#8217;, y en esta <em>cru\u00eflla<\/em> coinciden <strong>estilos musicales diversos con gente diversa<\/strong>.\u00a0Queremos que nos acompa\u00f1es en nuestro d\u00e9cimo aniversario, porque <strong>esta <em>cru\u00eflla<\/em> solo tiene sentido cuando la gente coincide en ella<\/strong>.<\/p>\n<p><img decoding=\"async\" class=\"wp-image-25052 aligncenter\" src=\"https:\/\/www.cruillabarcelona.cat\/wp-content\/uploads\/2019\/05\/2_Cartell_Cast.jpg\" alt=\"\" width=\"631\" height=\"631\" srcset=\"https:\/\/www.cruillabarcelona.cat\/wp-content\/uploads\/2019\/05\/2_Cartell_Cast.jpg 2481w, https:\/\/www.cruillabarcelona.cat\/wp-content\/uploads\/2019\/05\/2_Cartell_Cast-150x150.jpg 150w, https:\/\/www.cruillabarcelona.cat\/wp-content\/uploads\/2019\/05\/2_Cartell_Cast-768x768.jpg 768w, https:\/\/www.cruillabarcelona.cat\/wp-content\/uploads\/2019\/05\/2_Cartell_Cast-1024x1024.jpg 1024w, https:\/\/www.cruillabarcelona.cat\/wp-content\/uploads\/2019\/05\/2_Cartell_Cast-300x300.jpg 300w, https:\/\/www.cruillabarcelona.cat\/wp-content\/uploads\/2019\/05\/2_Cartell_Cast-600x600.jpg 600w, https:\/\/www.cruillabarcelona.cat\/wp-content\/uploads\/2019\/05\/2_Cartell_Cast-1500x1501.jpg 1500w\" sizes=\"(max-width: 631px) 100vw, 631px\" \/><\/p>\n<h2 style=\"text-align: center;\">#Cru\u00efllaEnamora<\/h2>\n<p style=\"text-align: center;\">\n","protected":false},"excerpt":{"rendered":"<p>\u00a1La fiesta m\u00e1s grande del verano! El Cru\u00eflla 2019 son cuatro d\u00edas de diversi\u00f3n junto al mar, cuatro d\u00edas para compartir con los tuyos. Del 3 [&hellip;]<\/p>\n","protected":false},"author":2,"featured_media":20590,"parent":0,"menu_order":0,"comment_status":"closed","ping_status":"closed","template":"page-templates\/page-landing.php","meta":{"_acf_changed":false,"footnotes":""},"class_list":["post-20601","page","type-page","status-publish","has-post-thumbnail","hentry"],"acf":[],"yoast_head":"<!-- This site is optimized with the Yoast SEO plugin v27.5 - https:\/\/yoast.com\/product\/yoast-seo-wordpress\/ -->\n<title>Festival Cru\u00eflla 2019: 3, 4, 5 y 6 de julio en el Parc del F\u00f2rum de Barcelona<\/title>\n<meta name=\"description\" content=\"Entradas ya a la venta para el Cru\u00eflla 2019. Disfruta de la d\u00e9cima edici\u00f3n del Festival. 3, 4, 5 y 6 de julio de 2019 en el Parc del F\u00f2rum de Barcelona.\" \/>\n<meta name=\"robots\" content=\"index, follow, max-snippet:-1, max-image-preview:large, max-video-preview:-1\" \/>\n<link rel=\"canonical\" href=\"https:\/\/www.cruillabarcelona.cat\/es\/festival-cruilla-2019\/\" \/>\n<meta property=\"og:locale\" content=\"es_ES\" \/>\n<meta property=\"og:type\" content=\"article\" \/>\n<meta property=\"og:title\" content=\"Festival Cru\u00eflla 2019: 3, 4, 5 y 6 de julio en el Parc del F\u00f2rum de Barcelona\" \/>\n<meta property=\"og:description\" content=\"Entradas ya a la venta para el Cru\u00eflla 2019. Disfruta de la d\u00e9cima edici\u00f3n del Festival. 3, 4, 5 y 6 de julio de 2019 en el Parc del F\u00f2rum de Barcelona.\" \/>\n<meta property=\"og:url\" content=\"https:\/\/www.cruillabarcelona.cat\/es\/festival-cruilla-2019\/\" \/>\n<meta property=\"og:site_name\" content=\"Festival Cru\u00eflla\" \/>\n<meta property=\"article:modified_time\" content=\"2019-05-29T11:06:39+00:00\" \/>\n<meta property=\"og:image\" content=\"https:\/\/www.cruillabarcelona.cat\/wp-content\/uploads\/2018\/12\/CRUILLA_BIKUS-9688.jpg\" \/>\n\t<meta property=\"og:image:width\" content=\"2048\" \/>\n\t<meta property=\"og:image:height\" content=\"1171\" \/>\n\t<meta property=\"og:image:type\" content=\"image\/jpeg\" \/>\n<meta name=\"twitter:card\" content=\"summary_large_image\" \/>\n<meta name=\"twitter:label1\" content=\"Tiempo de lectura\" \/>\n\t<meta name=\"twitter:data1\" content=\"1 minuto\" \/>\n<script type=\"application\/ld+json\" class=\"yoast-schema-graph\">{\"@context\":\"https:\\\/\\\/schema.org\",\"@graph\":[{\"@type\":\"WebPage\",\"@id\":\"https:\\\/\\\/www.cruillabarcelona.cat\\\/es\\\/festival-cruilla-2019\\\/\",\"url\":\"https:\\\/\\\/www.cruillabarcelona.cat\\\/es\\\/festival-cruilla-2019\\\/\",\"name\":\"Festival Cru\u00eflla 2019: 3, 4, 5 y 6 de julio en el Parc del F\u00f2rum de Barcelona\",\"isPartOf\":{\"@id\":\"https:\\\/\\\/www.cruillabarcelona.cat\\\/es\\\/#website\"},\"primaryImageOfPage\":{\"@id\":\"https:\\\/\\\/www.cruillabarcelona.cat\\\/es\\\/festival-cruilla-2019\\\/#primaryimage\"},\"image\":{\"@id\":\"https:\\\/\\\/www.cruillabarcelona.cat\\\/es\\\/festival-cruilla-2019\\\/#primaryimage\"},\"thumbnailUrl\":\"https:\\\/\\\/www.cruillabarcelona.cat\\\/wp-content\\\/uploads\\\/2018\\\/12\\\/CRUILLA_BIKUS-9688.jpg\",\"datePublished\":\"2018-12-20T11:55:02+00:00\",\"dateModified\":\"2019-05-29T11:06:39+00:00\",\"description\":\"Entradas ya a la venta para el Cru\u00eflla 2019. Disfruta de la d\u00e9cima edici\u00f3n del Festival. 3, 4, 5 y 6 de julio de 2019 en el Parc del F\u00f2rum de Barcelona.\",\"breadcrumb\":{\"@id\":\"https:\\\/\\\/www.cruillabarcelona.cat\\\/es\\\/festival-cruilla-2019\\\/#breadcrumb\"},\"inLanguage\":\"es\",\"potentialAction\":[{\"@type\":\"ReadAction\",\"target\":[\"https:\\\/\\\/www.cruillabarcelona.cat\\\/es\\\/festival-cruilla-2019\\\/\"]}]},{\"@type\":\"ImageObject\",\"inLanguage\":\"es\",\"@id\":\"https:\\\/\\\/www.cruillabarcelona.cat\\\/es\\\/festival-cruilla-2019\\\/#primaryimage\",\"url\":\"https:\\\/\\\/www.cruillabarcelona.cat\\\/wp-content\\\/uploads\\\/2018\\\/12\\\/CRUILLA_BIKUS-9688.jpg\",\"contentUrl\":\"https:\\\/\\\/www.cruillabarcelona.cat\\\/wp-content\\\/uploads\\\/2018\\\/12\\\/CRUILLA_BIKUS-9688.jpg\",\"width\":2048,\"height\":1171,\"caption\":\"Cru\u00eflla 2019\"},{\"@type\":\"BreadcrumbList\",\"@id\":\"https:\\\/\\\/www.cruillabarcelona.cat\\\/es\\\/festival-cruilla-2019\\\/#breadcrumb\",\"itemListElement\":[{\"@type\":\"ListItem\",\"position\":1,\"name\":\"Home\",\"item\":\"https:\\\/\\\/www.cruillabarcelona.cat\\\/es\\\/\"},{\"@type\":\"ListItem\",\"position\":2,\"name\":\"Festival Cru\u00eflla 2019\"}]},{\"@type\":\"WebSite\",\"@id\":\"https:\\\/\\\/www.cruillabarcelona.cat\\\/es\\\/#website\",\"url\":\"https:\\\/\\\/www.cruillabarcelona.cat\\\/es\\\/\",\"name\":\"Festival Cru\u00eflla\",\"description\":\"\",\"publisher\":{\"@id\":\"https:\\\/\\\/www.cruillabarcelona.cat\\\/es\\\/#organization\"},\"potentialAction\":[{\"@type\":\"SearchAction\",\"target\":{\"@type\":\"EntryPoint\",\"urlTemplate\":\"https:\\\/\\\/www.cruillabarcelona.cat\\\/es\\\/?s={search_term_string}\"},\"query-input\":{\"@type\":\"PropertyValueSpecification\",\"valueRequired\":true,\"valueName\":\"search_term_string\"}}],\"inLanguage\":\"es\"},{\"@type\":\"Organization\",\"@id\":\"https:\\\/\\\/www.cruillabarcelona.cat\\\/es\\\/#organization\",\"name\":\"Festival Cru\u00eflla\",\"url\":\"https:\\\/\\\/www.cruillabarcelona.cat\\\/es\\\/\",\"logo\":{\"@type\":\"ImageObject\",\"inLanguage\":\"es\",\"@id\":\"https:\\\/\\\/www.cruillabarcelona.cat\\\/es\\\/#\\\/schema\\\/logo\\\/image\\\/\",\"url\":\"https:\\\/\\\/www.cruillabarcelona.cat\\\/wp-content\\\/uploads\\\/2025\\\/12\\\/cruill-logo-negativo.png\",\"contentUrl\":\"https:\\\/\\\/www.cruillabarcelona.cat\\\/wp-content\\\/uploads\\\/2025\\\/12\\\/cruill-logo-negativo.png\",\"width\":400,\"height\":101,\"caption\":\"Festival Cru\u00eflla\"},\"image\":{\"@id\":\"https:\\\/\\\/www.cruillabarcelona.cat\\\/es\\\/#\\\/schema\\\/logo\\\/image\\\/\"}}]}<\/script>\n<!-- \/ Yoast SEO plugin. -->","yoast_head_json":{"title":"Festival Cru\u00eflla 2019: 3, 4, 5 y 6 de julio en el Parc del F\u00f2rum de Barcelona","description":"Entradas ya a la venta para el Cru\u00eflla 2019. Disfruta de la d\u00e9cima edici\u00f3n del Festival. 3, 4, 5 y 6 de julio de 2019 en el Parc del F\u00f2rum de Barcelona.","robots":{"index":"index","follow":"follow","max-snippet":"max-snippet:-1","max-image-preview":"max-image-preview:large","max-video-preview":"max-video-preview:-1"},"canonical":"https:\/\/www.cruillabarcelona.cat\/es\/festival-cruilla-2019\/","og_locale":"es_ES","og_type":"article","og_title":"Festival Cru\u00eflla 2019: 3, 4, 5 y 6 de julio en el Parc del F\u00f2rum de Barcelona","og_description":"Entradas ya a la venta para el Cru\u00eflla 2019. Disfruta de la d\u00e9cima edici\u00f3n del Festival. 3, 4, 5 y 6 de julio de 2019 en el Parc del F\u00f2rum de Barcelona.","og_url":"https:\/\/www.cruillabarcelona.cat\/es\/festival-cruilla-2019\/","og_site_name":"Festival Cru\u00eflla","article_modified_time":"2019-05-29T11:06:39+00:00","og_image":[{"width":2048,"height":1171,"url":"https:\/\/www.cruillabarcelona.cat\/wp-content\/uploads\/2018\/12\/CRUILLA_BIKUS-9688.jpg","type":"image\/jpeg"}],"twitter_card":"summary_large_image","twitter_misc":{"Tiempo de lectura":"1 minuto"},"schema":{"@context":"https:\/\/schema.org","@graph":[{"@type":"WebPage","@id":"https:\/\/www.cruillabarcelona.cat\/es\/festival-cruilla-2019\/","url":"https:\/\/www.cruillabarcelona.cat\/es\/festival-cruilla-2019\/","name":"Festival Cru\u00eflla 2019: 3, 4, 5 y 6 de julio en el Parc del F\u00f2rum de Barcelona","isPartOf":{"@id":"https:\/\/www.cruillabarcelona.cat\/es\/#website"},"primaryImageOfPage":{"@id":"https:\/\/www.cruillabarcelona.cat\/es\/festival-cruilla-2019\/#primaryimage"},"image":{"@id":"https:\/\/www.cruillabarcelona.cat\/es\/festival-cruilla-2019\/#primaryimage"},"thumbnailUrl":"https:\/\/www.cruillabarcelona.cat\/wp-content\/uploads\/2018\/12\/CRUILLA_BIKUS-9688.jpg","datePublished":"2018-12-20T11:55:02+00:00","dateModified":"2019-05-29T11:06:39+00:00","description":"Entradas ya a la venta para el Cru\u00eflla 2019. Disfruta de la d\u00e9cima edici\u00f3n del Festival. 3, 4, 5 y 6 de julio de 2019 en el Parc del F\u00f2rum de Barcelona.","breadcrumb":{"@id":"https:\/\/www.cruillabarcelona.cat\/es\/festival-cruilla-2019\/#breadcrumb"},"inLanguage":"es","potentialAction":[{"@type":"ReadAction","target":["https:\/\/www.cruillabarcelona.cat\/es\/festival-cruilla-2019\/"]}]},{"@type":"ImageObject","inLanguage":"es","@id":"https:\/\/www.cruillabarcelona.cat\/es\/festival-cruilla-2019\/#primaryimage","url":"https:\/\/www.cruillabarcelona.cat\/wp-content\/uploads\/2018\/12\/CRUILLA_BIKUS-9688.jpg","contentUrl":"https:\/\/www.cruillabarcelona.cat\/wp-content\/uploads\/2018\/12\/CRUILLA_BIKUS-9688.jpg","width":2048,"height":1171,"caption":"Cru\u00eflla 2019"},{"@type":"BreadcrumbList","@id":"https:\/\/www.cruillabarcelona.cat\/es\/festival-cruilla-2019\/#breadcrumb","itemListElement":[{"@type":"ListItem","position":1,"name":"Home","item":"https:\/\/www.cruillabarcelona.cat\/es\/"},{"@type":"ListItem","position":2,"name":"Festival Cru\u00eflla 2019"}]},{"@type":"WebSite","@id":"https:\/\/www.cruillabarcelona.cat\/es\/#website","url":"https:\/\/www.cruillabarcelona.cat\/es\/","name":"Festival Cru\u00eflla","description":"","publisher":{"@id":"https:\/\/www.cruillabarcelona.cat\/es\/#organization"},"potentialAction":[{"@type":"SearchAction","target":{"@type":"EntryPoint","urlTemplate":"https:\/\/www.cruillabarcelona.cat\/es\/?s={search_term_string}"},"query-input":{"@type":"PropertyValueSpecification","valueRequired":true,"valueName":"search_term_string"}}],"inLanguage":"es"},{"@type":"Organization","@id":"https:\/\/www.cruillabarcelona.cat\/es\/#organization","name":"Festival Cru\u00eflla","url":"https:\/\/www.cruillabarcelona.cat\/es\/","logo":{"@type":"ImageObject","inLanguage":"es","@id":"https:\/\/www.cruillabarcelona.cat\/es\/#\/schema\/logo\/image\/","url":"https:\/\/www.cruillabarcelona.cat\/wp-content\/uploads\/2025\/12\/cruill-logo-negativo.png","contentUrl":"https:\/\/www.cruillabarcelona.cat\/wp-content\/uploads\/2025\/12\/cruill-logo-negativo.png","width":400,"height":101,"caption":"Festival Cru\u00eflla"},"image":{"@id":"https:\/\/www.cruillabarcelona.cat\/es\/#\/schema\/logo\/image\/"}}]}},"_links":{"self":[{"href":"https:\/\/www.cruillabarcelona.cat\/es\/wp-json\/wp\/v2\/pages\/20601","targetHints":{"allow":["GET"]}}],"collection":[{"href":"https:\/\/www.cruillabarcelona.cat\/es\/wp-json\/wp\/v2\/pages"}],"about":[{"href":"https:\/\/www.cruillabarcelona.cat\/es\/wp-json\/wp\/v2\/types\/page"}],"author":[{"embeddable":true,"href":"https:\/\/www.cruillabarcelona.cat\/es\/wp-json\/wp\/v2\/users\/2"}],"replies":[{"embeddable":true,"href":"https:\/\/www.cruillabarcelona.cat\/es\/wp-json\/wp\/v2\/comments?post=20601"}],"version-history":[{"count":0,"href":"https:\/\/www.cruillabarcelona.cat\/es\/wp-json\/wp\/v2\/pages\/20601\/revisions"}],"wp:featuredmedia":[{"embeddable":true,"href":"https:\/\/www.cruillabarcelona.cat\/es\/wp-json\/wp\/v2\/media\/20590"}],"wp:attachment":[{"href":"https:\/\/www.cruillabarcelona.cat\/es\/wp-json\/wp\/v2\/media?parent=20601"}],"curies":[{"name":"wp","href":"https:\/\/api.w.org\/{rel}","templated":true}]}}