{"id":25509,"date":"2019-06-06T11:48:44","date_gmt":"2019-06-06T09:48:44","guid":{"rendered":"https:\/\/www.cruillabarcelona.cat\/?page_id=25509"},"modified":"2019-06-18T14:18:48","modified_gmt":"2019-06-18T12:18:48","slug":"cruilla-talks","status":"publish","type":"page","link":"https:\/\/www.cruillabarcelona.cat\/es\/cruilla-talks\/","title":{"rendered":"Cru\u00eflla Talks"},"content":{"rendered":"<h2>Un festival que evoluciona con la sociedad<\/h2>\n<p>El\u00a0<strong>Cru\u00eflla<\/strong> es un peque\u00f1o oasis de diversi\u00f3n. Un espacio perfecto para alienarse de los problemas que nos rodean. Un lugar en el que los retos que vivimos como sociedad parecen muy lejanos. Pero eso\u00a0<strong>no los hace menos reales<\/strong>.<\/p>\n<p><strong>El mundo cambia constantemente<\/strong> y, desde el festival, siempre hemos intentado\u00a0<strong>evolucionar<\/strong> con \u00e9l. Somos conscientes de la realidad global y compartimos las preocupaciones de los cru\u00eflleros dentro y fuera del Parc del F\u00f2rum.<\/p>\n<p>Por eso, hemos decidido crear un\u00a0<strong>nuevo espacio de debate y reflexi\u00f3n<\/strong> en el que se revisen estos retos globales y en el que se propongan nuevas soluciones: el\u00a0<strong>Cru\u00eflla Talks<\/strong>. Un conjunto de entrevistas, ponencias y actividades familiares que se llevar\u00e1n a cabo\u00a0<strong>entre el 29 de junio y el 6 de julio<\/strong>.<\/p>\n<p>Adem\u00e1s, el\u00a0<strong>11 de junio<\/strong> habr\u00e1 un primer anticipo del Cru\u00eflla Talks: un debate entre 6 personalidades que reflexionar\u00e1n sobre temas tan diversos como los nuevos liderazgos en las redes sociales, el feminismo, el ecologismo, las\u00a0<em>fake news<\/em> o la hiperconectividad. Este debate dar\u00e1 el pistoletazo de salida al Cru\u00eflla Talks y contar\u00e1 con la participaci\u00f3n de <strong>David Trueba<\/strong>, <strong>Gemma Nierga<\/strong>, <strong>Bernat Ded\u00e9u<\/strong>, <strong>Patricia Plaja<\/strong>, <strong>Oscar Pierre<\/strong> y <strong>Suu<\/strong>.<\/p>\n<p>El resto de actividades empezar\u00e1n el\u00a0<strong>29 de junio<\/strong> con\u00a0<a href=\"https:\/\/www.cruillabarcelona.cat\/es\/artists\/cuentacuentos-historicas\" target=\"_blank\" rel=\"noopener noreferrer\"><strong>ocho cuentacuentos<\/strong> muy especiales<\/a> que explicar\u00e1n\u00a0<strong>ocho relatos protagonizados por iconos feministas<\/strong>. De 10:00h a 14:00h, en el\u00a0<strong>Centre d&#8217;Arts Santa M\u00f2nica<\/strong>, las grandes protagonistas ser\u00e1n ocho mujeres que han sido fundamentales para la historia de la humanidad, como Rosa Parks o Simone de Beauvoir.<\/p>\n<p>&nbsp;<\/p>\n<p>A esta actividad familiar le seguir\u00e1n\u00a0<strong>cinco conversaciones<\/strong> moderadas por periodistas, en las que los interlocutores ser\u00e1n siete personajes implicados en \u00e1mbitos y entornos sociales muy diversos:<\/p>\n<h3>El #MeToo, \u00bfun momento o un movimiento?<\/h3>\n<p>El <strong>1 de julio<\/strong> a las 19:00h, la fundadora del movimiento #MeToo,\u00a0<a href=\"https:\/\/www.cruillabarcelona.cat\/es\/artists\/tarana-burke\" target=\"_blank\" rel=\"noopener noreferrer\"><strong>Tarana Burke<\/strong>, llega al\u00a0<strong>CCCB<\/strong><\/a> para conversar con\u00a0<strong>Luc\u00eda Lijtmaer<\/strong>, periodista especializada en cultura pop desde la perspectiva de g\u00e9nero. El centro de la conversaci\u00f3n ser\u00e1 el movimiento que se inici\u00f3 en 2006 y que, desde entonces, ha evolucionado y se ha extendido alrededor del mundo.<\/p>\n<p><img decoding=\"async\" class=\"wp-image-25496 aligncenter\" src=\"https:\/\/www.cruillabarcelona.cat\/wp-content\/uploads\/2019\/06\/1_Tarana.jpg\" alt=\"Tarana Burke\" width=\"300\" height=\"300\" srcset=\"https:\/\/www.cruillabarcelona.cat\/wp-content\/uploads\/2019\/06\/1_Tarana.jpg 1200w, https:\/\/www.cruillabarcelona.cat\/wp-content\/uploads\/2019\/06\/1_Tarana-150x150.jpg 150w, https:\/\/www.cruillabarcelona.cat\/wp-content\/uploads\/2019\/06\/1_Tarana-768x768.jpg 768w, https:\/\/www.cruillabarcelona.cat\/wp-content\/uploads\/2019\/06\/1_Tarana-1024x1024.jpg 1024w, https:\/\/www.cruillabarcelona.cat\/wp-content\/uploads\/2019\/06\/1_Tarana-300x300.jpg 300w, https:\/\/www.cruillabarcelona.cat\/wp-content\/uploads\/2019\/06\/1_Tarana-600x600.jpg 600w\" sizes=\"(max-width: 300px) 100vw, 300px\" \/><\/p>\n<p style=\"text-align: center;\"><a class=\"efsbutton button \" target=\"_blank\">ENTRADAS<\/a><\/p>\n<h3>Cuando las redes sociales te dan voz en el mundo<\/h3>\n<p>Tambi\u00e9n <strong>1\u00a0de julio<\/strong> a las 20:30h, el <strong>CCCB<\/strong> dar\u00e1 la bienvenida a\u00a0<a href=\"https:\/\/www.cruillabarcelona.cat\/es\/artists\/khalida-popal\" target=\"_blank\" rel=\"noopener noreferrer\"><strong>Khalida Popal<\/strong><\/a>, una futbolista afgana que nos hablar\u00e1 sobre su experiencia como directora de la Girl Power Organization y como fundadora del primer equipo nacional de f\u00fatbol femenino en su pa\u00eds natal. La entrevistar\u00e1 la periodista\u00a0<strong>Laura Rosel<\/strong>.<\/p>\n<p><img decoding=\"async\" class=\"wp-image-25473 aligncenter\" src=\"https:\/\/www.cruillabarcelona.cat\/wp-content\/uploads\/2019\/06\/2_Khalida.jpg\" alt=\"\" width=\"300\" height=\"300\" srcset=\"https:\/\/www.cruillabarcelona.cat\/wp-content\/uploads\/2019\/06\/2_Khalida.jpg 1200w, https:\/\/www.cruillabarcelona.cat\/wp-content\/uploads\/2019\/06\/2_Khalida-150x150.jpg 150w, https:\/\/www.cruillabarcelona.cat\/wp-content\/uploads\/2019\/06\/2_Khalida-768x768.jpg 768w, https:\/\/www.cruillabarcelona.cat\/wp-content\/uploads\/2019\/06\/2_Khalida-1024x1024.jpg 1024w, https:\/\/www.cruillabarcelona.cat\/wp-content\/uploads\/2019\/06\/2_Khalida-300x300.jpg 300w, https:\/\/www.cruillabarcelona.cat\/wp-content\/uploads\/2019\/06\/2_Khalida-600x600.jpg 600w\" sizes=\"(max-width: 300px) 100vw, 300px\" \/><\/p>\n<p style=\"text-align: center;\"><a class=\"efsbutton button \" target=\"_blank\">ENTRADAS<\/a><\/p>\n<h3>Contra el postureo, dos voces con mensaje en las redes sociales<\/h3>\n<p>Las ilustradoras\u00a0<a href=\"https:\/\/www.cruillabarcelona.cat\/es\/artists\/riba-rossy-paula-bonet\" target=\"_blank\" rel=\"noopener noreferrer\"><strong>Paula Bonet<\/strong> y\u00a0<strong>Raquel Riba Rossy<\/strong><\/a> ser\u00e1n las protagonistas de la tercera jornada del Cru\u00eflla Talks. Dos figuras muy vinculadas a la protecci\u00f3n de los derechos y las libertades de las mujeres. El\u00a0<strong>4 de julio<\/strong> a las 19:00h, las dos ilustradoras conversar\u00e1n\u00a0en el\u00a0<strong>Centre d&#8217;Arts Santa M\u00f2nica<\/strong>.<\/p>\n<p><img decoding=\"async\" class=\"wp-image-25505 aligncenter\" src=\"https:\/\/www.cruillabarcelona.cat\/wp-content\/uploads\/2019\/06\/3_Raquel_Paula.jpg\" alt=\"\" width=\"300\" height=\"300\" srcset=\"https:\/\/www.cruillabarcelona.cat\/wp-content\/uploads\/2019\/06\/3_Raquel_Paula.jpg 1200w, https:\/\/www.cruillabarcelona.cat\/wp-content\/uploads\/2019\/06\/3_Raquel_Paula-150x150.jpg 150w, https:\/\/www.cruillabarcelona.cat\/wp-content\/uploads\/2019\/06\/3_Raquel_Paula-768x768.jpg 768w, https:\/\/www.cruillabarcelona.cat\/wp-content\/uploads\/2019\/06\/3_Raquel_Paula-1024x1024.jpg 1024w, https:\/\/www.cruillabarcelona.cat\/wp-content\/uploads\/2019\/06\/3_Raquel_Paula-300x300.jpg 300w, https:\/\/www.cruillabarcelona.cat\/wp-content\/uploads\/2019\/06\/3_Raquel_Paula-600x600.jpg 600w\" sizes=\"(max-width: 300px) 100vw, 300px\" \/><\/p>\n<p style=\"text-align: center;\"><a class=\"efsbutton button \" target=\"_blank\">ENTRADAS<\/a><\/p>\n<h3>Cuando la m\u00fasica es la red<\/h3>\n<p><a href=\"https:\/\/www.cruillabarcelona.cat\/es\/artists\/tiken-jah-fakoly-talks\" target=\"_blank\" rel=\"noopener noreferrer\"><strong>Tiken Jah Fakoly<\/strong><\/a>, cantautor de protesta de Costa de Marfil, y\u00a0<strong>\u00d2scar Camps<\/strong>, activista y fundador de la ONG Proactiva Open Arms, conversar\u00e1n sobre las injusticias sociales, la discriminaci\u00f3n y la pobreza alrededor del mundo. Los entrevistar\u00e1 el corresponsal de La Vanguardia en \u00c1frica,\u00a0<strong>Xavier Aldekoa<\/strong>. El\u00a0<strong>5 de julio<\/strong> a las 17:00h en el\u00a0<strong>Museu de Ci\u00e8ncies Naturals de Barcelona<\/strong>.<\/p>\n<p><img decoding=\"async\" class=\"wp-image-21062 aligncenter\" src=\"https:\/\/www.cruillabarcelona.cat\/wp-content\/uploads\/2019\/01\/23_TikenJahFakoly.jpg\" alt=\"Tiken Jah Fakoly\" width=\"301\" height=\"301\" srcset=\"https:\/\/www.cruillabarcelona.cat\/wp-content\/uploads\/2019\/01\/23_TikenJahFakoly.jpg 1200w, https:\/\/www.cruillabarcelona.cat\/wp-content\/uploads\/2019\/01\/23_TikenJahFakoly-150x150.jpg 150w, https:\/\/www.cruillabarcelona.cat\/wp-content\/uploads\/2019\/01\/23_TikenJahFakoly-768x768.jpg 768w, https:\/\/www.cruillabarcelona.cat\/wp-content\/uploads\/2019\/01\/23_TikenJahFakoly-1024x1024.jpg 1024w, https:\/\/www.cruillabarcelona.cat\/wp-content\/uploads\/2019\/01\/23_TikenJahFakoly-300x300.jpg 300w, https:\/\/www.cruillabarcelona.cat\/wp-content\/uploads\/2019\/01\/23_TikenJahFakoly-600x600.jpg 600w\" sizes=\"(max-width: 301px) 100vw, 301px\" \/><\/p>\n<p style=\"text-align: center;\"><a class=\"efsbutton button \" target=\"_blank\">ENTRADAS<\/a><\/p>\n<h3>C\u00f3mo combatir el populismo con la cultura<\/h3>\n<p>El m\u00fasico y activista brasile\u00f1o\u00a0<a href=\"https:\/\/www.cruillabarcelona.cat\/es\/artists\/marcelo-d2-talks\" target=\"_blank\" rel=\"noopener noreferrer\"><strong>Marcelo D2<\/strong> llega al Cru\u00eflla Talks<\/a> con una actitud muy cr\u00edtica contra la extrema derecha y, concretamente, contra la figura de Bolsonaro. El\u00a0<strong>6 de julio<\/strong> a las 17:00h, el periodista y escritor\u00a0<strong>\u00d2scar Broc<\/strong> ser\u00e1 el encargado de moderar esta conversaci\u00f3n en el\u00a0<strong>Museu de Ci\u00e8ncies Naturals de Barcelona<\/strong>.<\/p>\n<p><img decoding=\"async\" class=\"wp-image-25500 aligncenter\" src=\"https:\/\/www.cruillabarcelona.cat\/wp-content\/uploads\/2019\/06\/4_Marcelo_D2.jpg\" alt=\"\" width=\"301\" height=\"301\" srcset=\"https:\/\/www.cruillabarcelona.cat\/wp-content\/uploads\/2019\/06\/4_Marcelo_D2.jpg 1200w, https:\/\/www.cruillabarcelona.cat\/wp-content\/uploads\/2019\/06\/4_Marcelo_D2-150x150.jpg 150w, https:\/\/www.cruillabarcelona.cat\/wp-content\/uploads\/2019\/06\/4_Marcelo_D2-768x768.jpg 768w, https:\/\/www.cruillabarcelona.cat\/wp-content\/uploads\/2019\/06\/4_Marcelo_D2-1024x1024.jpg 1024w, https:\/\/www.cruillabarcelona.cat\/wp-content\/uploads\/2019\/06\/4_Marcelo_D2-300x300.jpg 300w, https:\/\/www.cruillabarcelona.cat\/wp-content\/uploads\/2019\/06\/4_Marcelo_D2-600x600.jpg 600w\" sizes=\"(max-width: 301px) 100vw, 301px\" \/><\/p>\n<p style=\"text-align: center;\"><a class=\"efsbutton button \" target=\"_blank\">ENTRADAS<\/a><\/p>\n<h2>Una mirada al mundo que nos rodea<\/h2>\n<p>Para asistir a cualquiera de las charlas, se deber\u00e1 hacer un\u00a0<strong>donativo de 2 euros<\/strong>, que ir\u00e1 destinado \u00edntegramente a\u00a0<strong>Proactiva Open Arms<\/strong>. Una aportaci\u00f3n solidaria que te enriquece por partida doble.<\/p>\n<p>Porque la cultura va mucho m\u00e1s all\u00e1 de la m\u00fasica, el arte o el entretenimiento. Tambi\u00e9n implica\u00a0<strong>conocer el mundo<\/strong> que nos rodea. Por eso, un festival que fomenta la cultura no pod\u00eda dejar de lado el conocimiento, la informaci\u00f3n. Porque\u00a0<strong>estar informados nos hace libres<\/strong> y la libertad es un derecho fundamental.<\/p>\n<p>\u00a1Lib\u00e9rate con el\u00a0<strong>Cru\u00eflla Talks<\/strong>!<\/p>\n","protected":false},"excerpt":{"rendered":"<p>Un festival que evoluciona con la sociedad El\u00a0Cru\u00eflla es un peque\u00f1o oasis de diversi\u00f3n. Un espacio perfecto para alienarse de los problemas que nos rodean. Un [&hellip;]<\/p>\n","protected":false},"author":13,"featured_media":25201,"parent":0,"menu_order":0,"comment_status":"closed","ping_status":"closed","template":"page-templates\/page-landing.php","meta":{"_acf_changed":false,"footnotes":""},"class_list":["post-25509","page","type-page","status-publish","has-post-thumbnail","hentry"],"acf":[],"yoast_head":"<!-- This site is optimized with the Yoast SEO plugin v27.5 - https:\/\/yoast.com\/product\/yoast-seo-wordpress\/ -->\n<title>Cru\u00eflla Talks: espacio debate y reflexi\u00f3n. 29 junio - 6 julio 2019, Barcelona<\/title>\n<meta name=\"description\" content=\"Cru\u00eflla Talks: entrevistas y charlas del 29 de junio al 6 de julio en Barcelona. Espacio de reflexi\u00f3n y debate paralelo a la diversi\u00f3n del Festival Cru\u00eflla.\" \/>\n<meta name=\"robots\" content=\"index, follow, max-snippet:-1, max-image-preview:large, max-video-preview:-1\" \/>\n<link rel=\"canonical\" href=\"https:\/\/www.cruillabarcelona.cat\/es\/cruilla-talks\/\" \/>\n<meta property=\"og:locale\" content=\"es_ES\" \/>\n<meta property=\"og:type\" content=\"article\" \/>\n<meta property=\"og:title\" content=\"Cru\u00eflla Talks: espacio debate y reflexi\u00f3n. 29 junio - 6 julio 2019, Barcelona\" \/>\n<meta property=\"og:description\" content=\"Cru\u00eflla Talks: entrevistas y charlas del 29 de junio al 6 de julio en Barcelona. Espacio de reflexi\u00f3n y debate paralelo a la diversi\u00f3n del Festival Cru\u00eflla.\" \/>\n<meta property=\"og:url\" content=\"https:\/\/www.cruillabarcelona.cat\/es\/cruilla-talks\/\" \/>\n<meta property=\"og:site_name\" content=\"Festival Cru\u00eflla\" \/>\n<meta property=\"article:modified_time\" content=\"2019-06-18T12:18:48+00:00\" \/>\n<meta property=\"og:image\" content=\"https:\/\/www.cruillabarcelona.cat\/wp-content\/uploads\/2019\/06\/Landing_Cru\u00eflla_Talks-1.jpg\" \/>\n\t<meta property=\"og:image:width\" content=\"3125\" \/>\n\t<meta property=\"og:image:height\" content=\"1042\" \/>\n\t<meta property=\"og:image:type\" content=\"image\/jpeg\" \/>\n<meta name=\"twitter:card\" content=\"summary_large_image\" \/>\n<meta name=\"twitter:label1\" content=\"Tiempo de lectura\" \/>\n\t<meta name=\"twitter:data1\" content=\"4 minutos\" \/>\n<script type=\"application\/ld+json\" class=\"yoast-schema-graph\">{\"@context\":\"https:\\\/\\\/schema.org\",\"@graph\":[{\"@type\":\"WebPage\",\"@id\":\"https:\\\/\\\/www.cruillabarcelona.cat\\\/es\\\/cruilla-talks\\\/\",\"url\":\"https:\\\/\\\/www.cruillabarcelona.cat\\\/es\\\/cruilla-talks\\\/\",\"name\":\"Cru\u00eflla Talks: espacio debate y reflexi\u00f3n. 29 junio - 6 julio 2019, Barcelona\",\"isPartOf\":{\"@id\":\"https:\\\/\\\/www.cruillabarcelona.cat\\\/es\\\/#website\"},\"primaryImageOfPage\":{\"@id\":\"https:\\\/\\\/www.cruillabarcelona.cat\\\/es\\\/cruilla-talks\\\/#primaryimage\"},\"image\":{\"@id\":\"https:\\\/\\\/www.cruillabarcelona.cat\\\/es\\\/cruilla-talks\\\/#primaryimage\"},\"thumbnailUrl\":\"https:\\\/\\\/www.cruillabarcelona.cat\\\/wp-content\\\/uploads\\\/2019\\\/06\\\/Landing_Cru\u00eflla_Talks-1.jpg\",\"datePublished\":\"2019-06-06T09:48:44+00:00\",\"dateModified\":\"2019-06-18T12:18:48+00:00\",\"description\":\"Cru\u00eflla Talks: entrevistas y charlas del 29 de junio al 6 de julio en Barcelona. Espacio de reflexi\u00f3n y debate paralelo a la diversi\u00f3n del Festival Cru\u00eflla.\",\"breadcrumb\":{\"@id\":\"https:\\\/\\\/www.cruillabarcelona.cat\\\/es\\\/cruilla-talks\\\/#breadcrumb\"},\"inLanguage\":\"es\",\"potentialAction\":[{\"@type\":\"ReadAction\",\"target\":[\"https:\\\/\\\/www.cruillabarcelona.cat\\\/es\\\/cruilla-talks\\\/\"]}]},{\"@type\":\"ImageObject\",\"inLanguage\":\"es\",\"@id\":\"https:\\\/\\\/www.cruillabarcelona.cat\\\/es\\\/cruilla-talks\\\/#primaryimage\",\"url\":\"https:\\\/\\\/www.cruillabarcelona.cat\\\/wp-content\\\/uploads\\\/2019\\\/06\\\/Landing_Cru\u00eflla_Talks-1.jpg\",\"contentUrl\":\"https:\\\/\\\/www.cruillabarcelona.cat\\\/wp-content\\\/uploads\\\/2019\\\/06\\\/Landing_Cru\u00eflla_Talks-1.jpg\",\"width\":3125,\"height\":1042,\"caption\":\"Cru\u00eflla Talks\"},{\"@type\":\"BreadcrumbList\",\"@id\":\"https:\\\/\\\/www.cruillabarcelona.cat\\\/es\\\/cruilla-talks\\\/#breadcrumb\",\"itemListElement\":[{\"@type\":\"ListItem\",\"position\":1,\"name\":\"Home\",\"item\":\"https:\\\/\\\/www.cruillabarcelona.cat\\\/es\\\/\"},{\"@type\":\"ListItem\",\"position\":2,\"name\":\"Cru\u00eflla Talks\"}]},{\"@type\":\"WebSite\",\"@id\":\"https:\\\/\\\/www.cruillabarcelona.cat\\\/es\\\/#website\",\"url\":\"https:\\\/\\\/www.cruillabarcelona.cat\\\/es\\\/\",\"name\":\"Festival Cru\u00eflla\",\"description\":\"\",\"publisher\":{\"@id\":\"https:\\\/\\\/www.cruillabarcelona.cat\\\/es\\\/#organization\"},\"potentialAction\":[{\"@type\":\"SearchAction\",\"target\":{\"@type\":\"EntryPoint\",\"urlTemplate\":\"https:\\\/\\\/www.cruillabarcelona.cat\\\/es\\\/?s={search_term_string}\"},\"query-input\":{\"@type\":\"PropertyValueSpecification\",\"valueRequired\":true,\"valueName\":\"search_term_string\"}}],\"inLanguage\":\"es\"},{\"@type\":\"Organization\",\"@id\":\"https:\\\/\\\/www.cruillabarcelona.cat\\\/es\\\/#organization\",\"name\":\"Festival Cru\u00eflla\",\"url\":\"https:\\\/\\\/www.cruillabarcelona.cat\\\/es\\\/\",\"logo\":{\"@type\":\"ImageObject\",\"inLanguage\":\"es\",\"@id\":\"https:\\\/\\\/www.cruillabarcelona.cat\\\/es\\\/#\\\/schema\\\/logo\\\/image\\\/\",\"url\":\"https:\\\/\\\/www.cruillabarcelona.cat\\\/wp-content\\\/uploads\\\/2025\\\/12\\\/cruill-logo-negativo.png\",\"contentUrl\":\"https:\\\/\\\/www.cruillabarcelona.cat\\\/wp-content\\\/uploads\\\/2025\\\/12\\\/cruill-logo-negativo.png\",\"width\":400,\"height\":101,\"caption\":\"Festival Cru\u00eflla\"},\"image\":{\"@id\":\"https:\\\/\\\/www.cruillabarcelona.cat\\\/es\\\/#\\\/schema\\\/logo\\\/image\\\/\"}}]}<\/script>\n<!-- \/ Yoast SEO plugin. -->","yoast_head_json":{"title":"Cru\u00eflla Talks: espacio debate y reflexi\u00f3n. 29 junio - 6 julio 2019, Barcelona","description":"Cru\u00eflla Talks: entrevistas y charlas del 29 de junio al 6 de julio en Barcelona. Espacio de reflexi\u00f3n y debate paralelo a la diversi\u00f3n del Festival Cru\u00eflla.","robots":{"index":"index","follow":"follow","max-snippet":"max-snippet:-1","max-image-preview":"max-image-preview:large","max-video-preview":"max-video-preview:-1"},"canonical":"https:\/\/www.cruillabarcelona.cat\/es\/cruilla-talks\/","og_locale":"es_ES","og_type":"article","og_title":"Cru\u00eflla Talks: espacio debate y reflexi\u00f3n. 29 junio - 6 julio 2019, Barcelona","og_description":"Cru\u00eflla Talks: entrevistas y charlas del 29 de junio al 6 de julio en Barcelona. Espacio de reflexi\u00f3n y debate paralelo a la diversi\u00f3n del Festival Cru\u00eflla.","og_url":"https:\/\/www.cruillabarcelona.cat\/es\/cruilla-talks\/","og_site_name":"Festival Cru\u00eflla","article_modified_time":"2019-06-18T12:18:48+00:00","og_image":[{"width":3125,"height":1042,"url":"https:\/\/www.cruillabarcelona.cat\/wp-content\/uploads\/2019\/06\/Landing_Cru\u00eflla_Talks-1.jpg","type":"image\/jpeg"}],"twitter_card":"summary_large_image","twitter_misc":{"Tiempo de lectura":"4 minutos"},"schema":{"@context":"https:\/\/schema.org","@graph":[{"@type":"WebPage","@id":"https:\/\/www.cruillabarcelona.cat\/es\/cruilla-talks\/","url":"https:\/\/www.cruillabarcelona.cat\/es\/cruilla-talks\/","name":"Cru\u00eflla Talks: espacio debate y reflexi\u00f3n. 29 junio - 6 julio 2019, Barcelona","isPartOf":{"@id":"https:\/\/www.cruillabarcelona.cat\/es\/#website"},"primaryImageOfPage":{"@id":"https:\/\/www.cruillabarcelona.cat\/es\/cruilla-talks\/#primaryimage"},"image":{"@id":"https:\/\/www.cruillabarcelona.cat\/es\/cruilla-talks\/#primaryimage"},"thumbnailUrl":"https:\/\/www.cruillabarcelona.cat\/wp-content\/uploads\/2019\/06\/Landing_Cru\u00eflla_Talks-1.jpg","datePublished":"2019-06-06T09:48:44+00:00","dateModified":"2019-06-18T12:18:48+00:00","description":"Cru\u00eflla Talks: entrevistas y charlas del 29 de junio al 6 de julio en Barcelona. Espacio de reflexi\u00f3n y debate paralelo a la diversi\u00f3n del Festival Cru\u00eflla.","breadcrumb":{"@id":"https:\/\/www.cruillabarcelona.cat\/es\/cruilla-talks\/#breadcrumb"},"inLanguage":"es","potentialAction":[{"@type":"ReadAction","target":["https:\/\/www.cruillabarcelona.cat\/es\/cruilla-talks\/"]}]},{"@type":"ImageObject","inLanguage":"es","@id":"https:\/\/www.cruillabarcelona.cat\/es\/cruilla-talks\/#primaryimage","url":"https:\/\/www.cruillabarcelona.cat\/wp-content\/uploads\/2019\/06\/Landing_Cru\u00eflla_Talks-1.jpg","contentUrl":"https:\/\/www.cruillabarcelona.cat\/wp-content\/uploads\/2019\/06\/Landing_Cru\u00eflla_Talks-1.jpg","width":3125,"height":1042,"caption":"Cru\u00eflla Talks"},{"@type":"BreadcrumbList","@id":"https:\/\/www.cruillabarcelona.cat\/es\/cruilla-talks\/#breadcrumb","itemListElement":[{"@type":"ListItem","position":1,"name":"Home","item":"https:\/\/www.cruillabarcelona.cat\/es\/"},{"@type":"ListItem","position":2,"name":"Cru\u00eflla Talks"}]},{"@type":"WebSite","@id":"https:\/\/www.cruillabarcelona.cat\/es\/#website","url":"https:\/\/www.cruillabarcelona.cat\/es\/","name":"Festival Cru\u00eflla","description":"","publisher":{"@id":"https:\/\/www.cruillabarcelona.cat\/es\/#organization"},"potentialAction":[{"@type":"SearchAction","target":{"@type":"EntryPoint","urlTemplate":"https:\/\/www.cruillabarcelona.cat\/es\/?s={search_term_string}"},"query-input":{"@type":"PropertyValueSpecification","valueRequired":true,"valueName":"search_term_string"}}],"inLanguage":"es"},{"@type":"Organization","@id":"https:\/\/www.cruillabarcelona.cat\/es\/#organization","name":"Festival Cru\u00eflla","url":"https:\/\/www.cruillabarcelona.cat\/es\/","logo":{"@type":"ImageObject","inLanguage":"es","@id":"https:\/\/www.cruillabarcelona.cat\/es\/#\/schema\/logo\/image\/","url":"https:\/\/www.cruillabarcelona.cat\/wp-content\/uploads\/2025\/12\/cruill-logo-negativo.png","contentUrl":"https:\/\/www.cruillabarcelona.cat\/wp-content\/uploads\/2025\/12\/cruill-logo-negativo.png","width":400,"height":101,"caption":"Festival Cru\u00eflla"},"image":{"@id":"https:\/\/www.cruillabarcelona.cat\/es\/#\/schema\/logo\/image\/"}}]}},"_links":{"self":[{"href":"https:\/\/www.cruillabarcelona.cat\/es\/wp-json\/wp\/v2\/pages\/25509","targetHints":{"allow":["GET"]}}],"collection":[{"href":"https:\/\/www.cruillabarcelona.cat\/es\/wp-json\/wp\/v2\/pages"}],"about":[{"href":"https:\/\/www.cruillabarcelona.cat\/es\/wp-json\/wp\/v2\/types\/page"}],"author":[{"embeddable":true,"href":"https:\/\/www.cruillabarcelona.cat\/es\/wp-json\/wp\/v2\/users\/13"}],"replies":[{"embeddable":true,"href":"https:\/\/www.cruillabarcelona.cat\/es\/wp-json\/wp\/v2\/comments?post=25509"}],"version-history":[{"count":0,"href":"https:\/\/www.cruillabarcelona.cat\/es\/wp-json\/wp\/v2\/pages\/25509\/revisions"}],"wp:featuredmedia":[{"embeddable":true,"href":"https:\/\/www.cruillabarcelona.cat\/es\/wp-json\/wp\/v2\/media\/25201"}],"wp:attachment":[{"href":"https:\/\/www.cruillabarcelona.cat\/es\/wp-json\/wp\/v2\/media?parent=25509"}],"curies":[{"name":"wp","href":"https:\/\/api.w.org\/{rel}","templated":true}]}}