{"id":48563,"date":"2023-05-04T10:52:09","date_gmt":"2023-05-04T08:52:09","guid":{"rendered":"https:\/\/www.cruillabarcelona.cat\/concurs-street-art-by-ametller-origen\/"},"modified":"2026-04-28T12:57:59","modified_gmt":"2026-04-28T10:57:59","slug":"concurs-art-urba","status":"publish","type":"page","link":"https:\/\/www.cruillabarcelona.cat\/es\/concurs-art-urba\/","title":{"rendered":"Concurso Arte Urbano"},"content":{"rendered":"\n<div class=\"wp-block-cover is-light\"><img decoding=\"async\" width=\"1124\" height=\"375\" class=\"wp-block-cover__image-background wp-image-65077 size-large\" alt=\"\" src=\"https:\/\/www.cruillabarcelona.cat\/wp-content\/uploads\/2026\/04\/CE26_Web_ConcursArtUrba_Capcalera-1124x375.jpg\" data-object-fit=\"cover\" srcset=\"https:\/\/www.cruillabarcelona.cat\/wp-content\/uploads\/2026\/04\/CE26_Web_ConcursArtUrba_Capcalera-1124x375.jpg 1124w, https:\/\/www.cruillabarcelona.cat\/wp-content\/uploads\/2026\/04\/CE26_Web_ConcursArtUrba_Capcalera-300x100.jpg 300w, https:\/\/www.cruillabarcelona.cat\/wp-content\/uploads\/2026\/04\/CE26_Web_ConcursArtUrba_Capcalera-800x267.jpg 800w, https:\/\/www.cruillabarcelona.cat\/wp-content\/uploads\/2026\/04\/CE26_Web_ConcursArtUrba_Capcalera.jpg 1500w\" sizes=\"(max-width: 1124px) 100vw, 1124px\" \/><span aria-hidden=\"true\" class=\"wp-block-cover__background has-background-dim\" style=\"background-color:#dc6e5d\"><\/span><div class=\"wp-block-cover__inner-container has-global-padding is-layout-constrained wp-block-cover-is-layout-constrained\">\n<p class=\"has-text-align-center has-background-color has-text-color has-link-color has-large-font-size wp-elements-f80e5c0a85a4f584bc9f7e5df84aeb37\">\u00a1ABIERTA LA CONVOCATORIA PARA EL CONCURSO DE ARTE URBANO BY YAMAHA!<\/p>\n<\/div><\/div>\n\n\n\n<div class=\"wp-block-group has-global-padding is-layout-constrained wp-block-group-is-layout-constrained\">\n<p>El Cru\u00eflla es mucho m\u00e1s que m\u00fasica, es arte en todos los sentidos. Y este 2026, la creatividad de nuestra programaci\u00f3n de <strong>Artes en Vivo<\/strong> toma una nueva velocidad.<\/p>\n\n\n\n<p>En esta edici\u00f3n <strong>YAMAHA<\/strong> se une como partner oficial para seguir impulsando el talento y la creatividad a trav\u00e9s del Concurso de <strong>Arte Urbano by YAMAHA<\/strong>, una iniciativa donde el talento emergente y consolidado se encuentran para fusionar la m\u00fasica y el arte.<\/p>\n\n\n\n<p>Buscamos <strong>12 artistas<\/strong> dispuestos a aceptar el reto: ilustrar en directo a los cabezas de cartel del festival ante miles de personas. Te explicamos c\u00f3mo funciona:<br><\/p>\n\n\n\n<figure class=\"wp-block-image aligncenter\"><img decoding=\"async\" width=\"1024\" height=\"683\" src=\"https:\/\/www.cruillabarcelona.cat\/wp-content\/uploads\/2024\/05\/AMBIENT_230705_Photo-Gisela-Jane_GISJ3983-1024x683.jpg\" alt=\"\" class=\"wp-image-52984\" srcset=\"https:\/\/www.cruillabarcelona.cat\/wp-content\/uploads\/2024\/05\/AMBIENT_230705_Photo-Gisela-Jane_GISJ3983-1024x683.jpg 1024w, https:\/\/www.cruillabarcelona.cat\/wp-content\/uploads\/2024\/05\/AMBIENT_230705_Photo-Gisela-Jane_GISJ3983-768x512.jpg 768w, https:\/\/www.cruillabarcelona.cat\/wp-content\/uploads\/2024\/05\/AMBIENT_230705_Photo-Gisela-Jane_GISJ3983-1536x1024.jpg 1536w, https:\/\/www.cruillabarcelona.cat\/wp-content\/uploads\/2024\/05\/AMBIENT_230705_Photo-Gisela-Jane_GISJ3983-2048x1365.jpg 2048w, https:\/\/www.cruillabarcelona.cat\/wp-content\/uploads\/2024\/05\/AMBIENT_230705_Photo-Gisela-Jane_GISJ3983-300x200.jpg 300w, https:\/\/www.cruillabarcelona.cat\/wp-content\/uploads\/2024\/05\/AMBIENT_230705_Photo-Gisela-Jane_GISJ3983-1500x1000.jpg 1500w\" sizes=\"(max-width: 1024px) 100vw, 1024px\" \/><\/figure>\n\n\n\n<p class=\"has-medium-large-font-size\"><strong>\u00bfQU\u00c9 HAY QUE SABER?<\/strong><\/p>\n\n\n\n<p>Se seleccionar\u00e1n 12 artistas, los cuales podr\u00e1n utilizar diferentes t\u00e9cnicas y materiales de Street Art (sprays, acr\u00edlicos, rotuladores, pinceles, stencil, rodillos\u2026)<br>La organizaci\u00f3n facilitar\u00e1 un lienzo dividido en 3 partes de 300&#215;150 cm en total, 100\u20ac en material y el soporte log\u00edstico para la realizaci\u00f3n de la obra en directo durante el Festival Cru\u00eflla 2026.<\/p>\n\n\n\n<p><em>No se cubrir\u00e1n los desplazamientos ni las dietas.<\/em><\/p>\n\n\n\n<p class=\"has-medium-large-font-size\"><strong>LOS PREMIOS<\/strong><\/p>\n\n\n\n<p>Cada seleccionado ser\u00e1 premiado con <strong>500\u20ac<\/strong> y <strong>2 abonos de 4 d\u00edas<\/strong> para la edici\u00f3n de este a\u00f1o.<\/p>\n\n\n\n<p><strong>Adem\u00e1s, todas las obras tambi\u00e9n competir\u00e1n por un premio final de 1.500 \u20ac. <\/strong><\/p>\n\n\n\n<p>El ganador ser\u00e1 seleccionado por el propio jurado y se comunicar\u00e1 en los d\u00edas posteriores al festival.<\/p>\n\n\n\n<figure class=\"wp-block-image aligncenter\"><img decoding=\"async\" width=\"1024\" height=\"683\" src=\"https:\/\/www.cruillabarcelona.cat\/wp-content\/uploads\/2024\/05\/ART_230705_PhotoXaviTorrent__41A1911-1-1024x683.jpg\" alt=\"\" class=\"wp-image-52987\" srcset=\"https:\/\/www.cruillabarcelona.cat\/wp-content\/uploads\/2024\/05\/ART_230705_PhotoXaviTorrent__41A1911-1-1024x683.jpg 1024w, https:\/\/www.cruillabarcelona.cat\/wp-content\/uploads\/2024\/05\/ART_230705_PhotoXaviTorrent__41A1911-1-768x512.jpg 768w, https:\/\/www.cruillabarcelona.cat\/wp-content\/uploads\/2024\/05\/ART_230705_PhotoXaviTorrent__41A1911-1-1536x1024.jpg 1536w, https:\/\/www.cruillabarcelona.cat\/wp-content\/uploads\/2024\/05\/ART_230705_PhotoXaviTorrent__41A1911-1-300x200.jpg 300w, https:\/\/www.cruillabarcelona.cat\/wp-content\/uploads\/2024\/05\/ART_230705_PhotoXaviTorrent__41A1911-1-1500x1000.jpg 1500w, https:\/\/www.cruillabarcelona.cat\/wp-content\/uploads\/2024\/05\/ART_230705_PhotoXaviTorrent__41A1911-1.jpg 1540w\" sizes=\"(max-width: 1024px) 100vw, 1024px\" \/><\/figure>\n\n\n\n<p class=\"has-medium-large-font-size\"><strong>LAS BASES<\/strong><\/p>\n\n\n\n<p><strong>Propiedad:<\/strong> Todas las obras finalistas ser\u00e1n propiedad del Festival Cru\u00eflla, que se compromete a no hacer ning\u00fan uso comercial de ellas. La organizaci\u00f3n se reserva el derecho de grabar en v\u00eddeo a los artistas y sus obras con fines de difusi\u00f3n del evento.<\/p>\n\n\n\n<p><strong>Requisitos:<\/strong> Mayor de 18 a\u00f1os, poder emitir factura y estar al corriente de las obligaciones tributarias. Si eres de fuera de la UE, necesitar\u00e1s NIE y permiso de trabajo.<\/p>\n\n\n\n<p><strong>Filtro:<\/strong> Se descalificar\u00e1n las propuestas que sean discriminatorias, ofensivas o propaguen ideas contrarias a los derechos humanos, incluyendo la xenofobia, el racismo y la discriminaci\u00f3n de g\u00e9nero, entre otros.<\/p>\n\n\n\n<p class=\"has-medium-large-font-size\"><strong>C\u00d3MO PRESENTARSE<\/strong><\/p>\n\n\n\n<p class=\"has-foreground-color has-text-color has-link-color wp-elements-853f9e3f5e5e0c287694c874a88e66f5\">Para participar en el Concurso de Arte Urbano by YAMAHA, habr\u00e1 que enviar un correo a <a href=\"mailto:festival@cruillabarcelona.cat\">festival@cruillabarcelona.cat<\/a> <strong>antes del 5 de mayo a las 12:00h<\/strong> con el asunto \u00abConcurs Art Urb\u00e0 by YAMAHA\u00bb y adjuntar un <strong>\u00fanico PDF con un peso m\u00e1ximo de 2MB<\/strong> que incluya:<\/p>\n\n\n\n<ul class=\"wp-block-list\">\n<li>Informaci\u00f3n personal (nombre, direcci\u00f3n, correo electr\u00f3nico, web o perfil de Instagram y tel\u00e9fono de contacto)<\/li>\n\n\n\n<li>Copia del DNI o pasaporte<\/li>\n\n\n\n<li>Portafolio actualizado con una breve descripci\u00f3n del proyecto art\u00edstico y entre 5 y 10 im\u00e1genes de obras propias que sirvan de referencia.<\/li>\n<\/ul>\n\n\n\n<p><\/p>\n\n\n\n<figure class=\"wp-block-image aligncenter\"><img decoding=\"async\" width=\"1024\" height=\"683\" src=\"https:\/\/www.cruillabarcelona.cat\/wp-content\/uploads\/2024\/05\/GRAFFITIS_230706_PhotoXavitorrent__41A2982-1-1024x683.jpg\" alt=\"\" class=\"wp-image-52990\" srcset=\"https:\/\/www.cruillabarcelona.cat\/wp-content\/uploads\/2024\/05\/GRAFFITIS_230706_PhotoXavitorrent__41A2982-1-1024x683.jpg 1024w, https:\/\/www.cruillabarcelona.cat\/wp-content\/uploads\/2024\/05\/GRAFFITIS_230706_PhotoXavitorrent__41A2982-1-768x512.jpg 768w, https:\/\/www.cruillabarcelona.cat\/wp-content\/uploads\/2024\/05\/GRAFFITIS_230706_PhotoXavitorrent__41A2982-1-1536x1025.jpg 1536w, https:\/\/www.cruillabarcelona.cat\/wp-content\/uploads\/2024\/05\/GRAFFITIS_230706_PhotoXavitorrent__41A2982-1-300x200.jpg 300w, https:\/\/www.cruillabarcelona.cat\/wp-content\/uploads\/2024\/05\/GRAFFITIS_230706_PhotoXavitorrent__41A2982-1-1500x1001.jpg 1500w, https:\/\/www.cruillabarcelona.cat\/wp-content\/uploads\/2024\/05\/GRAFFITIS_230706_PhotoXavitorrent__41A2982-1.jpg 1925w\" sizes=\"(max-width: 1024px) 100vw, 1024px\" \/><\/figure>\n\n\n\n<p><\/p>\n\n\n\n<p class=\"has-medium-large-font-size\"><strong>ANUNCIO DE LAS PROPUESTAS ELEGIDAS<\/strong><\/p>\n\n\n\n<p>A los artistas se les comunicar\u00e1 que han sido seleccionados<strong> el viernes 8 de mayo y tendr\u00e1n 24 horas para aceptar o renunciar a su participaci\u00f3n<\/strong>. En caso de renuncia o ausencia de respuesta del artista, se seleccionar\u00e1 al siguiente clasificado en las votaciones del jurado. La participaci\u00f3n implica la aceptaci\u00f3n de las bases y del veredicto del jurado.<\/p>\n\n\n\n<p>Los resultados de la selecci\u00f3n se har\u00e1n p\u00fablicos el <strong>lunes 11 de mayo en la web <\/strong>y en las redes sociales oficiales del festival. \u00a1Mucha suerte a todos y todas!<\/p>\n\n\n\n\n<a href=\"https:\/\/docs.google.com\/document\/d\/15XVdoTwdruY2jdhtxJ_YgNbwGn94e6eC\/edit\" target=\"_self\" id=\"button-block_4dda4017e9885c52eb9ed2e9fc028634\" class=\"button aligncenter default default default\">\nDesc\u00e1rgate las bases completas del concurso aqu\u00ed<\/a>\n\n\n\n\n<figure class=\"wp-block-image aligncenter size-full\"><img decoding=\"async\" width=\"300\" height=\"300\" src=\"https:\/\/www.cruillabarcelona.cat\/wp-content\/uploads\/2026\/04\/YAMAHA-1-2.png\" alt=\"\" class=\"wp-image-64953\" srcset=\"https:\/\/www.cruillabarcelona.cat\/wp-content\/uploads\/2026\/04\/YAMAHA-1-2.png 300w, https:\/\/www.cruillabarcelona.cat\/wp-content\/uploads\/2026\/04\/YAMAHA-1-2-150x150.png 150w\" sizes=\"(max-width: 300px) 100vw, 300px\" \/><\/figure>\n<\/div>\n","protected":false},"excerpt":{"rendered":"<p>El Cru\u00eflla es mucho m\u00e1s que m\u00fasica, es arte en todos los sentidos. Y este 2026, la creatividad de nuestra programaci\u00f3n de Artes en Vivo toma [&hellip;]<\/p>\n","protected":false},"author":2,"featured_media":57780,"parent":0,"menu_order":0,"comment_status":"closed","ping_status":"closed","template":"","meta":{"_acf_changed":false,"footnotes":""},"class_list":["post-48563","page","type-page","status-publish","has-post-thumbnail","hentry"],"acf":[],"yoast_head":"<!-- This site is optimized with the Yoast SEO plugin v27.5 - https:\/\/yoast.com\/product\/yoast-seo-wordpress\/ -->\n<title>Concurso de Arte Urbano - Festival Cru\u00eflla 2025<\/title>\n<meta name=\"description\" content=\"Abierta la convocatoria para el Concurso\u00a0de Arte Urbano. Descubre toda la info y proceso de selecci\u00f3n.\" \/>\n<meta name=\"robots\" content=\"index, follow, max-snippet:-1, max-image-preview:large, max-video-preview:-1\" \/>\n<link rel=\"canonical\" href=\"https:\/\/www.cruillabarcelona.cat\/es\/concurs-art-urba\/\" \/>\n<meta property=\"og:locale\" content=\"es_ES\" \/>\n<meta property=\"og:type\" content=\"article\" \/>\n<meta property=\"og:title\" content=\"Concurso de Arte Urbano - Festival Cru\u00eflla 2025\" \/>\n<meta property=\"og:description\" content=\"Abierta la convocatoria para el Concurso\u00a0de Arte Urbano. Descubre toda la info y proceso de selecci\u00f3n.\" \/>\n<meta property=\"og:url\" content=\"https:\/\/www.cruillabarcelona.cat\/es\/concurs-art-urba\/\" \/>\n<meta property=\"og:site_name\" content=\"Festival Cru\u00eflla\" \/>\n<meta property=\"article:modified_time\" content=\"2026-04-28T10:57:59+00:00\" \/>\n<meta property=\"og:image\" content=\"https:\/\/www.cruillabarcelona.cat\/wp-content\/uploads\/2025\/05\/CE25_LandingArts_Desktop.jpg\" \/>\n\t<meta property=\"og:image:width\" content=\"1500\" \/>\n\t<meta property=\"og:image:height\" content=\"500\" \/>\n\t<meta property=\"og:image:type\" content=\"image\/jpeg\" \/>\n<meta name=\"twitter:card\" content=\"summary_large_image\" \/>\n<meta name=\"twitter:label1\" content=\"Tiempo de lectura\" \/>\n\t<meta name=\"twitter:data1\" content=\"5 minutos\" \/>\n<script type=\"application\/ld+json\" class=\"yoast-schema-graph\">{\"@context\":\"https:\\\/\\\/schema.org\",\"@graph\":[{\"@type\":\"WebPage\",\"@id\":\"https:\\\/\\\/www.cruillabarcelona.cat\\\/es\\\/concurs-art-urba\\\/\",\"url\":\"https:\\\/\\\/www.cruillabarcelona.cat\\\/es\\\/concurs-art-urba\\\/\",\"name\":\"Concurso de Arte Urbano - Festival Cru\u00eflla 2025\",\"isPartOf\":{\"@id\":\"https:\\\/\\\/www.cruillabarcelona.cat\\\/es\\\/#website\"},\"primaryImageOfPage\":{\"@id\":\"https:\\\/\\\/www.cruillabarcelona.cat\\\/es\\\/concurs-art-urba\\\/#primaryimage\"},\"image\":{\"@id\":\"https:\\\/\\\/www.cruillabarcelona.cat\\\/es\\\/concurs-art-urba\\\/#primaryimage\"},\"thumbnailUrl\":\"https:\\\/\\\/www.cruillabarcelona.cat\\\/wp-content\\\/uploads\\\/2025\\\/05\\\/CE25_LandingArts_Desktop.jpg\",\"datePublished\":\"2023-05-04T08:52:09+00:00\",\"dateModified\":\"2026-04-28T10:57:59+00:00\",\"description\":\"Abierta la convocatoria para el Concurso\u00a0de Arte Urbano. Descubre toda la info y proceso de selecci\u00f3n.\",\"breadcrumb\":{\"@id\":\"https:\\\/\\\/www.cruillabarcelona.cat\\\/es\\\/concurs-art-urba\\\/#breadcrumb\"},\"inLanguage\":\"es\",\"potentialAction\":[{\"@type\":\"ReadAction\",\"target\":[\"https:\\\/\\\/www.cruillabarcelona.cat\\\/es\\\/concurs-art-urba\\\/\"]}]},{\"@type\":\"ImageObject\",\"inLanguage\":\"es\",\"@id\":\"https:\\\/\\\/www.cruillabarcelona.cat\\\/es\\\/concurs-art-urba\\\/#primaryimage\",\"url\":\"https:\\\/\\\/www.cruillabarcelona.cat\\\/wp-content\\\/uploads\\\/2025\\\/05\\\/CE25_LandingArts_Desktop.jpg\",\"contentUrl\":\"https:\\\/\\\/www.cruillabarcelona.cat\\\/wp-content\\\/uploads\\\/2025\\\/05\\\/CE25_LandingArts_Desktop.jpg\",\"width\":1500,\"height\":500},{\"@type\":\"BreadcrumbList\",\"@id\":\"https:\\\/\\\/www.cruillabarcelona.cat\\\/es\\\/concurs-art-urba\\\/#breadcrumb\",\"itemListElement\":[{\"@type\":\"ListItem\",\"position\":1,\"name\":\"Home\",\"item\":\"https:\\\/\\\/www.cruillabarcelona.cat\\\/es\\\/\"},{\"@type\":\"ListItem\",\"position\":2,\"name\":\"Concurso Arte Urbano\"}]},{\"@type\":\"WebSite\",\"@id\":\"https:\\\/\\\/www.cruillabarcelona.cat\\\/es\\\/#website\",\"url\":\"https:\\\/\\\/www.cruillabarcelona.cat\\\/es\\\/\",\"name\":\"Festival Cru\u00eflla\",\"description\":\"\",\"publisher\":{\"@id\":\"https:\\\/\\\/www.cruillabarcelona.cat\\\/es\\\/#organization\"},\"potentialAction\":[{\"@type\":\"SearchAction\",\"target\":{\"@type\":\"EntryPoint\",\"urlTemplate\":\"https:\\\/\\\/www.cruillabarcelona.cat\\\/es\\\/?s={search_term_string}\"},\"query-input\":{\"@type\":\"PropertyValueSpecification\",\"valueRequired\":true,\"valueName\":\"search_term_string\"}}],\"inLanguage\":\"es\"},{\"@type\":\"Organization\",\"@id\":\"https:\\\/\\\/www.cruillabarcelona.cat\\\/es\\\/#organization\",\"name\":\"Festival Cru\u00eflla\",\"url\":\"https:\\\/\\\/www.cruillabarcelona.cat\\\/es\\\/\",\"logo\":{\"@type\":\"ImageObject\",\"inLanguage\":\"es\",\"@id\":\"https:\\\/\\\/www.cruillabarcelona.cat\\\/es\\\/#\\\/schema\\\/logo\\\/image\\\/\",\"url\":\"https:\\\/\\\/www.cruillabarcelona.cat\\\/wp-content\\\/uploads\\\/2025\\\/12\\\/cruill-logo-negativo.png\",\"contentUrl\":\"https:\\\/\\\/www.cruillabarcelona.cat\\\/wp-content\\\/uploads\\\/2025\\\/12\\\/cruill-logo-negativo.png\",\"width\":400,\"height\":101,\"caption\":\"Festival Cru\u00eflla\"},\"image\":{\"@id\":\"https:\\\/\\\/www.cruillabarcelona.cat\\\/es\\\/#\\\/schema\\\/logo\\\/image\\\/\"}}]}<\/script>\n<!-- \/ Yoast SEO plugin. -->","yoast_head_json":{"title":"Concurso de Arte Urbano - Festival Cru\u00eflla 2025","description":"Abierta la convocatoria para el Concurso\u00a0de Arte Urbano. Descubre toda la info y proceso de selecci\u00f3n.","robots":{"index":"index","follow":"follow","max-snippet":"max-snippet:-1","max-image-preview":"max-image-preview:large","max-video-preview":"max-video-preview:-1"},"canonical":"https:\/\/www.cruillabarcelona.cat\/es\/concurs-art-urba\/","og_locale":"es_ES","og_type":"article","og_title":"Concurso de Arte Urbano - Festival Cru\u00eflla 2025","og_description":"Abierta la convocatoria para el Concurso\u00a0de Arte Urbano. Descubre toda la info y proceso de selecci\u00f3n.","og_url":"https:\/\/www.cruillabarcelona.cat\/es\/concurs-art-urba\/","og_site_name":"Festival Cru\u00eflla","article_modified_time":"2026-04-28T10:57:59+00:00","og_image":[{"width":1500,"height":500,"url":"https:\/\/www.cruillabarcelona.cat\/wp-content\/uploads\/2025\/05\/CE25_LandingArts_Desktop.jpg","type":"image\/jpeg"}],"twitter_card":"summary_large_image","twitter_misc":{"Tiempo de lectura":"5 minutos"},"schema":{"@context":"https:\/\/schema.org","@graph":[{"@type":"WebPage","@id":"https:\/\/www.cruillabarcelona.cat\/es\/concurs-art-urba\/","url":"https:\/\/www.cruillabarcelona.cat\/es\/concurs-art-urba\/","name":"Concurso de Arte Urbano - Festival Cru\u00eflla 2025","isPartOf":{"@id":"https:\/\/www.cruillabarcelona.cat\/es\/#website"},"primaryImageOfPage":{"@id":"https:\/\/www.cruillabarcelona.cat\/es\/concurs-art-urba\/#primaryimage"},"image":{"@id":"https:\/\/www.cruillabarcelona.cat\/es\/concurs-art-urba\/#primaryimage"},"thumbnailUrl":"https:\/\/www.cruillabarcelona.cat\/wp-content\/uploads\/2025\/05\/CE25_LandingArts_Desktop.jpg","datePublished":"2023-05-04T08:52:09+00:00","dateModified":"2026-04-28T10:57:59+00:00","description":"Abierta la convocatoria para el Concurso\u00a0de Arte Urbano. Descubre toda la info y proceso de selecci\u00f3n.","breadcrumb":{"@id":"https:\/\/www.cruillabarcelona.cat\/es\/concurs-art-urba\/#breadcrumb"},"inLanguage":"es","potentialAction":[{"@type":"ReadAction","target":["https:\/\/www.cruillabarcelona.cat\/es\/concurs-art-urba\/"]}]},{"@type":"ImageObject","inLanguage":"es","@id":"https:\/\/www.cruillabarcelona.cat\/es\/concurs-art-urba\/#primaryimage","url":"https:\/\/www.cruillabarcelona.cat\/wp-content\/uploads\/2025\/05\/CE25_LandingArts_Desktop.jpg","contentUrl":"https:\/\/www.cruillabarcelona.cat\/wp-content\/uploads\/2025\/05\/CE25_LandingArts_Desktop.jpg","width":1500,"height":500},{"@type":"BreadcrumbList","@id":"https:\/\/www.cruillabarcelona.cat\/es\/concurs-art-urba\/#breadcrumb","itemListElement":[{"@type":"ListItem","position":1,"name":"Home","item":"https:\/\/www.cruillabarcelona.cat\/es\/"},{"@type":"ListItem","position":2,"name":"Concurso Arte Urbano"}]},{"@type":"WebSite","@id":"https:\/\/www.cruillabarcelona.cat\/es\/#website","url":"https:\/\/www.cruillabarcelona.cat\/es\/","name":"Festival Cru\u00eflla","description":"","publisher":{"@id":"https:\/\/www.cruillabarcelona.cat\/es\/#organization"},"potentialAction":[{"@type":"SearchAction","target":{"@type":"EntryPoint","urlTemplate":"https:\/\/www.cruillabarcelona.cat\/es\/?s={search_term_string}"},"query-input":{"@type":"PropertyValueSpecification","valueRequired":true,"valueName":"search_term_string"}}],"inLanguage":"es"},{"@type":"Organization","@id":"https:\/\/www.cruillabarcelona.cat\/es\/#organization","name":"Festival Cru\u00eflla","url":"https:\/\/www.cruillabarcelona.cat\/es\/","logo":{"@type":"ImageObject","inLanguage":"es","@id":"https:\/\/www.cruillabarcelona.cat\/es\/#\/schema\/logo\/image\/","url":"https:\/\/www.cruillabarcelona.cat\/wp-content\/uploads\/2025\/12\/cruill-logo-negativo.png","contentUrl":"https:\/\/www.cruillabarcelona.cat\/wp-content\/uploads\/2025\/12\/cruill-logo-negativo.png","width":400,"height":101,"caption":"Festival Cru\u00eflla"},"image":{"@id":"https:\/\/www.cruillabarcelona.cat\/es\/#\/schema\/logo\/image\/"}}]}},"_links":{"self":[{"href":"https:\/\/www.cruillabarcelona.cat\/es\/wp-json\/wp\/v2\/pages\/48563","targetHints":{"allow":["GET"]}}],"collection":[{"href":"https:\/\/www.cruillabarcelona.cat\/es\/wp-json\/wp\/v2\/pages"}],"about":[{"href":"https:\/\/www.cruillabarcelona.cat\/es\/wp-json\/wp\/v2\/types\/page"}],"author":[{"embeddable":true,"href":"https:\/\/www.cruillabarcelona.cat\/es\/wp-json\/wp\/v2\/users\/2"}],"replies":[{"embeddable":true,"href":"https:\/\/www.cruillabarcelona.cat\/es\/wp-json\/wp\/v2\/comments?post=48563"}],"version-history":[{"count":4,"href":"https:\/\/www.cruillabarcelona.cat\/es\/wp-json\/wp\/v2\/pages\/48563\/revisions"}],"predecessor-version":[{"id":65290,"href":"https:\/\/www.cruillabarcelona.cat\/es\/wp-json\/wp\/v2\/pages\/48563\/revisions\/65290"}],"wp:featuredmedia":[{"embeddable":true,"href":"https:\/\/www.cruillabarcelona.cat\/es\/wp-json\/wp\/v2\/media\/57780"}],"wp:attachment":[{"href":"https:\/\/www.cruillabarcelona.cat\/es\/wp-json\/wp\/v2\/media?parent=48563"}],"curies":[{"name":"wp","href":"https:\/\/api.w.org\/{rel}","templated":true}]}}