{"id":56390,"date":"2025-02-11T15:57:53","date_gmt":"2025-02-11T13:57:53","guid":{"rendered":"https:\/\/www.cruillabarcelona.cat\/?page_id=56390"},"modified":"2025-05-15T16:09:12","modified_gmt":"2025-05-15T14:09:12","slug":"gracie-abrams","status":"publish","type":"page","link":"https:\/\/www.cruillabarcelona.cat\/es\/gracie-abrams\/","title":{"rendered":"Gracie Abrams en el Festival Cru\u00eflla"},"content":{"rendered":"<h3 style=\"text-align: center;\">\u00a1La artista californiana Gracie Abrams ofrecer\u00e1 su \u00fanica actuaci\u00f3n en Catalu\u00f1a en el Festival Cru\u00eflla 2025 el pr\u00f3ximo mi\u00e9rcoles 9 de julio!<\/h3>\n<p style=\"text-align: center;\"><strong><em>Compra aqu\u00ed tu entrada para verla en el Festival Cru\u00eflla 2025<\/em><\/strong><\/p>\n<p style=\"text-align: center;\"><a class=\"efsbutton button \" target=\"_blank\">ENTRADAS<\/a><\/p>\n<p>Despu\u00e9s de <strong>2 sold outs en Madrid<\/strong> y con s\u00f3lo 25 a\u00f1os se ha convertido en una de las voces protagonistas del pop en nuestros tiempos y no cabe duda de que el 2024 fue su a\u00f1o: revolucion\u00f3 TikTok al ritmo de <strong>\u00abThat&#8217;s So True\u00bb<\/strong>, consigui\u00f3 m\u00e1s de 50 millones de oyentes mensuales gracias al disco <strong>&#8216;The Secret of Us\u00bb<\/strong> y fue <strong>nominada a los Grammy<\/strong>, entre otros muchos \u00e9xitos..<\/p>\n<p><strong>Gracie Abrams<\/strong> ofrecer\u00e1 un <strong>concierto completo<\/strong> en el escenario principal del Festival Cru\u00eflla pero con tu entrada tambi\u00e9n podr\u00e1s disfrutar de los conciertos de <strong>girl in red<\/strong>, <strong>Lia Kali<\/strong>, <strong>NSQK<\/strong>, <strong>Maria Hein<\/strong>, <strong>trashi<\/strong>, <strong>Balma<\/strong> y <strong>gaviota.mp3<\/strong> en la jornada inaugural del Festival Cru\u00eflla 2025.<\/p>\n<p>\u00a1Pronto descubriremos los <strong>horarios<\/strong> de su concierto en el Festival Cru\u00eflla 2025, pero mientras tanto ya puedes conseguir tu <strong>entrada para el mi\u00e9rcoles<\/strong> o tu <strong>abono de 4 d\u00edas<\/strong> para disfrutarla en directo!<\/p>\n<p style=\"text-align: center;\">***<\/p>\n<p style=\"text-align: center;\"><strong>Si sois un grupo de 10 o m\u00e1s personas, pod\u00e9is beneficiaros del <a href=\"https:\/\/cruilla.seetickets.com\/event\/ticket-para-grupos-cruilla-2025-\/parc-del-forum-barcelona\/3302292\">Tiquet Grupo<\/a> y conseguir un descuento del 15%.<\/strong><\/p>\n<p style=\"text-align: center;\">***<\/p>\n<p style=\"text-align: center;\"><strong>Puedes conseguir tu entrada o abono con el descuento del <a href=\"https:\/\/www.carnetjove.cat\/ca\/propostes\/cruilla\">Carnet Jove<\/a> o con el <a href=\"https:\/\/www.cruillabarcelona.cat\/blog\/bonus-cultural\/\">Bo Cultural Jove<\/a>!<\/strong><\/p>\n<p style=\"text-align: center;\">***<\/p>\n<p>[efsflexvideo type=\u00bbyoutube\u00bb url=\u00bbhttps:\/\/www.youtube.com\/watch?v=7djQsPAGIxc\u00bb allowfullscreen=\u00bbyes\u00bb widescreen=\u00bbyes\u00bb width=\u00bb420&#8243; height=\u00bb315&#8243;\/]<\/p>\n","protected":false},"excerpt":{"rendered":"<p>\u00a1La artista californiana Gracie Abrams ofrecer\u00e1 su \u00fanica actuaci\u00f3n en Catalu\u00f1a en el Festival Cru\u00eflla 2025 el pr\u00f3ximo mi\u00e9rcoles 9 de julio! Compra aqu\u00ed tu entrada [&hellip;]<\/p>\n","protected":false},"author":2,"featured_media":56477,"parent":0,"menu_order":0,"comment_status":"closed","ping_status":"closed","template":"page-templates\/page-landing.php","meta":{"_acf_changed":false,"footnotes":""},"class_list":["post-56390","page","type-page","status-publish","has-post-thumbnail","hentry"],"acf":[],"yoast_head":"<!-- This site is optimized with the Yoast SEO plugin v27.4 - https:\/\/yoast.com\/product\/yoast-seo-wordpress\/ -->\n<title>Gracie Abrams en el Festival Cru\u00eflla - Festival Cru\u00eflla<\/title>\n<meta name=\"description\" content=\"Entradas a la venta a precio reducido para el concierto de Gracie Abrams el 9 de julio de 2025 en el Festival Cru\u00eflla.\" \/>\n<meta name=\"robots\" content=\"index, follow, max-snippet:-1, max-image-preview:large, max-video-preview:-1\" \/>\n<link rel=\"canonical\" href=\"https:\/\/www.cruillabarcelona.cat\/es\/gracie-abrams\/\" \/>\n<meta property=\"og:locale\" content=\"es_ES\" \/>\n<meta property=\"og:type\" content=\"article\" \/>\n<meta property=\"og:title\" content=\"Gracie Abrams en el Festival Cru\u00eflla - Festival Cru\u00eflla\" \/>\n<meta property=\"og:description\" content=\"Entradas a la venta a precio reducido para el concierto de Gracie Abrams el 9 de julio de 2025 en el Festival Cru\u00eflla.\" \/>\n<meta property=\"og:url\" content=\"https:\/\/www.cruillabarcelona.cat\/es\/gracie-abrams\/\" \/>\n<meta property=\"og:site_name\" content=\"Festival Cru\u00eflla\" \/>\n<meta property=\"article:modified_time\" content=\"2025-05-15T14:09:12+00:00\" \/>\n<meta property=\"og:image\" content=\"https:\/\/www.cruillabarcelona.cat\/wp-content\/uploads\/2025\/02\/CE25_LandingGracieAbrams_1500x500.jpg\" \/>\n\t<meta property=\"og:image:width\" content=\"1500\" \/>\n\t<meta property=\"og:image:height\" content=\"500\" \/>\n\t<meta property=\"og:image:type\" content=\"image\/jpeg\" \/>\n<meta name=\"twitter:card\" content=\"summary_large_image\" \/>\n<meta name=\"twitter:label1\" content=\"Tiempo de lectura\" \/>\n\t<meta name=\"twitter:data1\" content=\"2 minutos\" \/>\n<script type=\"application\/ld+json\" class=\"yoast-schema-graph\">{\"@context\":\"https:\\\/\\\/schema.org\",\"@graph\":[{\"@type\":\"WebPage\",\"@id\":\"https:\\\/\\\/www.cruillabarcelona.cat\\\/es\\\/gracie-abrams\\\/\",\"url\":\"https:\\\/\\\/www.cruillabarcelona.cat\\\/es\\\/gracie-abrams\\\/\",\"name\":\"Gracie Abrams en el Festival Cru\u00eflla - Festival Cru\u00eflla\",\"isPartOf\":{\"@id\":\"https:\\\/\\\/www.cruillabarcelona.cat\\\/es\\\/#website\"},\"primaryImageOfPage\":{\"@id\":\"https:\\\/\\\/www.cruillabarcelona.cat\\\/es\\\/gracie-abrams\\\/#primaryimage\"},\"image\":{\"@id\":\"https:\\\/\\\/www.cruillabarcelona.cat\\\/es\\\/gracie-abrams\\\/#primaryimage\"},\"thumbnailUrl\":\"https:\\\/\\\/www.cruillabarcelona.cat\\\/wp-content\\\/uploads\\\/2025\\\/02\\\/CE25_LandingGracieAbrams_1500x500.jpg\",\"datePublished\":\"2025-02-11T13:57:53+00:00\",\"dateModified\":\"2025-05-15T14:09:12+00:00\",\"description\":\"Entradas a la venta a precio reducido para el concierto de Gracie Abrams el 9 de julio de 2025 en el Festival Cru\u00eflla.\",\"breadcrumb\":{\"@id\":\"https:\\\/\\\/www.cruillabarcelona.cat\\\/es\\\/gracie-abrams\\\/#breadcrumb\"},\"inLanguage\":\"es\",\"potentialAction\":[{\"@type\":\"ReadAction\",\"target\":[\"https:\\\/\\\/www.cruillabarcelona.cat\\\/es\\\/gracie-abrams\\\/\"]}]},{\"@type\":\"ImageObject\",\"inLanguage\":\"es\",\"@id\":\"https:\\\/\\\/www.cruillabarcelona.cat\\\/es\\\/gracie-abrams\\\/#primaryimage\",\"url\":\"https:\\\/\\\/www.cruillabarcelona.cat\\\/wp-content\\\/uploads\\\/2025\\\/02\\\/CE25_LandingGracieAbrams_1500x500.jpg\",\"contentUrl\":\"https:\\\/\\\/www.cruillabarcelona.cat\\\/wp-content\\\/uploads\\\/2025\\\/02\\\/CE25_LandingGracieAbrams_1500x500.jpg\",\"width\":1500,\"height\":500},{\"@type\":\"BreadcrumbList\",\"@id\":\"https:\\\/\\\/www.cruillabarcelona.cat\\\/es\\\/gracie-abrams\\\/#breadcrumb\",\"itemListElement\":[{\"@type\":\"ListItem\",\"position\":1,\"name\":\"Home\",\"item\":\"https:\\\/\\\/www.cruillabarcelona.cat\\\/es\\\/\"},{\"@type\":\"ListItem\",\"position\":2,\"name\":\"Gracie Abrams en el Festival Cru\u00eflla\"}]},{\"@type\":\"WebSite\",\"@id\":\"https:\\\/\\\/www.cruillabarcelona.cat\\\/es\\\/#website\",\"url\":\"https:\\\/\\\/www.cruillabarcelona.cat\\\/es\\\/\",\"name\":\"Festival Cru\u00eflla\",\"description\":\"\",\"publisher\":{\"@id\":\"https:\\\/\\\/www.cruillabarcelona.cat\\\/es\\\/#organization\"},\"potentialAction\":[{\"@type\":\"SearchAction\",\"target\":{\"@type\":\"EntryPoint\",\"urlTemplate\":\"https:\\\/\\\/www.cruillabarcelona.cat\\\/es\\\/?s={search_term_string}\"},\"query-input\":{\"@type\":\"PropertyValueSpecification\",\"valueRequired\":true,\"valueName\":\"search_term_string\"}}],\"inLanguage\":\"es\"},{\"@type\":\"Organization\",\"@id\":\"https:\\\/\\\/www.cruillabarcelona.cat\\\/es\\\/#organization\",\"name\":\"Festival Cru\u00eflla\",\"url\":\"https:\\\/\\\/www.cruillabarcelona.cat\\\/es\\\/\",\"logo\":{\"@type\":\"ImageObject\",\"inLanguage\":\"es\",\"@id\":\"https:\\\/\\\/www.cruillabarcelona.cat\\\/es\\\/#\\\/schema\\\/logo\\\/image\\\/\",\"url\":\"https:\\\/\\\/www.cruillabarcelona.cat\\\/wp-content\\\/uploads\\\/2025\\\/12\\\/cruill-logo-negativo.png\",\"contentUrl\":\"https:\\\/\\\/www.cruillabarcelona.cat\\\/wp-content\\\/uploads\\\/2025\\\/12\\\/cruill-logo-negativo.png\",\"width\":400,\"height\":101,\"caption\":\"Festival Cru\u00eflla\"},\"image\":{\"@id\":\"https:\\\/\\\/www.cruillabarcelona.cat\\\/es\\\/#\\\/schema\\\/logo\\\/image\\\/\"}}]}<\/script>\n<!-- \/ Yoast SEO plugin. -->","yoast_head_json":{"title":"Gracie Abrams en el Festival Cru\u00eflla - Festival Cru\u00eflla","description":"Entradas a la venta a precio reducido para el concierto de Gracie Abrams el 9 de julio de 2025 en el Festival Cru\u00eflla.","robots":{"index":"index","follow":"follow","max-snippet":"max-snippet:-1","max-image-preview":"max-image-preview:large","max-video-preview":"max-video-preview:-1"},"canonical":"https:\/\/www.cruillabarcelona.cat\/es\/gracie-abrams\/","og_locale":"es_ES","og_type":"article","og_title":"Gracie Abrams en el Festival Cru\u00eflla - Festival Cru\u00eflla","og_description":"Entradas a la venta a precio reducido para el concierto de Gracie Abrams el 9 de julio de 2025 en el Festival Cru\u00eflla.","og_url":"https:\/\/www.cruillabarcelona.cat\/es\/gracie-abrams\/","og_site_name":"Festival Cru\u00eflla","article_modified_time":"2025-05-15T14:09:12+00:00","og_image":[{"width":1500,"height":500,"url":"https:\/\/www.cruillabarcelona.cat\/wp-content\/uploads\/2025\/02\/CE25_LandingGracieAbrams_1500x500.jpg","type":"image\/jpeg"}],"twitter_card":"summary_large_image","twitter_misc":{"Tiempo de lectura":"2 minutos"},"schema":{"@context":"https:\/\/schema.org","@graph":[{"@type":"WebPage","@id":"https:\/\/www.cruillabarcelona.cat\/es\/gracie-abrams\/","url":"https:\/\/www.cruillabarcelona.cat\/es\/gracie-abrams\/","name":"Gracie Abrams en el Festival Cru\u00eflla - Festival Cru\u00eflla","isPartOf":{"@id":"https:\/\/www.cruillabarcelona.cat\/es\/#website"},"primaryImageOfPage":{"@id":"https:\/\/www.cruillabarcelona.cat\/es\/gracie-abrams\/#primaryimage"},"image":{"@id":"https:\/\/www.cruillabarcelona.cat\/es\/gracie-abrams\/#primaryimage"},"thumbnailUrl":"https:\/\/www.cruillabarcelona.cat\/wp-content\/uploads\/2025\/02\/CE25_LandingGracieAbrams_1500x500.jpg","datePublished":"2025-02-11T13:57:53+00:00","dateModified":"2025-05-15T14:09:12+00:00","description":"Entradas a la venta a precio reducido para el concierto de Gracie Abrams el 9 de julio de 2025 en el Festival Cru\u00eflla.","breadcrumb":{"@id":"https:\/\/www.cruillabarcelona.cat\/es\/gracie-abrams\/#breadcrumb"},"inLanguage":"es","potentialAction":[{"@type":"ReadAction","target":["https:\/\/www.cruillabarcelona.cat\/es\/gracie-abrams\/"]}]},{"@type":"ImageObject","inLanguage":"es","@id":"https:\/\/www.cruillabarcelona.cat\/es\/gracie-abrams\/#primaryimage","url":"https:\/\/www.cruillabarcelona.cat\/wp-content\/uploads\/2025\/02\/CE25_LandingGracieAbrams_1500x500.jpg","contentUrl":"https:\/\/www.cruillabarcelona.cat\/wp-content\/uploads\/2025\/02\/CE25_LandingGracieAbrams_1500x500.jpg","width":1500,"height":500},{"@type":"BreadcrumbList","@id":"https:\/\/www.cruillabarcelona.cat\/es\/gracie-abrams\/#breadcrumb","itemListElement":[{"@type":"ListItem","position":1,"name":"Home","item":"https:\/\/www.cruillabarcelona.cat\/es\/"},{"@type":"ListItem","position":2,"name":"Gracie Abrams en el Festival Cru\u00eflla"}]},{"@type":"WebSite","@id":"https:\/\/www.cruillabarcelona.cat\/es\/#website","url":"https:\/\/www.cruillabarcelona.cat\/es\/","name":"Festival Cru\u00eflla","description":"","publisher":{"@id":"https:\/\/www.cruillabarcelona.cat\/es\/#organization"},"potentialAction":[{"@type":"SearchAction","target":{"@type":"EntryPoint","urlTemplate":"https:\/\/www.cruillabarcelona.cat\/es\/?s={search_term_string}"},"query-input":{"@type":"PropertyValueSpecification","valueRequired":true,"valueName":"search_term_string"}}],"inLanguage":"es"},{"@type":"Organization","@id":"https:\/\/www.cruillabarcelona.cat\/es\/#organization","name":"Festival Cru\u00eflla","url":"https:\/\/www.cruillabarcelona.cat\/es\/","logo":{"@type":"ImageObject","inLanguage":"es","@id":"https:\/\/www.cruillabarcelona.cat\/es\/#\/schema\/logo\/image\/","url":"https:\/\/www.cruillabarcelona.cat\/wp-content\/uploads\/2025\/12\/cruill-logo-negativo.png","contentUrl":"https:\/\/www.cruillabarcelona.cat\/wp-content\/uploads\/2025\/12\/cruill-logo-negativo.png","width":400,"height":101,"caption":"Festival Cru\u00eflla"},"image":{"@id":"https:\/\/www.cruillabarcelona.cat\/es\/#\/schema\/logo\/image\/"}}]}},"_links":{"self":[{"href":"https:\/\/www.cruillabarcelona.cat\/es\/wp-json\/wp\/v2\/pages\/56390","targetHints":{"allow":["GET"]}}],"collection":[{"href":"https:\/\/www.cruillabarcelona.cat\/es\/wp-json\/wp\/v2\/pages"}],"about":[{"href":"https:\/\/www.cruillabarcelona.cat\/es\/wp-json\/wp\/v2\/types\/page"}],"author":[{"embeddable":true,"href":"https:\/\/www.cruillabarcelona.cat\/es\/wp-json\/wp\/v2\/users\/2"}],"replies":[{"embeddable":true,"href":"https:\/\/www.cruillabarcelona.cat\/es\/wp-json\/wp\/v2\/comments?post=56390"}],"version-history":[{"count":5,"href":"https:\/\/www.cruillabarcelona.cat\/es\/wp-json\/wp\/v2\/pages\/56390\/revisions"}],"predecessor-version":[{"id":57720,"href":"https:\/\/www.cruillabarcelona.cat\/es\/wp-json\/wp\/v2\/pages\/56390\/revisions\/57720"}],"wp:featuredmedia":[{"embeddable":true,"href":"https:\/\/www.cruillabarcelona.cat\/es\/wp-json\/wp\/v2\/media\/56477"}],"wp:attachment":[{"href":"https:\/\/www.cruillabarcelona.cat\/es\/wp-json\/wp\/v2\/media?parent=56390"}],"curies":[{"name":"wp","href":"https:\/\/api.w.org\/{rel}","templated":true}]}}